{"version":"1.0","provider_name":"Santos Dumont Institute | Education for Life","provider_url":"https:\/\/institutosantosdumont.org.br\/en","title":"Jornada da Rede de Cuidados \u00e0 Pessoa com Defici\u00eancia | ISD","type":"rich","width":600,"height":338,"html":"<blockquote class=\"wp-embedded-content\" data-secret=\"SysCO1gHxZ\"><a href=\"https:\/\/institutosantosdumont.org.br\/en\/jornada-da-rede-de-cuidados-pcd\/\">Day of the Care Network for People with Disabilities<\/a><\/blockquote><iframe sandbox=\"allow-scripts\" security=\"restricted\" src=\"https:\/\/institutosantosdumont.org.br\/en\/jornada-da-rede-de-cuidados-pcd\/embed\/#?secret=SysCO1gHxZ\" width=\"600\" height=\"338\" title=\"&quot;Journey of the Care Network for People with Disabilities&quot; \u2014 Santos Dumont Institute | Education for Life\" data-secret=\"SysCO1gHxZ\" frameborder=\"0\" marginwidth=\"0\" marginheight=\"0\" scrolling=\"no\" class=\"wp-embedded-content\"><\/iframe><script>\n\/*! This file is auto-generated *\/\n!function(d,l){\"use strict\";l.querySelector&&d.addEventListener&&\"undefined\"!=typeof URL&&(d.wp=d.wp||{},d.wp.receiveEmbedMessage||(d.wp.receiveEmbedMessage=function(e){var t=e.data;if((t||t.secret||t.message||t.value)&&!\/[^a-zA-Z0-9]\/.test(t.secret)){for(var s,r,n,a=l.querySelectorAll('iframe[data-secret=\"'+t.secret+'\"]'),o=l.querySelectorAll('blockquote[data-secret=\"'+t.secret+'\"]'),c=new RegExp(\"^https?:$\",\"i\"),i=0;i<o.length;i++)o[i].style.display=\"none\";for(i=0;i<a.length;i++)s=a[i],e.source===s.contentWindow&&(s.removeAttribute(\"style\"),\"height\"===t.message?(1e3<(r=parseInt(t.value,10))?r=1e3:~~r<200&&(r=200),s.height=r):\"link\"===t.message&&(r=new URL(s.getAttribute(\"src\")),n=new URL(t.value),c.test(n.protocol))&&n.host===r.host&&l.activeElement===s&&(d.top.location.href=t.value))}},d.addEventListener(\"message\",d.wp.receiveEmbedMessage,!1),l.addEventListener(\"DOMContentLoaded\",function(){for(var e,t,s=l.querySelectorAll(\"iframe.wp-embedded-content\"),r=0;r<s.length;r++)(t=(e=s[r]).getAttribute(\"data-secret\"))||(t=Math.random().toString(36).substring(2,12),e.src+=\"#?secret=\"+t,e.setAttribute(\"data-secret\",t)),e.contentWindow.postMessage({message:\"ready\",secret:t},\"*\")},!1)))}(window,document);\n\/\/# sourceURL=https:\/\/institutosantosdumont.org.br\/wp-includes\/js\/wp-embed.min.js\n<\/script>","description":"A Jornada da Rede de Cuidados \u00e0 Pessoa com Defici\u00eancia do Rio Grande do Norte \u00e9 um evento de extens\u00e3o anual\u00a0organizado pelo ISD, cujo objetivo principal \u00e9 fomentar a\u00e7\u00f5es assistenciais centradas no paciente e na fam\u00edlia com car\u00e1ter de pesquisa, ensino e extens\u00e3o, bem como, fortalecer a integra\u00e7\u00e3o entre usu\u00e1rios e trabalhadores que atuam na [&hellip;]","thumbnail_url":"https:\/\/institutosantosdumont.org.br\/wp-content\/uploads\/2025\/03\/Jornada-Rede-de-Cuidados-a-Pessoa-com-Deficiencia.png","thumbnail_width":598,"thumbnail_height":118}