{"id":23690,"date":"2022-03-09T11:20:11","date_gmt":"2022-03-09T14:20:11","guid":{"rendered":"http:\/\/www.institutosantosdumont.org.br\/?page_id=23690"},"modified":"2022-05-03T16:47:41","modified_gmt":"2022-05-03T19:47:41","slug":"faculty-members","status":"publish","type":"page","link":"https:\/\/institutosantosdumont.org.br\/en\/faculty-members\/","title":{"rendered":"faculty members"},"content":{"rendered":"<div data-elementor-type=\"wp-post\" data-elementor-id=\"23690\" class=\"elementor elementor-23690\" data-elementor-post-type=\"page\">\n\t\t\t\t\t\t<section class=\"elementor-section elementor-top-section elementor-element elementor-element-xatlv7e elementor-section-boxed elementor-section-height-default elementor-section-height-default\" data-id=\"xatlv7e\" data-element_type=\"section\">\n\t\t\t\t\t\t<div class=\"elementor-container elementor-column-gap-default\">\n\t\t\t\t\t<div class=\"elementor-column elementor-col-100 elementor-top-column elementor-element elementor-element-fkbi1pe\" data-id=\"fkbi1pe\" data-element_type=\"column\">\n\t\t\t<div class=\"elementor-widget-wrap elementor-element-populated\">\n\t\t\t\t\t\t<div class=\"elementor-element elementor-element-09x9szl elementor-widget elementor-widget-spacer\" data-id=\"09x9szl\" data-element_type=\"widget\" data-widget_type=\"spacer.default\">\n\t\t\t\t<div class=\"elementor-widget-container\">\n\t\t\t\t\t\t\t<div class=\"elementor-spacer\">\n\t\t\t<div class=\"elementor-spacer-inner\"><\/div>\n\t\t<\/div>\n\t\t\t\t\t\t<\/div>\n\t\t\t\t<\/div>\n\t\t\t\t<div class=\"elementor-element elementor-element-qzq7i7j elementor-widget elementor-widget-text-editor\" data-id=\"qzq7i7j\" data-element_type=\"widget\" data-widget_type=\"text-editor.default\">\n\t\t\t\t<div class=\"elementor-widget-container\">\n\t\t\t\t\t\t\t\t\t<p style=\"text-align: center;\">The Santos Dumont Institute&#039;s Master&#039;s program counts with a multidisciplinary board of professors and researchers. The scientific studies are carried out by doctors, veterinarians, engineers, physics, biologists, speech therapists, psychologists and physiotherapists and others.<\/p><p style=\"text-align: center;\"><b>Meet our faculty members:<\/b><\/p>\t\t\t\t\t\t\t\t<\/div>\n\t\t\t\t<\/div>\n\t\t\t\t<div class=\"elementor-element elementor-element-92zn8hs elementor-widget elementor-widget-spacer\" data-id=\"92zn8hs\" data-element_type=\"widget\" data-widget_type=\"spacer.default\">\n\t\t\t\t<div class=\"elementor-widget-container\">\n\t\t\t\t\t\t\t<div class=\"elementor-spacer\">\n\t\t\t<div class=\"elementor-spacer-inner\"><\/div>\n\t\t<\/div>\n\t\t\t\t\t\t<\/div>\n\t\t\t\t<\/div>\n\t\t\t\t\t<\/div>\n\t\t<\/div>\n\t\t\t\t\t<\/div>\n\t\t<\/section>\n\t\t\t\t<section class=\"elementor-section elementor-top-section elementor-element elementor-element-pnzcbuf elementor-section-full_width elementor-section-height-default elementor-section-height-default\" data-id=\"pnzcbuf\" data-element_type=\"section\" data-settings=\"{&quot;background_background&quot;:&quot;gradient&quot;}\">\n\t\t\t\t\t\t<div class=\"elementor-container elementor-column-gap-default\">\n\t\t\t\t\t<div class=\"elementor-column elementor-col-100 elementor-top-column elementor-element elementor-element-4csooes\" data-id=\"4csooes\" data-element_type=\"column\">\n\t\t\t<div class=\"elementor-widget-wrap elementor-element-populated\">\n\t\t\t\t\t\t<div class=\"elementor-element elementor-element-qzopung elementor-widget elementor-widget-heading\" data-id=\"qzopung\" data-element_type=\"widget\" data-widget_type=\"heading.default\">\n\t\t\t\t<div class=\"elementor-widget-container\">\n\t\t\t\t\t<h2 class=\"elementor-heading-title elementor-size-default\">RESEARCHERS<\/h2>\t\t\t\t<\/div>\n\t\t\t\t<\/div>\n\t\t\t\t<section class=\"elementor-section elementor-inner-section elementor-element elementor-element-68e8a02 elementor-section-boxed elementor-section-height-default elementor-section-height-default\" data-id=\"68e8a02\" data-element_type=\"section\" data-settings=\"{&quot;background_background&quot;:&quot;classic&quot;}\">\n\t\t\t\t\t\t<div class=\"elementor-container elementor-column-gap-default\">\n\t\t\t\t\t<div class=\"elementor-column elementor-col-100 elementor-inner-column elementor-element elementor-element-c55f83b\" data-id=\"c55f83b\" data-element_type=\"column\" data-settings=\"{&quot;background_background&quot;:&quot;classic&quot;}\">\n\t\t\t<div class=\"elementor-widget-wrap elementor-element-populated\">\n\t\t\t\t\t\t<div class=\"elementor-element elementor-element-4d0453c elementor-position-left elementor-vertical-align-top elementor-widget elementor-widget-image-box\" data-id=\"4d0453c\" data-element_type=\"widget\" data-widget_type=\"image-box.default\">\n\t\t\t\t<div class=\"elementor-widget-container\">\n\t\t\t\t\t<div class=\"elementor-image-box-wrapper\"><figure class=\"elementor-image-box-img\"><img fetchpriority=\"high\" decoding=\"async\" width=\"600\" height=\"600\" src=\"https:\/\/institutosantosdumont.org.br\/wp-content\/uploads\/2019\/09\/Abner-Perfil.png\" class=\"attachment-full size-full wp-image-17262\" alt=\"\" srcset=\"https:\/\/institutosantosdumont.org.br\/wp-content\/uploads\/2019\/09\/Abner-Perfil.png 600w, https:\/\/institutosantosdumont.org.br\/wp-content\/uploads\/2019\/09\/Abner-Perfil-150x150.png 150w, https:\/\/institutosantosdumont.org.br\/wp-content\/uploads\/2019\/09\/Abner-Perfil-300x300.png 300w\" sizes=\"(max-width: 600px) 100vw, 600px\" \/><\/figure><div class=\"elementor-image-box-content\"><h3 class=\"elementor-image-box-title\">Abner Cardoso Rodrigues Neto, Ph.D.<\/h3><p class=\"elementor-image-box-description\"><strong><a href=\"mailto:abner.neto@isd.org.br\">Email<\/a>&nbsp; |&nbsp;&nbsp;<a href=\"http:\/\/lattes.cnpq.br\/6459410325573372\" target=\"_blank\" rel=\"noopener noreferrer\">Curriculum Lattes<\/a> |&nbsp;<a href=\"https:\/\/scholar.google.com.br\/citations?user=0dTid9EAAAAJ&amp;hl=en\" target=\"_blank\" rel=\"noopener noreferrer\">Google Scholar<\/a><\/strong><br><br>Abner Cardoso holds a degree in Computer Science from the State University of Cear\u00e1 (2007), a Master&#039;s in Computer Science from the Federal University of Santa Catarina (2010) and a PhD in<span style=\"font-weight: 700\"> <\/span>Bioinformatics from the University of S\u00e3o Paulo (2016). He has experience in <span style=\"font-weight: 700\">computer science<\/span>, <span style=\"font-weight: 700\">with emphasis on<\/span> <span style=\"font-weight: 700\">Artificial Intelligence, Signal Processing and Time Series Analysis<\/span>. .<\/p><\/div><\/div>\t\t\t\t<\/div>\n\t\t\t\t<\/div>\n\t\t\t\t<div class=\"elementor-element elementor-element-c526ca0 elementor-widget elementor-widget-accordion\" data-id=\"c526ca0\" data-element_type=\"widget\" data-widget_type=\"accordion.default\">\n\t\t\t\t<div class=\"elementor-widget-container\">\n\t\t\t\t\t\t\t<div class=\"elementor-accordion\">\n\t\t\t\t\t\t\t<div class=\"elementor-accordion-item\">\n\t\t\t\t\t<div id=\"elementor-tab-title-2061\" class=\"elementor-tab-title\" data-tab=\"1\" role=\"button\" aria-controls=\"elementor-tab-content-2061\" aria-expanded=\"false\">\n\t\t\t\t\t\t\t\t\t\t\t\t\t<span class=\"elementor-accordion-icon elementor-accordion-icon-left\" aria-hidden=\"true\">\n\t\t\t\t\t\t\t\t\t\t\t\t\t\t\t<i class=\"elementor-accordion-icon-closed fa fa-plus-circle\"><\/i>\n\t\t\t\t\t\t\t\t<i class=\"elementor-accordion-icon-opened\"><\/i>\n\t\t\t\t\t\t\t\t\t\t\t\t\t\t<\/span>\n\t\t\t\t\t\t\t\t\t\t\t\t<a class=\"elementor-accordion-title\" tabindex=\"0\">Check out the latest works published by the researcher<\/a>\n\t\t\t\t\t<\/div>\n\t\t\t\t\t<div id=\"elementor-tab-content-2061\" class=\"elementor-tab-content elementor-clearfix\" data-tab=\"1\" role=\"region\" aria-labelledby=\"elementor-tab-title-2061\"><p>\u2022 T\u00falio Fernandes de Almeida, Edgard Morya, Abner Cardoso Rodrigues, Andr\u00e9 Felipe Oliveira de Azevedo Dantas.\u00a0<b><a href=\"https:\/\/www.mdpi.com\/1424-8220\/21\/19\/6477\" target=\"_blank\" rel=\"noopener noreferrer nofollow\">Development of a Low-Cost Open-Source Measurement System for Joint Angle Estimation<\/a>.\u00a0<\/b><strong><em>Sensors, 2021<\/em><\/strong><\/p><p>\u2022 Fernandoda Silva Fiorin, Mariane de Ara\u00fajo e Silva, Abner Cardoso Rodrigues. <strong><a href=\"https:\/\/www.sciencedirect.com\/science\/article\/pii\/S0024320521009590?via%3Dihub\" target=\"_blank\" rel=\"noopener noreferrer nofollow\">Electrical stimulation in animal models of epilepsy: A review on cellular and electrophysiological aspects<\/a>.<\/strong> <em><strong>Life Sciences, 2021.<\/strong><\/em><strong><br \/><\/strong><\/p><p>. Jos\u00e9 Micael Barbosa, T\u00e1ssia Nunes, T\u00e2mara Nunes, Abner Neto, Edgard Morya.\u00a0<strong><a href=\"https:\/\/link.springer.com\/article\/10.1007\/s42600-020-00066-8\" target=\"_blank\" rel=\"noopener noreferrer nofollow\">Semi-automatic active contour-based segmentation to remove eyes, meninges, and skull from MRI.<\/a><\/strong>\u00a0(2446-4740) <em><strong>Research on Biomedical Engineering, 2020.\u00a0<\/strong><\/em><\/p><\/div>\n\t\t\t\t<\/div>\n\t\t\t\t\t\t\t\t<\/div>\n\t\t\t\t\t\t<\/div>\n\t\t\t\t<\/div>\n\t\t\t\t\t<\/div>\n\t\t<\/div>\n\t\t\t\t\t<\/div>\n\t\t<\/section>\n\t\t\t\t<section class=\"elementor-section elementor-inner-section elementor-element elementor-element-3cd36fc elementor-section-boxed elementor-section-height-default elementor-section-height-default\" data-id=\"3cd36fc\" data-element_type=\"section\" data-settings=\"{&quot;background_background&quot;:&quot;classic&quot;}\">\n\t\t\t\t\t\t<div class=\"elementor-container elementor-column-gap-default\">\n\t\t\t\t\t<div class=\"elementor-column elementor-col-100 elementor-inner-column elementor-element elementor-element-850c5d8\" data-id=\"850c5d8\" data-element_type=\"column\" data-settings=\"{&quot;background_background&quot;:&quot;classic&quot;}\">\n\t\t\t<div class=\"elementor-widget-wrap elementor-element-populated\">\n\t\t\t\t\t\t<div class=\"elementor-element elementor-element-5eaa27c elementor-position-left elementor-vertical-align-top elementor-widget elementor-widget-image-box\" data-id=\"5eaa27c\" data-element_type=\"widget\" data-widget_type=\"image-box.default\">\n\t\t\t\t<div class=\"elementor-widget-container\">\n\t\t\t\t\t<div class=\"elementor-image-box-wrapper\"><figure class=\"elementor-image-box-img\"><img decoding=\"async\" width=\"600\" height=\"600\" src=\"https:\/\/institutosantosdumont.org.br\/wp-content\/uploads\/2021\/07\/perfil-andr\u00e9.png\" class=\"attachment-full size-full wp-image-22098\" alt=\"\" srcset=\"https:\/\/institutosantosdumont.org.br\/wp-content\/uploads\/2021\/07\/perfil-andr\u00e9.png 600w, https:\/\/institutosantosdumont.org.br\/wp-content\/uploads\/2021\/07\/perfil-andr\u00e9-150x150.png 150w, https:\/\/institutosantosdumont.org.br\/wp-content\/uploads\/2021\/07\/perfil-andr\u00e9-300x300.png 300w\" sizes=\"(max-width: 600px) 100vw, 600px\" \/><\/figure><div class=\"elementor-image-box-content\"><h3 class=\"elementor-image-box-title\">Andr\u00e9 Dantas, Ph.D.<\/h3><p class=\"elementor-image-box-description\"><b><a href=\"mailto:andre.dantas@isd.org.br\">Email<\/a>&nbsp; |&nbsp;&nbsp;<a href=\"http:\/\/lattes.cnpq.br\/8684342148910073\" target=\"_blank\" rel=\"noopener noreferrer\">Curriculum Lattes<\/a>&nbsp;|<a href=\"https:\/\/scholar.google.com.br\/citations?user=lH6zW30AAAAJ&amp;hl=en\" target=\"_blank\" rel=\"noopener noreferrer\"> Google Scholar<\/a><br><\/b><br>Andr\u00e9 Dantas has two degrees: one in Industrial Automation Technology obtained from the Federal Institute of Education, Science and Technology of Rio Grande do Norte (2009), and another in Computer Engineering from the Potiguar University. In addition, he holds a Master&#039;s and Doctorate in Electrical and Computer Engineering from the Federal University of Rio Grande do Norte (UFRN). He has experience in <span style=\"font-weight: 700\">Signal Processing and PID Control Systems, Predictive, Fuzzy, Adaptive, Intelligent.<\/span><br><\/p><\/div><\/div>\t\t\t\t<\/div>\n\t\t\t\t<\/div>\n\t\t\t\t<div class=\"elementor-element elementor-element-5b1f725 elementor-widget elementor-widget-accordion\" data-id=\"5b1f725\" data-element_type=\"widget\" data-widget_type=\"accordion.default\">\n\t\t\t\t<div class=\"elementor-widget-container\">\n\t\t\t\t\t\t\t<div class=\"elementor-accordion\">\n\t\t\t\t\t\t\t<div class=\"elementor-accordion-item\">\n\t\t\t\t\t<div id=\"elementor-tab-title-9551\" class=\"elementor-tab-title\" data-tab=\"1\" role=\"button\" aria-controls=\"elementor-tab-content-9551\" aria-expanded=\"false\">\n\t\t\t\t\t\t\t\t\t\t\t\t\t<span class=\"elementor-accordion-icon elementor-accordion-icon-left\" aria-hidden=\"true\">\n\t\t\t\t\t\t\t\t\t\t\t\t\t\t\t<i class=\"elementor-accordion-icon-closed fa fa-plus-circle\"><\/i>\n\t\t\t\t\t\t\t\t<i class=\"elementor-accordion-icon-opened\"><\/i>\n\t\t\t\t\t\t\t\t\t\t\t\t\t\t<\/span>\n\t\t\t\t\t\t\t\t\t\t\t\t<a class=\"elementor-accordion-title\" tabindex=\"0\">Check out the latest works published by the researcher<\/a>\n\t\t\t\t\t<\/div>\n\t\t\t\t\t<div id=\"elementor-tab-content-9551\" class=\"elementor-tab-content elementor-clearfix\" data-tab=\"1\" role=\"region\" aria-labelledby=\"elementor-tab-title-9551\"><p>\u2022 T\u00falio Fernandes de Almeida, Edgard Morya, Abner Cardoso Rodrigues, Andr\u00e9 Felipe Oliveira de Azevedo Dantas.\u00a0<span style=\"font-weight: bold;\"><a href=\"https:\/\/www.mdpi.com\/1424-8220\/21\/19\/6477\" target=\"_blank\" rel=\"noopener noreferrer nofollow\">Development of a Low-Cost Open-Source Measurement System for Joint Angle Estimation<\/a>.\u00a0<\/span><span style=\"font-weight: bold;\"><em>Sensors, 2021<\/em><\/span><\/p><p>\u2022 Emanoel RQ Chaves Jr., Andr\u00e9 FO de A. Dantas and Andr\u00e9 L. Maitelli.\u00a0<b><a href=\"https:\/\/link.springer.com\/article\/10.1007\/s12555-020-0170-x\" target=\"_blank\" rel=\"noopener noreferrer nofollow\">Unknown Input Observer-based Actuator and Sensor Fault Estimation Technique for Uncertain Discrete Time Takagi-Sugeno Systems<\/a>. <i>International Journal of Control, Automation and Systems, 2021<\/i><\/b><\/p><p>\u00a0\u2022 Domingos LA Neto, Andr\u00e9 FOA Dantas, T\u00falio F. de Almeida, Junio A. de Lima, Edgard Morya.\u00a0<b><a href=\"https:\/\/ieeexplore.ieee.org\/document\/9441233\" target=\"_blank\" rel=\"noopener noreferrer nofollow\">Comparison of Controller&#039;s Performance for a Knee Joint model based on Functional Electrical Stimulation Input.<\/a>\u00a0<i>IEEE Xplore, 2021<\/i><\/b><\/p><div>\u2022 Muthalagappan Narayanan, Aline Ferreira de Lima, Andr\u00e9 Felipe Oliveira de Azevedo Dantas, Walter Commerell.\u00a0<b><a href=\"https:\/\/www.mdpi.com\/1996-1073\/13\/21\/5761\" target=\"_blank\" rel=\"noopener noreferrer nofollow\">Development of a Coupled TRNSYS-MATLAB Simulation Framework for Model Predictive Control of Integrated Electrical and Thermal Residential Renewable Energy System<\/a>.<\/b> <b><i>Energies, 2020<\/i><\/b><\/div><div>\u00a0<\/div><div><p>\u2022 Amanda DOS Dantas, Andr\u00e9 FOA Dantas, T\u00falio FD Almeida, Carlos ET D\u00f3rea.\u00a0<a href=\"https:\/\/www.tandfonline.com\/doi\/abs\/10.1080\/00207721.2020.1795948?journalCode=tsys20\" target=\"_blank\" rel=\"noopener noreferrer nofollow\"><b>Design of reduced complexity controllers for linear systems under constraints using data cluster analysis<\/b><\/a><b>. <i>International Journal of Systems Science, 2020<\/i><\/b><\/p><p>\u2022 Daniel Guerra Vale da Fonseca, Andr\u00e9 Felipe O. de A. Dantas, Carlos Eduardo Trabuco D\u00f3rea, Andr\u00e9 Laurindo Maitelli.<i style=\"font-weight: bold;\">\u00a0<\/i><b><a href=\"https:\/\/www.hindawi.com\/journals\/jcse\/2019\/3612634\/\" target=\"_blank\" rel=\"noopener noreferrer nofollow\">Explicit Gpc Control Applied To An Approximate Linearized Crane System.<\/a><i>\u00a0<\/i><\/b><i style=\"font-weight: bold;\">\u00a0(1687-5249) <\/i><b><i>Journal of Control Science and Engineering, 2019<\/i><\/b><\/p><\/div><div><p>\u2022 Jan Erik Mont Gomery Pinto, Andr\u00e9 Felipe Oliveira de Azevedo Dantas, Andre Laurindo Maitelli, Amanda Danielle Oliveira da Silva Dantas, Carlos Eduardo Trabucco D\u00f3rea, Jo\u00e3o Tiago Loureiro Sousa Campos, Everton Jos\u00e9 de Castro Rego.\u00a0<a href=\"https:\/\/link.springer.com\/article\/10.1007\/s40313-019-00456-z\" target=\"_blank\" rel=\"noopener noreferrer nofollow\"><b>PLC Implementation Of Piecewise Affine PI Controller Applied To Industrial Systems With Constrain<\/b><\/a><b>.<\/b>\u00a0<b><i>Journal of Control, Automation and Electrical Systems, 2019<\/i><\/b><\/p><p>\u2022 Emanoel RQ Chaves Jr., Andr\u00e9 FO de A. Dantas, Andr\u00e9 L. Maitelli.\u00a0<a href=\"https:\/\/link.springer.com\/article\/10.1007\/s40313-018-00435-w\" target=\"_blank\" rel=\"noopener noreferrer nofollow\"><b>Robust Observer-Based Actuator And Sensor Fault Estimation For Discrete-Time Systems.<\/b><\/a><b>\u00a0<\/b><i style=\"font-weight: bold;\">Journal of Control, Automation and Electrical Systems, 2019<\/i><\/p><p>\u00a0<\/p><\/div><div>\u00a0<\/div><\/div>\n\t\t\t\t<\/div>\n\t\t\t\t\t\t\t\t<\/div>\n\t\t\t\t\t\t<\/div>\n\t\t\t\t<\/div>\n\t\t\t\t\t<\/div>\n\t\t<\/div>\n\t\t\t\t\t<\/div>\n\t\t<\/section>\n\t\t\t\t<section class=\"elementor-section elementor-inner-section elementor-element elementor-element-52b0dde elementor-section-boxed elementor-section-height-default elementor-section-height-default\" data-id=\"52b0dde\" data-element_type=\"section\" data-settings=\"{&quot;background_background&quot;:&quot;classic&quot;}\">\n\t\t\t\t\t\t<div class=\"elementor-container elementor-column-gap-default\">\n\t\t\t\t\t<div class=\"elementor-column elementor-col-100 elementor-inner-column elementor-element elementor-element-5c6a7fb\" data-id=\"5c6a7fb\" data-element_type=\"column\" data-settings=\"{&quot;background_background&quot;:&quot;classic&quot;}\">\n\t\t\t<div class=\"elementor-widget-wrap elementor-element-populated\">\n\t\t\t\t\t\t<div class=\"elementor-element elementor-element-c5b8cf9 elementor-position-left elementor-vertical-align-top elementor-widget elementor-widget-image-box\" data-id=\"c5b8cf9\" data-element_type=\"widget\" data-widget_type=\"image-box.default\">\n\t\t\t\t<div class=\"elementor-widget-container\">\n\t\t\t\t\t<div class=\"elementor-image-box-wrapper\"><figure class=\"elementor-image-box-img\"><img decoding=\"async\" width=\"600\" height=\"600\" src=\"https:\/\/institutosantosdumont.org.br\/wp-content\/uploads\/2022\/05\/Andressa-Perfil.png\" class=\"attachment-full size-full wp-image-24241\" alt=\"\" srcset=\"https:\/\/institutosantosdumont.org.br\/wp-content\/uploads\/2022\/05\/Andressa-Perfil.png 600w, https:\/\/institutosantosdumont.org.br\/wp-content\/uploads\/2022\/05\/Andressa-Perfil-150x150.png 150w, https:\/\/institutosantosdumont.org.br\/wp-content\/uploads\/2022\/05\/Andressa-Perfil-300x300.png 300w\" sizes=\"(max-width: 600px) 100vw, 600px\" \/><\/figure><div class=\"elementor-image-box-content\"><h3 class=\"elementor-image-box-title\">Andressa Radiske, Ph.D.<\/h3><p class=\"elementor-image-box-description\"><b><a href=\"mailto:andressa.radiske@isd.org.br\">Email<\/a>&nbsp; |&nbsp;&nbsp;<a href=\"http:\/\/lattes.cnpq.br\/0783119632703107\" target=\"_blank\" rel=\"noopener noreferrer nofollow\">Curriculum Lattes<\/a>&nbsp;|<a href=\"https:\/\/scholar.google.com\/citations?user=Q_v2nQEAAAAJ&amp;hl=en\" target=\"_blank\" rel=\"noopener noreferrer\"> Google Scholar<\/a><br><\/b><br>Andressa Radiske holds a degree in <b>Biomedicine <\/b>from the Centro Universit\u00e1rio Metodista do Rio Grande do Sul, a Masters in<b> Medicine and Health Sciences<\/b> from the Pontifical Catholic University of Rio Grande do Sul (PUC-RS) and a PhD in<b> Biomedical Gerontology<\/b> also from PUC-RS. She developed postdoctoral research at the Brain Institute (ICE) of the Federal University of Rio Grande do Norte (UFRN) in the areas of<b> neurophysiology and neuropsychopharmacology<\/b>, with an emphasis on the study of the processes involved in the formation, maintenance and expression of spatial memories, of recognition and aversives motivated by fear. She has expertise in <b>rodent&#039;s behavior, pharmacology, molecular biology techniques, in vivo electrophysiology, neuromodulation and optogenetics.<\/b><br><\/p><\/div><\/div>\t\t\t\t<\/div>\n\t\t\t\t<\/div>\n\t\t\t\t\t<\/div>\n\t\t<\/div>\n\t\t\t\t\t<\/div>\n\t\t<\/section>\n\t\t\t\t<section class=\"elementor-section elementor-inner-section elementor-element elementor-element-9808115 elementor-section-boxed elementor-section-height-default elementor-section-height-default\" data-id=\"9808115\" data-element_type=\"section\" data-settings=\"{&quot;background_background&quot;:&quot;classic&quot;}\">\n\t\t\t\t\t\t<div class=\"elementor-container elementor-column-gap-default\">\n\t\t\t\t\t<div class=\"elementor-column elementor-col-100 elementor-inner-column elementor-element elementor-element-1bcaf4c\" data-id=\"1bcaf4c\" data-element_type=\"column\" data-settings=\"{&quot;background_background&quot;:&quot;classic&quot;}\">\n\t\t\t<div class=\"elementor-widget-wrap elementor-element-populated\">\n\t\t\t\t\t\t<div class=\"elementor-element elementor-element-8dbfcc1 elementor-position-left elementor-vertical-align-top elementor-widget elementor-widget-image-box\" data-id=\"8dbfcc1\" data-element_type=\"widget\" data-widget_type=\"image-box.default\">\n\t\t\t\t<div class=\"elementor-widget-container\">\n\t\t\t\t\t<div class=\"elementor-image-box-wrapper\"><figure class=\"elementor-image-box-img\"><img loading=\"lazy\" decoding=\"async\" width=\"600\" height=\"600\" src=\"https:\/\/institutosantosdumont.org.br\/wp-content\/uploads\/2022\/05\/Caroline-Perfil.png\" class=\"attachment-full size-full wp-image-24240\" alt=\"\" srcset=\"https:\/\/institutosantosdumont.org.br\/wp-content\/uploads\/2022\/05\/Caroline-Perfil.png 600w, https:\/\/institutosantosdumont.org.br\/wp-content\/uploads\/2022\/05\/Caroline-Perfil-150x150.png 150w, https:\/\/institutosantosdumont.org.br\/wp-content\/uploads\/2022\/05\/Caroline-Perfil-300x300.png 300w\" sizes=\"(max-width: 600px) 100vw, 600px\" \/><\/figure><div class=\"elementor-image-box-content\"><h3 class=\"elementor-image-box-title\">Caroline Cunha do Esp\u00edrito Santo, Ph.D.<\/h3><p class=\"elementor-image-box-description\"><b><a href=\"mailto:caroline.cunha@isd.org.br\">Email<\/a>&nbsp; |&nbsp;&nbsp;<a href=\"http:\/\/lattes.cnpq.br\/4920759696380516\" target=\"_blank\" rel=\"noopener noreferrer nofollow\">Curriculum Lattes<\/a><br><\/b><br>Caroline Cunha holds a degree in <span style=\"font-weight: 700\">Physiotherapy <\/span>from the State University of Santa Catarina (Udesc), a Masters in Physiotherapy from the same institution and a PhD in <span style=\"font-weight: 700\">neurosciences <\/span>from the Federal University of Santa Catarina (UFSC). She developed postdoctoral research at UDESC and worked as a professor in the undergraduate program of Physiotherapy at UFSC (Campus Ararangu\u00e1) and in the <i>Lato sensu<\/i> postgraduate program in <span style=\"font-weight: 700\">Adult and Child Neurofunctional Physiotherapy<\/span> at Faculdade Inspire. She has experience in <span style=\"font-weight: 700\">basic rodent research, experimental models of spinal cord injury and behavior assessment related to locomotor recovery, depression and anxiety<\/span>. In addition, she also develops studies in the field of applied research, in the area of <span style=\"font-weight: 700\">Neurofunctional Physiotherapy in individuals with Spinal Cord Injury, in the analysis of non-linear measures for the evaluation of biomechanical signals.<\/span><br><\/p><\/div><\/div>\t\t\t\t<\/div>\n\t\t\t\t<\/div>\n\t\t\t\t\t<\/div>\n\t\t<\/div>\n\t\t\t\t\t<\/div>\n\t\t<\/section>\n\t\t\t\t<section class=\"elementor-section elementor-inner-section elementor-element elementor-element-5e5247e elementor-section-boxed elementor-section-height-default elementor-section-height-default\" data-id=\"5e5247e\" data-element_type=\"section\" data-settings=\"{&quot;background_background&quot;:&quot;classic&quot;}\">\n\t\t\t\t\t\t<div class=\"elementor-container elementor-column-gap-default\">\n\t\t\t\t\t<div class=\"elementor-column elementor-col-100 elementor-inner-column elementor-element elementor-element-a592f2f\" data-id=\"a592f2f\" data-element_type=\"column\" data-settings=\"{&quot;background_background&quot;:&quot;classic&quot;}\">\n\t\t\t<div class=\"elementor-widget-wrap elementor-element-populated\">\n\t\t\t\t\t\t<div class=\"elementor-element elementor-element-1651e3d elementor-position-left elementor-vertical-align-top elementor-widget elementor-widget-image-box\" data-id=\"1651e3d\" data-element_type=\"widget\" data-widget_type=\"image-box.default\">\n\t\t\t\t<div class=\"elementor-widget-container\">\n\t\t\t\t\t<div class=\"elementor-image-box-wrapper\"><figure class=\"elementor-image-box-img\"><img loading=\"lazy\" decoding=\"async\" width=\"600\" height=\"600\" src=\"https:\/\/institutosantosdumont.org.br\/wp-content\/uploads\/2022\/05\/Denis-perfil.png\" class=\"attachment-full size-full wp-image-24239\" alt=\"\" srcset=\"https:\/\/institutosantosdumont.org.br\/wp-content\/uploads\/2022\/05\/Denis-perfil.png 600w, https:\/\/institutosantosdumont.org.br\/wp-content\/uploads\/2022\/05\/Denis-perfil-150x150.png 150w, https:\/\/institutosantosdumont.org.br\/wp-content\/uploads\/2022\/05\/Denis-perfil-300x300.png 300w\" sizes=\"(max-width: 600px) 100vw, 600px\" \/><\/figure><div class=\"elementor-image-box-content\"><h3 class=\"elementor-image-box-title\">Denis Delisle Rodriguez, Ph.D.<\/h3><p class=\"elementor-image-box-description\"><b><a href=\"mailto:denis.delisle@isd.org.br\">Email<\/a>&nbsp; |&nbsp;&nbsp;<a href=\"http:\/\/lattes.cnpq.br\/7140331839822423\" rel=\"noopener noreferrer\" target=\"_blank\">Curriculum Lattes<\/a> | <a href=\"https:\/\/scholar.google.com.cu\/citations?user=axdSb0MAAAAJ&amp;hl=es\" rel=\"noopener noreferrer\" target=\"_blank\"> Google Scholar <\/a> <br><\/b><br>Denis Delisle holds a degree in <b>Telecommunications and Electronics Engineering <\/b>from the Universidad del Oriente Cuba, a Masters in <b>Biomedical Engineering <\/b>from the same institution and a PhD in <b>Electrical Engineering <\/b>from the Federal University of Esp\u00edrito Santo (UFES), where he also conducted postdoctoral research. He has experience in the field of Biomedical Engineering, with an emphasis on <b>Biological Signal Processing, and working mainly with topics related to Electroencephalography (EEG), pattern recognition, Brain-Machine Interface and knee exoskeletons.<\/b><br><\/p><\/div><\/div>\t\t\t\t<\/div>\n\t\t\t\t<\/div>\n\t\t\t\t\t<\/div>\n\t\t<\/div>\n\t\t\t\t\t<\/div>\n\t\t<\/section>\n\t\t\t\t<section class=\"elementor-section elementor-inner-section elementor-element elementor-element-mfmmo6a elementor-section-boxed elementor-section-height-default elementor-section-height-default\" data-id=\"mfmmo6a\" data-element_type=\"section\" data-settings=\"{&quot;background_background&quot;:&quot;classic&quot;}\">\n\t\t\t\t\t\t<div class=\"elementor-container elementor-column-gap-default\">\n\t\t\t\t\t<div class=\"elementor-column elementor-col-100 elementor-inner-column elementor-element elementor-element-5syk1ql\" data-id=\"5syk1ql\" data-element_type=\"column\" data-settings=\"{&quot;background_background&quot;:&quot;classic&quot;}\">\n\t\t\t<div class=\"elementor-widget-wrap elementor-element-populated\">\n\t\t\t\t\t\t<div class=\"elementor-element elementor-element-1afpdjt elementor-position-left elementor-vertical-align-top elementor-widget elementor-widget-image-box\" data-id=\"1afpdjt\" data-element_type=\"widget\" data-widget_type=\"image-box.default\">\n\t\t\t\t<div class=\"elementor-widget-container\">\n\t\t\t\t\t<div class=\"elementor-image-box-wrapper\"><figure class=\"elementor-image-box-img\"><img loading=\"lazy\" decoding=\"async\" width=\"600\" height=\"600\" src=\"https:\/\/institutosantosdumont.org.br\/wp-content\/uploads\/2017\/09\/perfil-edgard-morya.png\" class=\"attachment-full size-full wp-image-11974\" alt=\"\" srcset=\"https:\/\/institutosantosdumont.org.br\/wp-content\/uploads\/2017\/09\/perfil-edgard-morya.png 600w, https:\/\/institutosantosdumont.org.br\/wp-content\/uploads\/2017\/09\/perfil-edgard-morya-150x150.png 150w, https:\/\/institutosantosdumont.org.br\/wp-content\/uploads\/2017\/09\/perfil-edgard-morya-300x300.png 300w\" sizes=\"(max-width: 600px) 100vw, 600px\" \/><\/figure><div class=\"elementor-image-box-content\"><h3 class=\"elementor-image-box-title\">Edgard Morya, Ph.D.<\/h3><p class=\"elementor-image-box-description\"><strong><a href=\"mailto:edgard@isd.org.br\">Email<\/a>&nbsp; |&nbsp;&nbsp;<a href=\"http:\/\/lattes.cnpq.br\/8813809602087639\" target=\"_blank\" rel=\"noopener noreferrer\">Curriculum Lattes<\/a> | <a href=\"https:\/\/scholar.google.com.pk\/citations?user=4CEMLN0AAAAJ\" target=\"_blank\" rel=\"noopener noreferrer\">Google Scholar <\/a><\/strong><a href=\"https:\/\/scholar.google.com.pk\/citations?user=4CEMLN0AAAAJ\" target=\"_blank\" rel=\"noopener noreferrer\"> <\/a><br><br><span><p dir=\"ltr\" style=\"line-height:1.38;margin-top:0pt;margin-bottom:0pt\"><span style=\"font-size: 15pt;vertical-align: baseline\">Edgard Morya holds a Bachelor&#039;s degree in Physiotherapy from the University of S\u00e3o Paulo (USP), a PhD in Human Physiology from the Institute of Biomedical Sciences of the University of S\u00e3o Paulo and conducted Postdoctoral researchers in Human Physiology at the Institute of Biomedical Sciences of the University of Sao Paulo. His areas of interest are: <\/span><span style=\"font-size: 15pt;font-weight: 700;vertical-align: baseline\">motor control, rehabilitation, plasticity, learning, EMG, EEG, psychophysics, perception-action, electroneurophysiology, virtual reality, eye-tracker.<\/span><\/p><\/span><\/p><\/div><\/div>\t\t\t\t<\/div>\n\t\t\t\t<\/div>\n\t\t\t\t<div class=\"elementor-element elementor-element-87c85f1 elementor-widget elementor-widget-accordion\" data-id=\"87c85f1\" data-element_type=\"widget\" data-widget_type=\"accordion.default\">\n\t\t\t\t<div class=\"elementor-widget-container\">\n\t\t\t\t\t\t\t<div class=\"elementor-accordion\">\n\t\t\t\t\t\t\t<div class=\"elementor-accordion-item\">\n\t\t\t\t\t<div id=\"elementor-tab-title-1421\" class=\"elementor-tab-title\" data-tab=\"1\" role=\"button\" aria-controls=\"elementor-tab-content-1421\" aria-expanded=\"false\">\n\t\t\t\t\t\t\t\t\t\t\t\t\t<span class=\"elementor-accordion-icon elementor-accordion-icon-left\" aria-hidden=\"true\">\n\t\t\t\t\t\t\t\t\t\t\t\t\t\t\t<i class=\"elementor-accordion-icon-closed fa fa-plus-circle\"><\/i>\n\t\t\t\t\t\t\t\t<i class=\"elementor-accordion-icon-opened\"><\/i>\n\t\t\t\t\t\t\t\t\t\t\t\t\t\t<\/span>\n\t\t\t\t\t\t\t\t\t\t\t\t<a class=\"elementor-accordion-title\" tabindex=\"0\">Check out the latest works published by the researcher<\/a>\n\t\t\t\t\t<\/div>\n\t\t\t\t\t<div id=\"elementor-tab-content-1421\" class=\"elementor-tab-content elementor-clearfix\" data-tab=\"1\" role=\"region\" aria-labelledby=\"elementor-tab-title-1421\"><p>\u2022 Daniel Gomes da Silva Machado, Marom Bikson, Abhishek Datta, Egas Caparelli-D\u00e1quer, Gozde Unal, Abrah\u00e3o F. Baptista, Edilson Serpeloni Cyrino, Li Min Li, Edgard Morya, Alexandre Moreira &amp; Alexandre Hideki Okano.\u00a0<a href=\"https:\/\/www.nature.com\/articles\/s41598-021-92670-6\" target=\"_blank\" rel=\"noopener noreferrer nofollow\"><b>Acute effect of high-definition and conventional tDCS on exercise performance and psychophysiological responses in endurance athletes: a randomized controlled trial.\u00a0<\/b><\/a><b><i>Scientific Reports, 2021<\/i><\/b><\/p><p>\u2022 Alexandre Moreira, Daniel Gomes da Silva Machado, Marom Bikson, Gozde Unal, Paul S. Bradley, Luciane Moscaleski, Taline Costa, Gabriella C .SG Kalil, Liaw W. Chao, Abrah\u00e3o F. Baptista, Edgard Morya, Alexandre H. Okano .\u00a0<a href=\"https:\/\/journals.sagepub.com\/doi\/10.1177\/00315125211021239\" target=\"_blank\" rel=\"noopener noreferrer nofollow\"><b>Effect of Transcranial Direct Current Stimulation on Professional Female Soccer Players&#039; Recovery Following Official Matches.<\/b><i>\u00a0<\/i><\/a><b><i>Perceptual and Motor Skills, 2021<\/i><\/b><\/p><p>\u2022 Val\u00e9ria Azevedo de Almeida, Rafael Pauletti Gon\u00e7alves, Edgard Morya, Luiza Emilia Cavalcanti Simas, Nivia Maria Rodrigues Arrais, Lilian Lira Lisboa, Lucia Maria Costa Monteiro, Reginaldo Ant\u00f4nio de Oliveira Freitas J\u00fanior.\u00a0<a href=\"https:\/\/www.sciencedirect.com\/science\/article\/pii\/S1477513121003351?via%3Dihub\" target=\"_blank\" rel=\"noopener noreferrer nofollow\"><b>Evaluation of bladder and bowel functions in children with microcephaly and congenital zika syndrome.<\/b><\/a><i style=\"font-weight: bold;\">\u00a0Journal of Pediatric Urology, 2021<\/i><\/p><p>\u2022 Domingos LA Neto, Andr\u00e9 FOA Dantas, T\u00falio F. de Almeida, Junio A. de Lima, Edgard Morya.<b>\u00a0<a href=\"https:\/\/ieeexplore.ieee.org\/document\/9441233\" target=\"_blank\" rel=\"noopener noreferrer nofollow\">Comparison of Controller&#039;s Performance for a Knee Joint model based on Functional Electrical Stimulation Input.<\/a><\/b>\u00a0<b><i>IEEE Xplore, 2021<\/i><\/b><\/p><p>\u2022 Ledycnarf J. Holanda, Ana Paula M. Fernandes, J\u00falia Amorim, Aryel Matias, Severino P. Nunes, Danilo Nagem, Ricardo Valentim, Edgard Morya, Ana Raquel Lindquist.\u00a0<a style=\"background-color: #ffffff;\" href=\"https:\/\/www.frontiersin.org\/articles\/10.3389\/fnins.2021.660141\/full\" target=\"_blank\" rel=\"noopener noreferrer nofollow\"><b>Adaptive algorithms as control strategies of smart upper limb orthosis: a protocol for a systematic scoping review.<\/b><\/a><b>\u00a0<i>Frontiers in Neuroscience, 2021<\/i>\u00a0<\/b><\/p><p>\u2022 Rommel S. Araujo, Camille R. Silva, Severino PN Netto, Edgard Morya and Fabricio L. Brasil.\u00a0<a style=\"background-color: #ffffff;\" href=\"https:\/\/www.frontiersin.org\/articles\/10.3389\/fnins.2021.661569\/full\" target=\"_blank\" rel=\"noopener noreferrer nofollow\"><b>Development of a low-cost EEG-controlled hand exoskeleton 3D printed on textiles.<\/b><\/a>\u00a0<b><i>Frontiers In Neuroscience, 2021<\/i><\/b><\/p><p>\u2022 Mouhamed Zorkot, Alex Aquino dos Santos, Severino Peixoto Nunes Netto, Jos\u00e9 Pablo Gon\u00e7alves de Queiroz, Bruno Guedes Spinelli, Gabriela de Ara\u00fajo Albuquerque, F\u00e1bio Evangelista de Santana, Edgard Morya, Fabricio Lima Brasil.\u00a0<a style=\"background-color: #ffffff;\" href=\"https:\/\/issuu.com\/eduern\/docs\/livro_novastecnologias04_ebook\" target=\"_blank\" rel=\"noopener noreferrer nofollow\"><b>Advances of the medical internet of things in healthcare and neuroengineering.<i>\u00a0<\/i><\/b><\/a><b><i>New Technologies Applied to Health: innovation, internet of things, horizons and challenges, 2021<\/i><\/b><\/p><p>\u2022 Clecio Gabriel De Souza, Rodrigo Pegado, Jardson Costa, Edgard Morya, Abrah\u00e3o Fontes Baptista, GozdeUnal, Marom Bikson, Alexandre and Hideki Okano.\u00a0<a style=\"background-color: #ffffff;\" href=\"https:\/\/www.sciencedirect.com\/science\/article\/pii\/S1935861X21000437?via%3Dihub\" target=\"_blank\" rel=\"noopener noreferrer nofollow\"><b>Alternate sessions of transcranial direct current stimulation (tDCS) reduce chronic pain in women affected by chikungunya. A randomized clinical trial.<\/b>\u00a0<\/a><b><i>Brain Stimulation, 2021<\/i><\/b><\/p><p>\u2022 Alexandre Moreira, Daniel Gomes da Silva Machado, Luciane Moscaleski, Marom Bikson, Goz de Unal, Paul S. Bradley, Abrah\u00e3o F. Baptista, Edgard Morya, Thais Cevada, Lucas Marques, Vinicius Zanetti, Alexandre Hideki Okano.\u00a0<a style=\"background-color: #ffffff;\" href=\"https:\/\/www.sciencedirect.com\/science\/article\/pii\/S0031938421000433?via%3Dihub\" target=\"_blank\" rel=\"noopener noreferrer nofollow\"><b>Effect of tDCS on well-being and autonomic function in professional male players after official soccer matches.<\/b><\/a>\u00a0<b><i>Psychology &amp; Behavior, 2021<\/i><\/b><\/p><p>\u2022 Camila Rocha Sim\u00e3o, Ledycnarf J. de Holanda, Lilian F. Urbini, Matheus O. Lacerda, Karina da S. Fernandes, Patr\u00edcia M. da Silva, Edgard Morya, Ana R. Lindquist.\u00a0<a style=\"background-color: #ffffff;\" href=\"https:\/\/europepmc.org\/article\/med\/34468111\" target=\"_blank\" rel=\"noopener noreferrer nofollow\"><b>Surface electromyography to identify top-down modulation in complete chronic spinal cord injury: case report.<\/b><\/a>\u00a0<b><i>European Journal of Physical and Rehabilitation Medicine, 2021<\/i><\/b><\/p><p>\u2022 T\u00falio Fernandes de Almeida, Edgard Morya, Abner Cardoso Rodrigues, Andr\u00e9 Felipe Oliveira de Azevedo Dantas.\u00a0<span style=\"font-weight: bold;\"><a href=\"https:\/\/www.mdpi.com\/1424-8220\/21\/19\/6477\" target=\"_blank\" rel=\"noopener noreferrer nofollow\">Development of a Low-Cost Open-Source Measurement System for Joint Angle Estimation<\/a>.\u00a0<\/span><span style=\"font-weight: bold;\"><em>Sensors, 2021<\/em><\/span><\/p><p>\u2022 Jos\u00e9 Micael Barbosa, T\u00e1ssia Nunes, T\u00e2mara Nunes, Abner Neto, Edgard Morya.\u00a0<span style=\"font-weight: bold;\"><a style=\"color: #23527c; outline: 0px;\" href=\"https:\/\/link.springer.com\/article\/10.1007\/s42600-020-00066-8\" target=\"_blank\" rel=\"noopener noreferrer nofollow\">Semi-automatic active contour-based segmentation to remove eyes, meninges, and skull from MRI.<\/a><\/span>\u00a0(2446-4740)\u00a0<em><span style=\"font-weight: bold;\">Research on Biomedical Engineering, 2020.\u00a0<\/span><\/em><\/p><div>\u2022 Carla Pais-Vieira, Mehrab Allahdad, Jo\u00e3o Neves-Amado, Andr\u00e9 Perrotta, Edgard Morya, Renan Moioli, Elena Shapkova, Miguel Pais-Vieira.\u00a0<b><a href=\"https:\/\/www.sciencedirect.com\/science\/article\/pii\/S2215016120300686?via%3Dihub\" target=\"_blank\" rel=\"noopener noreferrer nofollow\">Method for positioning and rehabilitation training with the ExoAtlet \u00ae powered exoskeleton.<\/a>\u00a0<i>METHODSX, 2020<\/i><\/b><br \/><b><i><br \/><\/i><\/b>\u2022 \u00c1lisson de Oliveira Alves, Edgard Morya, Alberto Signoretti, Felipe Denis Mendon\u00e7a de Oliveira, Raul Benites Paradeda.\u00a0<a href=\"https:\/\/www.brazilianjournals.com\/index.php\/BRJD\/article\/view\/7305\/6394\" target=\"_blank\" rel=\"noopener noreferrer nofollow\"><b>Learning mathematics through a digital game.<\/b><\/a>\u00a0<b><i>Brazilian Journal of Development, 2020<\/i><\/b><\/div><div>\u00a0<\/div><div><p>\u2022 Rodrigo Pegado, Antonio FL Cavalcante and Edgard Morya.<a href=\"https:\/\/www.rcpjournals.org\/content\/clinmedicine\/20\/1\/119.2\" target=\"_blank\" rel=\"noopener noreferrer nofollow\"> <b>Newer rehabilitation therapies: strategies in chikungunya chronic arthralgia.\u00a0<\/b><\/a><b><i>Clinical Medicine Journal, 2020<\/i><\/b>\u00a0<\/p><\/div><div><p>\u2022 Valeria Azevedo De Almeida, Nancy Sotero, Rafael Pauletti Gon\u00e7alves, Edgard Morya, Lilian Lira Lisboa, Lucia Maria Costa Monteiro, Reginaldo Ant\u00f4nio de Oliveira Freitas J\u00fanior.\u00a0<a href=\"https:\/\/www.protocols.io\/view\/criteria-to-evaluate-neurogenic-bowel-dysfunction-rm7vz8dd8vx1\/v1\" target=\"_blank\" rel=\"noopener noreferrer nofollow\"><b>Criteria for evaluating neurogenic bowel dysfunction in children with Congenital Zika Syndrome.\u00a0<\/b><\/a><b><i>Protocols.io, 2020<\/i><\/b>\u00a0<\/p><p>\u2022 Abrah\u00e3o Fontes Baptista. Adriana Baltar, Alexandre Hideki Okano, Alexandre Moreira, Ana Carolina Pinheiro Campos, Ana M\u00e9rcia Fernandes, Andr\u00e9 Brunoni, Bashar Badran, Clarice Tanaka, Daniel Andrade, Daniel Gomes Machado, Edgard Morya.<b>\u00a0<a href=\"https:\/\/www.frontiersin.org\/articles\/10.3389\/fneur.2020.573718\/full\" target=\"_blank\" rel=\"noopener noreferrer nofollow\">Applications of Non-invasive Neuromodulation for the Management of Disorders Related to COVID-19.<\/a>\u00a0<i>Frontiers in Neurology, 2020<\/i><\/b><\/p><p>\u2022 Carolina Kunicki, Renan C. Moioli, Miguel Pais-Vieira, Andr\u00e9 Salles Cunha Peres, Edgard Morya, Miguel AL Nicolelis.\u00a0<a href=\"https:\/\/www.nature.com\/articles\/s41598-019-41516-3\" target=\"_blank\" rel=\"noopener noreferrer nofollow\"><b>Frequency-specific coupling in fronto-parieto-occipital cortical circuits underlie active tactile discrimination.<\/b><\/a><b>\u00a0<i>Scientific Reports, 2019<\/i><\/b><\/p><p>\u2022 B\u00e1rbara Meneses, Junio Lima, Ledycnarf Holanda, Marcela Pereira, Patr\u00edcia Silva, Severino Netto, Tha\u00edsa Dantas, Fabr\u00edcio Brasil, Edgard Morya.<b>\u00a0<\/b><a href=\"https:\/\/ppgcc.ufersa.edu.br\/wp-content\/uploads\/sites\/42\/2019\/07\/novas-tecnologias-vol2-final3.pdf\" target=\"_blank\" rel=\"noopener noreferrer nofollow\"><b>Innovation in Assistive Technology: Opportunities and Challenges.<\/b>\u00a0<\/a><b><i>New technologies applied to health: Development of Dynamic Systems - Concepts, applications and use of intelligent techniques and regulation, 2019<\/i><\/b><\/p><p>\u2022 Severino Netto, Rommel Ara\u00fajo, Edgard Morya.\u00a0<a href=\"https:\/\/link.springer.com\/chapter\/10.1007\/978-3-030-36636-0_16\" target=\"_blank\" rel=\"noopener noreferrer nofollow\"><b>Towards a Roadmap for Machine Learning and EEG-Based Brain Computer Interface.\u00a0<\/b><\/a><b><i>Communications in Computer and Information Science, 2019.<\/i><\/b>\u00a0\u00a0<\/p><p>\u2022 Ozair Silva, Danielly Miranda, Francisco J\u00fanior, Edgard Morya, Reginaldo Freitas Jr., Manuela Nascimento.\u00a0<b><a href=\"https:\/\/link.springer.com\/chapter\/10.1007\/978-981-13-2517-5_82\" target=\"_blank\" rel=\"noopener noreferrer nofollow\">Brainstem Evoked Response Audiometry Reveals Integrity of the Retrocochlear Pathway in Children with Microcephaly.<\/a>\u00a0<i>IFMBE Proceedings XXVI CBEB, 2019<\/i><\/b><\/p><p>\u2022 Adam Pinto, Guilherme Nardari, Marco Mijam, Edgard Morya, Roseli Romero<b><i>.\u00a0<\/i><\/b><a href=\"https:\/\/link.springer.com\/chapter\/10.1007\/978-3-030-20518-8_16\" target=\"_blank\" rel=\"noopener noreferrer nofollow\"><b>A Serious Game to Build a Database for ErrP Signal Recognition.<\/b><\/a><b><i>\u00a0Advances in Computational Intelligence, 2019<\/i><\/b><\/p><p>\u2022 Nat\u00e1lia MB Bezerra, Luana CFL Leal, Gentil GF Filho, Lorena Andreoli1, Lilian L Lisboa, Edgard Morya, Hougelle Simpl\u00edcio.\u00a0<a style=\"background-color: #ffffff;\" href=\"https:\/\/crimsonpublishers.com\/smoaj\/fulltext\/SMOAJ.000522.php\" target=\"_blank\" rel=\"noopener noreferrer nofollow\"><b>Sacral Neuromodulation in Children with Neurogenic Bladder Dysfunction<\/b><\/a><span style=\"font-weight: bold;\">.<\/span><i style=\"font-weight: bold;\"> Surgical Medicine Open Access Journal, 2018<\/i><\/p><p>\u2022 Morya, Edgard; Nascimento, MSL ; Simplicio, H.; Freitas Jr, R.; Brazil, Fabricio L.<a href=\"https:\/\/portal.ifba.edu.br\/prpgi\/editora\/livros\/multidisciplinar\/ENEIS.pdf\" target=\"_blank\" rel=\"noopener noreferrer nofollow\"> <b>Neuroengineering Applied to Assistive and Rehabilitation Technologies<\/b><\/a>. In: Atson Carlos de S. Fernandes; Fernanda Ferraz de Castro; Claudio Reynaldo B. de Souza; Eduardo Manuel de F. Jorge; Josiane Dantas V. Barbosa. (Org.). <b><i>Entrepreneurship and Innovation in Health: Science &amp; Market. 10ed. Salvador: IFBA, 2018, v. 10, p. 111-120\u00a0<\/i><\/b><\/p><p>\u2022 Andreoli L., Simplicio H., Morya E.\u00a0<a style=\"background-color: #ffffff;\" href=\"https:\/\/www.sciencedirect.com\/science\/article\/pii\/S1878875017322155?via%3Dihub\" target=\"_blank\" rel=\"noopener noreferrer nofollow\"><b>Egg Model Training Protocol for Stereotaxic Neurosurgery and Microelectrode Implantation<\/b><\/a>.\u00a0<b><i>World Neurosurgery,<\/i><\/b>\u00a0<b><i>2018<\/i><\/b><\/p><p>\u2022 Machado, Birajara Soares; Fonseca, Andr\u00e9; Morya, Edgard; Amaro Jr., Edson.<a href=\"https:\/\/www.worldscientific.com\/doi\/abs\/10.1142\/S2424922X1840003X\" target=\"_blank\" rel=\"noopener noreferrer nofollow\"> <b>Chaotic dynamics in brain activity: An approach based on cross prediction errors for nonstationary signals<\/b>.<\/a><span style=\"font-weight: bold;\"><i>\u00a0Advances in Data Science and Adaptive Analysis, 2018<\/i><\/span><\/p><p>\u2022 Celina A. Reis Paula, Camille Reategui, Bruna Karen de Sousa Costa, Caio Queiroz da Fonseca, Luana da Silva, Edgard Morya, and Fabricio Lima Brasil.<b>\u00a0<a href=\"https:\/\/www.hindawi.com\/journals\/bmri\/2017\/3591914\/\" target=\"_blank\" rel=\"noopener noreferrer nofollow\">High-Frequency EEG Variations in Children with Autism Spectrum Disorder during Human Faces Visualization<\/a>.<\/b> <b><i>BioMed Research International, 2017<\/i><\/b><\/p><p>\u2022 Ribeiro, MW; Neto, JF; Morya, E; Brazil, FL; from Araujo,<i style=\"font-weight: bold;\">\u00a0<\/i>MFP.<span style=\"font-weight: bold;\">\u00a0<a href=\"https:\/\/link.springer.com\/article\/10.3758\/s13428-017-0906-6\" target=\"_blank\" rel=\"noopener noreferrer nofollow\">OBAT: An open-source and low-cost operant box for auditory discriminative tasks.<\/a><\/span><i style=\"font-weight: bold;\">\u00a0Behavior Research Methods, 2017<\/i><\/p><p><b style=\"font-style: italic;\">\u00a0<\/b><i style=\"font-weight: bold;\">. <\/i>Holanda LJ, Silva PMM, Amorim TC, Lacerda MO, Simao CR, Morya E.<i style=\"font-weight: bold;\">\u00a0<\/i><a href=\"https:\/\/jneuroengrehab.biomedcentral.com\/articles\/10.1186\/s12984-017-0338-7\" target=\"_blank\" rel=\"noopener noreferrer nofollow\"><b>Robotic assisted gait as a tool for rehabilitation of individuals with spinal cord injury: a systematic review.<\/b><\/a>\u00a0<b><i>Journal of NeuroEngineering and Rehabilitation, 2017<\/i><\/b><\/p><p>\u00a0<\/p><\/div><\/div>\n\t\t\t\t<\/div>\n\t\t\t\t\t\t\t\t<\/div>\n\t\t\t\t\t\t<\/div>\n\t\t\t\t<\/div>\n\t\t\t\t\t<\/div>\n\t\t<\/div>\n\t\t\t\t\t<\/div>\n\t\t<\/section>\n\t\t\t\t<section class=\"elementor-section elementor-inner-section elementor-element elementor-element-ck3up9m elementor-section-boxed elementor-section-height-default elementor-section-height-default\" data-id=\"ck3up9m\" data-element_type=\"section\" data-settings=\"{&quot;background_background&quot;:&quot;classic&quot;}\">\n\t\t\t\t\t\t<div class=\"elementor-container elementor-column-gap-default\">\n\t\t\t\t\t<div class=\"elementor-column elementor-col-100 elementor-inner-column elementor-element elementor-element-q1edgah\" data-id=\"q1edgah\" data-element_type=\"column\" data-settings=\"{&quot;background_background&quot;:&quot;classic&quot;}\">\n\t\t\t<div class=\"elementor-widget-wrap elementor-element-populated\">\n\t\t\t\t\t\t<div class=\"elementor-element elementor-element-p04dko4 elementor-position-left elementor-vertical-align-top elementor-widget elementor-widget-image-box\" data-id=\"p04dko4\" data-element_type=\"widget\" data-widget_type=\"image-box.default\">\n\t\t\t\t<div class=\"elementor-widget-container\">\n\t\t\t\t\t<div class=\"elementor-image-box-wrapper\"><figure class=\"elementor-image-box-img\"><img loading=\"lazy\" decoding=\"async\" width=\"600\" height=\"600\" src=\"https:\/\/institutosantosdumont.org.br\/wp-content\/uploads\/2021\/07\/perfil-fabricio-brasil.png\" class=\"attachment-full size-full wp-image-22099\" alt=\"\" srcset=\"https:\/\/institutosantosdumont.org.br\/wp-content\/uploads\/2021\/07\/perfil-fabricio-brasil.png 600w, https:\/\/institutosantosdumont.org.br\/wp-content\/uploads\/2021\/07\/perfil-fabricio-brasil-150x150.png 150w, https:\/\/institutosantosdumont.org.br\/wp-content\/uploads\/2021\/07\/perfil-fabricio-brasil-300x300.png 300w\" sizes=\"(max-width: 600px) 100vw, 600px\" \/><\/figure><div class=\"elementor-image-box-content\"><h3 class=\"elementor-image-box-title\">Fabr\u00edcio Lima Brazil, Ph.D.<\/h3><p class=\"elementor-image-box-description\"><strong><a href=\"mailto:brasil@isd.org.br\">Email<\/a>&nbsp; |&nbsp;&nbsp;<a href=\"http:\/\/lattes.cnpq.br\/5066712308449764\" target=\"_blank\" rel=\"noopener noreferrer\">Curriculum Lattes<\/a> | <a href=\"https:\/\/scholar.google.com.br\/citations?user=40WFhe4AAAAJ&amp;hl=en\" target=\"_blank\" rel=\"noopener noreferrer\"> Google Scholar<\/a><\/strong><br><br>Fabr\u00edcio Brasil holds a degree in Electrical Engineering obtained from the Federal University of Mato Grosso, a Master&#039;s in Mechanical Engineering from the Federal University of Santa Catarina and a PhD in Neuroscience from the Max Planck Research School \u2013 University of T\u00fcbingen, Germany. He has experience in the area of <span style=\"font-weight: 700\">brain-machine interface, rehabilitation, plasticity, Neuromodulation (brain stimulation with TMS and tDCS), equipment development, assistive technology, as well as projects in Biomedical Engineering.<\/span><br><\/p><\/div><\/div>\t\t\t\t<\/div>\n\t\t\t\t<\/div>\n\t\t\t\t<div class=\"elementor-element elementor-element-3285c01 elementor-widget elementor-widget-accordion\" data-id=\"3285c01\" data-element_type=\"widget\" data-widget_type=\"accordion.default\">\n\t\t\t\t<div class=\"elementor-widget-container\">\n\t\t\t\t\t\t\t<div class=\"elementor-accordion\">\n\t\t\t\t\t\t\t<div class=\"elementor-accordion-item\">\n\t\t\t\t\t<div id=\"elementor-tab-title-5291\" class=\"elementor-tab-title\" data-tab=\"1\" role=\"button\" aria-controls=\"elementor-tab-content-5291\" aria-expanded=\"false\">\n\t\t\t\t\t\t\t\t\t\t\t\t\t<span class=\"elementor-accordion-icon elementor-accordion-icon-left\" aria-hidden=\"true\">\n\t\t\t\t\t\t\t\t\t\t\t\t\t\t\t<i class=\"elementor-accordion-icon-closed fa fa-plus-circle\"><\/i>\n\t\t\t\t\t\t\t\t<i class=\"elementor-accordion-icon-opened fa fa-minus-circle\"><\/i>\n\t\t\t\t\t\t\t\t\t\t\t\t\t\t<\/span>\n\t\t\t\t\t\t\t\t\t\t\t\t<a class=\"elementor-accordion-title\" tabindex=\"0\">Check out the latest works published by the researcher<\/a>\n\t\t\t\t\t<\/div>\n\t\t\t\t\t<div id=\"elementor-tab-content-5291\" class=\"elementor-tab-content elementor-clearfix\" data-tab=\"1\" role=\"region\" aria-labelledby=\"elementor-tab-title-5291\"><p>\u2022 Rommel S. Araujo, Camille R. Silva, Severino PN Netto, Edgard Morya and Fabricio L. Brasil.\u00a0<a style=\"background-color: #ffffff;\" href=\"https:\/\/www.frontiersin.org\/articles\/10.3389\/fnins.2021.661569\/full\" target=\"_blank\" rel=\"noopener noreferrer nofollow\"><span style=\"font-weight: bold;\">Development of a low-cost EEG-controlled hand exoskeleton 3D printed on textiles.<\/span><\/a>\u00a0<span style=\"font-weight: bold;\"><i>Frontiers In Neuroscience, 2021<\/i><\/span><\/p><p>\u2022 Mouhamed Zorkot, Alex Aquino dos Santos, Severino Peixoto Nunes Netto, Jos\u00e9 Pablo Gon\u00e7alves de Queiroz, Bruno Guedes Spinelli, Gabriela de Ara\u00fajo Albuquerque, F\u00e1bio Evangelista de Santana, Edgard Morya, Fabricio Lima Brasil.\u00a0<a style=\"background-color: #ffffff;\" href=\"https:\/\/issuu.com\/eduern\/docs\/livro_novastecnologias04_ebook\" target=\"_blank\" rel=\"noopener noreferrer nofollow\"><span style=\"font-weight: bold;\">Advances of the medical internet of things in healthcare and neuroengineering.<i>\u00a0<\/i><\/span><\/a><span style=\"font-weight: bold;\"><i>New Technologies Applied to Health: innovation, internet of things, horizons and challenges, 2021<\/i><\/span><\/p><p>\u2022<b><i> <\/i><\/b>Ander Ramos-Murguialday, Marco R Curado, Doris Broetz, \u00d6zge Yilmaz, Fabricio L Brasil, Giulia Liberati, Eliana Garcia-Cossio, Woosang Cho, Andrea Caria, Leonardo G Cohen, Niels Birbaumer.\u00a0<a style=\"background-color: #ffffff;\" href=\"https:\/\/pubmed.ncbi.nlm.nih.gov\/30722727\/\" target=\"_blank\" rel=\"noopener noreferrer nofollow\"><b>Brain-Machine Interface in Chronic Stroke: Randomized Trial Long-Term Follow-up<\/b><\/a>.\u00a0<b><i>Neurorehabilitation And Neural Repair, 2019<\/i><\/b><\/p><p>\u2022 B\u00e1rbara Meneses, Junio Lima, Ledycnarf Holanda, Marcela Pereira, Patr\u00edcia Silva, Severino Netto, Tha\u00edsa Dantas, Fabr\u00edcio Brasil, Edgard Morya.\u00a0<a style=\"background-color: #ffffff;\" href=\"https:\/\/ppgcc.ufersa.edu.br\/wp-content\/uploads\/sites\/42\/2019\/07\/novas-tecnologias-vol2-final3.pdf\" target=\"_blank\" rel=\"noopener noreferrer nofollow\"><span style=\"font-weight: bold;\">Innovation in Assistive Technology: Opportunities and Challenges<\/span><\/a>,\u00a0<i style=\"font-weight: bold;\">New technologies applied to health: Development of Dynamic Systems - Concepts, applications and use of intelligent techniques and regulation, 2019<\/i><\/p><div><p>\u2022 Kim Yano, Severino Netto, Mayara Silva, Alice Suassuna, Fernanda Mesquita, Mariana Ara\u00fajo, Fabr\u00edcio Brasil, Manuela Nascimento.<a href=\"https:\/\/link.springer.com\/chapter\/10.1007\/978-981-13-2517-5_94\" target=\"_blank\" rel=\"noopener noreferrer nofollow\"> <b>SciTable: A 3D Printed Surgical Table for Spinal Cord Implant Procedures.<\/b>\u00a0<\/a><b><i>IFMBE Proceedings XXVI CBEB, 2019<\/i><\/b><\/p><div><i>\u2022\u00a0<\/i>Camille Silva, Rommel Ara\u00fajo, Gabriela Albuquerque, Renan Moioli, Fabr\u00edcio Brasil.\u00a0<a href=\"https:\/\/link.springer.com\/chapter\/10.1007\/978-981-13-2517-5_90\" target=\"_blank\" rel=\"noopener noreferrer nofollow\"><b>Interfacing Brains to Robotic Devices A VRPN Communication Application<\/b>.<\/a><i style=\"font-weight: bold;\">\u00a0IFMBE Proceedings XXVI CBEB, 2019<\/i><\/div><div><i>\u00a0<\/i><\/div><div><i>\u2022\u00a0<\/i>Severino Netto, Pablo Chacon, Amauri Junior, Fabr\u00edcio Brasil.<b>\u00a0<a href=\"https:\/\/link.springer.com\/chapter\/10.1007\/978-981-13-2119-1_106\" target=\"_blank\" rel=\"noopener noreferrer nofollow\">Remote Monitoring of Temperature and Humidity\u2014A Reliable and Inexpensive Device Development Applied in Neonatal Incubators.<\/a><\/b><i style=\"font-weight: bold;\">\u00a0IFMBE Proceedings XXVI CBEB, 2019<\/i><\/div><div style=\"font-style: italic; font-weight: bold;\"><span style=\"font-weight: 400;\">\u00a0<\/span><\/div><div style=\"font-style: italic; font-weight: bold;\"><span style=\"font-weight: 400;\"><i>\u2022\u00a0<\/i><\/span><span style=\"font-weight: 400;\">Morya, Edgard; Nascimento, MSL ; Simplicio, H.; Freitas Jr, R.; Brazil, Fabricio L.<\/span><a style=\"font-weight: 400; background-color: #ffffff;\" href=\"https:\/\/portal.ifba.edu.br\/prpgi\/editora\/livros\/multidisciplinar\/ENEIS.pdf\" target=\"_blank\" rel=\"noopener noreferrer nofollow\">\u00a0<span style=\"font-weight: bold;\">Neuroengineering Applied to Assistive and Rehabilitation Technologies<\/span><\/a><span style=\"font-weight: 400;\">. In: Atson Carlos de S. Fernandes; Fernanda Ferraz de Castro; Claudio Reynaldo B. de Souza; Eduardo Manuel de F. Jorge; Josiane Dantas V. Barbosa. (Org.).<\/span><span style=\"font-weight: 400;\">\u00a0<\/span><i>Entrepreneurship and Innovation in Health: Science &amp; Market. 10ed. Salvador: IFBA, 2018, v. 10, p. 111-120\u00a0<\/i><\/div><div><i>\u00a0<\/i><\/div><\/div><div><i>\u2022\u00a0<\/i>Deolindo CS, Kunicki, ACB, da Silva, MI, Brazil, F. and Moioli, RC .\u00a0<a href=\"https:\/\/www.frontiersin.org\/articles\/10.3389\/fncir.2017.00114\/full\" target=\"_blank\" rel=\"noopener noreferrer nofollow\"><b>Neuronal Assemblies Evidence Distributed Interactions within a Tactile Discrimination Task in Rats<\/b><\/a><b>.<i> Frontiers in Neural Circuits, 2018<\/i><\/b><\/div><div>\u00a0<\/div><div>\u2022 Celina A. Reis Paula, Camille Reategui, Bruna Karen de Sousa Costa, Caio Queiroz da Fonseca, Luana da Silva, Edgard Morya, and Fabricio Lima Brasil.<span style=\"font-weight: bold;\">\u00a0<a href=\"https:\/\/www.hindawi.com\/journals\/bmri\/2017\/3591914\/\" target=\"_blank\" rel=\"noopener noreferrer nofollow\">High-Frequency EEG Variations in Children with Autism Spectrum Disorder during Human Faces Visualization<\/a>.<\/span>\u00a0<span style=\"font-weight: bold;\"><i>BioMed Research International, 2017<\/i><\/span><\/div><div><span style=\"font-weight: bold;\"><i>\u00a0<\/i><\/span><\/div><div><p>\u2022 Ribeiro, MW; Neto, JF; Morya, E; Brazil, FL; from Araujo,<i style=\"font-weight: bold;\"> <\/i>MFP.<b>\u00a0<a href=\"https:\/\/link.springer.com\/article\/10.3758\/s13428-017-0906-6\" target=\"_blank\" rel=\"noopener noreferrer nofollow\">OBAT: An open-source and low-cost operant box for auditory discriminative tasks.<\/a><\/b><i style=\"font-weight: bold;\">\u00a0Behavior Research Methods, 2017.<\/i><\/p><p>\u2022 McConnell, A; Moioli, R; Brazil, F ; Vallejo, M ; Corne, D; Vargas, P ; Stokes, A.\u00a0<span style=\"font-weight: bold;\"><a href=\"https:\/\/www.medicaljournals.se\/jrm\/content\/abstract\/10.2340\/16501977-2229\" target=\"_blank\" rel=\"noopener noreferrer nofollow\">Robotic devices and brain-machine interfaces for hand rehabilitation post-stroke.\u00a0<\/a><i>Journal of Rehabilitation Medicine<\/i><\/span><span style=\"font-weight: bold;\"><i>,<\/i><\/span><span style=\"font-weight: bold; font-style: italic;\">\u00a02017<\/span><\/p><p>\u2022 McConnell, Alistair C.; Vallejo, Marta; Moioli, Renan Cipriano; Brazil, Fabricio L.; Secciani, NicolaI; Nemitz, Markusp P.; Riquart, Cecile P.; Corne, David W.; Vargas, Patricia A. ; Stokes, Adam A.\u00a0<a href=\"https:\/\/www.frontiersin.org\/articles\/10.3389\/fmech.2017.00003\/full\" target=\"_blank\" rel=\"noopener noreferrer nofollow\"><b>SOPHIA: Soft Orthotic Physiotherapy Hand Interactive Aid.\u00a0<\/b><\/a><b><i>Frontiers in Mechanical Engineering, 2017<\/i><\/b><\/p><p>\u2022 Vargas, Patricia A.; Brazil, Fabricio Lima; McConnell, Alistair C.; Vallejo, Marta; Corne, David W.; Stokes, Adam A.; Moioli, Renan Cipriano.<i style=\"font-weight: bold;\">\u00a0<\/i><a href=\"https:\/\/link.springer.com\/chapter\/10.1007\/978-3-319-46669-9_205\" target=\"_blank\" rel=\"noopener noreferrer nofollow\"><b>Combining Soft Robotics and Brain-Machine Interfaces for Stroke Rehabilitation.<\/b><\/a><i style=\"font-weight: bold;\">\u00a0Biosystems &amp; Biorobotics, 2016<\/i><\/p><\/div><\/div>\n\t\t\t\t<\/div>\n\t\t\t\t\t\t\t\t<\/div>\n\t\t\t\t\t\t<\/div>\n\t\t\t\t<\/div>\n\t\t\t\t\t<\/div>\n\t\t<\/div>\n\t\t\t\t\t<\/div>\n\t\t<\/section>\n\t\t\t\t<section class=\"elementor-section elementor-inner-section elementor-element elementor-element-0eb53f3 elementor-section-boxed elementor-section-height-default elementor-section-height-default\" data-id=\"0eb53f3\" data-element_type=\"section\" data-settings=\"{&quot;background_background&quot;:&quot;classic&quot;}\">\n\t\t\t\t\t\t<div class=\"elementor-container elementor-column-gap-default\">\n\t\t\t\t\t<div class=\"elementor-column elementor-col-100 elementor-inner-column elementor-element elementor-element-51307a4\" data-id=\"51307a4\" data-element_type=\"column\" data-settings=\"{&quot;background_background&quot;:&quot;classic&quot;}\">\n\t\t\t<div class=\"elementor-widget-wrap elementor-element-populated\">\n\t\t\t\t\t\t<div class=\"elementor-element elementor-element-473cfa3 elementor-position-left elementor-vertical-align-top elementor-widget elementor-widget-image-box\" data-id=\"473cfa3\" data-element_type=\"widget\" data-widget_type=\"image-box.default\">\n\t\t\t\t<div class=\"elementor-widget-container\">\n\t\t\t\t\t<div class=\"elementor-image-box-wrapper\"><figure class=\"elementor-image-box-img\"><img loading=\"lazy\" decoding=\"async\" width=\"600\" height=\"600\" src=\"https:\/\/institutosantosdumont.org.br\/wp-content\/uploads\/2021\/07\/perfil-carolina-gonzales.png\" class=\"attachment-full size-full wp-image-22073\" alt=\"\" srcset=\"https:\/\/institutosantosdumont.org.br\/wp-content\/uploads\/2021\/07\/perfil-carolina-gonzales.png 600w, https:\/\/institutosantosdumont.org.br\/wp-content\/uploads\/2021\/07\/perfil-carolina-gonzales-150x150.png 150w, https:\/\/institutosantosdumont.org.br\/wp-content\/uploads\/2021\/07\/perfil-carolina-gonzales-300x300.png 300w\" sizes=\"(max-width: 600px) 100vw, 600px\" \/><\/figure><div class=\"elementor-image-box-content\"><h3 class=\"elementor-image-box-title\">Maria Carolina Gonzalez, Ph.D.<\/h3><p class=\"elementor-image-box-description\"><strong><a href=\"mailto:carolina.gonzalez@isd.org.br\">Email<\/a>&nbsp; |&nbsp;&nbsp;<a href=\"http:\/\/lattes.cnpq.br\/4560931690994322\" target=\"_blank\" rel=\"noopener noreferrer\">Curriculum Lattes<\/a> | &nbsp;<a href=\"https:\/\/scholar.google.com.br\/citations?user=7OXkSPcAAAAJ&amp;hl=en\" target=\"_blank\" rel=\"noopener noreferrer\">Google Scholar<\/a><\/strong><br><br>Carolina Gonzalez holds a degree in Biotechnology with an emphasis on Cellular and Molecular Biology from the National University of Quilmes and a PhD in Physiological Sciences from the Faculty of Medicine of the University of Buenos Aires (Argentina). She carried out Post-Doctoral research at the Memory Research Laboratory of the Brain Institute of the Federal University of Rio Grande do Norte (UFRN) as a fellow in the Young Talent Attraction (A) modality of the Science Without Borders Program and PNPD. In 2021, she won the Early Career Award from the International Brain Research Organization. She has experience in the fields of <b>neurophysiology and neuropsychopharmacology and studies the cellular and molecular mechanisms involved in the formation and expression of memories through behavioral, biochemical, pharmacological and electrophysiological approaches.<\/b><br><\/p><\/div><\/div>\t\t\t\t<\/div>\n\t\t\t\t<\/div>\n\t\t\t\t<div class=\"elementor-element elementor-element-df2a881 elementor-widget elementor-widget-accordion\" data-id=\"df2a881\" data-element_type=\"widget\" data-widget_type=\"accordion.default\">\n\t\t\t\t<div class=\"elementor-widget-container\">\n\t\t\t\t\t\t\t<div class=\"elementor-accordion\">\n\t\t\t\t\t\t\t<div class=\"elementor-accordion-item\">\n\t\t\t\t\t<div id=\"elementor-tab-title-2341\" class=\"elementor-tab-title\" data-tab=\"1\" role=\"button\" aria-controls=\"elementor-tab-content-2341\" aria-expanded=\"false\">\n\t\t\t\t\t\t\t\t\t\t\t\t\t<span class=\"elementor-accordion-icon elementor-accordion-icon-left\" aria-hidden=\"true\">\n\t\t\t\t\t\t\t\t\t\t\t\t\t\t\t<i class=\"elementor-accordion-icon-closed fa fa-plus-circle\"><\/i>\n\t\t\t\t\t\t\t\t<i class=\"elementor-accordion-icon-opened\"><\/i>\n\t\t\t\t\t\t\t\t\t\t\t\t\t\t<\/span>\n\t\t\t\t\t\t\t\t\t\t\t\t<a class=\"elementor-accordion-title\" tabindex=\"0\">Check out the latest works published by the researcher<\/a>\n\t\t\t\t\t<\/div>\n\t\t\t\t\t<div id=\"elementor-tab-content-2341\" class=\"elementor-tab-content elementor-clearfix\" data-tab=\"1\" role=\"region\" aria-labelledby=\"elementor-tab-title-2341\"><p>\u2022 Andressa Radiske, Maria Carolina Gonzalez, Diana A. N\u00f4ga, Janine I. Rossato, Lia RM Bevilaqua, Mart\u00edn Cammarota.\u00a0<a href=\"http:\/\/learnmem.cshlp.org\/content\/28\/1\/1\" target=\"_blank\" rel=\"noopener noreferrer nofollow\"><b>mTOR inhibition impairments extinction memory reconsolidation<\/b><\/a>. <b><i>Learning &amp; Memory, 2021<\/i><\/b><\/p><p>\u2022 Maria Carolina Gonzalez, Andressa Radiske, Sergio Conde-Ocazionez, Janine I. Rossato, Lia RM Bevilaqua &amp; Mart\u00edn Cammarota.\u00a0<a style=\"background-color: #ffffff;\" href=\"http:\/\/learnmem.cshlp.org\/content\/29\/1\/1\" target=\"_blank\" rel=\"noopener noreferrer nofollow\"><b>Reactivation-dependent amnesia for object recognition memory is contingent on hippocampal theta-gamma coupling during recall<\/b><\/a>. <b><i>Learning &amp; Memory, 2021<\/i><\/b><\/p><p>\u2022 Andressa Radiske, Maria Carolina Gonzalez, Janine I. Rossato, G\u00eanedy Apolin\u00e1rio, Jo\u00e3o R. de Oliveira, Lia RM Bevilaqua &amp; Mart\u00edn Cammarota.\u00a0<a style=\"background-color: #ffffff;\" href=\"https:\/\/molecularbrain.biomedcentral.com\/articles\/10.1186\/s13041-021-00877-5\" target=\"_blank\" rel=\"noopener noreferrer nofollow\"><b>Avoidance memory requires CaMKII activity to persist after recall<\/b><\/a>. <b><i>Molecular Brain, 2021<\/i><\/b><\/p><div>\u2022 Mar\u00eda Carolina Gonzalez, Janine I. Rossato, Andressa Radiske, Lia RM Bevilaqua &amp; Mart\u00edn Cammarota.\u00a0<a style=\"background-color: #ffffff;\" href=\"https:\/\/www.pnas.org\/doi\/full\/10.1073\/pnas.2025275118\" target=\"_blank\" rel=\"noopener noreferrer nofollow\"><b>Dopamine controls whether new declarative information updates reactivated memories through reconsolidation<\/b><\/a>.\u00a0<i><span style=\"font-weight: bold;\">Proceedings of the National Academy of Sciences of the United States of America (PNAS), 2021<\/span><\/i><\/div><div>\u00a0\u00a0<\/div><div>\u2022 Mar\u00eda Carolina Gonzalez, Andressa Radiske &amp; Mart\u00edn Cammarota.<b>\u00a0<a href=\"https:\/\/www.frontiersin.org\/articles\/10.3389\/fncel.2019.00383\/full\" target=\"_blank\" rel=\"noopener noreferrer nofollow\">On the Involvement of BDNF Signaling in Memory Reconsolidation.\u00a0<\/a><i>Fontiers in Cellular Neuroscience, 2019<\/i><\/b><\/div><div>\u00a0<\/div><div><p>\u2022 Andressa Radiske, Maria Carolina Gonzalez, Sergio Conde-Ocasionez, Janine I. Rossato, Cristiano A. Kohler and Martin Cammarota.\u00a0<a style=\"background-color: #ffffff;\" href=\"https:\/\/www.jneurosci.org\/content\/40\/33\/6398\" target=\"_blank\" rel=\"noopener noreferrer nofollow\"><b>Cross-Frequency Phase-Amplitude Coupling between Hippocampal Theta and Gamma Oscillations during Recall Destabilizes Memory and Renders It Susceptible to Reconsolidation Disruption<\/b>.<\/a><i style=\"font-weight: bold;\">\u00a0Journal of Neuroscience, 2020<\/i><\/p><p>\u00a0<\/p><\/div><p>\u2022 Maria Carolina Gonzalez, Andressa Radiske, Mart\u00edn Cammarota.\u00a0<a style=\"background-color: #ffffff;\" href=\"https:\/\/www.frontiersin.org\/articles\/10.3389\/fncel.2019.00383\/full\" target=\"_blank\" rel=\"noopener noreferrer nofollow\"><b>On the Involvement of BDNF Signaling in Memory Reconsolidation<\/b><\/a>. <b><i>Frontiers in Cellular Neuroscience, 2019<\/i><\/b><\/p><div><p>\u2022 Janine I. Rossato, Maria Carolina Gonzalez, Andressa Radiske, G\u00eanedy Apolin\u00e1rio, Sergio Conde-Ocazionez, Lia R. Bevilaqua and Mart\u00edn Cammarota.\u00a0<a style=\"background-color: #ffffff;\" href=\"https:\/\/www.jneurosci.org\/content\/39\/10\/1828\" target=\"_blank\" rel=\"noopener noreferrer nofollow\"><b>PKM\u03b6 Inhibition Disrupts Reconsolidation and Erases Object Recognition Memory<\/b><\/a><b>. <i>Journal of Neuroscience, 2019<\/i><\/b>\u00a0<\/p><\/div><div>\u2022 Maria Carolina Gonzalez, Janine I. Rossato, Andressa Radiske, Marina P\u00e1dua Reis &amp; Mart\u00edn Cammarota.\u00a0<a href=\"https:\/\/www.nature.com\/articles\/s41598-019-53005-8\" target=\"_blank\" rel=\"noopener noreferrer nofollow\"><b>Recognition memory reconsolidation requires hippocampal Zif268.<\/b><\/a><b><i>\u00a0Scientific Reports, 2019<\/i><\/b><\/div><div>\u00a0<\/div><\/div>\n\t\t\t\t<\/div>\n\t\t\t\t\t\t\t\t<\/div>\n\t\t\t\t\t\t<\/div>\n\t\t\t\t<\/div>\n\t\t\t\t\t<\/div>\n\t\t<\/div>\n\t\t\t\t\t<\/div>\n\t\t<\/section>\n\t\t\t\t<section class=\"elementor-section elementor-inner-section elementor-element elementor-element-967c3a4 elementor-section-boxed elementor-section-height-default elementor-section-height-default\" data-id=\"967c3a4\" data-element_type=\"section\" data-settings=\"{&quot;background_background&quot;:&quot;classic&quot;}\">\n\t\t\t\t\t\t<div class=\"elementor-container elementor-column-gap-default\">\n\t\t\t\t\t<div class=\"elementor-column elementor-col-100 elementor-inner-column elementor-element elementor-element-5038ccc\" data-id=\"5038ccc\" data-element_type=\"column\" data-settings=\"{&quot;background_background&quot;:&quot;classic&quot;}\">\n\t\t\t<div class=\"elementor-widget-wrap elementor-element-populated\">\n\t\t\t\t\t\t<div class=\"elementor-element elementor-element-f769d66 elementor-position-left elementor-vertical-align-top elementor-widget elementor-widget-image-box\" data-id=\"f769d66\" data-element_type=\"widget\" data-widget_type=\"image-box.default\">\n\t\t\t\t<div class=\"elementor-widget-container\">\n\t\t\t\t\t<div class=\"elementor-image-box-wrapper\"><figure class=\"elementor-image-box-img\"><img loading=\"lazy\" decoding=\"async\" width=\"600\" height=\"600\" src=\"https:\/\/institutosantosdumont.org.br\/wp-content\/uploads\/2021\/07\/perfil-fiuza.png\" class=\"attachment-full size-full wp-image-22072\" alt=\"\" srcset=\"https:\/\/institutosantosdumont.org.br\/wp-content\/uploads\/2021\/07\/perfil-fiuza.png 600w, https:\/\/institutosantosdumont.org.br\/wp-content\/uploads\/2021\/07\/perfil-fiuza-150x150.png 150w, https:\/\/institutosantosdumont.org.br\/wp-content\/uploads\/2021\/07\/perfil-fiuza-300x300.png 300w\" sizes=\"(max-width: 600px) 100vw, 600px\" \/><\/figure><div class=\"elementor-image-box-content\"><h3 class=\"elementor-image-box-title\">Felipe Porto Fiuza, Ph.D.<\/h3><p class=\"elementor-image-box-description\"><strong><a href=\"mailto:felipe.fiuza@isd.org.br\">Email<\/a>&nbsp; |&nbsp;&nbsp;<a href=\"http:\/\/lattes.cnpq.br\/4446524457524491\" target=\"_blank\" rel=\"noopener noreferrer\">Curriculum Lattes<\/a> | <a href=\"https:\/\/scholar.google.com.br\/citations?user=0Pu3bV0AAAAJ&amp;hl=pt-BR&amp;oi=ao\" target=\"_blank\" rel=\"noopener noreferrer\"> Google Scholar<\/a><\/strong><br><br>Felipe Porto Fiuza holds a degree in Biological Sciences from the State University of Cear\u00e1 (2012), a Master&#039;s (2015) and a PhD (2018) in Psychobiology from the Federal University of Rio Grande do Norte (UFRN) in the area of physiological psychology . The Researcher held a sandwich doctorate between 2017 and 2018 at the Universidad Autonoma de Madrid, in Spain, and developed Postdoctoral activities in the postgraduate program in Psychobiology from UFRN&#039;s Department of Physiology. He has experience in <span style=\"font-weight: 700\">morphofunctional sciences, with an emphasis on quantitative neuroanatomy, working mainly on the following topics: Aging, Stereology, Chronobiology and Connectomics.<\/span><br><\/p><\/div><\/div>\t\t\t\t<\/div>\n\t\t\t\t<\/div>\n\t\t\t\t<div class=\"elementor-element elementor-element-aa62e53 elementor-widget elementor-widget-accordion\" data-id=\"aa62e53\" data-element_type=\"widget\" data-widget_type=\"accordion.default\">\n\t\t\t\t<div class=\"elementor-widget-container\">\n\t\t\t\t\t\t\t<div class=\"elementor-accordion\">\n\t\t\t\t\t\t\t<div class=\"elementor-accordion-item\">\n\t\t\t\t\t<div id=\"elementor-tab-title-1781\" class=\"elementor-tab-title\" data-tab=\"1\" role=\"button\" aria-controls=\"elementor-tab-content-1781\" aria-expanded=\"false\">\n\t\t\t\t\t\t\t\t\t\t\t\t\t<span class=\"elementor-accordion-icon elementor-accordion-icon-left\" aria-hidden=\"true\">\n\t\t\t\t\t\t\t\t\t\t\t\t\t\t\t<i class=\"elementor-accordion-icon-closed fa fa-plus-circle\"><\/i>\n\t\t\t\t\t\t\t\t<i class=\"elementor-accordion-icon-opened\"><\/i>\n\t\t\t\t\t\t\t\t\t\t\t\t\t\t<\/span>\n\t\t\t\t\t\t\t\t\t\t\t\t<a class=\"elementor-accordion-title\" tabindex=\"0\">Check out the latest works published by the researcher<\/a>\n\t\t\t\t\t<\/div>\n\t\t\t\t\t<div id=\"elementor-tab-content-1781\" class=\"elementor-tab-content elementor-clearfix\" data-tab=\"1\" role=\"region\" aria-labelledby=\"elementor-tab-title-1781\"><p>\u2022 Felipe Porto Fiuza, Jos\u00e9 Pablo Queiroz, Ant\u00f4nio Carlos Aquino, Diego C\u00e2mara, Luiz Eduardo Brand\u00e3o, Ramon Hyp\u00f3lito Lima, Jos\u00e9 Rodolfo Cavalcanti, Rovena Clara Engelberth and Jeferson Cavalcante.\u00a0<a href=\"https:\/\/www.frontiersin.org\/articles\/10.3389\/fnagi.2021.613305\/full\" target=\"_blank\" rel=\"noopener noreferrer nofollow\"><b>Aging alters daily and regional calretinin neuronal expression in the rat non-image forming visual thalamus.\u00a0<\/b><\/a><b><i>Frontiers in Aging Neuroscience, 2021<\/i><\/b><\/p><p>\u00a0<\/p><\/div>\n\t\t\t\t<\/div>\n\t\t\t\t\t\t\t\t<\/div>\n\t\t\t\t\t\t<\/div>\n\t\t\t\t<\/div>\n\t\t\t\t\t<\/div>\n\t\t<\/div>\n\t\t\t\t\t<\/div>\n\t\t<\/section>\n\t\t\t\t<section class=\"elementor-section elementor-inner-section elementor-element elementor-element-wef3vtv elementor-section-boxed elementor-section-height-default elementor-section-height-default\" data-id=\"wef3vtv\" data-element_type=\"section\" data-settings=\"{&quot;background_background&quot;:&quot;classic&quot;}\">\n\t\t\t\t\t\t<div class=\"elementor-container elementor-column-gap-default\">\n\t\t\t\t\t<div class=\"elementor-column elementor-col-100 elementor-inner-column elementor-element elementor-element-bx7dt8h\" data-id=\"bx7dt8h\" data-element_type=\"column\" data-settings=\"{&quot;background_background&quot;:&quot;classic&quot;}\">\n\t\t\t<div class=\"elementor-widget-wrap elementor-element-populated\">\n\t\t\t\t\t\t<div class=\"elementor-element elementor-element-f21uq1l elementor-position-left elementor-vertical-align-top elementor-widget elementor-widget-image-box\" data-id=\"f21uq1l\" data-element_type=\"widget\" data-widget_type=\"image-box.default\">\n\t\t\t\t<div class=\"elementor-widget-container\">\n\t\t\t\t\t<div class=\"elementor-image-box-wrapper\"><figure class=\"elementor-image-box-img\"><img loading=\"lazy\" decoding=\"async\" width=\"600\" height=\"600\" src=\"https:\/\/institutosantosdumont.org.br\/wp-content\/uploads\/2017\/09\/perfil-hougelle-simplicio.png\" class=\"attachment-full size-full wp-image-11983\" alt=\"\" srcset=\"https:\/\/institutosantosdumont.org.br\/wp-content\/uploads\/2017\/09\/perfil-hougelle-simplicio.png 600w, https:\/\/institutosantosdumont.org.br\/wp-content\/uploads\/2017\/09\/perfil-hougelle-simplicio-150x150.png 150w, https:\/\/institutosantosdumont.org.br\/wp-content\/uploads\/2017\/09\/perfil-hougelle-simplicio-300x300.png 300w\" sizes=\"(max-width: 600px) 100vw, 600px\" \/><\/figure><div class=\"elementor-image-box-content\"><h3 class=\"elementor-image-box-title\">Hougelle Simplicio, MD, Ph.D.<\/h3><p class=\"elementor-image-box-description\"><strong><a href=\"mailto:hougelle@isd.org.br\">Email<\/a>&nbsp; |&nbsp;&nbsp;<a href=\"http:\/\/lattes.cnpq.br\/8106489023372032\" target=\"_blank\" rel=\"noopener noreferrer\">Curriculum Lattes<\/a> | &nbsp;<a href=\"https:\/\/scholar.google.com\/citations?user=NIJkfZQAAAAJ\" target=\"_blank\" rel=\"noopener noreferrer\">Google Scholar<\/a><\/strong><br><br>Hougelle Simpl\u00edcio is a medical doctor graduated from the Federal University of Rio Grande do Norte (UFRN). He has a specialization in Neurosurgery from Hospital Santa Marcelina, in S\u00e3o Paulo, Brazil, and a fellowship in Functional Neurosurgery. He is a Doctor in Neurology with a title obtained from the Faculty of Medicine of the University of S\u00e3o Paulo (USP) and is a Professor at the State University of Rio Grande do Norte (Uern). His areas of interest are: <span style=\"font-weight: 700\">neuromodulation and functional neurosurgery \u2013 Parkinson&#039;s, Epilepsies and chronic pain \u2013 in basic and applied research, translational research development and innovation.<\/span><br><\/p><\/div><\/div>\t\t\t\t<\/div>\n\t\t\t\t<\/div>\n\t\t\t\t<div class=\"elementor-element elementor-element-c63bc90 elementor-widget elementor-widget-accordion\" data-id=\"c63bc90\" data-element_type=\"widget\" data-widget_type=\"accordion.default\">\n\t\t\t\t<div class=\"elementor-widget-container\">\n\t\t\t\t\t\t\t<div class=\"elementor-accordion\">\n\t\t\t\t\t\t\t<div class=\"elementor-accordion-item\">\n\t\t\t\t\t<div id=\"elementor-tab-title-2071\" class=\"elementor-tab-title\" data-tab=\"1\" role=\"button\" aria-controls=\"elementor-tab-content-2071\" aria-expanded=\"false\">\n\t\t\t\t\t\t\t\t\t\t\t\t\t<span class=\"elementor-accordion-icon elementor-accordion-icon-left\" aria-hidden=\"true\">\n\t\t\t\t\t\t\t\t\t\t\t\t\t\t\t<i class=\"elementor-accordion-icon-closed fa fa-plus-circle\"><\/i>\n\t\t\t\t\t\t\t\t<i class=\"elementor-accordion-icon-opened\"><\/i>\n\t\t\t\t\t\t\t\t\t\t\t\t\t\t<\/span>\n\t\t\t\t\t\t\t\t\t\t\t\t<a class=\"elementor-accordion-title\" tabindex=\"0\">Check out the latest works published by the researcher<\/a>\n\t\t\t\t\t<\/div>\n\t\t\t\t\t<div id=\"elementor-tab-content-2071\" class=\"elementor-tab-content elementor-clearfix\" data-tab=\"1\" role=\"region\" aria-labelledby=\"elementor-tab-title-2071\"><p>\u2022 Ivanna Tr\u00edcia Gon\u00e7alvez Fernandes, Patr\u00edcia Mayara da Silva, Barbara Osanilda Meneses, Jos\u00e9 Micael Barbosa, Junio Alves de Lima, Hougelle Simpl\u00edcio.<b>\u00a0<a href=\"https:\/\/issuu.com\/eduern\/docs\/livro_novastecnologias04_ebook\" target=\"_blank\" rel=\"noopener noreferrer nofollow\">Impact of emerging neurotechnologies on health 4.0.<\/a><\/b><a href=\"https:\/\/issuu.com\/eduern\/docs\/livro_novastecnologias04_ebook\" target=\"_blank\" rel=\"noopener noreferrer nofollow\"><b>\u00a0<\/b><\/a><b><i>New Technologies Applied to Health: innovation, internet of things, horizons and challenges, 2021<\/i><\/b><\/p><p>\u2022 Bruno Braz Garcia. Edson Ricardo Junior, Mariana Ferreira Pereira de Ara\u00fajo, Hougelle Simpl\u00edcio.\u00a0<a href=\"https:\/\/journals.sagepub.com\/doi\/10.1177\/1545968320956984\" target=\"_blank\" rel=\"noopener noreferrer nofollow\"><b>History of and Insights Into Spinal Cord Stimulation in Parkinson Disease.<\/b>\u00a0<\/a><i style=\"font-weight: bold;\">Neurorehabilitation and Neural Repair, 2020<\/i><\/p><p>\u2022 Nat\u00e1lia MB Bezerra, Luana CFL Leal, Gentil GF Filho, Lorena Andreoli1, Lilian L Lisboa, Edgard Morya, Hougelle Simpl\u00edcio.\u00a0<a style=\"background-color: #ffffff;\" href=\"https:\/\/crimsonpublishers.com\/smoaj\/fulltext\/SMOAJ.000522.php\" target=\"_blank\" rel=\"noopener noreferrer nofollow\"><span style=\"font-weight: bold;\">Sacral Neuromodulation in Children with Neurogenic Bladder Dysfunction<\/span><\/a><span style=\"font-weight: bold;\">.<\/span><i style=\"font-weight: bold;\">\u00a0Surgical Medicine Open Access Journal, 2018<\/i><\/p><p>\u2022 Morya, Edgard; Nascimento, MSL ; Simplicio, H.; Freitas Jr, R.; Brazil, Fabricio L.<a style=\"color: #23527c; outline: 0px;\" href=\"https:\/\/portal.ifba.edu.br\/prpgi\/editora\/livros\/multidisciplinar\/ENEIS.pdf\" target=\"_blank\" rel=\"noopener noreferrer nofollow\">\u00a0<b>Neuroengineering Applied to Assistive and Rehabilitation Technologies<\/b><\/a>. In: Atson Carlos de S. Fernandes; Fernanda Ferraz de Castro; Claudio Reynaldo B. de Souza; Eduardo Manuel de F. Jorge; Josiane Dantas V. Barbosa. (Org.).\u00a0<b><i>Entrepreneurship and Innovation in Health: Science &amp; Market. 10ed. Salvador: IFBA, 2018, v. 10, p. 111-120\u00a0<\/i><\/b><\/p><p><b><i>\u00a0<\/i><\/b>\u2022 Andreoli L., Simplicio H., Morya E.\u00a0<a style=\"background-color: #ffffff;\" href=\"https:\/\/www.sciencedirect.com\/science\/article\/pii\/S1878875017322155?via%3Dihub\" target=\"_blank\" rel=\"noopener noreferrer nofollow\"><span style=\"font-weight: bold;\">Egg Model Training Protocol for Stereotaxic Neurosurgery and Microelectrode Implantation<\/span><\/a>.\u00a0<span style=\"font-weight: bold;\"><i>World Neurosurgery,<\/i><\/span>\u00a0<span style=\"font-weight: bold;\"><i>2018<\/i><\/span><\/p><p>\u00a0<\/p><\/div>\n\t\t\t\t<\/div>\n\t\t\t\t\t\t\t\t<\/div>\n\t\t\t\t\t\t<\/div>\n\t\t\t\t<\/div>\n\t\t\t\t\t<\/div>\n\t\t<\/div>\n\t\t\t\t\t<\/div>\n\t\t<\/section>\n\t\t\t\t<section class=\"elementor-section elementor-inner-section elementor-element elementor-element-fcjpsqn elementor-section-boxed elementor-section-height-default elementor-section-height-default\" data-id=\"fcjpsqn\" data-element_type=\"section\" data-settings=\"{&quot;background_background&quot;:&quot;classic&quot;}\">\n\t\t\t\t\t\t<div class=\"elementor-container elementor-column-gap-default\">\n\t\t\t\t\t<div class=\"elementor-column elementor-col-100 elementor-inner-column elementor-element elementor-element-j1vy0cf\" data-id=\"j1vy0cf\" data-element_type=\"column\" data-settings=\"{&quot;background_background&quot;:&quot;classic&quot;}\">\n\t\t\t<div class=\"elementor-widget-wrap elementor-element-populated\">\n\t\t\t\t\t\t<div class=\"elementor-element elementor-element-9c8nh2x elementor-position-left elementor-vertical-align-top elementor-widget elementor-widget-image-box\" data-id=\"9c8nh2x\" data-element_type=\"widget\" data-widget_type=\"image-box.default\">\n\t\t\t\t<div class=\"elementor-widget-container\">\n\t\t\t\t\t<div class=\"elementor-image-box-wrapper\"><figure class=\"elementor-image-box-img\"><img loading=\"lazy\" decoding=\"async\" width=\"600\" height=\"600\" src=\"https:\/\/institutosantosdumont.org.br\/wp-content\/uploads\/2017\/09\/perfil-miguel-nicolelis.png\" class=\"attachment-full size-full wp-image-12009\" alt=\"\" srcset=\"https:\/\/institutosantosdumont.org.br\/wp-content\/uploads\/2017\/09\/perfil-miguel-nicolelis.png 600w, https:\/\/institutosantosdumont.org.br\/wp-content\/uploads\/2017\/09\/perfil-miguel-nicolelis-150x150.png 150w, https:\/\/institutosantosdumont.org.br\/wp-content\/uploads\/2017\/09\/perfil-miguel-nicolelis-300x300.png 300w\" sizes=\"(max-width: 600px) 100vw, 600px\" \/><\/figure><div class=\"elementor-image-box-content\"><h3 class=\"elementor-image-box-title\">Miguel Nicolelis, MD, Ph.D.<\/h3><p class=\"elementor-image-box-description\"><a href=\"http:\/\/lattes.cnpq.br\/4925407922379562\" target=\"_blank\" rel=\"noopener noreferrer\" style=\"font-weight: bold\">Curriculum Lattes<\/a><b> | <\/b><strong style=\"font-weight: bold\"><a href=\"https:\/\/scholar.google.com\/citations?user=RefX_60AAAAJ\" target=\"_blank\" rel=\"noopener noreferrer\"> Google Scholar<\/a><\/strong><br><br>Miguel Nicolelis holds a degree in Medicine from the University of S\u00e3o Paulo (USP) and a PhD in Science (General Physiology) from the same institution. He is a Full Professor in the Department of Neurobiology and Co-Director of the Center for Neuroengineering at Duke University (USA), consultant at the Brain and Mind Institute at the Federal Polytechnic School of Lausanne (Switzerland) and president of the Alberto Santos Dumont Association for Research Support (AASDAP, in Portuguese abbreviation). He has experience in the field of Physiology, with an emphasis on Neurophysiology. His lines of research are: <span style=\"font-weight: 700\">computational properties of large neural sets in primate behavior; sensorimotor plasticity in adult animals and in sensory development; neuronal bases of sensorimotor learning; development of brain-machine interfaces to restore neurological function; neural basis of tactile perception.<\/span><\/p><\/div><\/div>\t\t\t\t<\/div>\n\t\t\t\t<\/div>\n\t\t\t\t<div class=\"elementor-element elementor-element-1610365 elementor-widget elementor-widget-accordion\" data-id=\"1610365\" data-element_type=\"widget\" data-widget_type=\"accordion.default\">\n\t\t\t\t<div class=\"elementor-widget-container\">\n\t\t\t\t\t\t\t<div class=\"elementor-accordion\">\n\t\t\t\t\t\t\t<div class=\"elementor-accordion-item\">\n\t\t\t\t\t<div id=\"elementor-tab-title-2311\" class=\"elementor-tab-title\" data-tab=\"1\" role=\"button\" aria-controls=\"elementor-tab-content-2311\" aria-expanded=\"false\">\n\t\t\t\t\t\t\t\t\t\t\t\t\t<span class=\"elementor-accordion-icon elementor-accordion-icon-left\" aria-hidden=\"true\">\n\t\t\t\t\t\t\t\t\t\t\t\t\t\t\t<i class=\"elementor-accordion-icon-closed fa fa-plus-circle\"><\/i>\n\t\t\t\t\t\t\t\t<i class=\"elementor-accordion-icon-opened\"><\/i>\n\t\t\t\t\t\t\t\t\t\t\t\t\t\t<\/span>\n\t\t\t\t\t\t\t\t\t\t\t\t<a class=\"elementor-accordion-title\" tabindex=\"0\">Check out the latest works published by the researcher<\/a>\n\t\t\t\t\t<\/div>\n\t\t\t\t\t<div id=\"elementor-tab-content-2311\" class=\"elementor-tab-content elementor-clearfix\" data-tab=\"1\" role=\"region\" aria-labelledby=\"elementor-tab-title-2311\"><p>\u2022 Nicolelis Laboratory Series \u2013\u00a0<a style=\"background-color: #ffffff;\" href=\"https:\/\/issuu.com\/mnicolelis\/docs\/nicolelis_labs_series_vol_1v\" target=\"_blank\" rel=\"noopener noreferrer nofollow\"><b>20 Years of Brain-Machine Interface Research \u2013 Volume 1<\/b><\/a>, <b><i>2019<\/i><\/b><\/p><p>\u2022 Nicolelis Laboratory Series \u2013\u00a0<b><a href=\"https:\/\/issuu.com\/mnicolelis\/docs\/nicolelis_labs_series_vol_2\" target=\"_blank\" rel=\"noopener noreferrer nofollow\">20 Years of Brain-Machine Interface Research \u2013 Volume 2<\/a>,<\/b>\u00a0<span style=\"font-weight: bold;\"><i>2019<\/i><\/span><i><br \/><\/i><\/p><p>\u2022 Kunicki C, Moioli RC, Pais-Vieira M, Peres ASC, Morya E, Nicolelis MAL.\u00a0<b><a href=\"https:\/\/www.nature.com\/articles\/s41598-019-41516-3\" target=\"_blank\" rel=\"noopener noreferrer nofollow\">Frequency-specific coupling in fronto-parieto-occipital cortical circuits underlie active tactile discrimination.<\/a>\u00a0<i>Scientific Reports, 2019<\/i><\/b><\/p><p>\u2022 Shokur S, Donati ARC, Campos DSF, Gitti C, Bao G, Fischer D, Almeida S, Braga VAS, Augusto P, Petty C, Alho EJL, Lebediev M, Song AW, Nicolelis MAL. <b>T<a href=\"https:\/\/journals.plos.org\/plosone\/article?id=10.1371\/journal.pone.0206464\" target=\"_blank\" rel=\"noopener noreferrer nofollow\">raining with brain-machine interfaces, visuotactile feedback and assisted locomotion improves sensorimotor, visceral, and psychological signs in chronic paraplegic patients.<\/a><\/b>\u00a0<b><i>PLoS ONE, 2018<\/i><\/b><\/p><p>\u2022 Yin A, Tseng PH, Rajangam S, Lebedev MA, Nicolelis MAL.\u00a0<a href=\"https:\/\/www.nature.com\/articles\/s41598-018-27472-4\" target=\"_blank\" rel=\"noopener noreferrer nofollow\"><b>Place cell-like activity in the primary sensorimotor and premotor cortex during monkey whole-body navigation.<\/b><\/a>\u00a0<b style=\"font-style: italic;\">Scientific Reports, 2018<\/b><\/p><p>\u2022 Tseng PH, Rajangam S, Lehew G, Lebedev MA, Nicolelis MAL.\u00a0<a style=\"background-color: #ffffff;\" href=\"https:\/\/www.nature.com\/articles\/s41598-018-22679-x\" target=\"_blank\" rel=\"noopener noreferrer nofollow\"><b>Interbrain cortical synchronization encodes multiple aspects of social interactions in monkey pairs<\/b><\/a>,<i> <b>Scientific Reports, 2018<\/b><\/i><\/p><p>\u2022 Thomson E, Zea I, Windham W, Thenaisie Y, Walker C, Pedowitz P, Fran\u00e7a W, Graneiro AL, Nicolelis MAL.\u00a0<b><a href=\"https:\/\/www.eneuro.org\/content\/4\/6\/ENEURO.0262-17.2017\" target=\"_blank\" rel=\"noopener noreferrer nofollow\">Merging visible and invisible light using a cortical neuroprosthesis without impairing native sensory function.<\/a><i>\u00a0<\/i><\/b><i style=\"font-weight: bold;\">eNeuro, 2017<\/i><\/p><p>\u2022 Ramakrishnan A, Byun YW, Rand K, Pedersen C, Lebedev MA, Nicolelis MA.\u00a0<a href=\"https:\/\/www.pnas.org\/doi\/10.1073\/pnas.1703668114\" target=\"_blank\" rel=\"noopener noreferrer nofollow\"><b>Cortical Neurons Multiplex Reward-Related Signals along with Sensory and Motor Information.<\/b><\/a><i><b>\u00a0Proceedings of the National Academy of Sciences of the United States of America (PNAS), 2017<\/b><\/i><\/p><p>\u2022 Miguel AL Nicolelis.\u00a0<a href=\"https:\/\/www.nature.com\/articles\/s41562-016-0008\" target=\"_blank\" rel=\"noopener noreferrer nofollow\"><b>Are we at risk of becoming biological digital machines?\u00a0<\/b><\/a><b><i>Nature Human Behavior, 2017<\/i><\/b><\/p><p>\u2022 Lebedev M, Nicolelis MAL.<i style=\"font-weight: bold;\">\u00a0<\/i><a style=\"background-color: #ffffff;\" href=\"https:\/\/pubmed.ncbi.nlm.nih.gov\/28275048\/\" target=\"_blank\" rel=\"noopener noreferrer nofollow\"><b>Brain-machine interfaces: from basic science to neuroprosthetic devices, and neurorehabilitation.<\/b><\/a>\u00a0<b><i>Physiological Review, 2017<\/i><\/b><\/p><p>\u2022 Yadav A, Nicolelis MAL.<a href=\"https:\/\/pubmed.ncbi.nlm.nih.gov\/28497877\/#:~:text=Spinal%20cord%20stimulation%20has%20been%20used%20for%20the,for%20motor%20symptoms%20associated%20with%20Parkinson%27s%20disease%20%28PD%29.\" target=\"_blank\" rel=\"noopener noreferrer nofollow\"><b> Electrical stimulation of the dorsal columns of the spinal cord in Parkinson&#039;s disease.<\/b><\/a><b style=\"font-style: italic;\">\u00a0<\/b><b><i>Movement Disorders, 2017<\/i><\/b><\/p><p>\u00a0<\/p><\/div>\n\t\t\t\t<\/div>\n\t\t\t\t\t\t\t\t<\/div>\n\t\t\t\t\t\t<\/div>\n\t\t\t\t<\/div>\n\t\t\t\t\t<\/div>\n\t\t<\/div>\n\t\t\t\t\t<\/div>\n\t\t<\/section>\n\t\t\t\t<section class=\"elementor-section elementor-inner-section elementor-element elementor-element-khhb5zv elementor-section-boxed elementor-section-height-default elementor-section-height-default\" data-id=\"khhb5zv\" data-element_type=\"section\" data-settings=\"{&quot;background_background&quot;:&quot;classic&quot;}\">\n\t\t\t\t\t\t<div class=\"elementor-container elementor-column-gap-default\">\n\t\t\t\t\t<div class=\"elementor-column elementor-col-100 elementor-inner-column elementor-element elementor-element-d6f47rf\" data-id=\"d6f47rf\" data-element_type=\"column\" data-settings=\"{&quot;background_background&quot;:&quot;classic&quot;}\">\n\t\t\t<div class=\"elementor-widget-wrap elementor-element-populated\">\n\t\t\t\t\t\t<div class=\"elementor-element elementor-element-htkg3z5 elementor-position-left elementor-vertical-align-top elementor-widget elementor-widget-image-box\" data-id=\"htkg3z5\" data-element_type=\"widget\" data-widget_type=\"image-box.default\">\n\t\t\t\t<div class=\"elementor-widget-container\">\n\t\t\t\t\t<div class=\"elementor-image-box-wrapper\"><figure class=\"elementor-image-box-img\"><img loading=\"lazy\" decoding=\"async\" width=\"600\" height=\"600\" src=\"https:\/\/institutosantosdumont.org.br\/wp-content\/uploads\/2021\/07\/perfil-ramon-hypolito.png\" class=\"attachment-full size-full wp-image-22096\" alt=\"\" srcset=\"https:\/\/institutosantosdumont.org.br\/wp-content\/uploads\/2021\/07\/perfil-ramon-hypolito.png 600w, https:\/\/institutosantosdumont.org.br\/wp-content\/uploads\/2021\/07\/perfil-ramon-hypolito-150x150.png 150w, https:\/\/institutosantosdumont.org.br\/wp-content\/uploads\/2021\/07\/perfil-ramon-hypolito-300x300.png 300w\" sizes=\"(max-width: 600px) 100vw, 600px\" \/><\/figure><div class=\"elementor-image-box-content\"><h3 class=\"elementor-image-box-title\">Ram\u00f3n Hypolito Lima, Ph.D.<\/h3><p class=\"elementor-image-box-description\"><strong><a href=\"mailto:ramon.lima@isd.org.br\">Email<\/a>&nbsp; |&nbsp;&nbsp;<a href=\"http:\/\/lattes.cnpq.br\/9065102569052213\" target=\"_blank\" rel=\"noopener noreferrer\">Curriculum Lattes<\/a> | <a href=\"https:\/\/scholar.google.com.br\/citations?user=5lKx5GcAAAAJ&amp;hl=pt-BR\" target=\"_blank\" rel=\"noopener noreferrer\"> Google Scholar<\/a><\/strong><br><br><span><p dir=\"ltr\" style=\"line-height:1.38;margin-top:0pt;margin-bottom:0pt\"><span style=\"font-size: 15pt;vertical-align: baseline\">Ram\u00f3n Hypolito holds a degree in Biological Sciences and a PhD in Neuroscience from the Pontifical Catholic University (PUC) of Rio Grande do Sul. For five years he worked as a researcher and postdoctoral fellow at the Federal University of Rio Grande do Norte (UFRN). He was also a Postdoctoral fellow in the Department of Psychology at the University of Birmingham (UK), where he carried out research at the Memory Persistence Laboratory. He has expertise in<\/span><span style=\"font-size: 15pt;font-weight: 700;vertical-align: baseline\"> neurochemistry, animal behavior and the neuropharmacology of basic memory mechanisms.<\/span><\/p><\/span><\/p><\/div><\/div>\t\t\t\t<\/div>\n\t\t\t\t<\/div>\n\t\t\t\t<div class=\"elementor-element elementor-element-8b1572a elementor-widget elementor-widget-accordion\" data-id=\"8b1572a\" data-element_type=\"widget\" data-widget_type=\"accordion.default\">\n\t\t\t\t<div class=\"elementor-widget-container\">\n\t\t\t\t\t\t\t<div class=\"elementor-accordion\">\n\t\t\t\t\t\t\t<div class=\"elementor-accordion-item\">\n\t\t\t\t\t<div id=\"elementor-tab-title-1451\" class=\"elementor-tab-title\" data-tab=\"1\" role=\"button\" aria-controls=\"elementor-tab-content-1451\" aria-expanded=\"false\">\n\t\t\t\t\t\t\t\t\t\t\t\t\t<span class=\"elementor-accordion-icon elementor-accordion-icon-left\" aria-hidden=\"true\">\n\t\t\t\t\t\t\t\t\t\t\t\t\t\t\t<i class=\"elementor-accordion-icon-closed fa fa-plus-circle\"><\/i>\n\t\t\t\t\t\t\t\t<i class=\"elementor-accordion-icon-opened\"><\/i>\n\t\t\t\t\t\t\t\t\t\t\t\t\t\t<\/span>\n\t\t\t\t\t\t\t\t\t\t\t\t<a class=\"elementor-accordion-title\" tabindex=\"0\">Check out the latest works published by the researcher<\/a>\n\t\t\t\t\t<\/div>\n\t\t\t\t\t<div id=\"elementor-tab-content-1451\" class=\"elementor-tab-content elementor-clearfix\" data-tab=\"1\" role=\"region\" aria-labelledby=\"elementor-tab-title-1451\"><p>\u2022 Felipe Porto Fiuza, Jos\u00e9 Pablo Queiroz, Ant\u00f4nio Carlos Aquino, Diego C\u00e2mara, Luiz Eduardo Brand\u00e3o, Ramon Hyp\u00f3lito Lima, Jos\u00e9 Rodolfo Cavalcanti, Rovena Clara Engelberth and Jeferson Cavalcante.\u00a0<a href=\"https:\/\/www.frontiersin.org\/articles\/10.3389\/fnagi.2021.613305\/full\" target=\"_blank\" rel=\"noopener noreferrer nofollow\"><b>Aging alters daily and regional calretinin neuronal expression in the rat non-image forming visual thalamus.\u00a0<\/b><\/a><b><i>Frontiers in Aging Neuroscience, 2021<\/i><\/b><\/p><p>\u2022 Luana Carla dos Santos, D\u00e9cio Dutra Junqueira Ayres, \u00cdcaro Alekseide Sousa Pinto, Marana Ali Silveira, Maryelle de C\u00e1ssia Albino, Victor Anast\u00e1cio Duarte Holanda, Ram\u00f3n Hypolito Lima, Eunice Andr\u00e9, Cl\u00e1udia Maria Padovan, Elaine Cristina Gavioli, Vanessa de Paula Soares.<i style=\"font-weight: bold;\">\u00a0<\/i><a href=\"https:\/\/www.sciencedirect.com\/science\/article\/pii\/S0741832920302883?via%3Dihub\" target=\"_blank\" rel=\"noopener noreferrer nofollow\"><b>Early and late behavioral consequences of ethanol withdrawal: focus on brain indoleamine 2,3 dioxygenase activity.<\/b><\/a><b><i>\u00a0Alcohol, 2021<\/i><\/b><\/p><p>\u2022 Phietica RR Silva, Regina H. Silva, Ram\u00f3n Hypolito Lima, Ywlliane S. Meurer, Bruno Ceppi and Maria Emilia Yamamoto.\u00a0<a href=\"https:\/\/www.frontiersin.org\/articles\/10.3389\/fpsyg.2020.01795\/full\" target=\"_blank\" rel=\"noopener noreferrer nofollow\"><b>Are There Multiple Motivators for Helping Behavior in Rats?<\/b><\/a><i style=\"font-weight: bold;\">\u00a0Frontiers in Psychology, 2020<\/i><\/p><p>\u2022 Clarissa A. Moura, Matheus C. Oliveira, Layse F. Costa, Pamella RF Tiago, Victor AD Holanda, Ramon H. Lima, Fernanda C. Cagni, Bruno Lob\u00e3o-Soares, Franscico Bola\u00f1os-Jim\u00e9nez, Elaine C. Gavioli.\u00a0<a style=\"background-color: #ffffff;\" href=\"https:\/\/www.cambridge.org\/core\/journals\/acta-neuropsychiatrica\/article\/abs\/prenatal-restraint-stress-impairs-recognition-memory-in-adult-male-and-female-offspring\/E0C6DEDD180B90538720DB9EDE1966F0\" target=\"_blank\" rel=\"noopener noreferrer nofollow\"><span style=\"font-weight: bold;\">Prenatal restraint stress impairments recognition memory in adult male and female offspring<\/span><\/a>,\u00a0<span style=\"font-weight: bold;\"><i>Acta Neuropsychiatrica, 2020<\/i><\/span><i style=\"font-weight: bold;\"><br \/><\/i><\/p><p>\u2022 Ingrid Brasilino Montenegro Bentode Souza, Ywlliane da Silva Rodrigues Meurer, Priscila Macedo Tavares, Karen Cristina Pugliane, Ram\u00f3n Hypolito Lima, Regina Helena Silva, Fl\u00e1vio Freitas Barbosa.<a href=\"https:\/\/www.sciencedirect.com\/science\/article\/pii\/S016643281831026X?via%3Dihub\" target=\"_blank\" rel=\"noopener noreferrer nofollow\"> <b>Episodic-like memory impairment induced by sub-anaesthetic doses of ketamine.\u00a0<\/b><\/a><b><i>Behavioral Brain Research, 2019<\/i><\/b><\/p><div>\u2022 de Souza, IBMB, Costa, LRF, Tiago, PRF, Cagni, FC, Lima, RH, Silva Junior, ED, &amp; Gavioli, EC<b>\u00a0<a href=\"https:\/\/doi.apa.org\/doiLanding?doi=10.1037%2Fpha0000263\" target=\"_blank\" rel=\"noopener noreferrer nofollow\">Venlafaxine And Nortriptyline Reverse Acute Dexamethasone-Induced Depressive-Like Behaviors In Male And Female Mice<\/a>. <i>Experimental and Clinical Psychopharmacology, 2019<\/i>\u00a0<\/b><\/div><p>\u00a0<\/p><\/div>\n\t\t\t\t<\/div>\n\t\t\t\t\t\t\t\t<\/div>\n\t\t\t\t\t\t<\/div>\n\t\t\t\t<\/div>\n\t\t\t\t\t<\/div>\n\t\t<\/div>\n\t\t\t\t\t<\/div>\n\t\t<\/section>\n\t\t\t\t<section class=\"elementor-section elementor-inner-section elementor-element elementor-element-46610ad elementor-section-boxed elementor-section-height-default elementor-section-height-default\" data-id=\"46610ad\" data-element_type=\"section\" data-settings=\"{&quot;background_background&quot;:&quot;classic&quot;}\">\n\t\t\t\t\t\t<div class=\"elementor-container elementor-column-gap-default\">\n\t\t\t\t\t<div class=\"elementor-column elementor-col-100 elementor-inner-column elementor-element elementor-element-48d510a\" data-id=\"48d510a\" data-element_type=\"column\" data-settings=\"{&quot;background_background&quot;:&quot;classic&quot;}\">\n\t\t\t<div class=\"elementor-widget-wrap elementor-element-populated\">\n\t\t\t\t\t\t<div class=\"elementor-element elementor-element-ecc199c elementor-position-left elementor-vertical-align-top elementor-widget elementor-widget-image-box\" data-id=\"ecc199c\" data-element_type=\"widget\" data-widget_type=\"image-box.default\">\n\t\t\t\t<div class=\"elementor-widget-container\">\n\t\t\t\t\t<div class=\"elementor-image-box-wrapper\"><figure class=\"elementor-image-box-img\"><img loading=\"lazy\" decoding=\"async\" width=\"600\" height=\"600\" src=\"https:\/\/institutosantosdumont.org.br\/wp-content\/uploads\/2019\/09\/Reginaldo-Freitas-perfil.png\" class=\"attachment-full size-full wp-image-17266\" alt=\"\" srcset=\"https:\/\/institutosantosdumont.org.br\/wp-content\/uploads\/2019\/09\/Reginaldo-Freitas-perfil.png 600w, https:\/\/institutosantosdumont.org.br\/wp-content\/uploads\/2019\/09\/Reginaldo-Freitas-perfil-150x150.png 150w, https:\/\/institutosantosdumont.org.br\/wp-content\/uploads\/2019\/09\/Reginaldo-Freitas-perfil-300x300.png 300w\" sizes=\"(max-width: 600px) 100vw, 600px\" \/><\/figure><div class=\"elementor-image-box-content\"><h3 class=\"elementor-image-box-title\">Reginaldo Freitas Jr, MD, Ph.D.<\/h3><p class=\"elementor-image-box-description\"><strong><a href=\"mailto:reginaldo@isd.org.br\">Email<\/a>&nbsp; |&nbsp;&nbsp;<a href=\"http:\/\/lattes.cnpq.br\/5867064453006400\" target=\"_blank\" rel=\"noopener noreferrer\">Curriculum Lattes<\/a><\/strong><br><br>Reginaldo Freitas Jr. is a medical doctor. He holds a Master&#039;s and a PhD in Medical Sciences from the Faculty of Medicine of Ribeir\u00e3o Preto, University of S\u00e3o Paulo. He is an Associate Professor II of the Department of Tocogynecology at the Federal University of Rio Grande do Norte (UFRN) and General Director of the Santos Dumont Institute. His areas of Concentration are: <span style=\"font-weight: 700\">Tocogynecology and maternal and child health.<\/span><strong><a href=\"http:\/\/lattes.cnpq.br\/5867064453006400\" target=\"_blank\" rel=\"noopener noreferrer\"><br><\/a><\/strong><\/p><\/div><\/div>\t\t\t\t<\/div>\n\t\t\t\t<\/div>\n\t\t\t\t<div class=\"elementor-element elementor-element-57e18bc elementor-widget elementor-widget-accordion\" data-id=\"57e18bc\" data-element_type=\"widget\" data-widget_type=\"accordion.default\">\n\t\t\t\t<div class=\"elementor-widget-container\">\n\t\t\t\t\t\t\t<div class=\"elementor-accordion\">\n\t\t\t\t\t\t\t<div class=\"elementor-accordion-item\">\n\t\t\t\t\t<div id=\"elementor-tab-title-9211\" class=\"elementor-tab-title\" data-tab=\"1\" role=\"button\" aria-controls=\"elementor-tab-content-9211\" aria-expanded=\"false\">\n\t\t\t\t\t\t\t\t\t\t\t\t\t<span class=\"elementor-accordion-icon elementor-accordion-icon-left\" aria-hidden=\"true\">\n\t\t\t\t\t\t\t\t\t\t\t\t\t\t\t<i class=\"elementor-accordion-icon-closed fa fa-plus-circle\"><\/i>\n\t\t\t\t\t\t\t\t<i class=\"elementor-accordion-icon-opened\"><\/i>\n\t\t\t\t\t\t\t\t\t\t\t\t\t\t<\/span>\n\t\t\t\t\t\t\t\t\t\t\t\t<a class=\"elementor-accordion-title\" tabindex=\"0\">Check out the latest works published by the researcher<\/a>\n\t\t\t\t\t<\/div>\n\t\t\t\t\t<div id=\"elementor-tab-content-9211\" class=\"elementor-tab-content elementor-clearfix\" data-tab=\"1\" role=\"region\" aria-labelledby=\"elementor-tab-title-9211\"><p style=\"box-sizing: border-box; margin: 0px 0px 10px; color: #707070; font-family: Roboto, sans-serif; font-size: 14px; font-style: normal; font-variant-ligatures: normal; font-variant-caps: normal; font-weight: 400; letter-spacing: normal; orphans: 2; text-align: left; text-indent: 0px; text-transform: none; white-space: normal; widows: 2; word-spacing: 0px; -webkit-text-stroke-width: 0px; background-color: #ffffff; text-decoration-thickness: initial; text-decoration-style: initial; text-decoration-color: initial;\">\u00a0<\/p><p style=\"box-sizing: border-box; margin: 0px 0px 10px; color: #707070; font-family: Roboto, sans-serif; font-size: 14px; font-style: normal; font-variant-ligatures: normal; font-variant-caps: normal; font-weight: 400; letter-spacing: normal; orphans: 2; text-align: left; text-indent: 0px; text-transform: none; white-space: normal; widows: 2; word-spacing: 0px; -webkit-text-stroke-width: 0px; background-color: #ffffff; text-decoration-thickness: initial; text-decoration-style: initial; text-decoration-color: initial;\">\u2022 Val\u00e9ria Azevedo de Almeida, Rafael Pauletti Gon\u00e7alves, Edgard Morya, Luiza Emilia Cavalcanti Simas, Nivia Maria Rodrigues Arrais, Lilian Lira Lisboa, Lucia Maria Costa Monteiro, Reginaldo Ant\u00f4nio de Oliveira Freitas J\u00fanior.\u00a0<a style=\"box-sizing: border-box; background-color: transparent; color: #337ab7; text-decoration: none; box-shadow: none;\" href=\"https:\/\/www.sciencedirect.com\/science\/article\/pii\/S1477513121003351?via%3Dihub\" target=\"_blank\" rel=\"noopener noreferrer nofollow\"><b style=\"box-sizing: border-box; font-weight: bold;\">Evaluation of bladder and bowel functions in children with microcephaly and congenital zika syndrome.<\/b><\/a><i style=\"box-sizing: border-box; font-style: italic; font-weight: bold;\">\u00a0Journal of Pediatric Urology, 2021<\/i><\/p><p>\u2022<span style=\"font-weight: bold;\"><i>\u00a0<\/i><\/span>Reginaldo Ant\u00f4nio de Oliveira Freitas J\u00fanior, Rafael Ant\u00f4nio Santana de Oliveira Freitas, Marcelo Pacheco Carvalho, Samantha Santos de Albuquerque Maranh\u00e3o, Lilian Lira Lisboa, George Dantas de Azevedo.\u00a0<span style=\"font-weight: bold;\"><a href=\"https:\/\/www.scielo.br\/j\/rbem\/a\/6rRtxhWtdvW7hpbps3pk4cG\/?lang=pt\" target=\"_blank\" rel=\"noopener noreferrer nofollow\">Inclusion of health care for people with disabilities in medical curricula in Brazil.<\/a><i>\u00a0Brazilian Journal of Medical Education, 2021<\/i><\/span><\/p><p>\u2022 Reginaldo Freitas Jr., Carolina Barreto, Alexandra Lima, Carla Glenda Silva.\u00a0<b><a href=\"https:\/\/www.scielo.br\/j\/rbem\/a\/qbgkPTVmYpxSvMF9Jr8fDTQ\/?lang=ptv\" target=\"_blank\" rel=\"noopener noreferrer nofollow\">Development of Medical Students&#039; Communication Skills for HIV Pre-Test Counseling at Prenatal Care<\/a>.<\/b> <b><i>Rev. Brazilian Association of Medical Education, 2020<\/i><\/b><\/p><p>\u2022 Reginaldo Ant\u00f4nio de Oliveira Freitas J\u00fanior.<i style=\"font-weight: bold;\">\u00a0<\/i><a style=\"background-color: #ffffff;\" href=\"https:\/\/www.scielo.br\/j\/rbsmi\/a\/jdXwst5w4p8jdY4DFstbT5b\/?lang=en\" target=\"_blank\" rel=\"noopener noreferrer nofollow\"><b>Avoidable maternal mortality as social injustice.\u00a0<\/b><\/a><i style=\"font-weight: bold;\">Brazilian Journal of Maternal and Child Health, 2020<\/i><\/p><p>\u2022 Valeria Azevedo De Almeida, Nancy Sotero, Rafael Pauletti Gon\u00e7alves, Edgard Morya, Lilian Lira Lisboa, Lucia Maria Costa Monteiro, Reginaldo Ant\u00f4nio de Oliveira Freitas J\u00fanior.\u00a0<a href=\"https:\/\/www.protocols.io\/view\/criteria-to-evaluate-neurogenic-bowel-dysfunction-rm7vz8dd8vx1\/v1\" target=\"_blank\" rel=\"noopener noreferrer nofollow\"><span style=\"font-weight: bold;\">Criteria for evaluating neurogenic bowel dysfunction in children with Congenital Zika Syndrome.\u00a0<\/span><\/a><span style=\"font-weight: bold;\"><i>Protocols.io, 2020<\/i><\/span>\u00a0<\/p><div><p>\u2022 Carolina Araujo Damasio Santos, Lilian Lira Lisboa, Alexandra Nascimento Cassiano, Alexandra Silva de Lima, Reginaldo Antonio de Oliveira Freitas-Junior.\u00a0<a style=\"background-color: #ffffff;\" href=\"https:\/\/www.educationforhealth.net\/article.asp?issn=1357-6283;year=2019;volume=32;issue=3;spage=150;epage=153;aulast=Damasio\" target=\"_blank\" rel=\"noopener noreferrer nofollow\"><b>The art of being born<\/b><\/a>. <b><i>Education for Health, 2020<\/i><\/b><\/p><p>\u2022 Reginaldo Antonio de Oliveira Freitas-Junior, Carolina Araujo Damasio Santos, Lilian Lira Lisboa, Ana Karla Monteiro Santana de Oliveira Freitas, George Dantas Azevedo.\u00a0<a style=\"background-color: #ffffff;\" href=\"https:\/\/www.educationforhealth.net\/article.asp?issn=1357-6283;year=2019;volume=32;issue=3;spage=146;epage=149;aulast=Oliveira\" target=\"_blank\" rel=\"noopener noreferrer nofollow\"><b>An innovative educational strategy to address cultural competence in healthcare for quilombola women<\/b><\/a><b>. <i>Education for Health, 2020<\/i><\/b><\/p><p>\u2022 Samantha Maranh\u00e3o, Lilian Lisboa, Celina Reis, Reginaldo Freitas J\u00fanior.<i style=\"font-weight: bold;\">\u00a0<\/i><a href=\"https:\/\/www.revistas.unijui.edu.br\/index.php\/contextoesaude\/article\/view\/8116\" target=\"_blank\" rel=\"noopener noreferrer nofollow\"><b>Education and Interprofessional Work in the Care of Autism Spectrum Disorder: A Need for Comprehensive Care in the SUS.<\/b><\/a><i style=\"font-weight: bold;\">\u00a0Context &amp; Health Magazine, 2019<\/i><\/p><\/div><div><b><i>\u00a0<\/i><\/b>\u2022 Ozair Silva, Danielly Miranda, Francisco J\u00fanior, Edgard Morya, Reginaldo Freitas Jr., Manuela Nascimento.\u00a0<span style=\"font-weight: bold;\"><a href=\"https:\/\/link.springer.com\/chapter\/10.1007\/978-981-13-2517-5_82\" target=\"_blank\" rel=\"noopener noreferrer nofollow\">Brainstem Evoked Response Audiometry Reveals Integrity of the Retrocochlear Pathway in Children with Microcephaly.<\/a>\u00a0<i>IFMBE Proceedings XXVI CBEB, 2019<\/i><\/span><\/div><div><span style=\"font-weight: bold;\"><i>\u00a0<\/i><\/span><\/div><div><p>\u2022 Morya, Edgard; Nascimento, MSL ; Simplicio, H.; Freitas Jr, R.; Brazil, Fabricio L.<a style=\"color: #23527c; outline: 0px;\" href=\"https:\/\/portal.ifba.edu.br\/prpgi\/editora\/livros\/multidisciplinar\/ENEIS.pdf\" target=\"_blank\" rel=\"noopener noreferrer nofollow\">\u00a0<span style=\"font-weight: bold;\">Neuroengineering Applied to Assistive and Rehabilitation Technologies<\/span><\/a>. In: Atson Carlos de S. Fernandes; Fernanda Ferraz de Castro; Claudio Reynaldo B. de Souza; Eduardo Manuel de F. Jorge; Josiane Dantas V. Barbosa. (Org.).\u00a0<span style=\"font-weight: bold;\"><i>Entrepreneurship and Innovation in Health: Science &amp; Market. 10ed. Salvador: IFBA, 2018, v. 10, p. 111-120\u00a0<\/i><\/span><\/p><\/div><div>\u00a0<\/div><div><b><i>\u00a0<\/i><\/b><\/div><p>\u00a0<\/p><\/div>\n\t\t\t\t<\/div>\n\t\t\t\t\t\t\t\t<\/div>\n\t\t\t\t\t\t<\/div>\n\t\t\t\t<\/div>\n\t\t\t\t\t<\/div>\n\t\t<\/div>\n\t\t\t\t\t<\/div>\n\t\t<\/section>\n\t\t\t\t<div class=\"elementor-element elementor-element-50861aa elementor-widget elementor-widget-spacer\" data-id=\"50861aa\" data-element_type=\"widget\" data-widget_type=\"spacer.default\">\n\t\t\t\t<div class=\"elementor-widget-container\">\n\t\t\t\t\t\t\t<div class=\"elementor-spacer\">\n\t\t\t<div class=\"elementor-spacer-inner\"><\/div>\n\t\t<\/div>\n\t\t\t\t\t\t<\/div>\n\t\t\t\t<\/div>\n\t\t\t\t<div class=\"elementor-element elementor-element-1030b5d elementor-widget elementor-widget-heading\" data-id=\"1030b5d\" data-element_type=\"widget\" data-widget_type=\"heading.default\">\n\t\t\t\t<div class=\"elementor-widget-container\">\n\t\t\t\t\t<h2 class=\"elementor-heading-title elementor-size-default\">POST-DOCTORATE RESEARCHERS<\/h2>\t\t\t\t<\/div>\n\t\t\t\t<\/div>\n\t\t\t\t<section class=\"elementor-section elementor-inner-section elementor-element elementor-element-fa5f454 elementor-section-boxed elementor-section-height-default elementor-section-height-default\" data-id=\"fa5f454\" data-element_type=\"section\" data-settings=\"{&quot;background_background&quot;:&quot;classic&quot;}\">\n\t\t\t\t\t\t<div class=\"elementor-container elementor-column-gap-default\">\n\t\t\t\t\t<div class=\"elementor-column elementor-col-100 elementor-inner-column elementor-element elementor-element-381482c\" data-id=\"381482c\" data-element_type=\"column\" data-settings=\"{&quot;background_background&quot;:&quot;classic&quot;}\">\n\t\t\t<div class=\"elementor-widget-wrap elementor-element-populated\">\n\t\t\t\t\t\t<div class=\"elementor-element elementor-element-b954c4f elementor-vertical-align-top elementor-widget elementor-widget-image-box\" data-id=\"b954c4f\" data-element_type=\"widget\" data-widget_type=\"image-box.default\">\n\t\t\t\t<div class=\"elementor-widget-container\">\n\t\t\t\t\t<div class=\"elementor-image-box-wrapper\"><div class=\"elementor-image-box-content\"><h3 class=\"elementor-image-box-title\">Fernando da Silva Fiorin, Ph.D.<\/h3><p class=\"elementor-image-box-description\"><a href=\"http:\/\/lattes.cnpq.br\/1783079128689681\" rel=\"noopener noreferrer\" target=\"_blank\"><strong>Curriculum Lattes<\/strong><\/a><br><br>Fernando Fiorin holds a degree in Physical Education from the Federal University of Santa Maria (UFSM), a Master&#039;s in Biological Sciences (toxicological biochemistry) also from UFSM and a PhD in Neurosciences from the Federal University of Santa Catarina (UFSC), in the area of Cellular and Molecular Neurobiology. He develops postdoctoral research at the Santos Dumont Institute. His main lines of research involve the <span style=\"font-weight: 700\">role of physical exercise in experimental models of traumatic brain injury, brain connectivity and neuromodulation. <\/span><br><\/p><\/div><\/div>\t\t\t\t<\/div>\n\t\t\t\t<\/div>\n\t\t\t\t\t<\/div>\n\t\t<\/div>\n\t\t\t\t\t<\/div>\n\t\t<\/section>\n\t\t\t\t<section class=\"elementor-section elementor-inner-section elementor-element elementor-element-6476e2e elementor-section-boxed elementor-section-height-default elementor-section-height-default\" data-id=\"6476e2e\" data-element_type=\"section\" data-settings=\"{&quot;background_background&quot;:&quot;classic&quot;}\">\n\t\t\t\t\t\t<div class=\"elementor-container elementor-column-gap-default\">\n\t\t\t\t\t<div class=\"elementor-column elementor-col-100 elementor-inner-column elementor-element elementor-element-c2d4f6e\" data-id=\"c2d4f6e\" data-element_type=\"column\" data-settings=\"{&quot;background_background&quot;:&quot;classic&quot;}\">\n\t\t\t<div class=\"elementor-widget-wrap elementor-element-populated\">\n\t\t\t\t\t\t<div class=\"elementor-element elementor-element-b857ee3 elementor-vertical-align-top elementor-widget elementor-widget-image-box\" data-id=\"b857ee3\" data-element_type=\"widget\" data-widget_type=\"image-box.default\">\n\t\t\t\t<div class=\"elementor-widget-container\">\n\t\t\t\t\t<div class=\"elementor-image-box-wrapper\"><div class=\"elementor-image-box-content\"><h3 class=\"elementor-image-box-title\">Sheila Andreoli Balen, Ph.D.<\/h3><p class=\"elementor-image-box-description\"><a href=\"http:\/\/lattes.cnpq.br\/3487546022829633\" rel=\"noopener noreferrer\" target=\"_blank\"><strong>Curriculum Lattes<\/strong><\/a><br><br>Sheila Balen holds a degree in Speech Therapy from the Federal University of Santa Maria (UFSM), a Master&#039;s in Speech Therapy from the Pontifical Catholic University of S\u00e3o Paulo (PUC-SP) and a PhD in Neuroscience and Behavior from the University of S\u00e3o Paulo (USP). She is a professor at the Department of Speech Therapy from the Federal University of Rio Grande do Norte (UFRN) and at the Associated Graduate Program in Speech Therapy from UFRN and the Federal University of Para\u00edba (UFPB). She is a researcher at the hearing and language research base at the Laboratory of Technological Innovation in Health (LAIS) at the Onofre Lopes University Hospital at UFRN and carries out postdoctoral research at the Santos Dumont Institute. She develops researches in the areas of <span style=\"font-weight: 700\">child, school and community hearing health, as well as in the area of neuroaudiology of neurosciences and their interfaces with attentional, memory and language mechanisms, as well as the development of cognitive and perceptual skills in babies and children.<\/span><br><\/p><\/div><\/div>\t\t\t\t<\/div>\n\t\t\t\t<\/div>\n\t\t\t\t\t<\/div>\n\t\t<\/div>\n\t\t\t\t\t<\/div>\n\t\t<\/section>\n\t\t\t\t<section class=\"elementor-section elementor-inner-section elementor-element elementor-element-87b86b5 elementor-section-boxed elementor-section-height-default elementor-section-height-default\" data-id=\"87b86b5\" data-element_type=\"section\" data-settings=\"{&quot;background_background&quot;:&quot;classic&quot;}\">\n\t\t\t\t\t\t<div class=\"elementor-container elementor-column-gap-default\">\n\t\t\t\t\t<div class=\"elementor-column elementor-col-100 elementor-inner-column elementor-element elementor-element-0be194c\" data-id=\"0be194c\" data-element_type=\"column\" data-settings=\"{&quot;background_background&quot;:&quot;classic&quot;}\">\n\t\t\t<div class=\"elementor-widget-wrap elementor-element-populated\">\n\t\t\t\t\t\t<div class=\"elementor-element elementor-element-e2b31bd elementor-vertical-align-top elementor-widget elementor-widget-image-box\" data-id=\"e2b31bd\" data-element_type=\"widget\" data-widget_type=\"image-box.default\">\n\t\t\t\t<div class=\"elementor-widget-container\">\n\t\t\t\t\t<div class=\"elementor-image-box-wrapper\"><div class=\"elementor-image-box-content\"><h3 class=\"elementor-image-box-title\">Valeria Reis do Canto Pereira, Ph.D.<\/h3><p class=\"elementor-image-box-description\"><a href=\"http:\/\/lattes.cnpq.br\/3000823494836044\" rel=\"noopener noreferrer\" target=\"_blank\"><strong>Curriculum Lattes<\/strong><\/a><br><br>Val\u00e9ria Canto Pereira holds a degree in Speech Therapy from the University of Fortaleza (UNIFOR), a specialization in Human Communication Disorders from the Federal University of S\u00e3o Paulo (Unifesp), a Master&#039;s in Speech Therapy from the Pontifical Catholic University of S\u00e3o Paulo (PUC -SP) and a PhD in Sciences from the University of S\u00e3o Paulo (USP). She developed postdoctoral research in the area of Neurosciences at the University of Bras\u00edlia (UnB), where she is an Adjunct Professor II of the Speech Therapy course. She develops postdoctoral research at the Santos Dumont Institute in the field of <span style=\"font-weight: 700\">Speech Therapy-Audiology and Psychology, where she studies cognitive, perceptual and motor processes of vision and hearing, attention, memory and their respective disorders.<\/span><\/p><\/div><\/div>\t\t\t\t<\/div>\n\t\t\t\t<\/div>\n\t\t\t\t\t<\/div>\n\t\t<\/div>\n\t\t\t\t\t<\/div>\n\t\t<\/section>\n\t\t\t\t<div class=\"elementor-element elementor-element-c9ed717 elementor-widget elementor-widget-spacer\" data-id=\"c9ed717\" data-element_type=\"widget\" data-widget_type=\"spacer.default\">\n\t\t\t\t<div class=\"elementor-widget-container\">\n\t\t\t\t\t\t\t<div class=\"elementor-spacer\">\n\t\t\t<div class=\"elementor-spacer-inner\"><\/div>\n\t\t<\/div>\n\t\t\t\t\t\t<\/div>\n\t\t\t\t<\/div>\n\t\t\t\t<div class=\"elementor-element elementor-element-6259acc elementor-widget elementor-widget-heading\" data-id=\"6259acc\" data-element_type=\"widget\" data-widget_type=\"heading.default\">\n\t\t\t\t<div class=\"elementor-widget-container\">\n\t\t\t\t\t<h2 class=\"elementor-heading-title elementor-size-default\">COLLABORATING RESEARCHERS<\/h2>\t\t\t\t<\/div>\n\t\t\t\t<\/div>\n\t\t\t\t<section class=\"elementor-section elementor-inner-section elementor-element elementor-element-18396c8 elementor-section-boxed elementor-section-height-default elementor-section-height-default\" data-id=\"18396c8\" data-element_type=\"section\" data-settings=\"{&quot;background_background&quot;:&quot;classic&quot;}\">\n\t\t\t\t\t\t<div class=\"elementor-container elementor-column-gap-default\">\n\t\t\t\t\t<div class=\"elementor-column elementor-col-100 elementor-inner-column elementor-element elementor-element-9aa1d77\" data-id=\"9aa1d77\" data-element_type=\"column\" data-settings=\"{&quot;background_background&quot;:&quot;classic&quot;}\">\n\t\t\t<div class=\"elementor-widget-wrap elementor-element-populated\">\n\t\t\t\t\t\t<div class=\"elementor-element elementor-element-cdf6fe9 elementor-vertical-align-top elementor-widget elementor-widget-image-box\" data-id=\"cdf6fe9\" data-element_type=\"widget\" data-widget_type=\"image-box.default\">\n\t\t\t\t<div class=\"elementor-widget-container\">\n\t\t\t\t\t<div class=\"elementor-image-box-wrapper\"><div class=\"elementor-image-box-content\"><h3 class=\"elementor-image-box-title\">Ana Carolina B. Kunicki, Ph.D.<\/h3><p class=\"elementor-image-box-description\"><strong><a href=\"http:\/\/lattes.cnpq.br\/3890202285222542\" target=\"_blank\" rel=\"noopener noreferrer\">Curriculum Lattes<\/a><\/strong><br><br>Ana Carolina Kunicki holds a degree in Veterinary Medicine from the Federal Rural University of Pernambuco, a PhD in Sciences (Neurosciences) from the Postgraduate Program in Experimental Pathophysiology of the Faculty of Medicine of the University of S\u00e3o Paulo (USP) and developed Postdoctoral activities at the International Institute of Neurosciences Edmond and Lily Safra. She has experience in the field of <span style=\"font-weight: 700\">neurophysiology, with an emphasis on brain-machine interface and sensorimotor integration.<\/span><\/p><\/div><\/div>\t\t\t\t<\/div>\n\t\t\t\t<\/div>\n\t\t\t\t\t<\/div>\n\t\t<\/div>\n\t\t\t\t\t<\/div>\n\t\t<\/section>\n\t\t\t\t<section class=\"elementor-section elementor-inner-section elementor-element elementor-element-9203701 elementor-section-boxed elementor-section-height-default elementor-section-height-default\" data-id=\"9203701\" data-element_type=\"section\" data-settings=\"{&quot;background_background&quot;:&quot;classic&quot;}\">\n\t\t\t\t\t\t<div class=\"elementor-container elementor-column-gap-default\">\n\t\t\t\t\t<div class=\"elementor-column elementor-col-100 elementor-inner-column elementor-element elementor-element-175bc7f\" data-id=\"175bc7f\" data-element_type=\"column\" data-settings=\"{&quot;background_background&quot;:&quot;classic&quot;}\">\n\t\t\t<div class=\"elementor-widget-wrap elementor-element-populated\">\n\t\t\t\t\t\t<div class=\"elementor-element elementor-element-63b049c elementor-vertical-align-top elementor-widget elementor-widget-image-box\" data-id=\"63b049c\" data-element_type=\"widget\" data-widget_type=\"image-box.default\">\n\t\t\t\t<div class=\"elementor-widget-container\">\n\t\t\t\t\t<div class=\"elementor-image-box-wrapper\"><div class=\"elementor-image-box-content\"><h3 class=\"elementor-image-box-title\">Andr\u00e9 Salles Cunha Peres, Ph.D.<\/h3><p class=\"elementor-image-box-description\"><a href=\"http:\/\/lattes.cnpq.br\/8282650074944458\" target=\"_blank\" rel=\"noopener noreferrer\"><strong>Curriculum Lattes<\/strong><\/a><br><br>Andr\u00e9 Salles holds a degree in Medical Physics from the University of S\u00e3o Paulo (USP), a Master&#039;s in Physical and Applied Sciences from the Faculty of Philosophy, Sciences and Letters of Ribeir\u00e3o Preto, a PhD in Physics Applied to Medicine and Biology also from the Faculty of Ribeir\u00e3o Preto and has conducted postdoctoral researches at the Brain Institute of the Federal University of Rio Grande do Norte (UFRN). He has experience in the field of <span style=\"font-weight: 700\">biomedical instrumentation and signal processing, working mainly with: transcranial magnetic stimulation (TMS), functional magnetic resonance imaging (fMRI), neuronavigation and machine learning.<\/span><br><\/p><\/div><\/div>\t\t\t\t<\/div>\n\t\t\t\t<\/div>\n\t\t\t\t\t<\/div>\n\t\t<\/div>\n\t\t\t\t\t<\/div>\n\t\t<\/section>\n\t\t\t\t<section class=\"elementor-section elementor-inner-section elementor-element elementor-element-2b869b4 elementor-section-boxed elementor-section-height-default elementor-section-height-default\" data-id=\"2b869b4\" data-element_type=\"section\" data-settings=\"{&quot;background_background&quot;:&quot;classic&quot;}\">\n\t\t\t\t\t\t<div class=\"elementor-container elementor-column-gap-default\">\n\t\t\t\t\t<div class=\"elementor-column elementor-col-100 elementor-inner-column elementor-element elementor-element-4996661\" data-id=\"4996661\" data-element_type=\"column\" data-settings=\"{&quot;background_background&quot;:&quot;classic&quot;}\">\n\t\t\t<div class=\"elementor-widget-wrap elementor-element-populated\">\n\t\t\t\t\t\t<div class=\"elementor-element elementor-element-aae3eb9 elementor-vertical-align-top elementor-widget elementor-widget-image-box\" data-id=\"aae3eb9\" data-element_type=\"widget\" data-widget_type=\"image-box.default\">\n\t\t\t\t<div class=\"elementor-widget-container\">\n\t\t\t\t\t<div class=\"elementor-image-box-wrapper\"><div class=\"elementor-image-box-content\"><h3 class=\"elementor-image-box-title\">Manuela S. Nascimento, Ph.D.\u200b<\/h3><p class=\"elementor-image-box-description\"><strong><a href=\"http:\/\/lattes.cnpq.br\/9704125905278773\" target=\"_blank\" rel=\"noopener noreferrer\">Curriculum Lattes<\/a><\/strong><br><br>Manuela Nascimento holds a degree in Biological Sciences from the Federal University of Rio Grande do Norte (UFRN), a Master&#039;s and Doctorate in Basic and Applied Immunology from the Faculty of Medicine of Ribeir\u00e3o Preto of the University of S\u00e3o Paulo. She also did a sandwich PhD at Yale University, USA. Her main experience is in Immunology, Molecular Biology and Neuroscience, and her areas of interest are<span style=\"font-weight: 700\"> immunological mechanisms after neuromodulation, innate immunity x adaptive immunity interface, neuroimmunological interfaces, inflammation, neurodegenerative diseases and infectious diseases.<\/span><br><\/p><\/div><\/div>\t\t\t\t<\/div>\n\t\t\t\t<\/div>\n\t\t\t\t\t<\/div>\n\t\t<\/div>\n\t\t\t\t\t<\/div>\n\t\t<\/section>\n\t\t\t\t<section class=\"elementor-section elementor-inner-section elementor-element elementor-element-1352fda elementor-section-boxed elementor-section-height-default elementor-section-height-default\" data-id=\"1352fda\" data-element_type=\"section\" data-settings=\"{&quot;background_background&quot;:&quot;classic&quot;}\">\n\t\t\t\t\t\t<div class=\"elementor-container elementor-column-gap-default\">\n\t\t\t\t\t<div class=\"elementor-column elementor-col-100 elementor-inner-column elementor-element elementor-element-e1593a9\" data-id=\"e1593a9\" data-element_type=\"column\" data-settings=\"{&quot;background_background&quot;:&quot;classic&quot;}\">\n\t\t\t<div class=\"elementor-widget-wrap elementor-element-populated\">\n\t\t\t\t\t\t<div class=\"elementor-element elementor-element-6e3d3d3 elementor-vertical-align-top elementor-widget elementor-widget-image-box\" data-id=\"6e3d3d3\" data-element_type=\"widget\" data-widget_type=\"image-box.default\">\n\t\t\t\t<div class=\"elementor-widget-container\">\n\t\t\t\t\t<div class=\"elementor-image-box-wrapper\"><div class=\"elementor-image-box-content\"><h3 class=\"elementor-image-box-title\">Mariana FP de Araujo, Ph.D.<\/h3><p class=\"elementor-image-box-description\"><a href=\"http:\/\/lattes.cnpq.br\/8680061079519776\" target=\"_blank\" rel=\"noopener noreferrer\"> <strong>Curriculum Lattes<\/strong><\/a><br><br>Mariana FP de Ara\u00fajo holds a degree in Biological Sciences from the University of Bras\u00edlia (UnB), a Master&#039;s degree in Health Sciences from the University of Bras\u00edlia and a PhD in Emotional and Cognitive Neuroscience from the University of Toyama, Japan. Her areas of interest are <span style=\"font-weight: 700\">primate cognition, neurobiology of social behavior, electrophysiology, neurophysiology and neuromodulation.<\/span><br><\/p><\/div><\/div>\t\t\t\t<\/div>\n\t\t\t\t<\/div>\n\t\t\t\t\t<\/div>\n\t\t<\/div>\n\t\t\t\t\t<\/div>\n\t\t<\/section>\n\t\t\t\t<section class=\"elementor-section elementor-inner-section elementor-element elementor-element-700909d elementor-section-boxed elementor-section-height-default elementor-section-height-default\" data-id=\"700909d\" data-element_type=\"section\" data-settings=\"{&quot;background_background&quot;:&quot;classic&quot;}\">\n\t\t\t\t\t\t<div class=\"elementor-container elementor-column-gap-default\">\n\t\t\t\t\t<div class=\"elementor-column elementor-col-100 elementor-inner-column elementor-element elementor-element-10060f5\" data-id=\"10060f5\" data-element_type=\"column\" data-settings=\"{&quot;background_background&quot;:&quot;classic&quot;}\">\n\t\t\t<div class=\"elementor-widget-wrap elementor-element-populated\">\n\t\t\t\t\t\t<div class=\"elementor-element elementor-element-b31ae1a elementor-vertical-align-top elementor-widget elementor-widget-image-box\" data-id=\"b31ae1a\" data-element_type=\"widget\" data-widget_type=\"image-box.default\">\n\t\t\t\t<div class=\"elementor-widget-container\">\n\t\t\t\t\t<div class=\"elementor-image-box-wrapper\"><div class=\"elementor-image-box-content\"><h3 class=\"elementor-image-box-title\">Renan Cipriano Moioli, Ph.D.<\/h3><p class=\"elementor-image-box-description\"><a href=\"http:\/\/lattes.cnpq.br\/3898958813303048\" target=\"_blank\" rel=\"noopener noreferrer\"><strong>Curriculum Lattes<\/strong><\/a><br><br>Renan Moioli holds a degree in Electrical Engineering from the State University of Campinas (2006), a Master&#039;s from the same university (2008) with an emphasis on computational intelligence and robotics, and a PhD in Cognitive Sciences from the Center for Computational Neuroscience and Robotics at the University of Sussex (UK). In 2018, he became a Newton Advanced Fellow of the Royal Society\/UK. His projects develop and explore computational intelligence tools in the context of neuroengineering, from the construction of brain-machine interfaces to the search for neural patterns in cognitive processes, with a focus on applications for health and other fronts of the productive sector. He has experience in <span style=\"font-weight: 700\">Electrical Engineering and Computer Science, with an emphasis on computational intelligence, machine learning, signal processing, information theory and autonomous robotics.<br><\/span><\/p><\/div><\/div>\t\t\t\t<\/div>\n\t\t\t\t<\/div>\n\t\t\t\t\t<\/div>\n\t\t<\/div>\n\t\t\t\t\t<\/div>\n\t\t<\/section>\n\t\t\t\t<div class=\"elementor-element elementor-element-3337f1a elementor-widget elementor-widget-spacer\" data-id=\"3337f1a\" data-element_type=\"widget\" data-widget_type=\"spacer.default\">\n\t\t\t\t<div class=\"elementor-widget-container\">\n\t\t\t\t\t\t\t<div class=\"elementor-spacer\">\n\t\t\t<div class=\"elementor-spacer-inner\"><\/div>\n\t\t<\/div>\n\t\t\t\t\t\t<\/div>\n\t\t\t\t<\/div>\n\t\t\t\t\t<\/div>\n\t\t<\/div>\n\t\t\t\t\t<\/div>\n\t\t<\/section>\n\t\t\t\t<\/div>","protected":false},"excerpt":{"rendered":"<p>The Santos Dumont Institute&#039;s Master&#039;s program counts with a multidisciplinary board of professors and researchers. The scientific studies are carried by doctors, veterinarians, engineers, physicists, biologists, speech therapists, psychologists and physiotherapists and others. Meet our faculty members: RESEARCHERS Abner Cardoso Rodrigues Neto, Ph.D. E-mail |  Curriculum Lattes | Google Scholar Abner Cardoso holds a degree in Computer [\u2026]<\/p>","protected":false},"author":10,"featured_media":0,"parent":0,"menu_order":0,"comment_status":"closed","ping_status":"closed","template":"template-page.php","meta":{"_acf_changed":false,"footnotes":""},"class_list":["post-23690","page","type-page","status-publish","hentry"],"acf":[],"_links":{"self":[{"href":"https:\/\/institutosantosdumont.org.br\/en\/wp-json\/wp\/v2\/pages\/23690","targetHints":{"allow":["GET"]}}],"collection":[{"href":"https:\/\/institutosantosdumont.org.br\/en\/wp-json\/wp\/v2\/pages"}],"about":[{"href":"https:\/\/institutosantosdumont.org.br\/en\/wp-json\/wp\/v2\/types\/page"}],"author":[{"embeddable":true,"href":"https:\/\/institutosantosdumont.org.br\/en\/wp-json\/wp\/v2\/users\/10"}],"replies":[{"embeddable":true,"href":"https:\/\/institutosantosdumont.org.br\/en\/wp-json\/wp\/v2\/comments?post=23690"}],"version-history":[{"count":0,"href":"https:\/\/institutosantosdumont.org.br\/en\/wp-json\/wp\/v2\/pages\/23690\/revisions"}],"wp:attachment":[{"href":"https:\/\/institutosantosdumont.org.br\/en\/wp-json\/wp\/v2\/media?parent=23690"}],"curies":[{"name":"wp","href":"https:\/\/api.w.org\/{rel}","templated":true}]}}