{"version":"1.0","provider_name":"Instituto Santos Dumont | Educaci\u00f3n para la vida","provider_url":"https:\/\/institutosantosdumont.org.br\/es","title":"Comunica\u00e7\u00e3o e Eventos | ISD","type":"rich","width":600,"height":338,"html":"<blockquote class=\"wp-embedded-content\" data-secret=\"7Z6lLFpDtY\"><a href=\"https:\/\/institutosantosdumont.org.br\/es\/comunicacao-e-eventos\/\">Comunicaci\u00f3n y Eventos<\/a><\/blockquote><iframe sandbox=\"allow-scripts\" security=\"restricted\" src=\"https:\/\/institutosantosdumont.org.br\/es\/comunicacao-e-eventos\/embed\/#?secret=7Z6lLFpDtY\" width=\"600\" height=\"338\" title=\"\u00abComunicaci\u00f3n y Eventos\u00bb \u2014 Instituto Santos Dumont | Educaci\u00f3n para la Vida\" data-secret=\"7Z6lLFpDtY\" frameborder=\"0\" marginwidth=\"0\" marginheight=\"0\" scrolling=\"no\" class=\"wp-embedded-content\"><\/iframe><script>\n\/*! This file is auto-generated *\/\n!function(d,l){\"use strict\";l.querySelector&&d.addEventListener&&\"undefined\"!=typeof URL&&(d.wp=d.wp||{},d.wp.receiveEmbedMessage||(d.wp.receiveEmbedMessage=function(e){var t=e.data;if((t||t.secret||t.message||t.value)&&!\/[^a-zA-Z0-9]\/.test(t.secret)){for(var s,r,n,a=l.querySelectorAll('iframe[data-secret=\"'+t.secret+'\"]'),o=l.querySelectorAll('blockquote[data-secret=\"'+t.secret+'\"]'),c=new RegExp(\"^https?:$\",\"i\"),i=0;i<o.length;i++)o[i].style.display=\"none\";for(i=0;i<a.length;i++)s=a[i],e.source===s.contentWindow&&(s.removeAttribute(\"style\"),\"height\"===t.message?(1e3<(r=parseInt(t.value,10))?r=1e3:~~r<200&&(r=200),s.height=r):\"link\"===t.message&&(r=new URL(s.getAttribute(\"src\")),n=new URL(t.value),c.test(n.protocol))&&n.host===r.host&&l.activeElement===s&&(d.top.location.href=t.value))}},d.addEventListener(\"message\",d.wp.receiveEmbedMessage,!1),l.addEventListener(\"DOMContentLoaded\",function(){for(var e,t,s=l.querySelectorAll(\"iframe.wp-embedded-content\"),r=0;r<s.length;r++)(t=(e=s[r]).getAttribute(\"data-secret\"))||(t=Math.random().toString(36).substring(2,12),e.src+=\"#?secret=\"+t,e.setAttribute(\"data-secret\",t)),e.contentWindow.postMessage({message:\"ready\",secret:t},\"*\")},!1)))}(window,document);\n\/\/# sourceURL=https:\/\/institutosantosdumont.org.br\/wp-includes\/js\/wp-embed.min.js\n<\/script>","description":"Not\u00edcias Comunica\u00e7\u00e3o e eventos Not\u00edcias Todos INSTITUCIONAL EDUCA\u00c7\u00c3O CIENT\u00cdFICA EDUCA\u00c7\u00c3O EM SA\u00daDE ENSINO PESQUISA EXTENS\u00c3O IIN-ELS COVID-19 CORONAV\u00cdRUS Profissionais dos Centros Especializados em Reabilita\u00e7\u00e3o do RN participam de treinamento no ISD sobre cuidado \u00e0s pessoas com Doen\u00e7a de Parkinson Leia Mais ISD promove treinamento para profissionais da sa\u00fade do Rio Grande do Norte sobre cuidado [&hellip;]","thumbnail_url":"https:\/\/institutosantosdumont.org.br\/wp-content\/uploads\/2023\/04\/IMG_3817.png"}