{"id":20167,"date":"2020-11-03T11:54:17","date_gmt":"2020-11-03T14:54:17","guid":{"rendered":"http:\/\/www.institutosantosdumont.org.br\/wp-content\/uploads\/2020\/11\/Anderlayne-Barbosa_aluna-da-primeira-turma-do-ISD-na-Resid\u00eancia-Multiprofissional-no-Cuidado-\u00e0-Sa\u00fade-da-Pessoa-com-Defici\u00eancia.png"},"modified":"2020-11-03T11:54:17","modified_gmt":"2020-11-03T14:54:17","slug":"anderlayne-barbosa_aluna-da-primeira-turma-do-isd-na-residencia-multiprofissional-no-cuidado-a-saude-da-pessoa-com-deficiencia","status":"inherit","type":"attachment","link":"https:\/\/institutosantosdumont.org.br\/es\/o-que-estudou-a-primeira-turma-da-residencia-multiprofissional-do-isd\/anderlayne-barbosa_aluna-da-primeira-turma-do-isd-na-residencia-multiprofissional-no-cuidado-a-saude-da-pessoa-com-deficiencia\/","title":{"rendered":"Anderlayne Barbosa_aluna da primeira turma do ISD na Resid\u00eancia Multiprofissional no Cuidado \u00e0 Sa\u00fade da Pessoa com Defici\u00eancia"},"author":10,"featured_media":0,"comment_status":"open","ping_status":"closed","template":"","meta":{"_acf_changed":false},"class_list":["post-20167","attachment","type-attachment","status-inherit","hentry"],"acf":[],"description":{"rendered":"<p class=\"attachment\"><a href='https:\/\/institutosantosdumont.org.br\/wp-content\/uploads\/2020\/11\/Anderlayne-Barbosa_aluna-da-primeira-turma-do-ISD-na-Resid\u00eancia-Multiprofissional-no-Cuidado-\u00e0-Sa\u00fade-da-Pessoa-com-Defici\u00eancia.png'><img fetchpriority=\"high\" decoding=\"async\" width=\"300\" height=\"300\" src=\"https:\/\/institutosantosdumont.org.br\/wp-content\/uploads\/2020\/11\/Anderlayne-Barbosa_aluna-da-primeira-turma-do-ISD-na-Resid\u00eancia-Multiprofissional-no-Cuidado-\u00e0-Sa\u00fade-da-Pessoa-com-Defici\u00eancia-300x300.png\" class=\"attachment-medium size-medium\" alt=\"\" srcset=\"https:\/\/institutosantosdumont.org.br\/wp-content\/uploads\/2020\/11\/Anderlayne-Barbosa_aluna-da-primeira-turma-do-ISD-na-Resid\u00eancia-Multiprofissional-no-Cuidado-\u00e0-Sa\u00fade-da-Pessoa-com-Defici\u00eancia-300x300.png 300w, https:\/\/institutosantosdumont.org.br\/wp-content\/uploads\/2020\/11\/Anderlayne-Barbosa_aluna-da-primeira-turma-do-ISD-na-Resid\u00eancia-Multiprofissional-no-Cuidado-\u00e0-Sa\u00fade-da-Pessoa-com-Defici\u00eancia-150x150.png 150w, https:\/\/institutosantosdumont.org.br\/wp-content\/uploads\/2020\/11\/Anderlayne-Barbosa_aluna-da-primeira-turma-do-ISD-na-Resid\u00eancia-Multiprofissional-no-Cuidado-\u00e0-Sa\u00fade-da-Pessoa-com-Defici\u00eancia-768x768.png 768w, https:\/\/institutosantosdumont.org.br\/wp-content\/uploads\/2020\/11\/Anderlayne-Barbosa_aluna-da-primeira-turma-do-ISD-na-Resid\u00eancia-Multiprofissional-no-Cuidado-\u00e0-Sa\u00fade-da-Pessoa-com-Defici\u00eancia.png 800w\" sizes=\"(max-width: 300px) 100vw, 300px\" \/><\/a><\/p>\n"},"caption":{"rendered":""},"alt_text":"","media_type":"image","mime_type":"image\/png","media_details":{"width":800,"height":800,"file":"2020\/11\/Anderlayne-Barbosa_aluna-da-primeira-turma-do-ISD-na-Resid\u00eancia-Multiprofissional-no-Cuidado-\u00e0-Sa\u00fade-da-Pessoa-com-Defici\u00eancia.png","sizes":{"thumbnail":{"file":"Anderlayne-Barbosa_aluna-da-primeira-turma-do-ISD-na-Resid\u00eancia-Multiprofissional-no-Cuidado-\u00e0-Sa\u00fade-da-Pessoa-com-Defici\u00eancia-150x150.png","width":150,"height":150,"mime_type":"image\/png","source_url":"https:\/\/institutosantosdumont.org.br\/wp-content\/uploads\/2020\/11\/Anderlayne-Barbosa_aluna-da-primeira-turma-do-ISD-na-Resid\u00eancia-Multiprofissional-no-Cuidado-\u00e0-Sa\u00fade-da-Pessoa-com-Defici\u00eancia-150x150.png"},"medium":{"file":"Anderlayne-Barbosa_aluna-da-primeira-turma-do-ISD-na-Resid\u00eancia-Multiprofissional-no-Cuidado-\u00e0-Sa\u00fade-da-Pessoa-com-Defici\u00eancia-300x300.png","width":300,"height":300,"mime_type":"image\/png","source_url":"https:\/\/institutosantosdumont.org.br\/wp-content\/uploads\/2020\/11\/Anderlayne-Barbosa_aluna-da-primeira-turma-do-ISD-na-Resid\u00eancia-Multiprofissional-no-Cuidado-\u00e0-Sa\u00fade-da-Pessoa-com-Defici\u00eancia-300x300.png"},"medium_large":{"file":"Anderlayne-Barbosa_aluna-da-primeira-turma-do-ISD-na-Resid\u00eancia-Multiprofissional-no-Cuidado-\u00e0-Sa\u00fade-da-Pessoa-com-Defici\u00eancia-768x768.png","width":768,"height":768,"mime_type":"image\/png","source_url":"https:\/\/institutosantosdumont.org.br\/wp-content\/uploads\/2020\/11\/Anderlayne-Barbosa_aluna-da-primeira-turma-do-ISD-na-Resid\u00eancia-Multiprofissional-no-Cuidado-\u00e0-Sa\u00fade-da-Pessoa-com-Defici\u00eancia-768x768.png"},"full":{"file":"Anderlayne-Barbosa_aluna-da-primeira-turma-do-ISD-na-Resid\u00eancia-Multiprofissional-no-Cuidado-\u00e0-Sa\u00fade-da-Pessoa-com-Defici\u00eancia.png","width":800,"height":800,"mime_type":"image\/png","source_url":"https:\/\/institutosantosdumont.org.br\/wp-content\/uploads\/2020\/11\/Anderlayne-Barbosa_aluna-da-primeira-turma-do-ISD-na-Resid\u00eancia-Multiprofissional-no-Cuidado-\u00e0-Sa\u00fade-da-Pessoa-com-Defici\u00eancia.png"}},"image_meta":{"aperture":"0","credit":"","camera":"","caption":"","created_timestamp":"0","copyright":"","focal_length":"0","iso":"0","shutter_speed":"0","title":"","orientation":"0","keywords":[]}},"post":20165,"source_url":"https:\/\/institutosantosdumont.org.br\/wp-content\/uploads\/2020\/11\/Anderlayne-Barbosa_aluna-da-primeira-turma-do-ISD-na-Resid\u00eancia-Multiprofissional-no-Cuidado-\u00e0-Sa\u00fade-da-Pessoa-com-Defici\u00eancia.png","_links":{"self":[{"href":"https:\/\/institutosantosdumont.org.br\/es\/wp-json\/wp\/v2\/media\/20167","targetHints":{"allow":["GET"]}}],"collection":[{"href":"https:\/\/institutosantosdumont.org.br\/es\/wp-json\/wp\/v2\/media"}],"about":[{"href":"https:\/\/institutosantosdumont.org.br\/es\/wp-json\/wp\/v2\/types\/attachment"}],"author":[{"embeddable":true,"href":"https:\/\/institutosantosdumont.org.br\/es\/wp-json\/wp\/v2\/users\/10"}],"replies":[{"embeddable":true,"href":"https:\/\/institutosantosdumont.org.br\/es\/wp-json\/wp\/v2\/comments?post=20167"}],"wp:attached-to":[{"embeddable":true,"post_type":"post","id":20165,"href":"https:\/\/institutosantosdumont.org.br\/es\/wp-json\/wp\/v2\/posts\/20165"}],"curies":[{"name":"wp","href":"https:\/\/api.w.org\/{rel}","templated":true}]}}