{"id":12818,"date":"2018-01-25T10:05:51","date_gmt":"2018-01-25T12:05:51","guid":{"rendered":"http:\/\/www.institutosantosdumont.org.br\/?page_id=12818"},"modified":"2026-08-17T11:33:44","modified_gmt":"2026-08-17T14:33:44","slug":"residencia-multiprofissional","status":"publish","type":"page","link":"https:\/\/institutosantosdumont.org.br\/es\/residencia-multiprofissional\/","title":{"rendered":"Residencia Multiprofesional en Atenci\u00f3n a la Salud de Personas con Discapacidad"},"content":{"rendered":"<div data-elementor-type=\"wp-post\" data-elementor-id=\"12818\" class=\"elementor elementor-12818\" data-elementor-post-type=\"page\">\n\t\t\t\t\t\t<section class=\"elementor-section elementor-top-section elementor-element elementor-element-uo30xfv elementor-section-boxed elementor-section-height-default elementor-section-height-default\" data-id=\"uo30xfv\" data-element_type=\"section\">\n\t\t\t\t\t\t<div class=\"elementor-container elementor-column-gap-default\">\n\t\t\t\t\t<div class=\"elementor-column elementor-col-100 elementor-top-column elementor-element elementor-element-v85qads\" data-id=\"v85qads\" data-element_type=\"column\">\n\t\t\t<div class=\"elementor-widget-wrap elementor-element-populated\">\n\t\t\t\t\t\t<div class=\"elementor-element elementor-element-v53hokg elementor-widget elementor-widget-spacer\" data-id=\"v53hokg\" data-element_type=\"widget\" data-widget_type=\"spacer.default\">\n\t\t\t\t<div class=\"elementor-widget-container\">\n\t\t\t\t\t\t\t<div class=\"elementor-spacer\">\n\t\t\t<div class=\"elementor-spacer-inner\"><\/div>\n\t\t<\/div>\n\t\t\t\t\t\t<\/div>\n\t\t\t\t<\/div>\n\t\t\t\t<div class=\"elementor-element elementor-element-qulyl2w elementor-widget elementor-widget-text-editor\" data-id=\"qulyl2w\" data-element_type=\"widget\" data-widget_type=\"text-editor.default\">\n\t\t\t\t<div class=\"elementor-widget-container\">\n\t\t\t\t\t\t\t\t\t<h2><strong>informaci\u00f3n general<\/strong><\/h2><p><span style=\"font-size: 18.2px;\">Brasil tiene aproximadamente 17,3 millones de personas con alg\u00fan tipo de discapacidad, seg\u00fan los datos m\u00e1s recientes de la Encuesta Nacional de Salud \u2013 A\u00f1o Base 2019 \u2013 del Instituto Brasile\u00f1o de Geograf\u00eda y Estad\u00edstica (IBGE), divulgados en agosto de 2021. poblaci\u00f3n, la expectativa es que cada vez m\u00e1s personas necesitar\u00e1n alg\u00fan tipo de capacitaci\u00f3n o rehabilitaci\u00f3n a trav\u00e9s de pr\u00f3tesis, ortesis y diversos procedimientos de salud. Con el objetivo de preparar profesionales dirigidos a este p\u00fablico, el Instituto Santos Dumont (ISD) cre\u00f3 el <b>Programa de Residencia Multiprofesional en Atenci\u00f3n a la Salud de Personas con Discapacidad<\/b>, pionero en Brasil.<\/span><\/p><p><span style=\"font-size: 18.2px;\">El Programa fue aprobado mediante convocatoria p\u00fablica del Ministerio de Educaci\u00f3n, n\u00famero 001 de octubre de 2017, y es ofrecido por <b>Centro de Educaci\u00f3n e Investigaci\u00f3n en Salud Anita Garibaldi (Anita)<\/b>, en Maca\u00edba (RN). Desde octubre de 2016, Anita est\u00e1 autorizada por el Ministerio de Salud como <b>Centro de Rehabilitaci\u00f3n Especializado <\/b>\u2013 CER III<b>,<\/b> en las \u00e1reas de discapacidad auditiva, f\u00edsica e intelectual. A principios de agosto de 2021, el Ministerio de Salud modific\u00f3 la calificaci\u00f3n para el CER IV, incluyendo la asistencia a la discapacidad visual. El cambio se produjo luego de la publicaci\u00f3n de la Ordenanza N\u00b0 1.842\/2021.<\/span><\/p><p><span style=\"font-size: 18.2px;\">las acciones de<b> CER IV ISD <\/b>est\u00e1n organizados en las siguientes cl\u00ednicas:<b> Epilepsia (ni\u00f1o y adulto); Parkinson; Trastorno del Espectro Autista (TEA); Lesi\u00f3n de la m\u00e9dula espinal (ni\u00f1o y adulto); Microcefalia; Discapacidad auditiva (ni\u00f1o y adulto); Prematuridad y Vejiga Neurog\u00e9nica.<\/b><\/span><\/p><p><span style=\"font-size: 18.2px;\">El Programa de Residencia ISD est\u00e1 dirigido a profesionales en las \u00e1reas de <b>Fisioterapia, Logopedia, Psicolog\u00eda, Trabajo Social, Terapia Ocupacional y Educaci\u00f3n F\u00edsica.<\/b>, reuniendo las \u00e1reas de ense\u00f1anza, investigaci\u00f3n y divulgaci\u00f3n, fortaleciendo tanto la Red de Atenci\u00f3n para Personas con Discapacidades dentro del contexto del Sistema Unificado de Salud (SUS), como el Plan Nacional para los Derechos de las Personas con Discapacidades \u2013 Nuevo Plan para Vivir Sin L\u00edmites.\u00a0<\/span><\/p><p><span style=\"font-size: 18.2px;\">Adem\u00e1s, el Programa incluye la interfaz de acci\u00f3n conjunta con el <b>Programa de Postgrado en Neuroingenier\u00eda en el Instituto Internacional de Neurociencias Edmond and Lily Safra (IIN-ELS)<\/b>.<\/span><\/p>\t\t\t\t\t\t\t\t<\/div>\n\t\t\t\t<\/div>\n\t\t\t\t<div class=\"elementor-element elementor-element-4f1f6d1 elementor-widget-divider--view-line elementor-widget elementor-widget-divider\" data-id=\"4f1f6d1\" data-element_type=\"widget\" data-widget_type=\"divider.default\">\n\t\t\t\t<div class=\"elementor-widget-container\">\n\t\t\t\t\t\t\t<div class=\"elementor-divider\">\n\t\t\t<span class=\"elementor-divider-separator\">\n\t\t\t\t\t\t<\/span>\n\t\t<\/div>\n\t\t\t\t\t\t<\/div>\n\t\t\t\t<\/div>\n\t\t\t\t<div class=\"elementor-element elementor-element-9e841b5 elementor-widget elementor-widget-text-editor\" data-id=\"9e841b5\" data-element_type=\"widget\" data-widget_type=\"text-editor.default\">\n\t\t\t\t<div class=\"elementor-widget-container\">\n\t\t\t\t\t\t\t\t\t<h1><strong>Procesos de selecci\u00f3n abiertos<\/strong><\/h1>\t\t\t\t\t\t\t\t<\/div>\n\t\t\t\t<\/div>\n\t\t\t\t<div class=\"elementor-element elementor-element-d0e6500 elementor-widget elementor-widget-heading\" data-id=\"d0e6500\" data-element_type=\"widget\" data-widget_type=\"heading.default\">\n\t\t\t\t<div class=\"elementor-widget-container\">\n\t\t\t\t\t<h2 class=\"elementor-heading-title elementor-size-default\">Proceso de selecci\u00f3n - 2027<\/h2>\t\t\t\t<\/div>\n\t\t\t\t<\/div>\n\t\t\t\t<div class=\"elementor-element elementor-element-109b86a elementor-widget__width-initial elementor-widget elementor-widget-toggle\" data-id=\"109b86a\" data-element_type=\"widget\" data-widget_type=\"toggle.default\">\n\t\t\t\t<div class=\"elementor-widget-container\">\n\t\t\t\t\t\t\t<div class=\"elementor-toggle\">\n\t\t\t\t\t\t\t<div class=\"elementor-toggle-item\">\n\t\t\t\t\t<div id=\"elementor-tab-title-1741\" class=\"elementor-tab-title\" data-tab=\"1\" role=\"button\" aria-controls=\"elementor-tab-content-1741\" aria-expanded=\"false\">\n\t\t\t\t\t\t\t\t\t\t\t\t<span class=\"elementor-toggle-icon elementor-toggle-icon-left\" aria-hidden=\"true\">\n\t\t\t\t\t\t\t\t\t\t\t\t\t\t\t<span class=\"elementor-toggle-icon-closed\"><i class=\"fas fa-caret-right\"><\/i><\/span>\n\t\t\t\t\t\t\t\t<span class=\"elementor-toggle-icon-opened\"><i class=\"elementor-toggle-icon-opened fas fa-caret-up\"><\/i><\/span>\n\t\t\t\t\t\t\t\t\t\t\t\t\t<\/span>\n\t\t\t\t\t\t\t\t\t\t\t\t<a class=\"elementor-toggle-title\" tabindex=\"0\">Convocatoria de propuestas 2027<\/a>\n\t\t\t\t\t<\/div>\n\n\t\t\t\t\t<div id=\"elementor-tab-content-1741\" class=\"elementor-tab-content elementor-clearfix\" data-tab=\"1\" role=\"region\" aria-labelledby=\"elementor-tab-title-1741\"><p><strong><a href=\"https:\/\/institutosantosdumont.org.br\/wp-content\/uploads\/2026\/08\/RESPCD-ISD-Edital-001-2027.pdf\" target=\"_blank\" rel=\"noopener\">Haga clic aqu\u00ed.\u00a0<\/a><\/strong><\/p><\/div>\n\t\t\t\t<\/div>\n\t\t\t\t\t\t\t<div class=\"elementor-toggle-item\">\n\t\t\t\t\t<div id=\"elementor-tab-title-1742\" class=\"elementor-tab-title\" data-tab=\"2\" role=\"button\" aria-controls=\"elementor-tab-content-1742\" aria-expanded=\"false\">\n\t\t\t\t\t\t\t\t\t\t\t\t<span class=\"elementor-toggle-icon elementor-toggle-icon-left\" aria-hidden=\"true\">\n\t\t\t\t\t\t\t\t\t\t\t\t\t\t\t<span class=\"elementor-toggle-icon-closed\"><i class=\"fas fa-caret-right\"><\/i><\/span>\n\t\t\t\t\t\t\t\t<span class=\"elementor-toggle-icon-opened\"><i class=\"elementor-toggle-icon-opened fas fa-caret-up\"><\/i><\/span>\n\t\t\t\t\t\t\t\t\t\t\t\t\t<\/span>\n\t\t\t\t\t\t\t\t\t\t\t\t<a class=\"elementor-toggle-title\" tabindex=\"0\">Solicitud de inscripci\u00f3n y exenci\u00f3n de cuotas<\/a>\n\t\t\t\t\t<\/div>\n\n\t\t\t\t\t<div id=\"elementor-tab-content-1742\" class=\"elementor-tab-content elementor-clearfix\" data-tab=\"2\" role=\"region\" aria-labelledby=\"elementor-tab-title-1742\"><p><strong><a href=\"https:\/\/forms.gle\/CLiirRQuztecBf327\" target=\"_blank\" rel=\"noopener noreferrer nofollow\">Haga clic aqu\u00ed. <\/a><\/strong><\/p><p><em>La solicitud de exenci\u00f3n de la cuota de inscripci\u00f3n deber\u00e1 realizarse antes de las 16:00 horas del 31 de agosto de 2026, tal como se describe en el anuncio.<\/em><\/p><\/div>\n\t\t\t\t<\/div>\n\t\t\t\t\t\t\t\t<\/div>\n\t\t\t\t\t\t<\/div>\n\t\t\t\t<\/div>\n\t\t\t\t<div class=\"elementor-element elementor-element-b6611ed elementor-widget-divider--view-line elementor-widget elementor-widget-divider\" data-id=\"b6611ed\" data-element_type=\"widget\" data-widget_type=\"divider.default\">\n\t\t\t\t<div class=\"elementor-widget-container\">\n\t\t\t\t\t\t\t<div class=\"elementor-divider\">\n\t\t\t<span class=\"elementor-divider-separator\">\n\t\t\t\t\t\t<\/span>\n\t\t<\/div>\n\t\t\t\t\t\t<\/div>\n\t\t\t\t<\/div>\n\t\t\t\t<div class=\"elementor-element elementor-element-0dac303 elementor-widget elementor-widget-spacer\" data-id=\"0dac303\" data-element_type=\"widget\" data-widget_type=\"spacer.default\">\n\t\t\t\t<div class=\"elementor-widget-container\">\n\t\t\t\t\t\t\t<div class=\"elementor-spacer\">\n\t\t\t<div class=\"elementor-spacer-inner\"><\/div>\n\t\t<\/div>\n\t\t\t\t\t\t<\/div>\n\t\t\t\t<\/div>\n\t\t\t\t<div class=\"elementor-element elementor-element-208a7bc elementor-widget elementor-widget-text-editor\" data-id=\"208a7bc\" data-element_type=\"widget\" data-widget_type=\"text-editor.default\">\n\t\t\t\t<div class=\"elementor-widget-container\">\n\t\t\t\t\t\t\t\t\t<h2><strong>Procesos de selecci\u00f3n previos<\/strong><\/h2>\t\t\t\t\t\t\t\t<\/div>\n\t\t\t\t<\/div>\n\t\t\t\t<div class=\"elementor-element elementor-element-e95072f elementor-align-center elementor-button-danger elementor-widget elementor-widget-button\" data-id=\"e95072f\" data-element_type=\"widget\" data-widget_type=\"button.default\">\n\t\t\t\t<div class=\"elementor-widget-container\">\n\t\t\t\t\t\t\t\t\t<div class=\"elementor-button-wrapper\">\n\t\t\t\t\t<a class=\"elementor-button elementor-button-link elementor-size-md\" href=\"https:\/\/institutosantosdumont.org.br\/es\/residencia-multiprofissional-selecao-2018\/\" target=\"_blank\">\n\t\t\t\t\t\t<span class=\"elementor-button-content-wrapper\">\n\t\t\t\t\t\t<span class=\"elementor-button-icon\">\n\t\t\t\t<i aria-hidden=\"true\" class=\"fas fa-file\"><\/i>\t\t\t<\/span>\n\t\t\t\t\t\t\t\t\t<span class=\"elementor-button-text\">Accede a los documentos del proceso de selecci\u00f3n 2018<\/span>\n\t\t\t\t\t<\/span>\n\t\t\t\t\t<\/a>\n\t\t\t\t<\/div>\n\t\t\t\t\t\t\t\t<\/div>\n\t\t\t\t<\/div>\n\t\t\t\t<div class=\"elementor-element elementor-element-11232b5 elementor-align-center elementor-button-danger elementor-widget elementor-widget-button\" data-id=\"11232b5\" data-element_type=\"widget\" data-widget_type=\"button.default\">\n\t\t\t\t<div class=\"elementor-widget-container\">\n\t\t\t\t\t\t\t\t\t<div class=\"elementor-button-wrapper\">\n\t\t\t\t\t<a class=\"elementor-button elementor-button-link elementor-size-md\" href=\"https:\/\/institutosantosdumont.org.br\/es\/residencia-multiprofissional-selecao-2019\/\" target=\"_blank\">\n\t\t\t\t\t\t<span class=\"elementor-button-content-wrapper\">\n\t\t\t\t\t\t<span class=\"elementor-button-icon\">\n\t\t\t\t<i aria-hidden=\"true\" class=\"fas fa-file\"><\/i>\t\t\t<\/span>\n\t\t\t\t\t\t\t\t\t<span class=\"elementor-button-text\">Accede a los documentos del proceso de selecci\u00f3n 2019<\/span>\n\t\t\t\t\t<\/span>\n\t\t\t\t\t<\/a>\n\t\t\t\t<\/div>\n\t\t\t\t\t\t\t\t<\/div>\n\t\t\t\t<\/div>\n\t\t\t\t<div class=\"elementor-element elementor-element-440924b elementor-align-center elementor-button-danger elementor-widget elementor-widget-button\" data-id=\"440924b\" data-element_type=\"widget\" data-widget_type=\"button.default\">\n\t\t\t\t<div class=\"elementor-widget-container\">\n\t\t\t\t\t\t\t\t\t<div class=\"elementor-button-wrapper\">\n\t\t\t\t\t<a class=\"elementor-button elementor-button-link elementor-size-md\" href=\"https:\/\/institutosantosdumont.org.br\/es\/residencia-multiprofissional-processo-seletivo-2020\/\" target=\"_blank\">\n\t\t\t\t\t\t<span class=\"elementor-button-content-wrapper\">\n\t\t\t\t\t\t<span class=\"elementor-button-icon\">\n\t\t\t\t<i aria-hidden=\"true\" class=\"fas fa-file\"><\/i>\t\t\t<\/span>\n\t\t\t\t\t\t\t\t\t<span class=\"elementor-button-text\">Accede a los documentos del proceso de selecci\u00f3n 2020<\/span>\n\t\t\t\t\t<\/span>\n\t\t\t\t\t<\/a>\n\t\t\t\t<\/div>\n\t\t\t\t\t\t\t\t<\/div>\n\t\t\t\t<\/div>\n\t\t\t\t<div class=\"elementor-element elementor-element-cf3bb49 elementor-align-center elementor-button-danger elementor-widget elementor-widget-button\" data-id=\"cf3bb49\" data-element_type=\"widget\" data-widget_type=\"button.default\">\n\t\t\t\t<div class=\"elementor-widget-container\">\n\t\t\t\t\t\t\t\t\t<div class=\"elementor-button-wrapper\">\n\t\t\t\t\t<a class=\"elementor-button elementor-button-link elementor-size-md\" href=\"https:\/\/institutosantosdumont.org.br\/es\/residencia-processo-seletivo-2021\/\" target=\"_blank\">\n\t\t\t\t\t\t<span class=\"elementor-button-content-wrapper\">\n\t\t\t\t\t\t<span class=\"elementor-button-icon\">\n\t\t\t\t<i aria-hidden=\"true\" class=\"fas fa-file\"><\/i>\t\t\t<\/span>\n\t\t\t\t\t\t\t\t\t<span class=\"elementor-button-text\">Accede a los documentos del proceso de selecci\u00f3n 2021<\/span>\n\t\t\t\t\t<\/span>\n\t\t\t\t\t<\/a>\n\t\t\t\t<\/div>\n\t\t\t\t\t\t\t\t<\/div>\n\t\t\t\t<\/div>\n\t\t\t\t<div class=\"elementor-element elementor-element-3866be9 elementor-align-center elementor-button-danger elementor-widget elementor-widget-button\" data-id=\"3866be9\" data-element_type=\"widget\" data-widget_type=\"button.default\">\n\t\t\t\t<div class=\"elementor-widget-container\">\n\t\t\t\t\t\t\t\t\t<div class=\"elementor-button-wrapper\">\n\t\t\t\t\t<a class=\"elementor-button elementor-button-link elementor-size-md\" href=\"https:\/\/institutosantosdumont.org.br\/es\/residencia-multiprofissional-processo-seletivo-2022\/\" target=\"_blank\">\n\t\t\t\t\t\t<span class=\"elementor-button-content-wrapper\">\n\t\t\t\t\t\t<span class=\"elementor-button-icon\">\n\t\t\t\t<i aria-hidden=\"true\" class=\"fas fa-file\"><\/i>\t\t\t<\/span>\n\t\t\t\t\t\t\t\t\t<span class=\"elementor-button-text\">Accede a los documentos del proceso de selecci\u00f3n 2022\n<\/span>\n\t\t\t\t\t<\/span>\n\t\t\t\t\t<\/a>\n\t\t\t\t<\/div>\n\t\t\t\t\t\t\t\t<\/div>\n\t\t\t\t<\/div>\n\t\t\t\t<div class=\"elementor-element elementor-element-726d92f elementor-align-center elementor-button-danger elementor-widget elementor-widget-button\" data-id=\"726d92f\" data-element_type=\"widget\" data-widget_type=\"button.default\">\n\t\t\t\t<div class=\"elementor-widget-container\">\n\t\t\t\t\t\t\t\t\t<div class=\"elementor-button-wrapper\">\n\t\t\t\t\t<a class=\"elementor-button elementor-button-link elementor-size-md\" href=\"https:\/\/institutosantosdumont.org.br\/es\/residencia-multiprofissional-processo-seletivo-2023\/\" target=\"_blank\">\n\t\t\t\t\t\t<span class=\"elementor-button-content-wrapper\">\n\t\t\t\t\t\t<span class=\"elementor-button-icon\">\n\t\t\t\t<i aria-hidden=\"true\" class=\"fas fa-file\"><\/i>\t\t\t<\/span>\n\t\t\t\t\t\t\t\t\t<span class=\"elementor-button-text\">Accede a los documentos del proceso de selecci\u00f3n 2023<\/span>\n\t\t\t\t\t<\/span>\n\t\t\t\t\t<\/a>\n\t\t\t\t<\/div>\n\t\t\t\t\t\t\t\t<\/div>\n\t\t\t\t<\/div>\n\t\t\t\t<div class=\"elementor-element elementor-element-f986594 elementor-align-center elementor-button-danger elementor-widget elementor-widget-button\" data-id=\"f986594\" data-element_type=\"widget\" data-widget_type=\"button.default\">\n\t\t\t\t<div class=\"elementor-widget-container\">\n\t\t\t\t\t\t\t\t\t<div class=\"elementor-button-wrapper\">\n\t\t\t\t\t<a class=\"elementor-button elementor-button-link elementor-size-md\" href=\"https:\/\/institutosantosdumont.org.br\/es\/residencia-multiprofissional-processo-seletivo-2024\/\" target=\"_blank\">\n\t\t\t\t\t\t<span class=\"elementor-button-content-wrapper\">\n\t\t\t\t\t\t<span class=\"elementor-button-icon\">\n\t\t\t\t<i aria-hidden=\"true\" class=\"fas fa-file\"><\/i>\t\t\t<\/span>\n\t\t\t\t\t\t\t\t\t<span class=\"elementor-button-text\">Accede a los documentos del proceso de selecci\u00f3n 2024<\/span>\n\t\t\t\t\t<\/span>\n\t\t\t\t\t<\/a>\n\t\t\t\t<\/div>\n\t\t\t\t\t\t\t\t<\/div>\n\t\t\t\t<\/div>\n\t\t\t\t<div class=\"elementor-element elementor-element-bc49f8e elementor-align-center elementor-button-danger elementor-widget elementor-widget-button\" data-id=\"bc49f8e\" data-element_type=\"widget\" data-widget_type=\"button.default\">\n\t\t\t\t<div class=\"elementor-widget-container\">\n\t\t\t\t\t\t\t\t\t<div class=\"elementor-button-wrapper\">\n\t\t\t\t\t<a class=\"elementor-button elementor-button-link elementor-size-md\" href=\"https:\/\/institutosantosdumont.org.br\/es\/residencia-multiprofissional-processo-seletivo-2024\/\" target=\"_blank\">\n\t\t\t\t\t\t<span class=\"elementor-button-content-wrapper\">\n\t\t\t\t\t\t<span class=\"elementor-button-icon\">\n\t\t\t\t<i aria-hidden=\"true\" class=\"fas fa-file\"><\/i>\t\t\t<\/span>\n\t\t\t\t\t\t\t\t\t<span class=\"elementor-button-text\">Accede a los documentos del proceso de selecci\u00f3n 2024<\/span>\n\t\t\t\t\t<\/span>\n\t\t\t\t\t<\/a>\n\t\t\t\t<\/div>\n\t\t\t\t\t\t\t\t<\/div>\n\t\t\t\t<\/div>\n\t\t\t\t<div class=\"elementor-element elementor-element-26d6e2f elementor-align-center elementor-button-danger elementor-widget elementor-widget-button\" data-id=\"26d6e2f\" data-element_type=\"widget\" data-widget_type=\"button.default\">\n\t\t\t\t<div class=\"elementor-widget-container\">\n\t\t\t\t\t\t\t\t\t<div class=\"elementor-button-wrapper\">\n\t\t\t\t\t<a class=\"elementor-button elementor-button-link elementor-size-md\" href=\"https:\/\/institutosantosdumont.org.br\/es\/residencia-multiprofissional-processo-seletivo-2025\/\" target=\"_blank\">\n\t\t\t\t\t\t<span class=\"elementor-button-content-wrapper\">\n\t\t\t\t\t\t<span class=\"elementor-button-icon\">\n\t\t\t\t<i aria-hidden=\"true\" class=\"fas fa-file\"><\/i>\t\t\t<\/span>\n\t\t\t\t\t\t\t\t\t<span class=\"elementor-button-text\">Acceda a los documentos del proceso de selecci\u00f3n de 2025.<\/span>\n\t\t\t\t\t<\/span>\n\t\t\t\t\t<\/a>\n\t\t\t\t<\/div>\n\t\t\t\t\t\t\t\t<\/div>\n\t\t\t\t<\/div>\n\t\t\t\t<div class=\"elementor-element elementor-element-0e27b49 elementor-align-center elementor-button-danger elementor-widget elementor-widget-button\" data-id=\"0e27b49\" data-element_type=\"widget\" data-widget_type=\"button.default\">\n\t\t\t\t<div class=\"elementor-widget-container\">\n\t\t\t\t\t\t\t\t\t<div class=\"elementor-button-wrapper\">\n\t\t\t\t\t<a class=\"elementor-button elementor-button-link elementor-size-md\" href=\"https:\/\/institutosantosdumont.org.br\/es\/residencia-multiprofissional-processo-seletivo-2026\/\" target=\"_blank\">\n\t\t\t\t\t\t<span class=\"elementor-button-content-wrapper\">\n\t\t\t\t\t\t<span class=\"elementor-button-icon\">\n\t\t\t\t<i aria-hidden=\"true\" class=\"fas fa-file\"><\/i>\t\t\t<\/span>\n\t\t\t\t\t\t\t\t\t<span class=\"elementor-button-text\">Acceda a los documentos para el proceso de selecci\u00f3n de 2026.<\/span>\n\t\t\t\t\t<\/span>\n\t\t\t\t\t<\/a>\n\t\t\t\t<\/div>\n\t\t\t\t\t\t\t\t<\/div>\n\t\t\t\t<\/div>\n\t\t\t\t<div class=\"elementor-element elementor-element-cty1r45 elementor-widget elementor-widget-spacer\" data-id=\"cty1r45\" data-element_type=\"widget\" data-widget_type=\"spacer.default\">\n\t\t\t\t<div class=\"elementor-widget-container\">\n\t\t\t\t\t\t\t<div class=\"elementor-spacer\">\n\t\t\t<div class=\"elementor-spacer-inner\"><\/div>\n\t\t<\/div>\n\t\t\t\t\t\t<\/div>\n\t\t\t\t<\/div>\n\t\t\t\t<div class=\"elementor-element elementor-element-3ktio1p elementor-widget elementor-widget-spacer\" data-id=\"3ktio1p\" data-element_type=\"widget\" data-widget_type=\"spacer.default\">\n\t\t\t\t<div class=\"elementor-widget-container\">\n\t\t\t\t\t\t\t<div class=\"elementor-spacer\">\n\t\t\t<div class=\"elementor-spacer-inner\"><\/div>\n\t\t<\/div>\n\t\t\t\t\t\t<\/div>\n\t\t\t\t<\/div>\n\t\t\t\t\t<\/div>\n\t\t<\/div>\n\t\t\t\t\t<\/div>\n\t\t<\/section>\n\t\t<div class=\"elementor-element elementor-element-92cd8d9 e-flex e-con-boxed e-con e-parent\" data-id=\"92cd8d9\" data-element_type=\"container\">\n\t\t\t\t\t<div class=\"e-con-inner\">\n\t\t\t\t<div class=\"elementor-element elementor-element-3ba3833 elementor-widget elementor-widget-spacer\" data-id=\"3ba3833\" data-element_type=\"widget\" data-widget_type=\"spacer.default\">\n\t\t\t\t<div class=\"elementor-widget-container\">\n\t\t\t\t\t\t\t<div class=\"elementor-spacer\">\n\t\t\t<div class=\"elementor-spacer-inner\"><\/div>\n\t\t<\/div>\n\t\t\t\t\t\t<\/div>\n\t\t\t\t<\/div>\n\t\t\t\t\t<\/div>\n\t\t\t\t<\/div>\n\t\t\t\t<\/div>","protected":false},"excerpt":{"rendered":"<p>Informaci\u00f3n general Brasil tiene aproximadamente 17,3 millones de personas con alg\u00fan tipo de discapacidad, seg\u00fan los datos m\u00e1s recientes de la Encuesta Nacional de Salud \u2013 A\u00f1o Base 2019 \u2013 del Instituto Brasile\u00f1o de Geograf\u00eda y Estad\u00edstica (IBGE), publicados en agosto de 2021. Con el envejecimiento de la poblaci\u00f3n brasile\u00f1a, la expectativa es que cada vez m\u00e1s [\u2026]<\/p>","protected":false},"author":6,"featured_media":0,"parent":0,"menu_order":1,"comment_status":"closed","ping_status":"closed","template":"","meta":{"_acf_changed":false,"footnotes":""},"class_list":["post-12818","page","type-page","status-publish","hentry"],"acf":[],"_links":{"self":[{"href":"https:\/\/institutosantosdumont.org.br\/es\/wp-json\/wp\/v2\/pages\/12818","targetHints":{"allow":["GET"]}}],"collection":[{"href":"https:\/\/institutosantosdumont.org.br\/es\/wp-json\/wp\/v2\/pages"}],"about":[{"href":"https:\/\/institutosantosdumont.org.br\/es\/wp-json\/wp\/v2\/types\/page"}],"author":[{"embeddable":true,"href":"https:\/\/institutosantosdumont.org.br\/es\/wp-json\/wp\/v2\/users\/6"}],"replies":[{"embeddable":true,"href":"https:\/\/institutosantosdumont.org.br\/es\/wp-json\/wp\/v2\/comments?post=12818"}],"version-history":[{"count":147,"href":"https:\/\/institutosantosdumont.org.br\/es\/wp-json\/wp\/v2\/pages\/12818\/revisions"}],"predecessor-version":[{"id":35755,"href":"https:\/\/institutosantosdumont.org.br\/es\/wp-json\/wp\/v2\/pages\/12818\/revisions\/35755"}],"wp:attachment":[{"href":"https:\/\/institutosantosdumont.org.br\/es\/wp-json\/wp\/v2\/media?parent=12818"}],"curies":[{"name":"wp","href":"https:\/\/api.w.org\/{rel}","templated":true}]}}