{"id":14421,"date":"2018-08-27T16:42:51","date_gmt":"2018-08-27T19:42:51","guid":{"rendered":"http:\/\/www.institutosantosdumont.org.br\/?page_id=14421"},"modified":"2018-08-29T09:56:42","modified_gmt":"2018-08-29T12:56:42","slug":"egressos-2018","status":"publish","type":"page","link":"https:\/\/institutosantosdumont.org.br\/es\/egressos-2018\/","title":{"rendered":"graduados 2018"},"content":{"rendered":"<div data-elementor-type=\"wp-page\" data-elementor-id=\"14421\" class=\"elementor elementor-14421 elementor-bc-flex-widget\" data-elementor-post-type=\"page\">\n\t\t\t\t\t\t<section class=\"elementor-section elementor-top-section elementor-element elementor-element-wplqx48 elementor-section-boxed elementor-section-height-default elementor-section-height-default\" data-id=\"wplqx48\" data-element_type=\"section\">\n\t\t\t\t\t\t<div class=\"elementor-container elementor-column-gap-default\">\n\t\t\t\t\t<div class=\"elementor-column elementor-col-100 elementor-top-column elementor-element elementor-element-0cpo0cs\" data-id=\"0cpo0cs\" data-element_type=\"column\">\n\t\t\t<div class=\"elementor-widget-wrap elementor-element-populated\">\n\t\t\t\t\t\t<div class=\"elementor-element elementor-element-aiuxz1t elementor-widget elementor-widget-spacer\" data-id=\"aiuxz1t\" data-element_type=\"widget\" data-widget_type=\"spacer.default\">\n\t\t\t\t<div class=\"elementor-widget-container\">\n\t\t\t\t\t\t\t<div class=\"elementor-spacer\">\n\t\t\t<div class=\"elementor-spacer-inner\"><\/div>\n\t\t<\/div>\n\t\t\t\t\t\t<\/div>\n\t\t\t\t<\/div>\n\t\t\t\t<div class=\"elementor-element elementor-element-gdi70z4 elementor-widget elementor-widget-text-editor\" data-id=\"gdi70z4\" data-element_type=\"widget\" data-widget_type=\"text-editor.default\">\n\t\t\t\t<div class=\"elementor-widget-container\">\n\t\t\t\t\t\t\t\t\t<p>Conoce a los profesionales titulados M\u00e1steres en Neuroingenier\u00eda por <a href=\"https:\/\/institutosantosdumont.org.br\/es\/instituto-neurociencias\/\" target=\"_blank\" rel=\"noopener noreferrer\"><strong>Instituto Internacional de Neurociencias Edmond y Lily Safra (IIN-ELS)<\/strong> <\/a>en el a\u00f1o 2018:<\/p>\t\t\t\t\t\t\t\t<\/div>\n\t\t\t\t<\/div>\n\t\t\t\t<div class=\"elementor-element elementor-element-6n9faho elementor-widget elementor-widget-spacer\" data-id=\"6n9faho\" data-element_type=\"widget\" data-widget_type=\"spacer.default\">\n\t\t\t\t<div class=\"elementor-widget-container\">\n\t\t\t\t\t\t\t<div class=\"elementor-spacer\">\n\t\t\t<div class=\"elementor-spacer-inner\"><\/div>\n\t\t<\/div>\n\t\t\t\t\t\t<\/div>\n\t\t\t\t<\/div>\n\t\t\t\t<section class=\"elementor-section elementor-inner-section elementor-element elementor-element-9y6keoc elementor-section-boxed elementor-section-height-default elementor-section-height-default\" data-id=\"9y6keoc\" data-element_type=\"section\">\n\t\t\t\t\t\t<div class=\"elementor-container elementor-column-gap-default\">\n\t\t\t\t\t<div class=\"elementor-column elementor-col-50 elementor-inner-column elementor-element elementor-element-489trcz\" data-id=\"489trcz\" data-element_type=\"column\" data-settings=\"{&quot;background_background&quot;:&quot;gradient&quot;}\">\n\t\t\t<div class=\"elementor-widget-wrap elementor-element-populated\">\n\t\t\t\t\t<div class=\"elementor-background-overlay\"><\/div>\n\t\t\t\t\t\t<div class=\"elementor-element elementor-element-lfua7ie elementor-widget elementor-widget-text-editor\" data-id=\"lfua7ie\" data-element_type=\"widget\" data-widget_type=\"text-editor.default\">\n\t\t\t\t<div class=\"elementor-widget-container\">\n\t\t\t\t\t\t\t\t\t<p style=\"text-align: left;\"><span style=\"color: #ffffff;\"><strong>JOS\u00c9 NELSON BADZIAK JUNIOR\u00a0<\/strong><\/span><\/p><p style=\"text-align: left;\"><span style=\"color: #ffffff;\"><strong>T\u00edtulo:\u00a0<\/strong>Neuromodulaci\u00f3n de los ritmos en la enfermedad de Alzheimer mediante estimulaci\u00f3n cerebral profunda del giro dentado.<\/span><\/p><p style=\"text-align: left;\"><span style=\"color: #ffffff;\"><strong>Tutor:<\/strong>\u00a0Edgard Morya.<br \/><strong>L\u00ednea de investigaci\u00f3n:\u00a0<\/strong>Neuromodulaci\u00f3n.<br \/><strong>Fecha de defensa:<\/strong>\u00a031\/07\/2<\/span><span style=\"color: #ffffff;\">018.<\/span><\/p>\t\t\t\t\t\t\t\t<\/div>\n\t\t\t\t<\/div>\n\t\t\t\t\t<\/div>\n\t\t<\/div>\n\t\t\t\t<div class=\"elementor-column elementor-col-50 elementor-inner-column elementor-element elementor-element-b7qs35f\" data-id=\"b7qs35f\" data-element_type=\"column\" data-settings=\"{&quot;background_background&quot;:&quot;gradient&quot;}\">\n\t\t\t<div class=\"elementor-widget-wrap elementor-element-populated\">\n\t\t\t\t\t<div class=\"elementor-background-overlay\"><\/div>\n\t\t\t\t\t\t<div class=\"elementor-element elementor-element-zzysxzl elementor-widget elementor-widget-text-editor\" data-id=\"zzysxzl\" data-element_type=\"widget\" data-widget_type=\"text-editor.default\">\n\t\t\t\t<div class=\"elementor-widget-container\">\n\t\t\t\t\t\t\t\t\t<p style=\"text-align: left;\"><span style=\"color: #ffffff;\"><strong>CAMILLE REATEGUI SILVA<\/strong><\/span><\/p><p style=\"text-align: left;\"><span style=\"color: #ffffff;\"><strong>T\u00edtulo:\u00a0<\/strong>Propuesta de actuaci\u00f3n de dispositivo prot\u00e9sico de bajo coste utilizando Potencial Evocado Visual en Estado Estacionario.<\/span><\/p><p style=\"text-align: left;\"><span style=\"color: #ffffff;\"><strong>Tutor:<\/strong>\u00a0Fabricio Lima Brasil.<br \/><\/span><span style=\"color: #ffffff;\"><strong>L\u00ednea de investigaci\u00f3n:\u00a0<\/strong>Interfaz cerebro-m\u00e1quina.<br \/><\/span><span style=\"color: #ffffff;\"><strong>Fecha de defensa:<\/strong>\u00a027\/07\/2018.<\/span><\/p>\t\t\t\t\t\t\t\t<\/div>\n\t\t\t\t<\/div>\n\t\t\t\t\t<\/div>\n\t\t<\/div>\n\t\t\t\t\t<\/div>\n\t\t<\/section>\n\t\t\t\t<div class=\"elementor-element elementor-element-ebisitg elementor-widget elementor-widget-spacer\" data-id=\"ebisitg\" data-element_type=\"widget\" data-widget_type=\"spacer.default\">\n\t\t\t\t<div class=\"elementor-widget-container\">\n\t\t\t\t\t\t\t<div class=\"elementor-spacer\">\n\t\t\t<div class=\"elementor-spacer-inner\"><\/div>\n\t\t<\/div>\n\t\t\t\t\t\t<\/div>\n\t\t\t\t<\/div>\n\t\t\t\t<section class=\"elementor-section elementor-inner-section elementor-element elementor-element-3e3z7p4 elementor-section-boxed elementor-section-height-default elementor-section-height-default\" data-id=\"3e3z7p4\" data-element_type=\"section\">\n\t\t\t\t\t\t<div class=\"elementor-container elementor-column-gap-default\">\n\t\t\t\t\t<div class=\"elementor-column elementor-col-50 elementor-inner-column elementor-element elementor-element-2ibnf8b\" data-id=\"2ibnf8b\" data-element_type=\"column\" data-settings=\"{&quot;background_background&quot;:&quot;gradient&quot;}\">\n\t\t\t<div class=\"elementor-widget-wrap elementor-element-populated\">\n\t\t\t\t\t<div class=\"elementor-background-overlay\"><\/div>\n\t\t\t\t\t\t<div class=\"elementor-element elementor-element-0qrmx22 elementor-widget elementor-widget-text-editor\" data-id=\"0qrmx22\" data-element_type=\"widget\" data-widget_type=\"text-editor.default\">\n\t\t\t\t<div class=\"elementor-widget-container\">\n\t\t\t\t\t\t\t\t\t<p style=\"text-align: left;\"><span style=\"color: #ffffff;\"><strong>PATRICIA MAYARA MOURA DA SILVA<\/strong><\/span><\/p><p style=\"text-align: left;\"><span style=\"color: #ffffff;\"><strong>T\u00edtulo:\u00a0<\/strong>Desarrollo de un dispositivo para el entrenamiento de la marcha con realidad virtual inmersiva.<\/span><\/p><p style=\"text-align: left;\"><span style=\"color: #ffffff;\"><strong>Tutor:<\/strong>\u00a0Edgard Morya.<br \/><strong>L\u00ednea de investigaci\u00f3n:\u00a0<\/strong>Interfaz cerebro-m\u00e1quina.<br \/><strong>Fecha de defensa:<\/strong>\u00a023\/07\/2018.<\/span><\/p>\t\t\t\t\t\t\t\t<\/div>\n\t\t\t\t<\/div>\n\t\t\t\t\t<\/div>\n\t\t<\/div>\n\t\t\t\t<div class=\"elementor-column elementor-col-50 elementor-inner-column elementor-element elementor-element-erf1lmj\" data-id=\"erf1lmj\" data-element_type=\"column\" data-settings=\"{&quot;background_background&quot;:&quot;gradient&quot;}\">\n\t\t\t<div class=\"elementor-widget-wrap elementor-element-populated\">\n\t\t\t\t\t<div class=\"elementor-background-overlay\"><\/div>\n\t\t\t\t\t\t<div class=\"elementor-element elementor-element-0j5rflh elementor-widget elementor-widget-text-editor\" data-id=\"0j5rflh\" data-element_type=\"widget\" data-widget_type=\"text-editor.default\">\n\t\t\t\t<div class=\"elementor-widget-container\">\n\t\t\t\t\t\t\t\t\t<p style=\"text-align: left;\"><span style=\"color: #ffffff;\"><strong>JULIANA AVILA DE SOUZA <\/strong><\/span><\/p><p style=\"text-align: left;\"><span style=\"color: #ffffff;\"><strong>T\u00edtulo: <\/strong>Procesamiento electrofisiol\u00f3gico de est\u00edmulos sonoros en tit\u00edes de penacho blanco (<em>Callithrix jacchus<\/em>): caracterizaci\u00f3n de la v\u00eda anteroventral.<\/span><\/p><p style=\"text-align: left;\"><span style=\"color: #ffffff;\"><strong>Tutor:<\/strong>\u00a0Mariana Ferreira<br \/><strong>L\u00ednea de investigaci\u00f3n: <\/strong>Interfaz cerebro-m\u00e1quina.<br \/><strong>Fecha de defensa:<\/strong>\u00a028\/02\/2018.<\/span><\/p>\t\t\t\t\t\t\t\t<\/div>\n\t\t\t\t<\/div>\n\t\t\t\t\t<\/div>\n\t\t<\/div>\n\t\t\t\t\t<\/div>\n\t\t<\/section>\n\t\t\t\t<div class=\"elementor-element elementor-element-nie0f0h elementor-widget elementor-widget-spacer\" data-id=\"nie0f0h\" data-element_type=\"widget\" data-widget_type=\"spacer.default\">\n\t\t\t\t<div class=\"elementor-widget-container\">\n\t\t\t\t\t\t\t<div class=\"elementor-spacer\">\n\t\t\t<div class=\"elementor-spacer-inner\"><\/div>\n\t\t<\/div>\n\t\t\t\t\t\t<\/div>\n\t\t\t\t<\/div>\n\t\t\t\t<section class=\"elementor-section elementor-inner-section elementor-element elementor-element-i3hrcc7 elementor-section-boxed elementor-section-height-default elementor-section-height-default\" data-id=\"i3hrcc7\" data-element_type=\"section\">\n\t\t\t\t\t\t<div class=\"elementor-container elementor-column-gap-default\">\n\t\t\t\t\t<div class=\"elementor-column elementor-col-50 elementor-inner-column elementor-element elementor-element-60u5muc\" data-id=\"60u5muc\" data-element_type=\"column\" data-settings=\"{&quot;background_background&quot;:&quot;gradient&quot;}\">\n\t\t\t<div class=\"elementor-widget-wrap elementor-element-populated\">\n\t\t\t\t\t<div class=\"elementor-background-overlay\"><\/div>\n\t\t\t\t\t\t<div class=\"elementor-element elementor-element-j2kq5zz elementor-widget elementor-widget-text-editor\" data-id=\"j2kq5zz\" data-element_type=\"widget\" data-widget_type=\"text-editor.default\">\n\t\t\t\t<div class=\"elementor-widget-container\">\n\t\t\t\t\t\t\t\t\t<p style=\"text-align: left;\"><span style=\"color: #ffffff;\"><strong>PEDRO DE FRANCIA CAVALCANTI <\/strong><\/span><\/p><p style=\"text-align: left;\"><span style=\"color: #ffffff;\"><strong>T\u00edtulo:\u00a0<\/strong>Fraccionador \u00d3ptico: Desarrollo del<\/span><br \/><span style=\"color: #ffffff;\">Protocolo operativo est\u00e1ndar para primates<\/span><br \/><span style=\"color: #ffffff;\">no humanos en el sistema motor de la <em>Callithrix jacchus<\/em>.<\/span><\/p><p style=\"text-align: left;\"><span style=\"color: #ffffff;\"><strong>Tutor:<\/strong>\u00a0Edgard Morya.<br \/><strong>L\u00ednea de investigaci\u00f3n: <\/strong>Neuromodulaci\u00f3n.<br \/><strong>Fecha de defensa:<\/strong>\u00a028\/02\/2018.<\/span><\/p>\t\t\t\t\t\t\t\t<\/div>\n\t\t\t\t<\/div>\n\t\t\t\t<div class=\"elementor-element elementor-element-dj8gapi elementor-button-warning elementor-align-center elementor-widget elementor-widget-button\" data-id=\"dj8gapi\" data-element_type=\"widget\" data-widget_type=\"button.default\">\n\t\t\t\t<div class=\"elementor-widget-container\">\n\t\t\t\t\t\t\t\t\t<div class=\"elementor-button-wrapper\">\n\t\t\t\t\t<a class=\"elementor-button elementor-button-link elementor-size-md\" href=\"https:\/\/institutosantosdumont.org.br\/wp-content\/uploads\/2018\/08\/resumo-mestrado-iinels-pedro-cavalcanti.pdf\" target=\"_blank\">\n\t\t\t\t\t\t<span class=\"elementor-button-content-wrapper\">\n\t\t\t\t\t\t\t\t\t<span class=\"elementor-button-text\">Resumen<\/span>\n\t\t\t\t\t<\/span>\n\t\t\t\t\t<\/a>\n\t\t\t\t<\/div>\n\t\t\t\t\t\t\t\t<\/div>\n\t\t\t\t<\/div>\n\t\t\t\t\t<\/div>\n\t\t<\/div>\n\t\t\t\t<div class=\"elementor-column elementor-col-50 elementor-inner-column elementor-element elementor-element-ffn8pfn\" data-id=\"ffn8pfn\" data-element_type=\"column\" data-settings=\"{&quot;background_background&quot;:&quot;gradient&quot;}\">\n\t\t\t<div class=\"elementor-widget-wrap elementor-element-populated\">\n\t\t\t\t\t<div class=\"elementor-background-overlay\"><\/div>\n\t\t\t\t\t\t<div class=\"elementor-element elementor-element-z287yyf elementor-widget elementor-widget-text-editor\" data-id=\"z287yyf\" data-element_type=\"widget\" data-widget_type=\"text-editor.default\">\n\t\t\t\t<div class=\"elementor-widget-container\">\n\t\t\t\t\t\t\t\t\t<p style=\"text-align: left;\"><span style=\"color: #ffffff;\"><strong>ANDREA COUTINHO SARMENTO <\/strong><\/span><\/p><p style=\"text-align: left;\"><span style=\"color: #ffffff;\"><strong>T\u00edtulo: <\/strong>Estimulaci\u00f3n de corriente transcraneal<br \/>continuo como instrumento de modulaci\u00f3n<br \/>cerebro y reducci\u00f3n de estereotipias y<br \/>Hiperactividad en ni\u00f1os con TEA.<\/span><\/p><p style=\"text-align: left;\"><span style=\"color: #ffffff;\"><strong>Tutor:<\/strong>\u00a0Fabricio Lima Brasil.<br \/><strong>L\u00ednea de investigaci\u00f3n: <\/strong>Neuromodulaci\u00f3n.<br \/><strong>Fecha de defensa:<\/strong>\u00a028\/02\/2018.<\/span><\/p>\t\t\t\t\t\t\t\t<\/div>\n\t\t\t\t<\/div>\n\t\t\t\t<div class=\"elementor-element elementor-element-72nd2if elementor-button-warning elementor-align-center elementor-widget elementor-widget-button\" data-id=\"72nd2if\" data-element_type=\"widget\" data-widget_type=\"button.default\">\n\t\t\t\t<div class=\"elementor-widget-container\">\n\t\t\t\t\t\t\t\t\t<div class=\"elementor-button-wrapper\">\n\t\t\t\t\t<a class=\"elementor-button elementor-button-link elementor-size-md\" href=\"https:\/\/institutosantosdumont.org.br\/wp-content\/uploads\/2018\/08\/resumo-mestrado-iinels-sarmento.pdf\" target=\"_blank\">\n\t\t\t\t\t\t<span class=\"elementor-button-content-wrapper\">\n\t\t\t\t\t\t\t\t\t<span class=\"elementor-button-text\">Resumen<\/span>\n\t\t\t\t\t<\/span>\n\t\t\t\t\t<\/a>\n\t\t\t\t<\/div>\n\t\t\t\t\t\t\t\t<\/div>\n\t\t\t\t<\/div>\n\t\t\t\t\t<\/div>\n\t\t<\/div>\n\t\t\t\t\t<\/div>\n\t\t<\/section>\n\t\t\t\t<div class=\"elementor-element elementor-element-hes9l9b elementor-widget elementor-widget-spacer\" data-id=\"hes9l9b\" data-element_type=\"widget\" data-widget_type=\"spacer.default\">\n\t\t\t\t<div class=\"elementor-widget-container\">\n\t\t\t\t\t\t\t<div class=\"elementor-spacer\">\n\t\t\t<div class=\"elementor-spacer-inner\"><\/div>\n\t\t<\/div>\n\t\t\t\t\t\t<\/div>\n\t\t\t\t<\/div>\n\t\t\t\t<section class=\"elementor-section elementor-inner-section elementor-element elementor-element-k3qjh3c elementor-section-boxed elementor-section-height-default elementor-section-height-default\" data-id=\"k3qjh3c\" data-element_type=\"section\">\n\t\t\t\t\t\t<div class=\"elementor-container elementor-column-gap-default\">\n\t\t\t\t\t<div class=\"elementor-column elementor-col-50 elementor-inner-column elementor-element elementor-element-9yw6gez\" data-id=\"9yw6gez\" data-element_type=\"column\" data-settings=\"{&quot;background_background&quot;:&quot;gradient&quot;}\">\n\t\t\t<div class=\"elementor-widget-wrap elementor-element-populated\">\n\t\t\t\t\t<div class=\"elementor-background-overlay\"><\/div>\n\t\t\t\t\t\t<div class=\"elementor-element elementor-element-6v43k2k elementor-widget elementor-widget-text-editor\" data-id=\"6v43k2k\" data-element_type=\"widget\" data-widget_type=\"text-editor.default\">\n\t\t\t\t<div class=\"elementor-widget-container\">\n\t\t\t\t\t\t\t\t\t<p style=\"text-align: left;\"><span style=\"color: #ffffff;\"><strong>EDSON RICARDO JUNIOR <\/strong><\/span><\/p><p style=\"text-align: left;\"><span style=\"color: #ffffff;\"><strong>T\u00edtulo: <\/strong>Representaci\u00f3n y procesamiento de categor\u00edas sem\u00e1nticas mediante electroencefalograf\u00eda.<\/span><\/p><p style=\"text-align: left;\"><span style=\"color: #ffffff;\"><strong>Tutor:<\/strong>\u00a0Reginaldo Freitas J\u00fanior.<br \/><strong>L\u00ednea de investigaci\u00f3n:\u00a0<\/strong>Interfaz cerebro-m\u00e1quina.<br \/><strong>Fecha de defensa:<\/strong>\u00a027\/02\/2018.<\/span><\/p>\t\t\t\t\t\t\t\t<\/div>\n\t\t\t\t<\/div>\n\t\t\t\t<div class=\"elementor-element elementor-element-t2c2gac elementor-button-warning elementor-align-center elementor-widget elementor-widget-button\" data-id=\"t2c2gac\" data-element_type=\"widget\" data-widget_type=\"button.default\">\n\t\t\t\t<div class=\"elementor-widget-container\">\n\t\t\t\t\t\t\t\t\t<div class=\"elementor-button-wrapper\">\n\t\t\t\t\t<a class=\"elementor-button elementor-button-link elementor-size-md\" href=\"https:\/\/institutosantosdumont.org.br\/wp-content\/uploads\/2018\/08\/resumo-mestrado-iinels-edson-junior.pdf\" target=\"_blank\">\n\t\t\t\t\t\t<span class=\"elementor-button-content-wrapper\">\n\t\t\t\t\t\t\t\t\t<span class=\"elementor-button-text\">Resumen<\/span>\n\t\t\t\t\t<\/span>\n\t\t\t\t\t<\/a>\n\t\t\t\t<\/div>\n\t\t\t\t\t\t\t\t<\/div>\n\t\t\t\t<\/div>\n\t\t\t\t\t<\/div>\n\t\t<\/div>\n\t\t\t\t<div class=\"elementor-column elementor-col-50 elementor-inner-column elementor-element elementor-element-4qv8q0d\" data-id=\"4qv8q0d\" data-element_type=\"column\" data-settings=\"{&quot;background_background&quot;:&quot;gradient&quot;}\">\n\t\t\t<div class=\"elementor-widget-wrap elementor-element-populated\">\n\t\t\t\t\t<div class=\"elementor-background-overlay\"><\/div>\n\t\t\t\t\t\t<div class=\"elementor-element elementor-element-2u71rin elementor-widget elementor-widget-text-editor\" data-id=\"2u71rin\" data-element_type=\"widget\" data-widget_type=\"text-editor.default\">\n\t\t\t\t<div class=\"elementor-widget-container\">\n\t\t\t\t\t\t\t\t\t<p style=\"text-align: left;\"><span style=\"color: #ffffff;\"><strong>THIAGO CHAGAS DE AMORIM <\/strong><\/span><\/p><p style=\"text-align: left;\"><span style=\"color: #ffffff;\"><strong>T\u00edtulo: <\/strong>Modelo de disfunci\u00f3n t\u00e1ctil en ratas Wistar: lesi\u00f3n de los n\u00facleos tal\u00e1micos VPM\/POM y sus efectos conductuales.<\/span><\/p><p style=\"text-align: left;\"><span style=\"color: #ffffff;\"><strong>Tutor:<\/strong>\u00a0Ana Carolina Bione Kunicki.<br \/><strong>L\u00ednea de investigaci\u00f3n: <\/strong>Neuromodulaci\u00f3n.<br \/><strong>Fecha de defensa:<\/strong>\u00a027\/02\/2018.<\/span><\/p>\t\t\t\t\t\t\t\t<\/div>\n\t\t\t\t<\/div>\n\t\t\t\t<div class=\"elementor-element elementor-element-tpsrq5l elementor-button-warning elementor-align-center elementor-widget elementor-widget-button\" data-id=\"tpsrq5l\" data-element_type=\"widget\" data-widget_type=\"button.default\">\n\t\t\t\t<div class=\"elementor-widget-container\">\n\t\t\t\t\t\t\t\t\t<div class=\"elementor-button-wrapper\">\n\t\t\t\t\t<a class=\"elementor-button elementor-button-link elementor-size-md\" href=\"https:\/\/institutosantosdumont.org.br\/wp-content\/uploads\/2018\/08\/dissertacao-mestrado-iinels-thiago-amorim.pdf\" target=\"_blank\">\n\t\t\t\t\t\t<span class=\"elementor-button-content-wrapper\">\n\t\t\t\t\t\t\t\t\t<span class=\"elementor-button-text\">Tesis (PDF)<\/span>\n\t\t\t\t\t<\/span>\n\t\t\t\t\t<\/a>\n\t\t\t\t<\/div>\n\t\t\t\t\t\t\t\t<\/div>\n\t\t\t\t<\/div>\n\t\t\t\t\t<\/div>\n\t\t<\/div>\n\t\t\t\t\t<\/div>\n\t\t<\/section>\n\t\t\t\t<div class=\"elementor-element elementor-element-kjbd7xx elementor-widget elementor-widget-spacer\" data-id=\"kjbd7xx\" data-element_type=\"widget\" data-widget_type=\"spacer.default\">\n\t\t\t\t<div class=\"elementor-widget-container\">\n\t\t\t\t\t\t\t<div class=\"elementor-spacer\">\n\t\t\t<div class=\"elementor-spacer-inner\"><\/div>\n\t\t<\/div>\n\t\t\t\t\t\t<\/div>\n\t\t\t\t<\/div>\n\t\t\t\t<section class=\"elementor-section elementor-inner-section elementor-element elementor-element-n0jb6i1 elementor-section-boxed elementor-section-height-default elementor-section-height-default\" data-id=\"n0jb6i1\" data-element_type=\"section\">\n\t\t\t\t\t\t<div class=\"elementor-container elementor-column-gap-default\">\n\t\t\t\t\t<div class=\"elementor-column elementor-col-50 elementor-inner-column elementor-element elementor-element-mlvvb6f\" data-id=\"mlvvb6f\" data-element_type=\"column\" data-settings=\"{&quot;background_background&quot;:&quot;gradient&quot;}\">\n\t\t\t<div class=\"elementor-widget-wrap elementor-element-populated\">\n\t\t\t\t\t<div class=\"elementor-background-overlay\"><\/div>\n\t\t\t\t\t\t<div class=\"elementor-element elementor-element-1je5lxd elementor-widget elementor-widget-text-editor\" data-id=\"1je5lxd\" data-element_type=\"widget\" data-widget_type=\"text-editor.default\">\n\t\t\t\t<div class=\"elementor-widget-container\">\n\t\t\t\t\t\t\t\t\t<p style=\"text-align: left;\"><span style=\"color: #ffffff;\"><strong>Eduardo Bacelar Jacobi <\/strong><\/span><\/p><p style=\"text-align: left;\"><span style=\"color: #ffffff;\"><strong>T\u00edtulo: <\/strong>Caracterizaci\u00f3n de las oscilaciones neuronales en la v\u00eda anteroventral del tit\u00ed de penacho blanco (Callithrix jacchus) en respuesta a est\u00edmulos auditivos.<\/span><\/p><p style=\"text-align: left;\"><span style=\"color: #ffffff;\"><strong>Tutor:<\/strong>\u00a0Renan Cipriani Moioli.<br \/><strong>L\u00ednea de investigaci\u00f3n:\u00a0<\/strong>Interfaz cerebro-m\u00e1quina.<br \/><strong>Fecha de defensa:<\/strong>\u00a026\/02\/2018.<\/span><\/p>\t\t\t\t\t\t\t\t<\/div>\n\t\t\t\t<\/div>\n\t\t\t\t<div class=\"elementor-element elementor-element-2eizt86 elementor-button-warning elementor-align-center elementor-widget elementor-widget-button\" data-id=\"2eizt86\" data-element_type=\"widget\" data-widget_type=\"button.default\">\n\t\t\t\t<div class=\"elementor-widget-container\">\n\t\t\t\t\t\t\t\t\t<div class=\"elementor-button-wrapper\">\n\t\t\t\t\t<a class=\"elementor-button elementor-button-link elementor-size-md\" href=\"https:\/\/institutosantosdumont.org.br\/wp-content\/uploads\/2018\/08\/resumo-mestrado-iinels-eduardo-jacobi.pdf\" target=\"_blank\">\n\t\t\t\t\t\t<span class=\"elementor-button-content-wrapper\">\n\t\t\t\t\t\t\t\t\t<span class=\"elementor-button-text\">Resumen<\/span>\n\t\t\t\t\t<\/span>\n\t\t\t\t\t<\/a>\n\t\t\t\t<\/div>\n\t\t\t\t\t\t\t\t<\/div>\n\t\t\t\t<\/div>\n\t\t\t\t\t<\/div>\n\t\t<\/div>\n\t\t\t\t<div class=\"elementor-column elementor-col-50 elementor-inner-column elementor-element elementor-element-b9zpmdk\" data-id=\"b9zpmdk\" data-element_type=\"column\" data-settings=\"{&quot;background_background&quot;:&quot;gradient&quot;}\">\n\t\t\t<div class=\"elementor-widget-wrap elementor-element-populated\">\n\t\t\t\t\t<div class=\"elementor-background-overlay\"><\/div>\n\t\t\t\t\t\t<div class=\"elementor-element elementor-element-3exl9xm elementor-widget elementor-widget-text-editor\" data-id=\"3exl9xm\" data-element_type=\"widget\" data-widget_type=\"text-editor.default\">\n\t\t\t\t<div class=\"elementor-widget-container\">\n\t\t\t\t\t\t\t\t\t<p style=\"text-align: left;\"><span style=\"color: #ffffff;\"><strong>MAB SUELLEN ABREU NUNES <\/strong><\/span><\/p><p style=\"text-align: left;\"><span style=\"color: #ffffff;\"><strong>T\u00edtulo: <\/strong>Caracterizaci\u00f3n de la respuesta inmunol\u00f3gica a la implantaci\u00f3n de electrodos en la m\u00e9dula espinal.<\/span><\/p><p style=\"text-align: left;\"><span style=\"color: #ffffff;\"><strong>Tutor:<\/strong> Mariana Ferreira<br \/><strong>L\u00ednea de investigaci\u00f3n: <\/strong>Neuromodulaci\u00f3n.<br \/><strong>Fecha de defensa:<\/strong>\u00a026\/02\/2018.<\/span><\/p>\t\t\t\t\t\t\t\t<\/div>\n\t\t\t\t<\/div>\n\t\t\t\t<div class=\"elementor-element elementor-element-9ehokwi elementor-button-warning elementor-align-center elementor-widget elementor-widget-button\" data-id=\"9ehokwi\" data-element_type=\"widget\" data-widget_type=\"button.default\">\n\t\t\t\t<div class=\"elementor-widget-container\">\n\t\t\t\t\t\t\t\t\t<div class=\"elementor-button-wrapper\">\n\t\t\t\t\t<a class=\"elementor-button elementor-button-link elementor-size-md\" href=\"https:\/\/institutosantosdumont.org.br\/wp-content\/uploads\/2018\/08\/resumo-mestrado-iinels-abreu.pdf\" target=\"_blank\">\n\t\t\t\t\t\t<span class=\"elementor-button-content-wrapper\">\n\t\t\t\t\t\t\t\t\t<span class=\"elementor-button-text\">Resumen<\/span>\n\t\t\t\t\t<\/span>\n\t\t\t\t\t<\/a>\n\t\t\t\t<\/div>\n\t\t\t\t\t\t\t\t<\/div>\n\t\t\t\t<\/div>\n\t\t\t\t\t<\/div>\n\t\t<\/div>\n\t\t\t\t\t<\/div>\n\t\t<\/section>\n\t\t\t\t<div class=\"elementor-element elementor-element-5ewf3r9 elementor-widget elementor-widget-spacer\" data-id=\"5ewf3r9\" data-element_type=\"widget\" data-widget_type=\"spacer.default\">\n\t\t\t\t<div class=\"elementor-widget-container\">\n\t\t\t\t\t\t\t<div class=\"elementor-spacer\">\n\t\t\t<div class=\"elementor-spacer-inner\"><\/div>\n\t\t<\/div>\n\t\t\t\t\t\t<\/div>\n\t\t\t\t<\/div>\n\t\t\t\t<section class=\"elementor-section elementor-inner-section elementor-element elementor-element-72ul9pe elementor-section-boxed elementor-section-height-default elementor-section-height-default\" data-id=\"72ul9pe\" data-element_type=\"section\">\n\t\t\t\t\t\t<div class=\"elementor-container elementor-column-gap-default\">\n\t\t\t\t\t<div class=\"elementor-column elementor-col-100 elementor-inner-column elementor-element elementor-element-qc0vpnt\" data-id=\"qc0vpnt\" data-element_type=\"column\" data-settings=\"{&quot;background_background&quot;:&quot;gradient&quot;}\">\n\t\t\t<div class=\"elementor-widget-wrap elementor-element-populated\">\n\t\t\t\t\t<div class=\"elementor-background-overlay\"><\/div>\n\t\t\t\t\t\t<div class=\"elementor-element elementor-element-3t210sa elementor-widget elementor-widget-text-editor\" data-id=\"3t210sa\" data-element_type=\"widget\" data-widget_type=\"text-editor.default\">\n\t\t\t\t<div class=\"elementor-widget-container\">\n\t\t\t\t\t\t\t\t\t<p style=\"text-align: left;\"><span style=\"color: #ffffff;\"><strong>LORENA ANDREOLI <\/strong><\/span><\/p><p style=\"text-align: left;\"><span style=\"color: #ffffff;\"><strong>T\u00edtulo:\u00a0<\/strong>Caracterizaci\u00f3n conductual y electrofisiol\u00f3gica del modelo animal de esquizofrenia por aislamiento social.<\/span><\/p><p style=\"text-align: left;\"><span style=\"color: #ffffff;\"><strong>Tutor:<\/strong>\u00a0Edgard Morya.<br \/><strong>L\u00ednea de investigaci\u00f3n:\u00a0<\/strong>Neuromodulaci\u00f3n.<br \/><strong>Fecha de defensa:<\/strong>\u00a023\/02\/2018.<\/span><\/p>\t\t\t\t\t\t\t\t<\/div>\n\t\t\t\t<\/div>\n\t\t\t\t<div class=\"elementor-element elementor-element-k7954lv elementor-button-warning elementor-align-center elementor-widget elementor-widget-button\" data-id=\"k7954lv\" data-element_type=\"widget\" data-widget_type=\"button.default\">\n\t\t\t\t<div class=\"elementor-widget-container\">\n\t\t\t\t\t\t\t\t\t<div class=\"elementor-button-wrapper\">\n\t\t\t\t\t<a class=\"elementor-button elementor-button-link elementor-size-md\" href=\"https:\/\/institutosantosdumont.org.br\/wp-content\/uploads\/2018\/08\/resumo-mestrado-iinels-lorena-andreoli.pdf\" target=\"_blank\">\n\t\t\t\t\t\t<span class=\"elementor-button-content-wrapper\">\n\t\t\t\t\t\t\t\t\t<span class=\"elementor-button-text\">Resumen<\/span>\n\t\t\t\t\t<\/span>\n\t\t\t\t\t<\/a>\n\t\t\t\t<\/div>\n\t\t\t\t\t\t\t\t<\/div>\n\t\t\t\t<\/div>\n\t\t\t\t\t<\/div>\n\t\t<\/div>\n\t\t\t\t\t<\/div>\n\t\t<\/section>\n\t\t\t\t<div class=\"elementor-element elementor-element-k3kc6t1 elementor-widget elementor-widget-spacer\" data-id=\"k3kc6t1\" data-element_type=\"widget\" data-widget_type=\"spacer.default\">\n\t\t\t\t<div class=\"elementor-widget-container\">\n\t\t\t\t\t\t\t<div class=\"elementor-spacer\">\n\t\t\t<div class=\"elementor-spacer-inner\"><\/div>\n\t\t<\/div>\n\t\t\t\t\t\t<\/div>\n\t\t\t\t<\/div>\n\t\t\t\t\t<\/div>\n\t\t<\/div>\n\t\t\t\t\t<\/div>\n\t\t<\/section>\n\t\t\t\t<\/div>","protected":false},"excerpt":{"rendered":"<p>Conhe\u00e7a os profissionais intitulados Mestres em Neuroengenharia pelo Instituto Internacional de Neuroci\u00eancias Edmond e Lily Safra (IIN-ELS) no ano de 2018: JOS\u00c9 NELSON BADZIAK JUNIOR\u00a0 T\u00edtulo:\u00a0Neuromodula\u00e7\u00e3o de ritmos no Alzheimer pela estimula\u00e7\u00e3o cerebral profunda do Giro Denteado. Orientador:\u00a0Edgard Morya.Linha de Pesquisa:\u00a0Neuromodula\u00e7\u00e3o.Data da Defesa:\u00a031\/07\/2018. CAMILLE RE\u00c1TEGUI SILVA T\u00edtulo:\u00a0Proposta de acionamento para dispositivo prost\u00e9tico de baixo custo [&hellip;]<\/p>","protected":false},"author":6,"featured_media":0,"parent":0,"menu_order":0,"comment_status":"closed","ping_status":"closed","template":"template-page.php","meta":{"_acf_changed":false,"footnotes":""},"class_list":["post-14421","page","type-page","status-publish","hentry"],"acf":[],"_links":{"self":[{"href":"https:\/\/institutosantosdumont.org.br\/es\/wp-json\/wp\/v2\/pages\/14421","targetHints":{"allow":["GET"]}}],"collection":[{"href":"https:\/\/institutosantosdumont.org.br\/es\/wp-json\/wp\/v2\/pages"}],"about":[{"href":"https:\/\/institutosantosdumont.org.br\/es\/wp-json\/wp\/v2\/types\/page"}],"author":[{"embeddable":true,"href":"https:\/\/institutosantosdumont.org.br\/es\/wp-json\/wp\/v2\/users\/6"}],"replies":[{"embeddable":true,"href":"https:\/\/institutosantosdumont.org.br\/es\/wp-json\/wp\/v2\/comments?post=14421"}],"version-history":[{"count":0,"href":"https:\/\/institutosantosdumont.org.br\/es\/wp-json\/wp\/v2\/pages\/14421\/revisions"}],"wp:attachment":[{"href":"https:\/\/institutosantosdumont.org.br\/es\/wp-json\/wp\/v2\/media?parent=14421"}],"curies":[{"name":"wp","href":"https:\/\/api.w.org\/{rel}","templated":true}]}}