{"id":21633,"date":"2021-05-10T11:48:21","date_gmt":"2021-05-10T14:48:21","guid":{"rendered":"http:\/\/www.institutosantosdumont.org.br\/?page_id=21633"},"modified":"2024-10-31T11:54:56","modified_gmt":"2024-10-31T14:54:56","slug":"anais-do-simposio","status":"publish","type":"page","link":"https:\/\/institutosantosdumont.org.br\/es\/anais-do-simposio\/","title":{"rendered":"Actas de los simposios"},"content":{"rendered":"<div data-elementor-type=\"wp-post\" data-elementor-id=\"21633\" class=\"elementor elementor-21633\" data-elementor-post-type=\"page\">\n\t\t\t\t\t\t<section class=\"elementor-section elementor-top-section elementor-element elementor-element-a3b306c elementor-section-boxed elementor-section-height-default elementor-section-height-default\" data-id=\"a3b306c\" data-element_type=\"section\">\n\t\t\t\t\t\t<div class=\"elementor-container elementor-column-gap-default\">\n\t\t\t\t\t<div class=\"elementor-column elementor-col-100 elementor-top-column elementor-element elementor-element-2ea866f\" data-id=\"2ea866f\" data-element_type=\"column\">\n\t\t\t<div class=\"elementor-widget-wrap elementor-element-populated\">\n\t\t\t\t\t\t<div class=\"elementor-element elementor-element-bf8a7c3 elementor-tabs-view-horizontal elementor-widget elementor-widget-tabs\" data-id=\"bf8a7c3\" data-element_type=\"widget\" data-widget_type=\"tabs.default\">\n\t\t\t\t<div class=\"elementor-widget-container\">\n\t\t\t\t\t\t\t<div class=\"elementor-tabs\">\n\t\t\t<div class=\"elementor-tabs-wrapper\" role=\"tablist\" >\n\t\t\t\t\t\t\t\t\t<div id=\"elementor-tab-title-2001\" class=\"elementor-tab-title elementor-tab-desktop-title\" aria-selected=\"true\" data-tab=\"1\" role=\"tab\" tabindex=\"0\" aria-controls=\"elementor-tab-content-2001\" aria-expanded=\"false\">Ediciones anteriores<\/div>\n\t\t\t\t\t\t\t\t\t<div id=\"elementor-tab-title-2002\" class=\"elementor-tab-title elementor-tab-desktop-title\" aria-selected=\"false\" data-tab=\"2\" role=\"tab\" tabindex=\"-1\" aria-controls=\"elementor-tab-content-2002\" aria-expanded=\"false\">Horas<\/div>\n\t\t\t\t\t\t\t\t\t<div id=\"elementor-tab-title-2003\" class=\"elementor-tab-title elementor-tab-desktop-title\" aria-selected=\"false\" data-tab=\"3\" role=\"tab\" tabindex=\"-1\" aria-controls=\"elementor-tab-content-2003\" aria-expanded=\"false\">Edici\u00f3n actual - 2024<\/div>\n\t\t\t\t\t\t\t<\/div>\n\t\t\t<div class=\"elementor-tabs-content-wrapper\" role=\"tablist\" aria-orientation=\"vertical\">\n\t\t\t\t\t\t\t\t\t<div class=\"elementor-tab-title elementor-tab-mobile-title\" aria-selected=\"true\" data-tab=\"1\" role=\"tab\" tabindex=\"0\" aria-controls=\"elementor-tab-content-2001\" aria-expanded=\"false\">Ediciones anteriores<\/div>\n\t\t\t\t\t<div id=\"elementor-tab-content-2001\" class=\"elementor-tab-content elementor-clearfix\" data-tab=\"1\" role=\"tabpanel\" aria-labelledby=\"elementor-tab-title-2001\" tabindex=\"0\" hidden=\"false\"><p><a style=\"background-color: #ffffff;\" href=\"https:\/\/institutosantosdumont.org.br\/wp-content\/uploads\/2021\/05\/Vol.-1-N.-1-2015.-II-Simp%C3%B3sio-de-Neuroengenharia.pdf\" target=\"_blank\" rel=\"noopener\">Volumen No. 1 \u2013 Simposio de Neuroingenier\u00eda 2015<\/a><\/p><p><a href=\"https:\/\/institutosantosdumont.org.br\/wp-content\/uploads\/2021\/05\/Vol.-2-N.-1-2016.-III-Simp%C3%B3sio-de-Neuroengenharia.pdf\" target=\"_blank\" rel=\"noopener\">\u00a0Volumen no 2 \u2013 Simposio de Neuroingenier\u00eda 2016<\/a><\/p><p><a href=\"https:\/\/institutosantosdumont.org.br\/wp-content\/uploads\/2021\/05\/Vol.-3-N.-1-2017.-IV-Simp%C3%B3sio-de-Neuroengenharia.pdf\" target=\"_blank\" rel=\"noopener\">\u00a0Volumen no 3 \u2013 Simposio de Neuroingenier\u00eda 2017\u00a0\u00a0<\/a><\/p><p><a style=\"background-color: #ffffff;\" href=\"https:\/\/institutosantosdumont.org.br\/wp-content\/uploads\/2021\/05\/Vol.-4-N.-1-2018.-V-Simp%C3%B3sio-de-Neuroengenharia.pdf\" target=\"_blank\" rel=\"noopener\">Volumen No. 4 \u2013 Simposio de Neuroingenier\u00eda 2018<\/a><\/p><p><a style=\"background-color: #ffffff;\" href=\"https:\/\/institutosantosdumont.org.br\/wp-content\/uploads\/2021\/05\/Vol.-5-N.-1-2019.-VI-Simp%C3%B3sio-de-Neuroengenharia.pdf\" target=\"_blank\" rel=\"noopener\">Volumen n\u00ba 5 \u2013 Simposio de Neuroingenier\u00eda 2019<\/a><\/p><p><a href=\"https:\/\/institutosantosdumont.org.br\/wp-content\/uploads\/2024\/10\/Vol.-6-N.-1-2021.-Anais-do-VII-Simposio-de-Neuroengenharia.pdf\">Volumen n.\u00b0 6 \u2013 Simposio de neuroingenier\u00eda 2021<\/a><br \/><br \/><a href=\"https:\/\/institutosantosdumont.org.br\/wp-content\/uploads\/2024\/10\/Vol.-7-N.-1-2022.-Anais-do-VIII-Simposio-de-Neuroengenharia.pdf\">Volumen n.\u00b0 7 \u2013 Simposio de neuroingenier\u00eda 2022<\/a><\/p><\/div>\n\t\t\t\t\t\t\t\t\t<div class=\"elementor-tab-title elementor-tab-mobile-title\" aria-selected=\"false\" data-tab=\"2\" role=\"tab\" tabindex=\"-1\" aria-controls=\"elementor-tab-content-2002\" aria-expanded=\"false\">Horas<\/div>\n\t\t\t\t\t<div id=\"elementor-tab-content-2002\" class=\"elementor-tab-content elementor-clearfix\" data-tab=\"2\" role=\"tabpanel\" aria-labelledby=\"elementor-tab-title-2002\" tabindex=\"0\" hidden=\"hidden\"><section class=\"elementor-element elementor-element-a463a90 elementor-section-boxed elementor-section-height-default elementor-section-height-default elementor-section elementor-top-section\" data-id=\"a463a90\" data-element_type=\"section\"><div class=\"elementor-container elementor-column-gap-default\"><div class=\"elementor-row\"><div class=\"elementor-element elementor-element-299caeb elementor-column elementor-col-100 elementor-top-column\" data-id=\"299caeb\" data-element_type=\"column\"><div class=\"elementor-column-wrap elementor-element-populated\"><div class=\"elementor-widget-wrap\"><div class=\"elementor-element elementor-element-129b853 elementor-widget elementor-widget-text-editor\" data-id=\"129b853\" data-element_type=\"widget\" data-widget_type=\"text-editor.default\"><div class=\"elementor-widget-container\"><div class=\"elementor-text-editor elementor-clearfix\"><h2><strong>Actas del Simposio de Neuroingenier\u00eda \u2013 <a href=\"https:\/\/institutosantosdumont.org.br\/es\/expediente-2\/\">Horas<\/a>\u00a0<\/strong><\/h2><\/div><\/div><\/div><\/div><\/div><\/div><\/div><\/div><\/section><section class=\"elementor-element elementor-element-4125668 elementor-section-boxed elementor-section-height-default elementor-section-height-default elementor-section elementor-top-section\" data-id=\"4125668\" data-element_type=\"section\"><div class=\"elementor-container elementor-column-gap-default\"><div class=\"elementor-row\"><div class=\"elementor-element elementor-element-4e1cd10 elementor-column elementor-col-100 elementor-top-column\" data-id=\"4e1cd10\" data-element_type=\"column\"><div class=\"elementor-column-wrap elementor-element-populated\"><div class=\"elementor-widget-wrap\"><div class=\"elementor-element elementor-element-c26ebb9 elementor-widget elementor-widget-text-editor\" data-id=\"c26ebb9\" data-element_type=\"widget\" data-widget_type=\"text-editor.default\"><div class=\"elementor-widget-container\"><div class=\"elementor-text-editor elementor-clearfix\"><p><strong>Frecuencia:<\/strong>\u00a0Anual.<\/p><p><em>Instituto de Docencia e Investigaci\u00f3n (ISD) Alberto Santos Dumont.<\/em><br \/><em>Avenida Alberto Santos Dumont, 1,560, \u00c1rea Rural, C\u00f3digo Postal 59288-899, Maca\u00edba\/RN.<\/em><br \/><em>Secretar\u00eda de Investigaci\u00f3n y Posgrado \/ ISD.<\/em><\/p><\/div><\/div><\/div><\/div><\/div><\/div><\/div><\/div><\/section><\/div>\n\t\t\t\t\t\t\t\t\t<div class=\"elementor-tab-title elementor-tab-mobile-title\" aria-selected=\"false\" data-tab=\"3\" role=\"tab\" tabindex=\"-1\" aria-controls=\"elementor-tab-content-2003\" aria-expanded=\"false\">Edici\u00f3n actual - 2024<\/div>\n\t\t\t\t\t<div id=\"elementor-tab-content-2003\" class=\"elementor-tab-content elementor-clearfix\" data-tab=\"3\" role=\"tabpanel\" aria-labelledby=\"elementor-tab-title-2003\" tabindex=\"0\" hidden=\"hidden\"><p>En 2024, el Simposio de Neuroingenier\u00eda ISD llegar\u00e1 a su d\u00e9cima edici\u00f3n. El evento se llevar\u00e1 a cabo de forma presencial en el Instituto Internacional de Neurociencia Edmond y Lily Safra (IIN-ELS).<\/p><p>Para m\u00e1s informaci\u00f3n sobre inscripci\u00f3n, plazos y reglas de presentaci\u00f3n de trabajos cient\u00edficos y programaci\u00f3n, visite:<\/p><p><a href=\"https:\/\/eventos.congresse.me\/xns#schedule\" target=\"_blank\" rel=\"noopener noreferrer nofollow\"><strong>https:\/\/eventos.congresse.me\/xns#schedule<\/strong><\/a><\/p><\/div>\n\t\t\t\t\t\t\t<\/div>\n\t\t<\/div>\n\t\t\t\t\t\t<\/div>\n\t\t\t\t<\/div>\n\t\t\t\t\t<\/div>\n\t\t<\/div>\n\t\t\t\t\t<\/div>\n\t\t<\/section>\n\t\t\t\t<\/div>","protected":false},"excerpt":{"rendered":"<p>Ediciones anteriores Equipo editorial Edici\u00f3n actual \u2013 2024 Ediciones anteriores Volumen n.\u00b0 1 \u2013 Simposio de Neuroingenier\u00eda 2015 Volumen n.\u00b0 2 \u2013 Simposio de Neuroingenier\u00eda 2016 Volumen n.\u00b0 3 \u2013 Simposio de Neuroingenier\u00eda 2017 Volumen n.\u00b0 4 \u2013 Simposio de Neuroingenier\u00eda 2018 Volumen n.\u00b0 5 \u2013 Simposio de Neuroingenier\u00eda 2019 Volumen n.\u00b0 6 \u2013 Simposio de [\u2026]<\/p>","protected":false},"author":10,"featured_media":0,"parent":0,"menu_order":0,"comment_status":"closed","ping_status":"closed","template":"","meta":{"_acf_changed":false,"footnotes":""},"class_list":["post-21633","page","type-page","status-publish","hentry"],"acf":[],"_links":{"self":[{"href":"https:\/\/institutosantosdumont.org.br\/es\/wp-json\/wp\/v2\/pages\/21633","targetHints":{"allow":["GET"]}}],"collection":[{"href":"https:\/\/institutosantosdumont.org.br\/es\/wp-json\/wp\/v2\/pages"}],"about":[{"href":"https:\/\/institutosantosdumont.org.br\/es\/wp-json\/wp\/v2\/types\/page"}],"author":[{"embeddable":true,"href":"https:\/\/institutosantosdumont.org.br\/es\/wp-json\/wp\/v2\/users\/10"}],"replies":[{"embeddable":true,"href":"https:\/\/institutosantosdumont.org.br\/es\/wp-json\/wp\/v2\/comments?post=21633"}],"version-history":[{"count":0,"href":"https:\/\/institutosantosdumont.org.br\/es\/wp-json\/wp\/v2\/pages\/21633\/revisions"}],"wp:attachment":[{"href":"https:\/\/institutosantosdumont.org.br\/es\/wp-json\/wp\/v2\/media?parent=21633"}],"curies":[{"name":"wp","href":"https:\/\/api.w.org\/{rel}","templated":true}]}}