{"id":23690,"date":"2022-03-09T11:20:11","date_gmt":"2022-03-09T14:20:11","guid":{"rendered":"http:\/\/www.institutosantosdumont.org.br\/?page_id=23690"},"modified":"2022-05-03T16:47:41","modified_gmt":"2022-05-03T19:47:41","slug":"faculty-members","status":"publish","type":"page","link":"https:\/\/institutosantosdumont.org.br\/es\/faculty-members\/","title":{"rendered":"Miembros de la facultad"},"content":{"rendered":"<div data-elementor-type=\"wp-post\" data-elementor-id=\"23690\" class=\"elementor elementor-23690\" data-elementor-post-type=\"page\">\n\t\t\t\t\t\t<section class=\"elementor-section elementor-top-section elementor-element elementor-element-xatlv7e elementor-section-boxed elementor-section-height-default elementor-section-height-default\" data-id=\"xatlv7e\" data-element_type=\"section\">\n\t\t\t\t\t\t<div class=\"elementor-container elementor-column-gap-default\">\n\t\t\t\t\t<div class=\"elementor-column elementor-col-100 elementor-top-column elementor-element elementor-element-fkbi1pe\" data-id=\"fkbi1pe\" data-element_type=\"column\">\n\t\t\t<div class=\"elementor-widget-wrap elementor-element-populated\">\n\t\t\t\t\t\t<div class=\"elementor-element elementor-element-09x9szl elementor-widget elementor-widget-spacer\" data-id=\"09x9szl\" data-element_type=\"widget\" data-widget_type=\"spacer.default\">\n\t\t\t\t<div class=\"elementor-widget-container\">\n\t\t\t\t\t\t\t<div class=\"elementor-spacer\">\n\t\t\t<div class=\"elementor-spacer-inner\"><\/div>\n\t\t<\/div>\n\t\t\t\t\t\t<\/div>\n\t\t\t\t<\/div>\n\t\t\t\t<div class=\"elementor-element elementor-element-qzq7i7j elementor-widget elementor-widget-text-editor\" data-id=\"qzq7i7j\" data-element_type=\"widget\" data-widget_type=\"text-editor.default\">\n\t\t\t\t<div class=\"elementor-widget-container\">\n\t\t\t\t\t\t\t\t\t<p style=\"text-align: center;\">El programa de Maestr\u00eda del Instituto Santos Dumont cuenta con un equipo multidisciplinario de profesores e investigadores. Los estudios cient\u00edficos son realizados por m\u00e9dicos, veterinarios, ingenieros, f\u00edsicos, bi\u00f3logos, logopedas, psic\u00f3logos y fisioterapeutas, entre otros.<\/p><p style=\"text-align: center;\"><b>Conozca a nuestros miembros de la facultad:<\/b><\/p>\t\t\t\t\t\t\t\t<\/div>\n\t\t\t\t<\/div>\n\t\t\t\t<div class=\"elementor-element elementor-element-92zn8hs elementor-widget elementor-widget-spacer\" data-id=\"92zn8hs\" data-element_type=\"widget\" data-widget_type=\"spacer.default\">\n\t\t\t\t<div class=\"elementor-widget-container\">\n\t\t\t\t\t\t\t<div class=\"elementor-spacer\">\n\t\t\t<div class=\"elementor-spacer-inner\"><\/div>\n\t\t<\/div>\n\t\t\t\t\t\t<\/div>\n\t\t\t\t<\/div>\n\t\t\t\t\t<\/div>\n\t\t<\/div>\n\t\t\t\t\t<\/div>\n\t\t<\/section>\n\t\t\t\t<section class=\"elementor-section elementor-top-section elementor-element elementor-element-pnzcbuf elementor-section-full_width elementor-section-height-default elementor-section-height-default\" data-id=\"pnzcbuf\" data-element_type=\"section\" data-settings=\"{&quot;background_background&quot;:&quot;gradient&quot;}\">\n\t\t\t\t\t\t<div class=\"elementor-container elementor-column-gap-default\">\n\t\t\t\t\t<div class=\"elementor-column elementor-col-100 elementor-top-column elementor-element elementor-element-4csooes\" data-id=\"4csooes\" data-element_type=\"column\">\n\t\t\t<div class=\"elementor-widget-wrap elementor-element-populated\">\n\t\t\t\t\t\t<div class=\"elementor-element elementor-element-qzopung elementor-widget elementor-widget-heading\" data-id=\"qzopung\" data-element_type=\"widget\" data-widget_type=\"heading.default\">\n\t\t\t\t<div class=\"elementor-widget-container\">\n\t\t\t\t\t<h2 class=\"elementor-heading-title elementor-size-default\">INVESTIGADORES<\/h2>\t\t\t\t<\/div>\n\t\t\t\t<\/div>\n\t\t\t\t<section class=\"elementor-section elementor-inner-section elementor-element elementor-element-68e8a02 elementor-section-boxed elementor-section-height-default elementor-section-height-default\" data-id=\"68e8a02\" data-element_type=\"section\" data-settings=\"{&quot;background_background&quot;:&quot;classic&quot;}\">\n\t\t\t\t\t\t<div class=\"elementor-container elementor-column-gap-default\">\n\t\t\t\t\t<div class=\"elementor-column elementor-col-100 elementor-inner-column elementor-element elementor-element-c55f83b\" data-id=\"c55f83b\" data-element_type=\"column\" data-settings=\"{&quot;background_background&quot;:&quot;classic&quot;}\">\n\t\t\t<div class=\"elementor-widget-wrap elementor-element-populated\">\n\t\t\t\t\t\t<div class=\"elementor-element elementor-element-4d0453c elementor-position-left elementor-vertical-align-top elementor-widget elementor-widget-image-box\" data-id=\"4d0453c\" data-element_type=\"widget\" data-widget_type=\"image-box.default\">\n\t\t\t\t<div class=\"elementor-widget-container\">\n\t\t\t\t\t<div class=\"elementor-image-box-wrapper\"><figure class=\"elementor-image-box-img\"><img fetchpriority=\"high\" decoding=\"async\" width=\"600\" height=\"600\" src=\"https:\/\/institutosantosdumont.org.br\/wp-content\/uploads\/2019\/09\/Abner-Perfil.png\" class=\"attachment-full size-full wp-image-17262\" alt=\"\" srcset=\"https:\/\/institutosantosdumont.org.br\/wp-content\/uploads\/2019\/09\/Abner-Perfil.png 600w, https:\/\/institutosantosdumont.org.br\/wp-content\/uploads\/2019\/09\/Abner-Perfil-150x150.png 150w, https:\/\/institutosantosdumont.org.br\/wp-content\/uploads\/2019\/09\/Abner-Perfil-300x300.png 300w\" sizes=\"(max-width: 600px) 100vw, 600px\" \/><\/figure><div class=\"elementor-image-box-content\"><h3 class=\"elementor-image-box-title\">Abner Cardoso Rodrigues Neto, Ph.D.<\/h3><p class=\"elementor-image-box-description\"><strong><a href=\"mailto:abner.neto@isd.org.br\">Correo electr\u00f3nico<\/a>&nbsp; |&nbsp;&nbsp;<a href=\"http:\/\/lattes.cnpq.br\/6459410325573372\" target=\"_blank\" rel=\"noopener noreferrer\">Lattes curriculares<\/a> |&nbsp;<a href=\"https:\/\/scholar.google.com.br\/citations?user=0dTid9EAAAAJ&amp;hl=en\" target=\"_blank\" rel=\"noopener noreferrer\">Google Acad\u00e9mico<\/a><\/strong><br><br>Abner Cardoso es licenciado en Inform\u00e1tica por la Universidad Estadual de Cear\u00e1 (2007), M\u00e1ster en Inform\u00e1tica por la Universidad Federal de Santa Catarina (2010) y Doctor en<span style=\"font-weight: 700\"> <\/span>Bioinform\u00e1tica de la Universidad de S\u00e3o Paulo (2016). Tiene experiencia en <span style=\"font-weight: 700\">Ciencias de la Computaci\u00f3n<\/span>, <span style=\"font-weight: 700\">con \u00e9nfasis en<\/span> <span style=\"font-weight: 700\">Inteligencia artificial, procesamiento de se\u00f1ales y an\u00e1lisis de series temporales<\/span>. .<\/p><\/div><\/div>\t\t\t\t<\/div>\n\t\t\t\t<\/div>\n\t\t\t\t<div class=\"elementor-element elementor-element-c526ca0 elementor-widget elementor-widget-accordion\" data-id=\"c526ca0\" data-element_type=\"widget\" data-widget_type=\"accordion.default\">\n\t\t\t\t<div class=\"elementor-widget-container\">\n\t\t\t\t\t\t\t<div class=\"elementor-accordion\">\n\t\t\t\t\t\t\t<div class=\"elementor-accordion-item\">\n\t\t\t\t\t<div id=\"elementor-tab-title-2061\" class=\"elementor-tab-title\" data-tab=\"1\" role=\"button\" aria-controls=\"elementor-tab-content-2061\" aria-expanded=\"false\">\n\t\t\t\t\t\t\t\t\t\t\t\t\t<span class=\"elementor-accordion-icon elementor-accordion-icon-left\" aria-hidden=\"true\">\n\t\t\t\t\t\t\t\t\t\t\t\t\t\t\t<i class=\"elementor-accordion-icon-closed fa fa-plus-circle\"><\/i>\n\t\t\t\t\t\t\t\t<i class=\"elementor-accordion-icon-opened\"><\/i>\n\t\t\t\t\t\t\t\t\t\t\t\t\t\t<\/span>\n\t\t\t\t\t\t\t\t\t\t\t\t<a class=\"elementor-accordion-title\" tabindex=\"0\">Consulte los \u00faltimos trabajos publicados por el investigador<\/a>\n\t\t\t\t\t<\/div>\n\t\t\t\t\t<div id=\"elementor-tab-content-2061\" class=\"elementor-tab-content elementor-clearfix\" data-tab=\"1\" role=\"region\" aria-labelledby=\"elementor-tab-title-2061\"><p>\u2022 T\u00falio Fernandes de Almeida, Edgard Morya, Abner Cardoso Rodrigues, Andr\u00e9 Felipe Oliveira de Azevedo Dantas.\u00a0<b><a href=\"https:\/\/www.mdpi.com\/1424-8220\/21\/19\/6477\" target=\"_blank\" rel=\"noopener noreferrer nofollow\">Desarrollo de un sistema de medici\u00f3n de c\u00f3digo abierto de bajo costo para la estimaci\u00f3n del \u00e1ngulo de las articulaciones<\/a>.\u00a0<\/b><strong><em>Sensores, 2021<\/em><\/strong><\/p><p>\u2022 Fernandoda Silva Fiorin, Mariane de Ara\u00fajo e Silva, Abner Cardoso Rodrigues. <strong><a href=\"https:\/\/www.sciencedirect.com\/science\/article\/pii\/S0024320521009590?via%3Dihub\" target=\"_blank\" rel=\"noopener noreferrer nofollow\">Estimulaci\u00f3n el\u00e9ctrica en modelos animales de epilepsia: una revisi\u00f3n sobre aspectos celulares y electrofisiol\u00f3gicos.<\/a>.<\/strong> <em><strong>Ciencias de la vida, 2021.<\/strong><\/em><strong><br \/><\/strong><\/p><p>. Jos\u00e9 Micael Barbosa, T\u00e1ssia Nunes, T\u00e2mara Nunes, Abner Neto, Edgard Morya.\u00a0<strong><a href=\"https:\/\/link.springer.com\/article\/10.1007\/s42600-020-00066-8\" target=\"_blank\" rel=\"noopener noreferrer nofollow\">Segmentaci\u00f3n activa semiautom\u00e1tica basada en contornos para eliminar ojos, meninges y cr\u00e1neo de la resonancia magn\u00e9tica.<\/a><\/strong>\u00a0(2446-4740) <em><strong>Investigaci\u00f3n en Ingenier\u00eda Biom\u00e9dica, 2020.\u00a0<\/strong><\/em><\/p><\/div>\n\t\t\t\t<\/div>\n\t\t\t\t\t\t\t\t<\/div>\n\t\t\t\t\t\t<\/div>\n\t\t\t\t<\/div>\n\t\t\t\t\t<\/div>\n\t\t<\/div>\n\t\t\t\t\t<\/div>\n\t\t<\/section>\n\t\t\t\t<section class=\"elementor-section elementor-inner-section elementor-element elementor-element-3cd36fc elementor-section-boxed elementor-section-height-default elementor-section-height-default\" data-id=\"3cd36fc\" data-element_type=\"section\" data-settings=\"{&quot;background_background&quot;:&quot;classic&quot;}\">\n\t\t\t\t\t\t<div class=\"elementor-container elementor-column-gap-default\">\n\t\t\t\t\t<div class=\"elementor-column elementor-col-100 elementor-inner-column elementor-element elementor-element-850c5d8\" data-id=\"850c5d8\" data-element_type=\"column\" data-settings=\"{&quot;background_background&quot;:&quot;classic&quot;}\">\n\t\t\t<div class=\"elementor-widget-wrap elementor-element-populated\">\n\t\t\t\t\t\t<div class=\"elementor-element elementor-element-5eaa27c elementor-position-left elementor-vertical-align-top elementor-widget elementor-widget-image-box\" data-id=\"5eaa27c\" data-element_type=\"widget\" data-widget_type=\"image-box.default\">\n\t\t\t\t<div class=\"elementor-widget-container\">\n\t\t\t\t\t<div class=\"elementor-image-box-wrapper\"><figure class=\"elementor-image-box-img\"><img decoding=\"async\" width=\"600\" height=\"600\" src=\"https:\/\/institutosantosdumont.org.br\/wp-content\/uploads\/2021\/07\/perfil-andr\u00e9.png\" class=\"attachment-full size-full wp-image-22098\" alt=\"\" srcset=\"https:\/\/institutosantosdumont.org.br\/wp-content\/uploads\/2021\/07\/perfil-andr\u00e9.png 600w, https:\/\/institutosantosdumont.org.br\/wp-content\/uploads\/2021\/07\/perfil-andr\u00e9-150x150.png 150w, https:\/\/institutosantosdumont.org.br\/wp-content\/uploads\/2021\/07\/perfil-andr\u00e9-300x300.png 300w\" sizes=\"(max-width: 600px) 100vw, 600px\" \/><\/figure><div class=\"elementor-image-box-content\"><h3 class=\"elementor-image-box-title\">Andr\u00e9 Dantas, Ph.D.<\/h3><p class=\"elementor-image-box-description\"><b><a href=\"mailto:andre.dantas@isd.org.br\">Correo electr\u00f3nico<\/a>&nbsp; |&nbsp;&nbsp;<a href=\"http:\/\/lattes.cnpq.br\/8684342148910073\" target=\"_blank\" rel=\"noopener noreferrer\">Lattes curriculares<\/a>&nbsp;|<a href=\"https:\/\/scholar.google.com.br\/citations?user=lH6zW30AAAAJ&amp;hl=en\" target=\"_blank\" rel=\"noopener noreferrer\"> Google Acad\u00e9mico<\/a><br><\/b><br>Andr\u00e9 Dantas tiene dos t\u00edtulos: uno en Tecnolog\u00eda de Automatizaci\u00f3n Industrial obtenido en el Instituto Federal de Educaci\u00f3n, Ciencia y Tecnolog\u00eda de Rio Grande do Norte (2009), y otro en Ingenier\u00eda Inform\u00e1tica de la Universidad Potiguar. Adem\u00e1s, tiene Maestr\u00eda y Doctorado en Ingenier\u00eda El\u00e9ctrica e Inform\u00e1tica por la Universidad Federal de Rio Grande do Norte (UFRN). Tiene experiencia en <span style=\"font-weight: 700\">Sistemas de Procesamiento de Se\u00f1ales y Control PID, Predictivos, Difusos, Adaptativos, Inteligentes.<\/span><br><\/p><\/div><\/div>\t\t\t\t<\/div>\n\t\t\t\t<\/div>\n\t\t\t\t<div class=\"elementor-element elementor-element-5b1f725 elementor-widget elementor-widget-accordion\" data-id=\"5b1f725\" data-element_type=\"widget\" data-widget_type=\"accordion.default\">\n\t\t\t\t<div class=\"elementor-widget-container\">\n\t\t\t\t\t\t\t<div class=\"elementor-accordion\">\n\t\t\t\t\t\t\t<div class=\"elementor-accordion-item\">\n\t\t\t\t\t<div id=\"elementor-tab-title-9551\" class=\"elementor-tab-title\" data-tab=\"1\" role=\"button\" aria-controls=\"elementor-tab-content-9551\" aria-expanded=\"false\">\n\t\t\t\t\t\t\t\t\t\t\t\t\t<span class=\"elementor-accordion-icon elementor-accordion-icon-left\" aria-hidden=\"true\">\n\t\t\t\t\t\t\t\t\t\t\t\t\t\t\t<i class=\"elementor-accordion-icon-closed fa fa-plus-circle\"><\/i>\n\t\t\t\t\t\t\t\t<i class=\"elementor-accordion-icon-opened\"><\/i>\n\t\t\t\t\t\t\t\t\t\t\t\t\t\t<\/span>\n\t\t\t\t\t\t\t\t\t\t\t\t<a class=\"elementor-accordion-title\" tabindex=\"0\">Consulte los \u00faltimos trabajos publicados por el investigador<\/a>\n\t\t\t\t\t<\/div>\n\t\t\t\t\t<div id=\"elementor-tab-content-9551\" class=\"elementor-tab-content elementor-clearfix\" data-tab=\"1\" role=\"region\" aria-labelledby=\"elementor-tab-title-9551\"><p>\u2022 T\u00falio Fernandes de Almeida, Edgard Morya, Abner Cardoso Rodrigues, Andr\u00e9 Felipe Oliveira de Azevedo Dantas.\u00a0<span style=\"font-weight: bold;\"><a href=\"https:\/\/www.mdpi.com\/1424-8220\/21\/19\/6477\" target=\"_blank\" rel=\"noopener noreferrer nofollow\">Desarrollo de un sistema de medici\u00f3n de c\u00f3digo abierto de bajo costo para la estimaci\u00f3n del \u00e1ngulo de las articulaciones<\/a>.\u00a0<\/span><span style=\"font-weight: bold;\"><em>Sensores, 2021<\/em><\/span><\/p><p>\u2022 Emanoel RQ Chaves Jr., Andr\u00e9 FO de A. Dantas y Andr\u00e9 L. Maitelli.\u00a0<b><a href=\"https:\/\/link.springer.com\/article\/10.1007\/s12555-020-0170-x\" target=\"_blank\" rel=\"noopener noreferrer nofollow\">T\u00e9cnica de estimaci\u00f3n de fallas de sensores y actuadores basada en observadores de entrada desconocida para sistemas Takagi-Sugeno de tiempo discreto incierto<\/a>. <i>Revista Internacional de Control, Automatizaci\u00f3n y Sistemas, 2021<\/i><\/b><\/p><p>\u00a0\u2022 Domingos LA Neto, Andr\u00e9 FOA Dantas, T\u00falio F. de Almeida, Junio A de Lima, Edgard Morya.\u00a0<b><a href=\"https:\/\/ieeexplore.ieee.org\/document\/9441233\" target=\"_blank\" rel=\"noopener noreferrer nofollow\">Comparaci\u00f3n del rendimiento del controlador para un modelo de articulaci\u00f3n de rodilla basado en entrada de estimulaci\u00f3n el\u00e9ctrica funcional.<\/a>\u00a0<i>IEEE Xplore, 2021<\/i><\/b><\/p><div>\u2022 Muthalagappan Narayanan, Aline Ferreira de Lima, Andr\u00e9 Felipe Oliveira de Azevedo Dantas, Walter Commerell.\u00a0<b><a href=\"https:\/\/www.mdpi.com\/1996-1073\/13\/21\/5761\" target=\"_blank\" rel=\"noopener noreferrer nofollow\">Desarrollo de un marco de simulaci\u00f3n TRNSYS-MATLAB acoplado para el control predictivo de modelos de un sistema integrado de energ\u00eda renovable residencial el\u00e9ctrico y t\u00e9rmico<\/a>.<\/b> <b><i>Energ\u00edas, 2020<\/i><\/b><\/div><div>\u00a0<\/div><div><p>\u2022 Amanda DOS Dantas, Andr\u00e9 FOA Dantas, T\u00falio FD Almeida, Carlos ET D\u00f3rea.\u00a0<a href=\"https:\/\/www.tandfonline.com\/doi\/abs\/10.1080\/00207721.2020.1795948?journalCode=tsys20\" target=\"_blank\" rel=\"noopener noreferrer nofollow\"><b>Dise\u00f1o de controladores de complejidad reducida para sistemas lineales bajo restricciones mediante an\u00e1lisis de clusters de datos.<\/b><\/a><b>. <i>Revista Internacional de Ciencia de Sistemas, 2020<\/i><\/b><\/p><p>\u2022 Daniel Guerra Vale da Fonseca, Andr\u00e9 Felipe O. de A. Dantas, Carlos Eduardo Trabuco D\u00f3rea, Andr\u00e9 Laurindo Maitelli.<i style=\"font-weight: bold;\">\u00a0<\/i><b><a href=\"https:\/\/www.hindawi.com\/journals\/jcse\/2019\/3612634\/\" target=\"_blank\" rel=\"noopener noreferrer nofollow\">Control Gpc expl\u00edcito aplicado a un sistema de gr\u00faa linealizado aproximado.<\/a><i>\u00a0<\/i><\/b><i style=\"font-weight: bold;\">\u00a0(1687-5249) <\/i><b><i>Revista de ciencia e ingenier\u00eda de control, 2019<\/i><\/b><\/p><\/div><div><p>\u2022 Jan Erik Mont Gomery Pinto, Andr\u00e9 Felipe Oliveira de Azevedo Dantas, Andre Laurindo Maitelli, Amanda Danielle Oliveira da Silva Dantas, Carlos Eduardo Trabucco D\u00f3rea, Jo\u00e3o Tiago Loureiro Sousa Campos, Everton Jos\u00e9 de Castro Rego.\u00a0<a href=\"https:\/\/link.springer.com\/article\/10.1007\/s40313-019-00456-z\" target=\"_blank\" rel=\"noopener noreferrer nofollow\"><b>Implementaci\u00f3n de PLC de controlador PI af\u00edn por partes aplicado a sistemas industriales con restricciones<\/b><\/a><b>.<\/b>\u00a0<b><i>Revista de Control, Automatizaci\u00f3n y Sistemas El\u00e9ctricos, 2019<\/i><\/b><\/p><p>\u2022 Emanoel RQ Chaves Jr., Andr\u00e9 FO de A. Dantas, Andr\u00e9 L. Maitelli.\u00a0<a href=\"https:\/\/link.springer.com\/article\/10.1007\/s40313-018-00435-w\" target=\"_blank\" rel=\"noopener noreferrer nofollow\"><b>Estimaci\u00f3n robusta de fallas de sensores y actuadores basada en observadores para sistemas de tiempo discreto.<\/b><\/a><b>\u00a0<\/b><i style=\"font-weight: bold;\">Revista de Control, Automatizaci\u00f3n y Sistemas El\u00e9ctricos, 2019<\/i><\/p><p>\u00a0<\/p><\/div><div>\u00a0<\/div><\/div>\n\t\t\t\t<\/div>\n\t\t\t\t\t\t\t\t<\/div>\n\t\t\t\t\t\t<\/div>\n\t\t\t\t<\/div>\n\t\t\t\t\t<\/div>\n\t\t<\/div>\n\t\t\t\t\t<\/div>\n\t\t<\/section>\n\t\t\t\t<section class=\"elementor-section elementor-inner-section elementor-element elementor-element-52b0dde elementor-section-boxed elementor-section-height-default elementor-section-height-default\" data-id=\"52b0dde\" data-element_type=\"section\" data-settings=\"{&quot;background_background&quot;:&quot;classic&quot;}\">\n\t\t\t\t\t\t<div class=\"elementor-container elementor-column-gap-default\">\n\t\t\t\t\t<div class=\"elementor-column elementor-col-100 elementor-inner-column elementor-element elementor-element-5c6a7fb\" data-id=\"5c6a7fb\" data-element_type=\"column\" data-settings=\"{&quot;background_background&quot;:&quot;classic&quot;}\">\n\t\t\t<div class=\"elementor-widget-wrap elementor-element-populated\">\n\t\t\t\t\t\t<div class=\"elementor-element elementor-element-c5b8cf9 elementor-position-left elementor-vertical-align-top elementor-widget elementor-widget-image-box\" data-id=\"c5b8cf9\" data-element_type=\"widget\" data-widget_type=\"image-box.default\">\n\t\t\t\t<div class=\"elementor-widget-container\">\n\t\t\t\t\t<div class=\"elementor-image-box-wrapper\"><figure class=\"elementor-image-box-img\"><img decoding=\"async\" width=\"600\" height=\"600\" src=\"https:\/\/institutosantosdumont.org.br\/wp-content\/uploads\/2022\/05\/Andressa-Perfil.png\" class=\"attachment-full size-full wp-image-24241\" alt=\"\" srcset=\"https:\/\/institutosantosdumont.org.br\/wp-content\/uploads\/2022\/05\/Andressa-Perfil.png 600w, https:\/\/institutosantosdumont.org.br\/wp-content\/uploads\/2022\/05\/Andressa-Perfil-150x150.png 150w, https:\/\/institutosantosdumont.org.br\/wp-content\/uploads\/2022\/05\/Andressa-Perfil-300x300.png 300w\" sizes=\"(max-width: 600px) 100vw, 600px\" \/><\/figure><div class=\"elementor-image-box-content\"><h3 class=\"elementor-image-box-title\">Andressa Radiske, Ph.D.<\/h3><p class=\"elementor-image-box-description\"><b><a href=\"mailto:andressa.radiske@isd.org.br\">Correo electr\u00f3nico<\/a>&nbsp; |&nbsp;&nbsp;<a href=\"http:\/\/lattes.cnpq.br\/0783119632703107\" target=\"_blank\" rel=\"noopener noreferrer nofollow\">Lattes curriculares<\/a>&nbsp;|<a href=\"https:\/\/scholar.google.com\/citations?user=Q_v2nQEAAAAJ&amp;hl=en\" target=\"_blank\" rel=\"noopener noreferrer\"> Google Acad\u00e9mico<\/a><br><\/b><br>Andressa Radiske es licenciada en <b>Biomedicina <\/b>del Centro Universit\u00e1rio Metodista do Rio Grande do Sul, la Maestr\u00eda en<b> Medicina y Ciencias de la Salud<\/b> de la Pontificia Universidad Cat\u00f3lica de Rio Grande do Sul (PUC-RS) y Doctor en<b> Gerontolog\u00eda Biom\u00e9dica<\/b> tambi\u00e9n de la PUC-RS. Desarroll\u00f3 investigaciones postdoctorales en el Instituto del Cerebro (ICE) de la Universidad Federal de Rio Grande do Norte (UFRN) en las \u00e1reas de<b> neurofisiolog\u00eda y neuropsicofarmacolog\u00eda<\/b>, con \u00e9nfasis en el estudio de los procesos involucrados en la formaci\u00f3n, mantenimiento y expresi\u00f3n de memorias espaciales, de reconocimiento y aversivos motivados por el miedo. Ella tiene experiencia en <b>comportamiento de roedores, farmacolog\u00eda, t\u00e9cnicas de biolog\u00eda molecular, electrofisiolog\u00eda in vivo, neuromodulaci\u00f3n y optogen\u00e9tica.<\/b><br><\/p><\/div><\/div>\t\t\t\t<\/div>\n\t\t\t\t<\/div>\n\t\t\t\t\t<\/div>\n\t\t<\/div>\n\t\t\t\t\t<\/div>\n\t\t<\/section>\n\t\t\t\t<section class=\"elementor-section elementor-inner-section elementor-element elementor-element-9808115 elementor-section-boxed elementor-section-height-default elementor-section-height-default\" data-id=\"9808115\" data-element_type=\"section\" data-settings=\"{&quot;background_background&quot;:&quot;classic&quot;}\">\n\t\t\t\t\t\t<div class=\"elementor-container elementor-column-gap-default\">\n\t\t\t\t\t<div class=\"elementor-column elementor-col-100 elementor-inner-column elementor-element elementor-element-1bcaf4c\" data-id=\"1bcaf4c\" data-element_type=\"column\" data-settings=\"{&quot;background_background&quot;:&quot;classic&quot;}\">\n\t\t\t<div class=\"elementor-widget-wrap elementor-element-populated\">\n\t\t\t\t\t\t<div class=\"elementor-element elementor-element-8dbfcc1 elementor-position-left elementor-vertical-align-top elementor-widget elementor-widget-image-box\" data-id=\"8dbfcc1\" data-element_type=\"widget\" data-widget_type=\"image-box.default\">\n\t\t\t\t<div class=\"elementor-widget-container\">\n\t\t\t\t\t<div class=\"elementor-image-box-wrapper\"><figure class=\"elementor-image-box-img\"><img loading=\"lazy\" decoding=\"async\" width=\"600\" height=\"600\" src=\"https:\/\/institutosantosdumont.org.br\/wp-content\/uploads\/2022\/05\/Caroline-Perfil.png\" class=\"attachment-full size-full wp-image-24240\" alt=\"\" srcset=\"https:\/\/institutosantosdumont.org.br\/wp-content\/uploads\/2022\/05\/Caroline-Perfil.png 600w, https:\/\/institutosantosdumont.org.br\/wp-content\/uploads\/2022\/05\/Caroline-Perfil-150x150.png 150w, https:\/\/institutosantosdumont.org.br\/wp-content\/uploads\/2022\/05\/Caroline-Perfil-300x300.png 300w\" sizes=\"(max-width: 600px) 100vw, 600px\" \/><\/figure><div class=\"elementor-image-box-content\"><h3 class=\"elementor-image-box-title\">Caroline Cunha do Esp\u00edrito Santo, Ph.D.<\/h3><p class=\"elementor-image-box-description\"><b><a href=\"mailto:caroline.cunha@isd.org.br\">Correo electr\u00f3nico<\/a>&nbsp; |&nbsp;&nbsp;<a href=\"http:\/\/lattes.cnpq.br\/4920759696380516\" target=\"_blank\" rel=\"noopener noreferrer nofollow\">Lattes curriculares<\/a><br><\/b><br>Caroline Cunha es licenciada en <span style=\"font-weight: 700\">Fisioterapia <\/span>de la Universidad Estadual de Santa Catarina (Udesc), Maestr\u00eda en Fisioterapia de la misma instituci\u00f3n y Doctorado en <span style=\"font-weight: 700\">Neurociencias <\/span>de la Universidad Federal de Santa Catarina (UFSC). Desarroll\u00f3 investigaci\u00f3n postdoctoral en la UDESC y trabaj\u00f3 como docente en la carrera de Fisioterapia de la UFSC (Campus Ararangu\u00e1) y en el <i>lato sensu<\/i> programa de posgrado en <span style=\"font-weight: 700\">Fisioterapia Neurofuncional Adultos y Ni\u00f1os<\/span> en Facultad Inspirar. Ella tiene experiencia en <span style=\"font-weight: 700\">Investigaci\u00f3n b\u00e1sica en roedores, modelos experimentales de lesi\u00f3n medular y evaluaci\u00f3n conductual relacionada con la recuperaci\u00f3n locomotora, la depresi\u00f3n y la ansiedad.<\/span>. Adem\u00e1s, tambi\u00e9n desarrolla estudios en el campo de la investigaci\u00f3n aplicada, en el \u00e1rea de <span style=\"font-weight: 700\">Fisioterapia Neurofuncional en individuos con Lesi\u00f3n M\u00e9dular, en el an\u00e1lisis de medidas no lineales para la evaluaci\u00f3n de se\u00f1ales biomec\u00e1nicas.<\/span><br><\/p><\/div><\/div>\t\t\t\t<\/div>\n\t\t\t\t<\/div>\n\t\t\t\t\t<\/div>\n\t\t<\/div>\n\t\t\t\t\t<\/div>\n\t\t<\/section>\n\t\t\t\t<section class=\"elementor-section elementor-inner-section elementor-element elementor-element-5e5247e elementor-section-boxed elementor-section-height-default elementor-section-height-default\" data-id=\"5e5247e\" data-element_type=\"section\" data-settings=\"{&quot;background_background&quot;:&quot;classic&quot;}\">\n\t\t\t\t\t\t<div class=\"elementor-container elementor-column-gap-default\">\n\t\t\t\t\t<div class=\"elementor-column elementor-col-100 elementor-inner-column elementor-element elementor-element-a592f2f\" data-id=\"a592f2f\" data-element_type=\"column\" data-settings=\"{&quot;background_background&quot;:&quot;classic&quot;}\">\n\t\t\t<div class=\"elementor-widget-wrap elementor-element-populated\">\n\t\t\t\t\t\t<div class=\"elementor-element elementor-element-1651e3d elementor-position-left elementor-vertical-align-top elementor-widget elementor-widget-image-box\" data-id=\"1651e3d\" data-element_type=\"widget\" data-widget_type=\"image-box.default\">\n\t\t\t\t<div class=\"elementor-widget-container\">\n\t\t\t\t\t<div class=\"elementor-image-box-wrapper\"><figure class=\"elementor-image-box-img\"><img loading=\"lazy\" decoding=\"async\" width=\"600\" height=\"600\" src=\"https:\/\/institutosantosdumont.org.br\/wp-content\/uploads\/2022\/05\/Denis-perfil.png\" class=\"attachment-full size-full wp-image-24239\" alt=\"\" srcset=\"https:\/\/institutosantosdumont.org.br\/wp-content\/uploads\/2022\/05\/Denis-perfil.png 600w, https:\/\/institutosantosdumont.org.br\/wp-content\/uploads\/2022\/05\/Denis-perfil-150x150.png 150w, https:\/\/institutosantosdumont.org.br\/wp-content\/uploads\/2022\/05\/Denis-perfil-300x300.png 300w\" sizes=\"(max-width: 600px) 100vw, 600px\" \/><\/figure><div class=\"elementor-image-box-content\"><h3 class=\"elementor-image-box-title\">Denis Delisle Rodr\u00edguez, Ph.D.<\/h3><p class=\"elementor-image-box-description\"><b><a href=\"mailto:denis.delisle@isd.org.br\">Correo electr\u00f3nico<\/a>&nbsp; |&nbsp;&nbsp;<a href=\"http:\/\/lattes.cnpq.br\/7140331839822423\" rel=\"noopener noreferrer\" target=\"_blank\">Lattes curriculares<\/a> | <a href=\"https:\/\/scholar.google.com.cu\/citations?user=axdSb0MAAAAJ&amp;hl=es\" rel=\"noopener noreferrer\" target=\"_blank\"> Google Acad\u00e9mico <\/a> <br><\/b><br>Denis Delisle es licenciado en <b>Ingenier\u00eda de Telecomunicaciones y Electr\u00f3nica <\/b>de la Universidad del Oriente Cuba, Maestr\u00eda en <b>Ingenier\u00eda Biom\u00e9dica <\/b>de la misma instituci\u00f3n y doctor en <b>Electrotecnia <\/b>de la Universidad Federal de Esp\u00edrito Santo (UFES), donde tambi\u00e9n realiz\u00f3 investigaciones postdoctorales. Tiene experiencia en el campo de la Ingenier\u00eda Biom\u00e9dica, con \u00e9nfasis en <b>Procesamiento de Se\u00f1ales Biol\u00f3gicas, y trabajando principalmente con temas relacionados con Electroencefalograf\u00eda (EEG), reconocimiento de patrones, Interfaz Cerebro-M\u00e1quina y exoesqueletos de rodilla.<\/b><br><\/p><\/div><\/div>\t\t\t\t<\/div>\n\t\t\t\t<\/div>\n\t\t\t\t\t<\/div>\n\t\t<\/div>\n\t\t\t\t\t<\/div>\n\t\t<\/section>\n\t\t\t\t<section class=\"elementor-section elementor-inner-section elementor-element elementor-element-mfmmo6a elementor-section-boxed elementor-section-height-default elementor-section-height-default\" data-id=\"mfmmo6a\" data-element_type=\"section\" data-settings=\"{&quot;background_background&quot;:&quot;classic&quot;}\">\n\t\t\t\t\t\t<div class=\"elementor-container elementor-column-gap-default\">\n\t\t\t\t\t<div class=\"elementor-column elementor-col-100 elementor-inner-column elementor-element elementor-element-5syk1ql\" data-id=\"5syk1ql\" data-element_type=\"column\" data-settings=\"{&quot;background_background&quot;:&quot;classic&quot;}\">\n\t\t\t<div class=\"elementor-widget-wrap elementor-element-populated\">\n\t\t\t\t\t\t<div class=\"elementor-element elementor-element-1afpdjt elementor-position-left elementor-vertical-align-top elementor-widget elementor-widget-image-box\" data-id=\"1afpdjt\" data-element_type=\"widget\" data-widget_type=\"image-box.default\">\n\t\t\t\t<div class=\"elementor-widget-container\">\n\t\t\t\t\t<div class=\"elementor-image-box-wrapper\"><figure class=\"elementor-image-box-img\"><img loading=\"lazy\" decoding=\"async\" width=\"600\" height=\"600\" src=\"https:\/\/institutosantosdumont.org.br\/wp-content\/uploads\/2017\/09\/perfil-edgard-morya.png\" class=\"attachment-full size-full wp-image-11974\" alt=\"\" srcset=\"https:\/\/institutosantosdumont.org.br\/wp-content\/uploads\/2017\/09\/perfil-edgard-morya.png 600w, https:\/\/institutosantosdumont.org.br\/wp-content\/uploads\/2017\/09\/perfil-edgard-morya-150x150.png 150w, https:\/\/institutosantosdumont.org.br\/wp-content\/uploads\/2017\/09\/perfil-edgard-morya-300x300.png 300w\" sizes=\"(max-width: 600px) 100vw, 600px\" \/><\/figure><div class=\"elementor-image-box-content\"><h3 class=\"elementor-image-box-title\">Edgard Morya, Ph.D.<\/h3><p class=\"elementor-image-box-description\"><strong><a href=\"mailto:edgard@isd.org.br\">Correo electr\u00f3nico<\/a>&nbsp; |&nbsp;&nbsp;<a href=\"http:\/\/lattes.cnpq.br\/8813809602087639\" target=\"_blank\" rel=\"noopener noreferrer\">Lattes curriculares<\/a> | <a href=\"https:\/\/scholar.google.com.pk\/citations?user=4CEMLN0AAAAJ\" target=\"_blank\" rel=\"noopener noreferrer\">Google Acad\u00e9mico <\/a><\/strong><a href=\"https:\/\/scholar.google.com.pk\/citations?user=4CEMLN0AAAAJ\" target=\"_blank\" rel=\"noopener noreferrer\"> <\/a><br><br><span><p dir=\"ltr\" style=\"line-height:1.38;margin-top:0pt;margin-bottom:0pt\"><span style=\"font-size: 15pt;vertical-align: baseline\">Edgard Morya es licenciado en Fisioterapia por la Universidad de S\u00e3o Paulo (USP), doctor en Fisiolog\u00eda Humana por el Instituto de Ciencias Biom\u00e9dicas de la Universidad de S\u00e3o Paulo e investigador postdoctoral en Fisiolog\u00eda Humana en el Instituto de Ciencias Biom\u00e9dicas de la Universidad de S\u00e3o Paulo. Universidad de S\u00e3o Paulo. Sus \u00e1reas de inter\u00e9s son: <\/span><span style=\"font-size: 15pt;font-weight: 700;vertical-align: baseline\">control motor, rehabilitaci\u00f3n, plasticidad, aprendizaje, EMG, EEG, psicof\u00edsica, percepci\u00f3n-acci\u00f3n, electroneurofisiolog\u00eda, realidad virtual, eye-tracker.<\/span><\/p><\/span><\/p><\/div><\/div>\t\t\t\t<\/div>\n\t\t\t\t<\/div>\n\t\t\t\t<div class=\"elementor-element elementor-element-87c85f1 elementor-widget elementor-widget-accordion\" data-id=\"87c85f1\" data-element_type=\"widget\" data-widget_type=\"accordion.default\">\n\t\t\t\t<div class=\"elementor-widget-container\">\n\t\t\t\t\t\t\t<div class=\"elementor-accordion\">\n\t\t\t\t\t\t\t<div class=\"elementor-accordion-item\">\n\t\t\t\t\t<div id=\"elementor-tab-title-1421\" class=\"elementor-tab-title\" data-tab=\"1\" role=\"button\" aria-controls=\"elementor-tab-content-1421\" aria-expanded=\"false\">\n\t\t\t\t\t\t\t\t\t\t\t\t\t<span class=\"elementor-accordion-icon elementor-accordion-icon-left\" aria-hidden=\"true\">\n\t\t\t\t\t\t\t\t\t\t\t\t\t\t\t<i class=\"elementor-accordion-icon-closed fa fa-plus-circle\"><\/i>\n\t\t\t\t\t\t\t\t<i class=\"elementor-accordion-icon-opened\"><\/i>\n\t\t\t\t\t\t\t\t\t\t\t\t\t\t<\/span>\n\t\t\t\t\t\t\t\t\t\t\t\t<a class=\"elementor-accordion-title\" tabindex=\"0\">Consulte los \u00faltimos trabajos publicados por el investigador<\/a>\n\t\t\t\t\t<\/div>\n\t\t\t\t\t<div id=\"elementor-tab-content-1421\" class=\"elementor-tab-content elementor-clearfix\" data-tab=\"1\" role=\"region\" aria-labelledby=\"elementor-tab-title-1421\"><p>\u2022 Daniel Gomes da Silva Machado, Marom Bikson, Abhishek Datta, Egas Caparelli-D\u00e1quer, Gozde Unal, Abrah\u00e3o F. Baptista, Edilson Serpeloni Cyrino, Li Min Li, Edgard Morya, Alexandre Moreira y Alexandre Hideki Okano.\u00a0<a href=\"https:\/\/www.nature.com\/articles\/s41598-021-92670-6\" target=\"_blank\" rel=\"noopener noreferrer nofollow\"><b>Efecto agudo de la tDCS convencional y de alta definici\u00f3n sobre el rendimiento del ejercicio y las respuestas psicofisiol\u00f3gicas en atletas de resistencia: un ensayo controlado aleatorio.\u00a0<\/b><\/a><b><i>Informes cient\u00edficos, 2021<\/i><\/b><\/p><p>\u2022 Alexandre Moreira, Daniel Gomes da Silva Machado, Marom Bikson, Gozde Unal, Paul S. Bradley, Luciane Moscaleski, Taline Costa, Gabriella C.SG Kalil, Liaw W. Chao, Abrah\u00e3o F. Baptista, Edgard Morya, Alexandre H. Okano .\u00a0<a href=\"https:\/\/journals.sagepub.com\/doi\/10.1177\/00315125211021239\" target=\"_blank\" rel=\"noopener noreferrer nofollow\"><b>Efecto de la estimulaci\u00f3n transcraneal por corriente directa en la recuperaci\u00f3n de jugadoras de f\u00fatbol profesionales despu\u00e9s de partidos oficiales.<\/b><i>\u00a0<\/i><\/a><b><i>Habilidades perceptivas y motoras, 2021<\/i><\/b><\/p><p>\u2022 Val\u00e9ria Azevedo de Almeida, Rafael Pauletti Gon\u00e7alves, Edgard Morya, Luiza Emilia Cavalcanti Simas, Nivia Maria Rodrigues Arrais, Lilian Lira Lisboa, Lucia Maria Costa Monteiro, Reginaldo Ant\u00f4nio de Oliveira Freitas J\u00fanior.\u00a0<a href=\"https:\/\/www.sciencedirect.com\/science\/article\/pii\/S1477513121003351?via%3Dihub\" target=\"_blank\" rel=\"noopener noreferrer nofollow\"><b>Evaluaci\u00f3n de las funciones de la vejiga y los intestinos en ni\u00f1os con microcefalia y s\u00edndrome cong\u00e9nito de zika.<\/b><\/a><i style=\"font-weight: bold;\">\u00a0Revista de Urolog\u00eda Pedi\u00e1trica, 2021<\/i><\/p><p>\u2022 Domingos LA Neto, Andr\u00e9 FOA Dantas, T\u00falio F. de Almeida, Junio A de Lima, Edgard Morya.<b>\u00a0<a href=\"https:\/\/ieeexplore.ieee.org\/document\/9441233\" target=\"_blank\" rel=\"noopener noreferrer nofollow\">Comparaci\u00f3n del rendimiento del controlador para un modelo de articulaci\u00f3n de rodilla basado en entrada de estimulaci\u00f3n el\u00e9ctrica funcional.<\/a><\/b>\u00a0<b><i>IEEE Xplore, 2021<\/i><\/b><\/p><p>\u2022 Ledycnarf J. Holanda, Ana Paula M. Fernandes, J\u00falia Amorim, Aryel Matias, Severino P. Nunes, Danilo Nagem, Ricardo Valentim, Edgard Morya, Ana Raquel Lindquist.\u00a0<a style=\"background-color: #ffffff;\" href=\"https:\/\/www.frontiersin.org\/articles\/10.3389\/fnins.2021.660141\/full\" target=\"_blank\" rel=\"noopener noreferrer nofollow\"><b>Algoritmos adaptativos como estrategias de control de ortesis inteligentes de miembros superiores: un protocolo para una revisi\u00f3n sistem\u00e1tica del alcance.<\/b><\/a><b>\u00a0<i>Fronteras en neurociencia, 2021<\/i>\u00a0<\/b><\/p><p>\u2022 Rommel S. Araujo, Camille R. Silva, Severino PN Netto, Edgard Morya y Fabricio L. Brasil.\u00a0<a style=\"background-color: #ffffff;\" href=\"https:\/\/www.frontiersin.org\/articles\/10.3389\/fnins.2021.661569\/full\" target=\"_blank\" rel=\"noopener noreferrer nofollow\"><b>Desarrollo de un exoesqueleto manual de bajo coste, controlado por EEG, impreso en 3D sobre textiles.<\/b><\/a>\u00a0<b><i>Fronteras de la neurociencia, 2021<\/i><\/b><\/p><p>\u2022 Mouhamed Zorkot, Alex Aquino dos Santos, Severino Peixoto Nunes Netto, Jos\u00e9 Pablo Gon\u00e7alves de Queiroz, Bruno Guedes Spinelli, Gabriela de Ara\u00fajo Albuquerque, F\u00e1bio Evangelista de Santana, Edgard Morya, Fabricio Lima Brasil.\u00a0<a style=\"background-color: #ffffff;\" href=\"https:\/\/issuu.com\/eduern\/docs\/livro_novastecnologias04_ebook\" target=\"_blank\" rel=\"noopener noreferrer nofollow\"><b>Avances en internet de cosas m\u00e9dicas en salud y neuroingenier\u00eda.<i>\u00a0<\/i><\/b><\/a><b><i>Nuevas Tecnolog\u00edas Aplicadas a la Salud: innovaci\u00f3n, internet de las cosas, horizontes y desaf\u00edos, 2021<\/i><\/b><\/p><p>\u2022 Clecio Gabriel De Souza, Rodrigo Pegado, Jardson Costa, Edgard Morya, Abrah\u00e3o Fontes Baptista, GozdeUnal, Marom Bikson, Alexandre y Hideki Okano.\u00a0<a style=\"background-color: #ffffff;\" href=\"https:\/\/www.sciencedirect.com\/science\/article\/pii\/S1935861X21000437?via%3Dihub\" target=\"_blank\" rel=\"noopener noreferrer nofollow\"><b>Sesiones alternativas de estimulaci\u00f3n transcraneal de corriente continua (tDCS) reducen el dolor cr\u00f3nico en mujeres afectadas por chikungunya. Un ensayo cl\u00ednico aleatorizado.<\/b>\u00a0<\/a><b><i>Estimulaci\u00f3n cerebral, 2021<\/i><\/b><\/p><p>\u2022 Alexandre Moreira, Daniel Gomes da Silva Machado, Luciane Moscaleski, Marom Bikson, Goz de Unal, Paul S. Bradley, Abrah\u00e3o F. Baptista, Edgard Morya, Thais Cevada, Lucas Marques, Vinicius Zanetti, Alexandre Hideki Okano.\u00a0<a style=\"background-color: #ffffff;\" href=\"https:\/\/www.sciencedirect.com\/science\/article\/pii\/S0031938421000433?via%3Dihub\" target=\"_blank\" rel=\"noopener noreferrer nofollow\"><b>Efecto de la tDCS sobre el bienestar y la funci\u00f3n aut\u00f3noma en jugadores masculinos profesionales despu\u00e9s de partidos oficiales de f\u00fatbol.<\/b><\/a>\u00a0<b><i>Psicolog\u00eda y Comportamiento, 2021<\/i><\/b><\/p><p>\u2022 Camila Rocha Sim\u00e3o, Ledycnarf J. de Holanda, Lilian F. Urbini, Matheus O. Lacerda, Karina da S. Fernandes, Patr\u00edcia M. da Silva, Edgard Morya, Ana R. Lindquist.\u00a0<a style=\"background-color: #ffffff;\" href=\"https:\/\/europepmc.org\/article\/med\/34468111\" target=\"_blank\" rel=\"noopener noreferrer nofollow\"><b>Electromiograf\u00eda de superficie para identificar la modulaci\u00f3n de arriba hacia abajo en una lesi\u00f3n cr\u00f3nica completa de la m\u00e9dula espinal: reporte de un caso.<\/b><\/a>\u00a0<b><i>Revista Europea de Medicina F\u00edsica y Rehabilitaci\u00f3n, 2021<\/i><\/b><\/p><p>\u2022 T\u00falio Fernandes de Almeida, Edgard Morya, Abner Cardoso Rodrigues, Andr\u00e9 Felipe Oliveira de Azevedo Dantas.\u00a0<span style=\"font-weight: bold;\"><a href=\"https:\/\/www.mdpi.com\/1424-8220\/21\/19\/6477\" target=\"_blank\" rel=\"noopener noreferrer nofollow\">Desarrollo de un sistema de medici\u00f3n de c\u00f3digo abierto de bajo costo para la estimaci\u00f3n del \u00e1ngulo de las articulaciones<\/a>.\u00a0<\/span><span style=\"font-weight: bold;\"><em>Sensores, 2021<\/em><\/span><\/p><p>\u2022 Jos\u00e9 Micael Barbosa, T\u00e1ssia Nunes, T\u00e2mara Nunes, Abner Neto, Edgard Morya.\u00a0<span style=\"font-weight: bold;\"><a style=\"color: #23527c; outline: 0px;\" href=\"https:\/\/link.springer.com\/article\/10.1007\/s42600-020-00066-8\" target=\"_blank\" rel=\"noopener noreferrer nofollow\">Segmentaci\u00f3n activa semiautom\u00e1tica basada en contornos para eliminar ojos, meninges y cr\u00e1neo de la resonancia magn\u00e9tica.<\/a><\/span>\u00a0(2446-4740)\u00a0<em><span style=\"font-weight: bold;\">Investigaci\u00f3n en Ingenier\u00eda Biom\u00e9dica, 2020.\u00a0<\/span><\/em><\/p><div>\u2022 Carla Pais-Vieira, Mehrab Allahdad, Jo\u00e3o Neves-Amado, Andr\u00e9 Perrotta, Edgard Morya, Renan Moioli, Elena Shapkova, Miguel Pais-Vieira.\u00a0<b><a href=\"https:\/\/www.sciencedirect.com\/science\/article\/pii\/S2215016120300686?via%3Dihub\" target=\"_blank\" rel=\"noopener noreferrer nofollow\">M\u00e9todo para entrenamiento de posicionamiento y rehabilitaci\u00f3n con el exoesqueleto motorizado ExoAtlet \u00ae.<\/a>\u00a0<i>M\u00c9TODOSX, 2020<\/i><\/b><br \/><b><i><br \/><\/i><\/b>\u2022 \u00c1lisson de Oliveira Alves, Edgard Morya, Alberto Signoretti, Felipe Denis Mendon\u00e7a de Oliveira, Ra\u00fal Benites Paradeda.\u00a0<a href=\"https:\/\/www.brazilianjournals.com\/index.php\/BRJD\/article\/view\/7305\/6394\" target=\"_blank\" rel=\"noopener noreferrer nofollow\"><b>Aprender matem\u00e1ticas a trav\u00e9s de un juego digital.<\/b><\/a>\u00a0<b><i>Revista Brasile\u00f1a de Desarrollo, 2020<\/i><\/b><\/div><div>\u00a0<\/div><div><p>\u2022 Rodrigo Pegado, Antonio FL Cavalcante y Edgard Morya.<a href=\"https:\/\/www.rcpjournals.org\/content\/clinmedicine\/20\/1\/119.2\" target=\"_blank\" rel=\"noopener noreferrer nofollow\"> <b>Nuevas terapias de rehabilitaci\u00f3n: estrategias en la artralgia cr\u00f3nica por chikungunya.\u00a0<\/b><\/a><b><i>Revista de Medicina Cl\u00ednica, 2020<\/i><\/b>\u00a0<\/p><\/div><div><p>\u2022 Valeria Azevedo De Almeida, Nancy Sotero, Rafael Pauletti Gon\u00e7alves, Edgard Morya, Lilian Lira Lisboa, Lucia Maria Costa Monteiro, Reginaldo Ant\u00f4nio de Oliveira Freitas J\u00fanior.\u00a0<a href=\"https:\/\/www.protocols.io\/view\/criteria-to-evaluate-neurogenic-bowel-dysfunction-rm7vz8dd8vx1\/v1\" target=\"_blank\" rel=\"noopener noreferrer nofollow\"><b>Criterios para evaluar la disfunci\u00f3n intestinal neurog\u00e9nica en ni\u00f1os con s\u00edndrome cong\u00e9nito de Zika.\u00a0<\/b><\/a><b><i>Protocolos.io, 2020<\/i><\/b>\u00a0<\/p><p>\u2022 Abrah\u00e3o Fontes Baptista. Adriana Baltar, Alexandre Hideki Okano, Alexandre Moreira, Ana Carolina Pinheiro Campos, Ana M\u00e9rcia Fernandes, Andr\u00e9 Brunoni, Bashar Badran, Clarice Tanaka, Daniel Andrade, Daniel Gomes Machado, Edgard Morya.<b>\u00a0<a href=\"https:\/\/www.frontiersin.org\/articles\/10.3389\/fneur.2020.573718\/full\" target=\"_blank\" rel=\"noopener noreferrer nofollow\">Aplicaciones de la Neuromodulaci\u00f3n No Invasiva para el Manejo de Trastornos Relacionados con el COVID-19.<\/a>\u00a0<i>Fronteras en Neurolog\u00eda, 2020<\/i><\/b><\/p><p>\u2022 Carolina Kunicki, Renan C. Moioli, Miguel Pais-Vieira, Andr\u00e9 Salles Cunha Peres, Edgard Morya, Miguel AL Nicolelis.\u00a0<a href=\"https:\/\/www.nature.com\/articles\/s41598-019-41516-3\" target=\"_blank\" rel=\"noopener noreferrer nofollow\"><b>El acoplamiento espec\u00edfico de frecuencia en los circuitos corticales fronto-parieto-occipital es la base de la discriminaci\u00f3n t\u00e1ctil activa.<\/b><\/a><b>\u00a0<i>Informes Cient\u00edficos, 2019<\/i><\/b><\/p><p>\u2022 B\u00e1rbara Meneses, Junio Lima, Ledycnarf Holanda, Marcela Pereira, Patr\u00edcia Silva, Severino Netto, Tha\u00edsa Dantas, Fabr\u00edcio Brasil, Edgard Morya.<b>\u00a0<\/b><a href=\"https:\/\/ppgcc.ufersa.edu.br\/wp-content\/uploads\/sites\/42\/2019\/07\/novas-tecnologias-vol2-final3.pdf\" target=\"_blank\" rel=\"noopener noreferrer nofollow\"><b>Innovaci\u00f3n en tecnolog\u00eda de asistencia: oportunidades y desaf\u00edos.<\/b>\u00a0<\/a><b><i>Nuevas tecnolog\u00edas aplicadas a la salud: Desarrollo de Sistemas Din\u00e1micos \u2013 Conceptos, aplicaciones y uso de t\u00e9cnicas inteligentes y regulaci\u00f3n, 2019<\/i><\/b><\/p><p>\u2022 Severino Netto, Rommel Ara\u00fajo, Edgard Morya.\u00a0<a href=\"https:\/\/link.springer.com\/chapter\/10.1007\/978-3-030-36636-0_16\" target=\"_blank\" rel=\"noopener noreferrer nofollow\"><b>Hacia una hoja de ruta para el aprendizaje autom\u00e1tico y la interfaz cerebro-computadora basada en EEG.\u00a0<\/b><\/a><b><i>Comunicaciones en Inform\u00e1tica y Ciencias de la Informaci\u00f3n, 2019.<\/i><\/b>\u00a0\u00a0<\/p><p>\u2022 Ozair Silva, Danielly Miranda, Francisco J\u00fanior, Edgard Morya, Reginaldo Freitas Jr., Manuela Nascimento.\u00a0<b><a href=\"https:\/\/link.springer.com\/chapter\/10.1007\/978-981-13-2517-5_82\" target=\"_blank\" rel=\"noopener noreferrer nofollow\">La audiometr\u00eda de respuesta evocada del tronco encef\u00e1lico revela la integridad de la v\u00eda retrococlear en ni\u00f1os con microcefalia.<\/a>\u00a0<i>Actas IFMBE XXVI CBEB, 2019<\/i><\/b><\/p><p>\u2022 Adam Pinto, Guilherme Nardari, Marco Mijam, Edgard Morya, Roseli Romero<b><i>.\u00a0<\/i><\/b><a href=\"https:\/\/link.springer.com\/chapter\/10.1007\/978-3-030-20518-8_16\" target=\"_blank\" rel=\"noopener noreferrer nofollow\"><b>Un juego serio para crear una base de datos para el reconocimiento de se\u00f1ales ErrP.<\/b><\/a><b><i>\u00a0Avances en Inteligencia Computacional, 2019<\/i><\/b><\/p><p>\u2022 Nat\u00e1lia MB Bezerra, Luana CFL Leal, Gentil GF Filho, Lorena Andreoli1, Lilian L Lisboa, Edgard Morya, Hougelle Simpl\u00edcio.\u00a0<a style=\"background-color: #ffffff;\" href=\"https:\/\/crimsonpublishers.com\/smoaj\/fulltext\/SMOAJ.000522.php\" target=\"_blank\" rel=\"noopener noreferrer nofollow\"><b>Neuromodulaci\u00f3n sacra en ni\u00f1os con disfunci\u00f3n neurog\u00e9nica de la vejiga<\/b><\/a><span style=\"font-weight: bold;\">.<\/span><i style=\"font-weight: bold;\"> Revista de acceso abierto de medicina quir\u00fargica, 2018<\/i><\/p><p>\u2022 Morya, Edgard; Nascimento, MSL; Simplicio, H.; Freitas Jr, R.; Brasil, Fabricio L.<a href=\"https:\/\/portal.ifba.edu.br\/prpgi\/editora\/livros\/multidisciplinar\/ENEIS.pdf\" target=\"_blank\" rel=\"noopener noreferrer nofollow\"> <b>Neuroingenier\u00eda Aplicada a Tecnolog\u00edas de Asistencia y Rehabilitaci\u00f3n<\/b><\/a>. En: Atson Carlos de S. Fernandes; Fernanda Ferraz de Castro; Claudio Reynaldo B. de Souza; Eduardo Manuel de F. Jorge; Josiane Dantas V. Barbosa. (Org.). <b><i>Emprendimiento e innovaci\u00f3n en salud: ciencia y mercado. 10ed. Salvador: IFBA, 2018, v. 10, p\u00e1g. 111-120\u00a0<\/i><\/b><\/p><p>\u2022 Andreoli L., Simplicio, H., Morya, E.\u00a0<a style=\"background-color: #ffffff;\" href=\"https:\/\/www.sciencedirect.com\/science\/article\/pii\/S1878875017322155?via%3Dihub\" target=\"_blank\" rel=\"noopener noreferrer nofollow\"><b>Protocolo de entrenamiento del modelo de huevo para neurocirug\u00eda estereot\u00e1xica e implantaci\u00f3n de microelectrodos<\/b><\/a>.\u00a0<b><i>neurocirug\u00eda mundial,<\/i><\/b>\u00a0<b><i>2018<\/i><\/b><\/p><p>\u2022 Machado, Birajara Soares; Fonseca, Andr\u00e9; Morya, Edgard; Amaro Jr, Edson.<a href=\"https:\/\/www.worldscientific.com\/doi\/abs\/10.1142\/S2424922X1840003X\" target=\"_blank\" rel=\"noopener noreferrer nofollow\"> <b>Din\u00e1mica ca\u00f3tica en la actividad cerebral: un enfoque basado en errores de predicci\u00f3n cruzada para se\u00f1ales no estacionarias<\/b>.<\/a><span style=\"font-weight: bold;\"><i>\u00a0Avances en ciencia de datos y an\u00e1lisis adaptativo, 2018<\/i><\/span><\/p><p>\u2022 Celina A. Reis Paula, Camille Reategui, Bruna Karen de Sousa Costa, Caio Queiroz da Fonseca, Luana da Silva, Edgard Morya y Fabricio Lima Brasil.<b>\u00a0<a href=\"https:\/\/www.hindawi.com\/journals\/bmri\/2017\/3591914\/\" target=\"_blank\" rel=\"noopener noreferrer nofollow\">Variaciones del EEG de alta frecuencia en ni\u00f1os con trastorno del espectro autista durante la visualizaci\u00f3n de rostros humanos<\/a>.<\/b> <b><i>Investigaci\u00f3n BioMed Internacional, 2017<\/i><\/b><\/p><p>\u2022 Ribeiro, MW; Neto, JF; Morya, E; Brasil, Florida; de Ara\u00fajo,<i style=\"font-weight: bold;\">\u00a0<\/i>multifunci\u00f3n.<span style=\"font-weight: bold;\">\u00a0<a href=\"https:\/\/link.springer.com\/article\/10.3758\/s13428-017-0906-6\" target=\"_blank\" rel=\"noopener noreferrer nofollow\">OBAT: Una caja operativa de c\u00f3digo abierto y de bajo costo para tareas de discriminaci\u00f3n auditiva.<\/a><\/span><i style=\"font-weight: bold;\">\u00a0M\u00e9todos de investigaci\u00f3n del comportamiento, 2017<\/i><\/p><p><b style=\"font-style: italic;\">\u00a0<\/b><i style=\"font-weight: bold;\">. <\/i>Holanda LJ, Silva PMM, Amorim TC, Lacerda MO, Sim\u00e3o CR, Morya E.<i style=\"font-weight: bold;\">\u00a0<\/i><a href=\"https:\/\/jneuroengrehab.biomedcentral.com\/articles\/10.1186\/s12984-017-0338-7\" target=\"_blank\" rel=\"noopener noreferrer nofollow\"><b>Marcha asistida por robot como herramienta para la rehabilitaci\u00f3n de personas con lesi\u00f3n de la m\u00e9dula espinal: una revisi\u00f3n sistem\u00e1tica.<\/b><\/a>\u00a0<b><i>Revista de NeuroIngenier\u00eda y Rehabilitaci\u00f3n, 2017<\/i><\/b><\/p><p>\u00a0<\/p><\/div><\/div>\n\t\t\t\t<\/div>\n\t\t\t\t\t\t\t\t<\/div>\n\t\t\t\t\t\t<\/div>\n\t\t\t\t<\/div>\n\t\t\t\t\t<\/div>\n\t\t<\/div>\n\t\t\t\t\t<\/div>\n\t\t<\/section>\n\t\t\t\t<section class=\"elementor-section elementor-inner-section elementor-element elementor-element-ck3up9m elementor-section-boxed elementor-section-height-default elementor-section-height-default\" data-id=\"ck3up9m\" data-element_type=\"section\" data-settings=\"{&quot;background_background&quot;:&quot;classic&quot;}\">\n\t\t\t\t\t\t<div class=\"elementor-container elementor-column-gap-default\">\n\t\t\t\t\t<div class=\"elementor-column elementor-col-100 elementor-inner-column elementor-element elementor-element-q1edgah\" data-id=\"q1edgah\" data-element_type=\"column\" data-settings=\"{&quot;background_background&quot;:&quot;classic&quot;}\">\n\t\t\t<div class=\"elementor-widget-wrap elementor-element-populated\">\n\t\t\t\t\t\t<div class=\"elementor-element elementor-element-p04dko4 elementor-position-left elementor-vertical-align-top elementor-widget elementor-widget-image-box\" data-id=\"p04dko4\" data-element_type=\"widget\" data-widget_type=\"image-box.default\">\n\t\t\t\t<div class=\"elementor-widget-container\">\n\t\t\t\t\t<div class=\"elementor-image-box-wrapper\"><figure class=\"elementor-image-box-img\"><img loading=\"lazy\" decoding=\"async\" width=\"600\" height=\"600\" src=\"https:\/\/institutosantosdumont.org.br\/wp-content\/uploads\/2021\/07\/perfil-fabricio-brasil.png\" class=\"attachment-full size-full wp-image-22099\" alt=\"\" srcset=\"https:\/\/institutosantosdumont.org.br\/wp-content\/uploads\/2021\/07\/perfil-fabricio-brasil.png 600w, https:\/\/institutosantosdumont.org.br\/wp-content\/uploads\/2021\/07\/perfil-fabricio-brasil-150x150.png 150w, https:\/\/institutosantosdumont.org.br\/wp-content\/uploads\/2021\/07\/perfil-fabricio-brasil-300x300.png 300w\" sizes=\"(max-width: 600px) 100vw, 600px\" \/><\/figure><div class=\"elementor-image-box-content\"><h3 class=\"elementor-image-box-title\">Fabricio Lima Brasil, Ph.D.<\/h3><p class=\"elementor-image-box-description\"><strong><a href=\"mailto:brasil@isd.org.br\">Correo electr\u00f3nico<\/a>&nbsp; |&nbsp;&nbsp;<a href=\"http:\/\/lattes.cnpq.br\/5066712308449764\" target=\"_blank\" rel=\"noopener noreferrer\">Lattes curriculares<\/a> | <a href=\"https:\/\/scholar.google.com.br\/citations?user=40WFhe4AAAAJ&amp;hl=en\" target=\"_blank\" rel=\"noopener noreferrer\"> Google Acad\u00e9mico<\/a><\/strong><br><br>Fabr\u00edcio Brasil es licenciado en Ingenier\u00eda El\u00e9ctrica por la Universidad Federal de Mato Grosso, M\u00e1ster en Ingenier\u00eda Mec\u00e1nica por la Universidad Federal de Santa Catarina y Doctorado en Neurociencia por la Escuela de Investigaci\u00f3n Max Planck \u2013 Universidad de T\u00fcbingen, Alemania. Tiene experiencia en el \u00e1rea de <span style=\"font-weight: 700\">interfaz cerebro-m\u00e1quina, rehabilitaci\u00f3n, plasticidad, Neuromodulaci\u00f3n (estimulaci\u00f3n cerebral con TMS y tDCS), desarrollo de equipos, tecnolog\u00eda asistiva, as\u00ed como proyectos en Ingenier\u00eda Biom\u00e9dica.<\/span><br><\/p><\/div><\/div>\t\t\t\t<\/div>\n\t\t\t\t<\/div>\n\t\t\t\t<div class=\"elementor-element elementor-element-3285c01 elementor-widget elementor-widget-accordion\" data-id=\"3285c01\" data-element_type=\"widget\" data-widget_type=\"accordion.default\">\n\t\t\t\t<div class=\"elementor-widget-container\">\n\t\t\t\t\t\t\t<div class=\"elementor-accordion\">\n\t\t\t\t\t\t\t<div class=\"elementor-accordion-item\">\n\t\t\t\t\t<div id=\"elementor-tab-title-5291\" class=\"elementor-tab-title\" data-tab=\"1\" role=\"button\" aria-controls=\"elementor-tab-content-5291\" aria-expanded=\"false\">\n\t\t\t\t\t\t\t\t\t\t\t\t\t<span class=\"elementor-accordion-icon elementor-accordion-icon-left\" aria-hidden=\"true\">\n\t\t\t\t\t\t\t\t\t\t\t\t\t\t\t<i class=\"elementor-accordion-icon-closed fa fa-plus-circle\"><\/i>\n\t\t\t\t\t\t\t\t<i class=\"elementor-accordion-icon-opened fa fa-minus-circle\"><\/i>\n\t\t\t\t\t\t\t\t\t\t\t\t\t\t<\/span>\n\t\t\t\t\t\t\t\t\t\t\t\t<a class=\"elementor-accordion-title\" tabindex=\"0\">Consulte los \u00faltimos trabajos publicados por el investigador<\/a>\n\t\t\t\t\t<\/div>\n\t\t\t\t\t<div id=\"elementor-tab-content-5291\" class=\"elementor-tab-content elementor-clearfix\" data-tab=\"1\" role=\"region\" aria-labelledby=\"elementor-tab-title-5291\"><p>\u2022 Rommel S. Araujo, Camille R. Silva, Severino PN Netto, Edgard Morya y Fabricio L. Brasil.\u00a0<a style=\"background-color: #ffffff;\" href=\"https:\/\/www.frontiersin.org\/articles\/10.3389\/fnins.2021.661569\/full\" target=\"_blank\" rel=\"noopener noreferrer nofollow\"><span style=\"font-weight: bold;\">Desarrollo de un exoesqueleto manual de bajo coste, controlado por EEG, impreso en 3D sobre textiles.<\/span><\/a>\u00a0<span style=\"font-weight: bold;\"><i>Fronteras de la neurociencia, 2021<\/i><\/span><\/p><p>\u2022 Mouhamed Zorkot, Alex Aquino dos Santos, Severino Peixoto Nunes Netto, Jos\u00e9 Pablo Gon\u00e7alves de Queiroz, Bruno Guedes Spinelli, Gabriela de Ara\u00fajo Albuquerque, F\u00e1bio Evangelista de Santana, Edgard Morya, Fabricio Lima Brasil.\u00a0<a style=\"background-color: #ffffff;\" href=\"https:\/\/issuu.com\/eduern\/docs\/livro_novastecnologias04_ebook\" target=\"_blank\" rel=\"noopener noreferrer nofollow\"><span style=\"font-weight: bold;\">Avances en internet de cosas m\u00e9dicas en salud y neuroingenier\u00eda.<i>\u00a0<\/i><\/span><\/a><span style=\"font-weight: bold;\"><i>Nuevas Tecnolog\u00edas Aplicadas a la Salud: innovaci\u00f3n, internet de las cosas, horizontes y desaf\u00edos, 2021<\/i><\/span><\/p><p>\u2022<b><i> <\/i><\/b>Ander Ramos-Murguialday, Marco R Curado, Doris Broetz, \u00d6zge Yilmaz, Fabricio L Brasil, Giulia Liberati, Eliana Garc\u00eda-Cossio, Woosang Cho, Andrea Caria, Leonardo G Cohen, Niels Birbaumer.\u00a0<a style=\"background-color: #ffffff;\" href=\"https:\/\/pubmed.ncbi.nlm.nih.gov\/30722727\/\" target=\"_blank\" rel=\"noopener noreferrer nofollow\"><b>Interfaz cerebro-m\u00e1quina en el accidente cerebrovascular cr\u00f3nico: seguimiento a largo plazo de un ensayo aleatorizado<\/b><\/a>.\u00a0<b><i>Neurorrehabilitaci\u00f3n y reparaci\u00f3n neuronal, 2019<\/i><\/b><\/p><p>\u2022 B\u00e1rbara Meneses, Junio Lima, Ledycnarf Holanda, Marcela Pereira, Patr\u00edcia Silva, Severino Netto, Tha\u00edsa Dantas, Fabr\u00edcio Brasil, Edgard Morya.\u00a0<a style=\"background-color: #ffffff;\" href=\"https:\/\/ppgcc.ufersa.edu.br\/wp-content\/uploads\/sites\/42\/2019\/07\/novas-tecnologias-vol2-final3.pdf\" target=\"_blank\" rel=\"noopener noreferrer nofollow\"><span style=\"font-weight: bold;\">Innovaci\u00f3n en tecnolog\u00eda de asistencia: oportunidades y desaf\u00edos<\/span><\/a>,\u00a0<i style=\"font-weight: bold;\">Nuevas tecnolog\u00edas aplicadas a la salud: Desarrollo de Sistemas Din\u00e1micos \u2013 Conceptos, aplicaciones y uso de t\u00e9cnicas inteligentes y regulaci\u00f3n, 2019<\/i><\/p><div><p>\u2022 Kim Yano, Severino Netto, Mayara Silva, Alice Suassuna, Fernanda Mesquita, Mariana Ara\u00fajo, Fabr\u00edcio Brasil, Manuela Nascimento.<a href=\"https:\/\/link.springer.com\/chapter\/10.1007\/978-981-13-2517-5_94\" target=\"_blank\" rel=\"noopener noreferrer nofollow\"> <b>SciTable: una mesa quir\u00fargica impresa en 3D para procedimientos de implantes de m\u00e9dula espinal.<\/b>\u00a0<\/a><b><i>Actas IFMBE XXVI CBEB, 2019<\/i><\/b><\/p><div><i>\u2022\u00a0<\/i>Camille Silva, Rommel Ara\u00fajo, Gabriela Albuquerque, Renan Moioli, Fabricio Brasil.\u00a0<a href=\"https:\/\/link.springer.com\/chapter\/10.1007\/978-981-13-2517-5_90\" target=\"_blank\" rel=\"noopener noreferrer nofollow\"><b>Interfaz de cerebros con dispositivos rob\u00f3ticos Una aplicaci\u00f3n de comunicaci\u00f3n VRPN<\/b>.<\/a><i style=\"font-weight: bold;\">\u00a0Actas IFMBE XXVI CBEB, 2019<\/i><\/div><div><i>\u00a0<\/i><\/div><div><i>\u2022\u00a0<\/i>Severino Netto, Pablo Chac\u00f3n, Amauri J\u00fanior, Fabricio Brasil.<b>\u00a0<a href=\"https:\/\/link.springer.com\/chapter\/10.1007\/978-981-13-2119-1_106\" target=\"_blank\" rel=\"noopener noreferrer nofollow\">Monitoreo remoto de temperatura y humedad: un desarrollo de dispositivo confiable y econ\u00f3mico aplicado en incubadoras neonatales.<\/a><\/b><i style=\"font-weight: bold;\">\u00a0Actas IFMBE XXVI CBEB, 2019<\/i><\/div><div style=\"font-style: italic; font-weight: bold;\"><span style=\"font-weight: 400;\">\u00a0<\/span><\/div><div style=\"font-style: italic; font-weight: bold;\"><span style=\"font-weight: 400;\"><i>\u2022\u00a0<\/i><\/span><span style=\"font-weight: 400;\">Morya, Edgard; Nascimento, MSL; Simplicio, H.; Freitas Jr, R.; Brasil, Fabricio L.<\/span><a style=\"font-weight: 400; background-color: #ffffff;\" href=\"https:\/\/portal.ifba.edu.br\/prpgi\/editora\/livros\/multidisciplinar\/ENEIS.pdf\" target=\"_blank\" rel=\"noopener noreferrer nofollow\">\u00a0<span style=\"font-weight: bold;\">Neuroingenier\u00eda Aplicada a Tecnolog\u00edas de Asistencia y Rehabilitaci\u00f3n<\/span><\/a><span style=\"font-weight: 400;\">. En: Atson Carlos de S. Fernandes; Fernanda Ferraz de Castro; Claudio Reynaldo B. de Souza; Eduardo Manuel de F. Jorge; Josiane Dantas V. Barbosa. (Org.).<\/span><span style=\"font-weight: 400;\">\u00a0<\/span><i>Emprendimiento e innovaci\u00f3n en salud: ciencia y mercado. 10ed. Salvador: IFBA, 2018, v. 10, p\u00e1g. 111-120\u00a0<\/i><\/div><div><i>\u00a0<\/i><\/div><\/div><div><i>\u2022\u00a0<\/i>Deolindo CS, Kunicki, ACB, da Silva, MI, Brasil, F. y Moioli, RC.\u00a0<a href=\"https:\/\/www.frontiersin.org\/articles\/10.3389\/fncir.2017.00114\/full\" target=\"_blank\" rel=\"noopener noreferrer nofollow\"><b>Los ensamblajes neuronales evidencian interacciones distribuidas dentro de una tarea de discriminaci\u00f3n t\u00e1ctil en ratas<\/b><\/a><b>.<i> Fronteras en los circuitos neuronales, 2018<\/i><\/b><\/div><div>\u00a0<\/div><div>\u2022 Celina A. Reis Paula, Camille Reategui, Bruna Karen de Sousa Costa, Caio Queiroz da Fonseca, Luana da Silva, Edgard Morya y Fabricio Lima Brasil.<span style=\"font-weight: bold;\">\u00a0<a href=\"https:\/\/www.hindawi.com\/journals\/bmri\/2017\/3591914\/\" target=\"_blank\" rel=\"noopener noreferrer nofollow\">Variaciones del EEG de alta frecuencia en ni\u00f1os con trastorno del espectro autista durante la visualizaci\u00f3n de rostros humanos<\/a>.<\/span>\u00a0<span style=\"font-weight: bold;\"><i>Investigaci\u00f3n BioMed Internacional, 2017<\/i><\/span><\/div><div><span style=\"font-weight: bold;\"><i>\u00a0<\/i><\/span><\/div><div><p>\u2022 Ribeiro, MW; Neto, JF; Morya, E; Brasil, Florida; de Ara\u00fajo,<i style=\"font-weight: bold;\"> <\/i>multifunci\u00f3n.<b>\u00a0<a href=\"https:\/\/link.springer.com\/article\/10.3758\/s13428-017-0906-6\" target=\"_blank\" rel=\"noopener noreferrer nofollow\">OBAT: Una caja operativa de c\u00f3digo abierto y de bajo costo para tareas de discriminaci\u00f3n auditiva.<\/a><\/b><i style=\"font-weight: bold;\">\u00a0M\u00e9todos de investigaci\u00f3n del comportamiento, 2017.<\/i><\/p><p>\u2022 McConnell, A; Moioli, R; Brasil, F; Vallejo, M; Corn\u00e9, D; Vargas, P; Stokes, A.\u00a0<span style=\"font-weight: bold;\"><a href=\"https:\/\/www.medicaljournals.se\/jrm\/content\/abstract\/10.2340\/16501977-2229\" target=\"_blank\" rel=\"noopener noreferrer nofollow\">Dispositivos rob\u00f3ticos e interfaces cerebro-m\u00e1quina para la rehabilitaci\u00f3n de la mano despu\u00e9s de un accidente cerebrovascular.\u00a0<\/a><i>Revista de medicina de rehabilitaci\u00f3n<\/i><\/span><span style=\"font-weight: bold;\"><i>,<\/i><\/span><span style=\"font-weight: bold; font-style: italic;\">\u00a02017<\/span><\/p><p>\u2022 McConnell, Alistair C.; Vallejo, Marta; Moioli, Ren\u00e1n Cipriano; Brasil, Fabricio L.; Secciani, NicolaI; Nemitz, Markusp P.; Riquart, C\u00e9cile P.; Corne, David W.; Vargas, Patricia A.; Stokes, Adam A.\u00a0<a href=\"https:\/\/www.frontiersin.org\/articles\/10.3389\/fmech.2017.00003\/full\" target=\"_blank\" rel=\"noopener noreferrer nofollow\"><b>SOPHIA: Ayuda interactiva de mano de fisioterapia ortop\u00e9dica blanda.\u00a0<\/b><\/a><b><i>Fronteras en ingenier\u00eda mec\u00e1nica, 2017<\/i><\/b><\/p><p>\u2022 Vargas, Patricia A.; Brasil, Fabricio Lima; McConnell, Alistair C.; Vallejo, Marta; Corne, David W.; Stokes, Adam A.; Moioli, Ren\u00e1n Cipriano.<i style=\"font-weight: bold;\">\u00a0<\/i><a href=\"https:\/\/link.springer.com\/chapter\/10.1007\/978-3-319-46669-9_205\" target=\"_blank\" rel=\"noopener noreferrer nofollow\"><b>Combinando rob\u00f3tica suave e interfaces cerebro-m\u00e1quina para la rehabilitaci\u00f3n de accidentes cerebrovasculares.<\/b><\/a><i style=\"font-weight: bold;\">\u00a0Biosistemas y biorob\u00f3tica, 2016<\/i><\/p><\/div><\/div>\n\t\t\t\t<\/div>\n\t\t\t\t\t\t\t\t<\/div>\n\t\t\t\t\t\t<\/div>\n\t\t\t\t<\/div>\n\t\t\t\t\t<\/div>\n\t\t<\/div>\n\t\t\t\t\t<\/div>\n\t\t<\/section>\n\t\t\t\t<section class=\"elementor-section elementor-inner-section elementor-element elementor-element-0eb53f3 elementor-section-boxed elementor-section-height-default elementor-section-height-default\" data-id=\"0eb53f3\" data-element_type=\"section\" data-settings=\"{&quot;background_background&quot;:&quot;classic&quot;}\">\n\t\t\t\t\t\t<div class=\"elementor-container elementor-column-gap-default\">\n\t\t\t\t\t<div class=\"elementor-column elementor-col-100 elementor-inner-column elementor-element elementor-element-51307a4\" data-id=\"51307a4\" data-element_type=\"column\" data-settings=\"{&quot;background_background&quot;:&quot;classic&quot;}\">\n\t\t\t<div class=\"elementor-widget-wrap elementor-element-populated\">\n\t\t\t\t\t\t<div class=\"elementor-element elementor-element-473cfa3 elementor-position-left elementor-vertical-align-top elementor-widget elementor-widget-image-box\" data-id=\"473cfa3\" data-element_type=\"widget\" data-widget_type=\"image-box.default\">\n\t\t\t\t<div class=\"elementor-widget-container\">\n\t\t\t\t\t<div class=\"elementor-image-box-wrapper\"><figure class=\"elementor-image-box-img\"><img loading=\"lazy\" decoding=\"async\" width=\"600\" height=\"600\" src=\"https:\/\/institutosantosdumont.org.br\/wp-content\/uploads\/2021\/07\/perfil-carolina-gonzales.png\" class=\"attachment-full size-full wp-image-22073\" alt=\"\" srcset=\"https:\/\/institutosantosdumont.org.br\/wp-content\/uploads\/2021\/07\/perfil-carolina-gonzales.png 600w, https:\/\/institutosantosdumont.org.br\/wp-content\/uploads\/2021\/07\/perfil-carolina-gonzales-150x150.png 150w, https:\/\/institutosantosdumont.org.br\/wp-content\/uploads\/2021\/07\/perfil-carolina-gonzales-300x300.png 300w\" sizes=\"(max-width: 600px) 100vw, 600px\" \/><\/figure><div class=\"elementor-image-box-content\"><h3 class=\"elementor-image-box-title\">Mar\u00eda Carolina Gonz\u00e1lez, Ph.D.<\/h3><p class=\"elementor-image-box-description\"><strong><a href=\"mailto:carolina.gonzalez@isd.org.br\">Correo electr\u00f3nico<\/a>&nbsp; |&nbsp;&nbsp;<a href=\"http:\/\/lattes.cnpq.br\/4560931690994322\" target=\"_blank\" rel=\"noopener noreferrer\">Lattes curriculares<\/a> | &nbsp;<a href=\"https:\/\/scholar.google.com.br\/citations?user=7OXkSPcAAAAJ&amp;hl=en\" target=\"_blank\" rel=\"noopener noreferrer\">Google Acad\u00e9mico<\/a><\/strong><br><br>Carolina Gonz\u00e1lez es Licenciada en Biotecnolog\u00eda con \u00e9nfasis en Biolog\u00eda Celular y Molecular de la Universidad Nacional de Quilmes y Doctora en Ciencias Fisiol\u00f3gicas de la Facultad de Medicina de la Universidad de Buenos Aires (Argentina). Realiz\u00f3 investigaci\u00f3n Postdoctoral en el Laboratorio de Investigaciones en Memoria del Instituto del Cerebro de la Universidad Federal de Rio Grande do Norte (UFRN) como becaria de la modalidad Atracci\u00f3n de J\u00f3venes Talentos (A) del Programa Ciencia Sin Fronteras y del PNPD. En 2021, gan\u00f3 el premio Early Career Award de la Organizaci\u00f3n Internacional de Investigaci\u00f3n del Cerebro. Tiene experiencia en los campos de <b>neurofisiolog\u00eda y neuropsicofarmacolog\u00eda y estudia los mecanismos celulares y moleculares implicados en la formaci\u00f3n y expresi\u00f3n de los recuerdos a trav\u00e9s de enfoques conductuales, bioqu\u00edmicos, farmacol\u00f3gicos y electrofisiol\u00f3gicos.<\/b><br><\/p><\/div><\/div>\t\t\t\t<\/div>\n\t\t\t\t<\/div>\n\t\t\t\t<div class=\"elementor-element elementor-element-df2a881 elementor-widget elementor-widget-accordion\" data-id=\"df2a881\" data-element_type=\"widget\" data-widget_type=\"accordion.default\">\n\t\t\t\t<div class=\"elementor-widget-container\">\n\t\t\t\t\t\t\t<div class=\"elementor-accordion\">\n\t\t\t\t\t\t\t<div class=\"elementor-accordion-item\">\n\t\t\t\t\t<div id=\"elementor-tab-title-2341\" class=\"elementor-tab-title\" data-tab=\"1\" role=\"button\" aria-controls=\"elementor-tab-content-2341\" aria-expanded=\"false\">\n\t\t\t\t\t\t\t\t\t\t\t\t\t<span class=\"elementor-accordion-icon elementor-accordion-icon-left\" aria-hidden=\"true\">\n\t\t\t\t\t\t\t\t\t\t\t\t\t\t\t<i class=\"elementor-accordion-icon-closed fa fa-plus-circle\"><\/i>\n\t\t\t\t\t\t\t\t<i class=\"elementor-accordion-icon-opened\"><\/i>\n\t\t\t\t\t\t\t\t\t\t\t\t\t\t<\/span>\n\t\t\t\t\t\t\t\t\t\t\t\t<a class=\"elementor-accordion-title\" tabindex=\"0\">Consulte los \u00faltimos trabajos publicados por el investigador<\/a>\n\t\t\t\t\t<\/div>\n\t\t\t\t\t<div id=\"elementor-tab-content-2341\" class=\"elementor-tab-content elementor-clearfix\" data-tab=\"1\" role=\"region\" aria-labelledby=\"elementor-tab-title-2341\"><p>\u2022 Andressa Radiske, Mar\u00eda Carolina Gonz\u00e1lez, Diana A. N\u00f4ga, Janine I. Rossato, Lia RM Bevilaqua, Mart\u00edn Cammarota.\u00a0<a href=\"http:\/\/learnmem.cshlp.org\/content\/28\/1\/1\" target=\"_blank\" rel=\"noopener noreferrer nofollow\"><b>La inhibici\u00f3n de mTOR perjudica la reconsolidaci\u00f3n de la memoria de extinci\u00f3n<\/b><\/a>. <b><i>Aprendizaje y memoria, 2021<\/i><\/b><\/p><p>\u2022 Mar\u00eda Carolina Gonz\u00e1lez, Andressa Radiske, Sergio Conde-Ocazionez, Janine I. Rossato, Lia RM Bevilaqua y Mart\u00edn Cammarota.\u00a0<a style=\"background-color: #ffffff;\" href=\"http:\/\/learnmem.cshlp.org\/content\/29\/1\/1\" target=\"_blank\" rel=\"noopener noreferrer nofollow\"><b>La amnesia dependiente de la reactivaci\u00f3n para la memoria de reconocimiento de objetos depende del acoplamiento theta-gamma del hipocampo durante el recuerdo<\/b><\/a>. <b><i>Aprendizaje y memoria, 2021<\/i><\/b><\/p><p>\u2022 Andressa Radiske, Mar\u00eda Carolina Gonz\u00e1lez, Janine I. Rossato, G\u00eanedy Apolin\u00e1rio, Jo\u00e3o R. de Oliveira, Lia RM Bevilaqua y Mart\u00edn Cammarota.\u00a0<a style=\"background-color: #ffffff;\" href=\"https:\/\/molecularbrain.biomedcentral.com\/articles\/10.1186\/s13041-021-00877-5\" target=\"_blank\" rel=\"noopener noreferrer nofollow\"><b>La memoria de evitaci\u00f3n requiere que la actividad CaMKII persista despu\u00e9s del recuerdo<\/b><\/a>. <b><i>Cerebro molecular, 2021<\/i><\/b><\/p><div>\u2022 Mar\u00eda Carolina Gonz\u00e1lez, Janine I. Rossato, Andressa Radiske, Lia RM Bevilaqua y Mart\u00edn Cammarota.\u00a0<a style=\"background-color: #ffffff;\" href=\"https:\/\/www.pnas.org\/doi\/full\/10.1073\/pnas.2025275118\" target=\"_blank\" rel=\"noopener noreferrer nofollow\"><b>La dopamina controla si las nuevas actualizaciones de informaci\u00f3n declarativa reactivan los recuerdos mediante la reconsolidaci\u00f3n<\/b><\/a>.\u00a0<i><span style=\"font-weight: bold;\">Actas de la Academia Nacional de Ciencias de los Estados Unidos de Am\u00e9rica (PNAS), 2021<\/span><\/i><\/div><div>\u00a0\u00a0<\/div><div>\u2022 Mar\u00eda Carolina Gonz\u00e1lez, Andressa Radiske y Mart\u00edn Cammarota.<b>\u00a0<a href=\"https:\/\/www.frontiersin.org\/articles\/10.3389\/fncel.2019.00383\/full\" target=\"_blank\" rel=\"noopener noreferrer nofollow\">Sobre la participaci\u00f3n de la se\u00f1alizaci\u00f3n BDNF en la reconsolidaci\u00f3n de la memoria.\u00a0<\/a><i>Fontiers en Neurociencia Celular, 2019<\/i><\/b><\/div><div>\u00a0<\/div><div><p>\u2022 Andressa Radiske, Mar\u00eda Carolina Gonz\u00e1lez, Sergio Conde-Ocasionez, Janine I. Rossato, Cristiano A. Kohler y Mart\u00edn Cammarota.\u00a0<a style=\"background-color: #ffffff;\" href=\"https:\/\/www.jneurosci.org\/content\/40\/33\/6398\" target=\"_blank\" rel=\"noopener noreferrer nofollow\"><b>El acoplamiento de amplitud de fase de frecuencia cruzada entre las oscilaciones theta y gamma del hipocampo durante la recuperaci\u00f3n desestabiliza la memoria y la vuelve susceptible a la interrupci\u00f3n de la reconsolidaci\u00f3n<\/b>.<\/a><i style=\"font-weight: bold;\">\u00a0Revista de Neurociencia, 2020<\/i><\/p><p>\u00a0<\/p><\/div><p>\u2022 Mar\u00eda Carolina Gonz\u00e1lez, Andressa Radiske, Mart\u00edn Cammarota.\u00a0<a style=\"background-color: #ffffff;\" href=\"https:\/\/www.frontiersin.org\/articles\/10.3389\/fncel.2019.00383\/full\" target=\"_blank\" rel=\"noopener noreferrer nofollow\"><b>Sobre la participaci\u00f3n de la se\u00f1alizaci\u00f3n BDNF en la reconsolidaci\u00f3n de la memoria<\/b><\/a>. <b><i>Fronteras en neurociencia celular, 2019<\/i><\/b><\/p><div><p>\u2022 Janine I. Rossato, Mar\u00eda Carolina Gonz\u00e1lez, Andressa Radiske, G\u00eanedy Apolin\u00e1rio, Sergio Conde-Ocazionez, Lia R. Bevilaqua y Mart\u00edn Cammarota.\u00a0<a style=\"background-color: #ffffff;\" href=\"https:\/\/www.jneurosci.org\/content\/39\/10\/1828\" target=\"_blank\" rel=\"noopener noreferrer nofollow\"><b>La inhibici\u00f3n de PKM\u03b6 interrumpe la reconsolidaci\u00f3n y borra la memoria de reconocimiento de objetos<\/b><\/a><b>. <i>Revista de Neurociencia, 2019<\/i><\/b>\u00a0<\/p><\/div><div>\u2022 Mar\u00eda Carolina Gonz\u00e1lez, Janine I. Rossato, Andressa Radiske, Marina P\u00e1dua Reis &amp; Mart\u00edn Cammarota.\u00a0<a href=\"https:\/\/www.nature.com\/articles\/s41598-019-53005-8\" target=\"_blank\" rel=\"noopener noreferrer nofollow\"><b>La reconsolidaci\u00f3n de la memoria de reconocimiento requiere Zif268 del hipocampo.<\/b><\/a><b><i>\u00a0Informes Cient\u00edficos, 2019<\/i><\/b><\/div><div>\u00a0<\/div><\/div>\n\t\t\t\t<\/div>\n\t\t\t\t\t\t\t\t<\/div>\n\t\t\t\t\t\t<\/div>\n\t\t\t\t<\/div>\n\t\t\t\t\t<\/div>\n\t\t<\/div>\n\t\t\t\t\t<\/div>\n\t\t<\/section>\n\t\t\t\t<section class=\"elementor-section elementor-inner-section elementor-element elementor-element-967c3a4 elementor-section-boxed elementor-section-height-default elementor-section-height-default\" data-id=\"967c3a4\" data-element_type=\"section\" data-settings=\"{&quot;background_background&quot;:&quot;classic&quot;}\">\n\t\t\t\t\t\t<div class=\"elementor-container elementor-column-gap-default\">\n\t\t\t\t\t<div class=\"elementor-column elementor-col-100 elementor-inner-column elementor-element elementor-element-5038ccc\" data-id=\"5038ccc\" data-element_type=\"column\" data-settings=\"{&quot;background_background&quot;:&quot;classic&quot;}\">\n\t\t\t<div class=\"elementor-widget-wrap elementor-element-populated\">\n\t\t\t\t\t\t<div class=\"elementor-element elementor-element-f769d66 elementor-position-left elementor-vertical-align-top elementor-widget elementor-widget-image-box\" data-id=\"f769d66\" data-element_type=\"widget\" data-widget_type=\"image-box.default\">\n\t\t\t\t<div class=\"elementor-widget-container\">\n\t\t\t\t\t<div class=\"elementor-image-box-wrapper\"><figure class=\"elementor-image-box-img\"><img loading=\"lazy\" decoding=\"async\" width=\"600\" height=\"600\" src=\"https:\/\/institutosantosdumont.org.br\/wp-content\/uploads\/2021\/07\/perfil-fiuza.png\" class=\"attachment-full size-full wp-image-22072\" alt=\"\" srcset=\"https:\/\/institutosantosdumont.org.br\/wp-content\/uploads\/2021\/07\/perfil-fiuza.png 600w, https:\/\/institutosantosdumont.org.br\/wp-content\/uploads\/2021\/07\/perfil-fiuza-150x150.png 150w, https:\/\/institutosantosdumont.org.br\/wp-content\/uploads\/2021\/07\/perfil-fiuza-300x300.png 300w\" sizes=\"(max-width: 600px) 100vw, 600px\" \/><\/figure><div class=\"elementor-image-box-content\"><h3 class=\"elementor-image-box-title\">Felipe Porto Fiuza, Ph.D.<\/h3><p class=\"elementor-image-box-description\"><strong><a href=\"mailto:felipe.fiuza@isd.org.br\">Correo electr\u00f3nico<\/a>&nbsp; |&nbsp;&nbsp;<a href=\"http:\/\/lattes.cnpq.br\/4446524457524491\" target=\"_blank\" rel=\"noopener noreferrer\">Lattes curriculares<\/a> | <a href=\"https:\/\/scholar.google.com.br\/citations?user=0Pu3bV0AAAAJ&amp;hl=pt-BR&amp;oi=ao\" target=\"_blank\" rel=\"noopener noreferrer\"> Google Acad\u00e9mico<\/a><\/strong><br><br>Felipe Porto Fiuza es licenciado en Ciencias Biol\u00f3gicas por la Universidad Estadual de Cear\u00e1 (2012), M\u00e1ster (2015) y Doctorado (2018) en Psicobiolog\u00eda por la Universidad Federal de Rio Grande do Norte (UFRN) en el \u00e1rea de psicolog\u00eda fisiol\u00f3gica. El Investigador realiz\u00f3 un doctorado s\u00e1ndwich entre 2017 y 2018 en la Universidad Aut\u00f3noma de Madrid, en Espa\u00f1a, y desarroll\u00f3 actividades de Postdoctorado en el programa de posgrado en Psicobiolog\u00eda del Departamento de Fisiolog\u00eda de la UFRN. Tiene experiencia en <span style=\"font-weight: 700\">ciencias morfofuncionales, con \u00e9nfasis en neuroanatom\u00eda cuantitativa, trabajando principalmente en los siguientes temas: Envejecimiento, Estereolog\u00eda, Cronobiolog\u00eda y Conect\u00f3mica.<\/span><br><\/p><\/div><\/div>\t\t\t\t<\/div>\n\t\t\t\t<\/div>\n\t\t\t\t<div class=\"elementor-element elementor-element-aa62e53 elementor-widget elementor-widget-accordion\" data-id=\"aa62e53\" data-element_type=\"widget\" data-widget_type=\"accordion.default\">\n\t\t\t\t<div class=\"elementor-widget-container\">\n\t\t\t\t\t\t\t<div class=\"elementor-accordion\">\n\t\t\t\t\t\t\t<div class=\"elementor-accordion-item\">\n\t\t\t\t\t<div id=\"elementor-tab-title-1781\" class=\"elementor-tab-title\" data-tab=\"1\" role=\"button\" aria-controls=\"elementor-tab-content-1781\" aria-expanded=\"false\">\n\t\t\t\t\t\t\t\t\t\t\t\t\t<span class=\"elementor-accordion-icon elementor-accordion-icon-left\" aria-hidden=\"true\">\n\t\t\t\t\t\t\t\t\t\t\t\t\t\t\t<i class=\"elementor-accordion-icon-closed fa fa-plus-circle\"><\/i>\n\t\t\t\t\t\t\t\t<i class=\"elementor-accordion-icon-opened\"><\/i>\n\t\t\t\t\t\t\t\t\t\t\t\t\t\t<\/span>\n\t\t\t\t\t\t\t\t\t\t\t\t<a class=\"elementor-accordion-title\" tabindex=\"0\">Consulte los \u00faltimos trabajos publicados por el investigador<\/a>\n\t\t\t\t\t<\/div>\n\t\t\t\t\t<div id=\"elementor-tab-content-1781\" class=\"elementor-tab-content elementor-clearfix\" data-tab=\"1\" role=\"region\" aria-labelledby=\"elementor-tab-title-1781\"><p>\u2022 Felipe Porto Fiuza, Jos\u00e9 Pablo Queiroz, Ant\u00f4nio Carlos Aquino, Diego C\u00e2mara, Luiz Eduardo Brand\u00e3o, Ramon Hyp\u00f3lito Lima, Jos\u00e9 Rodolfo Cavalcanti, Rovena Clara Engelberth y Jeferson Cavalcante.\u00a0<a href=\"https:\/\/www.frontiersin.org\/articles\/10.3389\/fnagi.2021.613305\/full\" target=\"_blank\" rel=\"noopener noreferrer nofollow\"><b>El envejecimiento altera la expresi\u00f3n neuronal de calretinina diaria y regional en el t\u00e1lamo visual que no forma im\u00e1genes en la rata.\u00a0<\/b><\/a><b><i>Fronteras en la neurociencia del envejecimiento, 2021<\/i><\/b><\/p><p>\u00a0<\/p><\/div>\n\t\t\t\t<\/div>\n\t\t\t\t\t\t\t\t<\/div>\n\t\t\t\t\t\t<\/div>\n\t\t\t\t<\/div>\n\t\t\t\t\t<\/div>\n\t\t<\/div>\n\t\t\t\t\t<\/div>\n\t\t<\/section>\n\t\t\t\t<section class=\"elementor-section elementor-inner-section elementor-element elementor-element-wef3vtv elementor-section-boxed elementor-section-height-default elementor-section-height-default\" data-id=\"wef3vtv\" data-element_type=\"section\" data-settings=\"{&quot;background_background&quot;:&quot;classic&quot;}\">\n\t\t\t\t\t\t<div class=\"elementor-container elementor-column-gap-default\">\n\t\t\t\t\t<div class=\"elementor-column elementor-col-100 elementor-inner-column elementor-element elementor-element-bx7dt8h\" data-id=\"bx7dt8h\" data-element_type=\"column\" data-settings=\"{&quot;background_background&quot;:&quot;classic&quot;}\">\n\t\t\t<div class=\"elementor-widget-wrap elementor-element-populated\">\n\t\t\t\t\t\t<div class=\"elementor-element elementor-element-f21uq1l elementor-position-left elementor-vertical-align-top elementor-widget elementor-widget-image-box\" data-id=\"f21uq1l\" data-element_type=\"widget\" data-widget_type=\"image-box.default\">\n\t\t\t\t<div class=\"elementor-widget-container\">\n\t\t\t\t\t<div class=\"elementor-image-box-wrapper\"><figure class=\"elementor-image-box-img\"><img loading=\"lazy\" decoding=\"async\" width=\"600\" height=\"600\" src=\"https:\/\/institutosantosdumont.org.br\/wp-content\/uploads\/2017\/09\/perfil-hougelle-simplicio.png\" class=\"attachment-full size-full wp-image-11983\" alt=\"\" srcset=\"https:\/\/institutosantosdumont.org.br\/wp-content\/uploads\/2017\/09\/perfil-hougelle-simplicio.png 600w, https:\/\/institutosantosdumont.org.br\/wp-content\/uploads\/2017\/09\/perfil-hougelle-simplicio-150x150.png 150w, https:\/\/institutosantosdumont.org.br\/wp-content\/uploads\/2017\/09\/perfil-hougelle-simplicio-300x300.png 300w\" sizes=\"(max-width: 600px) 100vw, 600px\" \/><\/figure><div class=\"elementor-image-box-content\"><h3 class=\"elementor-image-box-title\">Hougelle Simpl\u00edcio, MD, Ph.D<\/h3><p class=\"elementor-image-box-description\"><strong><a href=\"mailto:hougelle@isd.org.br\">Correo electr\u00f3nico<\/a>&nbsp; |&nbsp;&nbsp;<a href=\"http:\/\/lattes.cnpq.br\/8106489023372032\" target=\"_blank\" rel=\"noopener noreferrer\">Lattes curriculares<\/a> | &nbsp;<a href=\"https:\/\/scholar.google.com\/citations?user=NIJkfZQAAAAJ\" target=\"_blank\" rel=\"noopener noreferrer\">Google Acad\u00e9mico<\/a><\/strong><br><br>Hougelle Simpl\u00edcio es m\u00e9dico egresada de la Universidad Federal de Rio Grande do Norte (UFRN). Tiene una especializaci\u00f3n en Neurocirug\u00eda del Hospital Santa Marcelina, en S\u00e3o Paulo, Brasil, y una beca en Neurocirug\u00eda Funcional. Es Doctor en Neurolog\u00eda con t\u00edtulo obtenido por la Facultad de Medicina de la Universidad de S\u00e3o Paulo (USP) y profesor de la Universidad Estadual de Rio Grande do Norte (Uern). Sus \u00e1reas de inter\u00e9s son: <span style=\"font-weight: 700\">neuromodulaci\u00f3n y neurocirug\u00eda funcional \u2013 Parkinson, Epilepsias y dolor cr\u00f3nico \u2013 en investigaci\u00f3n b\u00e1sica y aplicada, desarrollo de investigaci\u00f3n traslacional e innovaci\u00f3n.<\/span><br><\/p><\/div><\/div>\t\t\t\t<\/div>\n\t\t\t\t<\/div>\n\t\t\t\t<div class=\"elementor-element elementor-element-c63bc90 elementor-widget elementor-widget-accordion\" data-id=\"c63bc90\" data-element_type=\"widget\" data-widget_type=\"accordion.default\">\n\t\t\t\t<div class=\"elementor-widget-container\">\n\t\t\t\t\t\t\t<div class=\"elementor-accordion\">\n\t\t\t\t\t\t\t<div class=\"elementor-accordion-item\">\n\t\t\t\t\t<div id=\"elementor-tab-title-2071\" class=\"elementor-tab-title\" data-tab=\"1\" role=\"button\" aria-controls=\"elementor-tab-content-2071\" aria-expanded=\"false\">\n\t\t\t\t\t\t\t\t\t\t\t\t\t<span class=\"elementor-accordion-icon elementor-accordion-icon-left\" aria-hidden=\"true\">\n\t\t\t\t\t\t\t\t\t\t\t\t\t\t\t<i class=\"elementor-accordion-icon-closed fa fa-plus-circle\"><\/i>\n\t\t\t\t\t\t\t\t<i class=\"elementor-accordion-icon-opened\"><\/i>\n\t\t\t\t\t\t\t\t\t\t\t\t\t\t<\/span>\n\t\t\t\t\t\t\t\t\t\t\t\t<a class=\"elementor-accordion-title\" tabindex=\"0\">Consulte los \u00faltimos trabajos publicados por el investigador<\/a>\n\t\t\t\t\t<\/div>\n\t\t\t\t\t<div id=\"elementor-tab-content-2071\" class=\"elementor-tab-content elementor-clearfix\" data-tab=\"1\" role=\"region\" aria-labelledby=\"elementor-tab-title-2071\"><p>\u2022 Ivanna Tr\u00edcia Gon\u00e7alvez Fernandes, Patr\u00edcia Mayara da Silva, Barbara Osanilda Meneses, Jos\u00e9 Micael Barbosa, Junio Alves de Lima, Hougelle Simpl\u00edcio.<b>\u00a0<a href=\"https:\/\/issuu.com\/eduern\/docs\/livro_novastecnologias04_ebook\" target=\"_blank\" rel=\"noopener noreferrer nofollow\">Impacto de las neurotecnolog\u00edas emergentes en la salud 4.0.<\/a><\/b><a href=\"https:\/\/issuu.com\/eduern\/docs\/livro_novastecnologias04_ebook\" target=\"_blank\" rel=\"noopener noreferrer nofollow\"><b>\u00a0<\/b><\/a><b><i>Nuevas Tecnolog\u00edas Aplicadas a la Salud: innovaci\u00f3n, internet de las cosas, horizontes y desaf\u00edos, 2021<\/i><\/b><\/p><p>\u2022 Bruno Braz Garc\u00eda. Edson Ricardo Junior, Mariana Ferreira Pereira de Ara\u00fajo, Hougelle Simpl\u00edcio.\u00a0<a href=\"https:\/\/journals.sagepub.com\/doi\/10.1177\/1545968320956984\" target=\"_blank\" rel=\"noopener noreferrer nofollow\"><b>Historia y conocimientos sobre la estimulaci\u00f3n de la m\u00e9dula espinal en la enfermedad de Parkinson.<\/b>\u00a0<\/a><i style=\"font-weight: bold;\">Neurorrehabilitaci\u00f3n y Reparaci\u00f3n Neural, 2020<\/i><\/p><p>\u2022 Nat\u00e1lia MB Bezerra, Luana CFL Leal, Gentil GF Filho, Lorena Andreoli1, Lilian L Lisboa, Edgard Morya, Hougelle Simpl\u00edcio.\u00a0<a style=\"background-color: #ffffff;\" href=\"https:\/\/crimsonpublishers.com\/smoaj\/fulltext\/SMOAJ.000522.php\" target=\"_blank\" rel=\"noopener noreferrer nofollow\"><span style=\"font-weight: bold;\">Neuromodulaci\u00f3n sacra en ni\u00f1os con disfunci\u00f3n neurog\u00e9nica de la vejiga<\/span><\/a><span style=\"font-weight: bold;\">.<\/span><i style=\"font-weight: bold;\">\u00a0Revista de acceso abierto de medicina quir\u00fargica, 2018<\/i><\/p><p>\u2022 Morya, Edgard; Nascimento, MSL; Simplicio, H.; Freitas Jr, R.; Brasil, Fabricio L.<a style=\"color: #23527c; outline: 0px;\" href=\"https:\/\/portal.ifba.edu.br\/prpgi\/editora\/livros\/multidisciplinar\/ENEIS.pdf\" target=\"_blank\" rel=\"noopener noreferrer nofollow\">\u00a0<b>Neuroingenier\u00eda Aplicada a Tecnolog\u00edas de Asistencia y Rehabilitaci\u00f3n<\/b><\/a>. En: Atson Carlos de S. Fernandes; Fernanda Ferraz de Castro; Claudio Reynaldo B. de Souza; Eduardo Manuel de F. Jorge; Josiane Dantas V. Barbosa. (Org.).\u00a0<b><i>Emprendimiento e innovaci\u00f3n en salud: ciencia y mercado. 10ed. Salvador: IFBA, 2018, v. 10, p\u00e1g. 111-120\u00a0<\/i><\/b><\/p><p><b><i>\u00a0<\/i><\/b>\u2022 Andreoli L., Simplicio, H., Morya, E.\u00a0<a style=\"background-color: #ffffff;\" href=\"https:\/\/www.sciencedirect.com\/science\/article\/pii\/S1878875017322155?via%3Dihub\" target=\"_blank\" rel=\"noopener noreferrer nofollow\"><span style=\"font-weight: bold;\">Protocolo de entrenamiento del modelo de huevo para neurocirug\u00eda estereot\u00e1xica e implantaci\u00f3n de microelectrodos<\/span><\/a>.\u00a0<span style=\"font-weight: bold;\"><i>neurocirug\u00eda mundial,<\/i><\/span>\u00a0<span style=\"font-weight: bold;\"><i>2018<\/i><\/span><\/p><p>\u00a0<\/p><\/div>\n\t\t\t\t<\/div>\n\t\t\t\t\t\t\t\t<\/div>\n\t\t\t\t\t\t<\/div>\n\t\t\t\t<\/div>\n\t\t\t\t\t<\/div>\n\t\t<\/div>\n\t\t\t\t\t<\/div>\n\t\t<\/section>\n\t\t\t\t<section class=\"elementor-section elementor-inner-section elementor-element elementor-element-fcjpsqn elementor-section-boxed elementor-section-height-default elementor-section-height-default\" data-id=\"fcjpsqn\" data-element_type=\"section\" data-settings=\"{&quot;background_background&quot;:&quot;classic&quot;}\">\n\t\t\t\t\t\t<div class=\"elementor-container elementor-column-gap-default\">\n\t\t\t\t\t<div class=\"elementor-column elementor-col-100 elementor-inner-column elementor-element elementor-element-j1vy0cf\" data-id=\"j1vy0cf\" data-element_type=\"column\" data-settings=\"{&quot;background_background&quot;:&quot;classic&quot;}\">\n\t\t\t<div class=\"elementor-widget-wrap elementor-element-populated\">\n\t\t\t\t\t\t<div class=\"elementor-element elementor-element-9c8nh2x elementor-position-left elementor-vertical-align-top elementor-widget elementor-widget-image-box\" data-id=\"9c8nh2x\" data-element_type=\"widget\" data-widget_type=\"image-box.default\">\n\t\t\t\t<div class=\"elementor-widget-container\">\n\t\t\t\t\t<div class=\"elementor-image-box-wrapper\"><figure class=\"elementor-image-box-img\"><img loading=\"lazy\" decoding=\"async\" width=\"600\" height=\"600\" src=\"https:\/\/institutosantosdumont.org.br\/wp-content\/uploads\/2017\/09\/perfil-miguel-nicolelis.png\" class=\"attachment-full size-full wp-image-12009\" alt=\"\" srcset=\"https:\/\/institutosantosdumont.org.br\/wp-content\/uploads\/2017\/09\/perfil-miguel-nicolelis.png 600w, https:\/\/institutosantosdumont.org.br\/wp-content\/uploads\/2017\/09\/perfil-miguel-nicolelis-150x150.png 150w, https:\/\/institutosantosdumont.org.br\/wp-content\/uploads\/2017\/09\/perfil-miguel-nicolelis-300x300.png 300w\" sizes=\"(max-width: 600px) 100vw, 600px\" \/><\/figure><div class=\"elementor-image-box-content\"><h3 class=\"elementor-image-box-title\">Miguel Nicolelis, MD, Ph.D.<\/h3><p class=\"elementor-image-box-description\"><a href=\"http:\/\/lattes.cnpq.br\/4925407922379562\" target=\"_blank\" rel=\"noopener noreferrer\" style=\"font-weight: bold\">Lattes curriculares<\/a><b> | <\/b><strong style=\"font-weight: bold\"><a href=\"https:\/\/scholar.google.com\/citations?user=RefX_60AAAAJ\" target=\"_blank\" rel=\"noopener noreferrer\"> Google Acad\u00e9mico<\/a><\/strong><br><br>Miguel Nicolelis es licenciado en Medicina por la Universidad de S\u00e3o Paulo (USP) y doctor en Ciencias (Fisiolog\u00eda General) por la misma instituci\u00f3n. Es profesor titular del Departamento de Neurobiolog\u00eda y codirector del Centro de Neuroingenier\u00eda de la Universidad de Duke (EE.UU.), consultor del Brain and Mind Institute de la Escuela Polit\u00e9cnica Federal de Lausana (Suiza) y presidente del Instituto Alberto Santos Dumont. Asociaci\u00f3n de Apoyo a la Investigaci\u00f3n (AASDAP, en abreviatura portuguesa). Tiene experiencia en el campo de la Fisiolog\u00eda, con \u00e9nfasis en Neurofisiolog\u00eda. Sus l\u00edneas de investigaci\u00f3n son: <span style=\"font-weight: 700\">propiedades computacionales de grandes conjuntos neuronales en el comportamiento de los primates; plasticidad sensoriomotora en animales adultos y en el desarrollo sensorial; bases neuronales del aprendizaje sensoriomotor; desarrollo de interfaces cerebro-m\u00e1quina para restaurar la funci\u00f3n neurol\u00f3gica; Base neuronal de la percepci\u00f3n t\u00e1ctil.<\/span><\/p><\/div><\/div>\t\t\t\t<\/div>\n\t\t\t\t<\/div>\n\t\t\t\t<div class=\"elementor-element elementor-element-1610365 elementor-widget elementor-widget-accordion\" data-id=\"1610365\" data-element_type=\"widget\" data-widget_type=\"accordion.default\">\n\t\t\t\t<div class=\"elementor-widget-container\">\n\t\t\t\t\t\t\t<div class=\"elementor-accordion\">\n\t\t\t\t\t\t\t<div class=\"elementor-accordion-item\">\n\t\t\t\t\t<div id=\"elementor-tab-title-2311\" class=\"elementor-tab-title\" data-tab=\"1\" role=\"button\" aria-controls=\"elementor-tab-content-2311\" aria-expanded=\"false\">\n\t\t\t\t\t\t\t\t\t\t\t\t\t<span class=\"elementor-accordion-icon elementor-accordion-icon-left\" aria-hidden=\"true\">\n\t\t\t\t\t\t\t\t\t\t\t\t\t\t\t<i class=\"elementor-accordion-icon-closed fa fa-plus-circle\"><\/i>\n\t\t\t\t\t\t\t\t<i class=\"elementor-accordion-icon-opened\"><\/i>\n\t\t\t\t\t\t\t\t\t\t\t\t\t\t<\/span>\n\t\t\t\t\t\t\t\t\t\t\t\t<a class=\"elementor-accordion-title\" tabindex=\"0\">Consulte los \u00faltimos trabajos publicados por el investigador<\/a>\n\t\t\t\t\t<\/div>\n\t\t\t\t\t<div id=\"elementor-tab-content-2311\" class=\"elementor-tab-content elementor-clearfix\" data-tab=\"1\" role=\"region\" aria-labelledby=\"elementor-tab-title-2311\"><p>\u2022 Serie Laboratorio Nicolelis \u2013\u00a0<a style=\"background-color: #ffffff;\" href=\"https:\/\/issuu.com\/mnicolelis\/docs\/nicolelis_labs_series_vol_1v\" target=\"_blank\" rel=\"noopener noreferrer nofollow\"><b>20 a\u00f1os de investigaci\u00f3n sobre la interfaz cerebro-m\u00e1quina - Volumen 1<\/b><\/a>, <b><i>2019<\/i><\/b><\/p><p>\u2022 Serie Laboratorio Nicolelis \u2013\u00a0<b><a href=\"https:\/\/issuu.com\/mnicolelis\/docs\/nicolelis_labs_series_vol_2\" target=\"_blank\" rel=\"noopener noreferrer nofollow\">20 a\u00f1os de investigaci\u00f3n sobre la interfaz cerebro-m\u00e1quina - Volumen 2<\/a>,<\/b>\u00a0<span style=\"font-weight: bold;\"><i>2019<\/i><\/span><i><br \/><\/i><\/p><p>\u2022 Kunicki C, Moioli RC, Pais-Vieira M, Peres ASC, Morya E, Nicolelis MAL.\u00a0<b><a href=\"https:\/\/www.nature.com\/articles\/s41598-019-41516-3\" target=\"_blank\" rel=\"noopener noreferrer nofollow\">El acoplamiento espec\u00edfico de frecuencia en los circuitos corticales fronto-parieto-occipital es la base de la discriminaci\u00f3n t\u00e1ctil activa.<\/a>\u00a0<i>Informes Cient\u00edficos, 2019<\/i><\/b><\/p><p>\u2022 Shokur S, Donati ARC, Campos DSF, Gitti C, Bao G, Fischer D, Almeida S, Braga VAS, Augusto P, Petty C, Alho EJL, Lebediev M, Song AW, Nicolelis MAL. <b>t<a href=\"https:\/\/journals.plos.org\/plosone\/article?id=10.1371\/journal.pone.0206464\" target=\"_blank\" rel=\"noopener noreferrer nofollow\">La combinaci\u00f3n de interfaces cerebro-m\u00e1quina, retroalimentaci\u00f3n visuot\u00e1ctil y locomoci\u00f3n asistida mejora los signos sensoriomotores, viscerales y psicol\u00f3gicos en pacientes parapl\u00e9jicos cr\u00f3nicos.<\/a><\/b>\u00a0<b><i>M\u00c1S UNO, 2018<\/i><\/b><\/p><p>\u2022 Yin A, Tseng PH, Rajangam S, Lebedev MA, Nicolelis MAL.\u00a0<a href=\"https:\/\/www.nature.com\/articles\/s41598-018-27472-4\" target=\"_blank\" rel=\"noopener noreferrer nofollow\"><b>Coloque actividad similar a una c\u00e9lula en la corteza sensoriomotora y premotora primaria durante la navegaci\u00f3n de todo el cuerpo del mono.<\/b><\/a>\u00a0<b style=\"font-style: italic;\">Informes cient\u00edficos, 2018<\/b><\/p><p>\u2022 Tseng PH, Rajangam S, Lehew G, Lebedev MA, Nicolelis MAL.\u00a0<a style=\"background-color: #ffffff;\" href=\"https:\/\/www.nature.com\/articles\/s41598-018-22679-x\" target=\"_blank\" rel=\"noopener noreferrer nofollow\"><b>La sincronizaci\u00f3n cortical intercerebral codifica m\u00faltiples aspectos de las interacciones sociales en parejas de monos<\/b><\/a>,<i> <b>Informes cient\u00edficos, 2018<\/b><\/i><\/p><p>\u2022 Thomson E, Zea I, Windham W, Thenaisie Y, Walker C, Pedowitz P, Fran\u00e7a W, Graneiro AL, Nicolelis MAL.\u00a0<b><a href=\"https:\/\/www.eneuro.org\/content\/4\/6\/ENEURO.0262-17.2017\" target=\"_blank\" rel=\"noopener noreferrer nofollow\">Fusionar luz visible e invisible mediante una neuropr\u00f3tesis cortical sin afectar la funci\u00f3n sensorial nativa.<\/a><i>\u00a0<\/i><\/b><i style=\"font-weight: bold;\">eNeuro, 2017<\/i><\/p><p>\u2022 Ramakrishnan A, Byun YW, Rand K, Pedersen C, Lebedev MA, Nicolelis MA.\u00a0<a href=\"https:\/\/www.pnas.org\/doi\/10.1073\/pnas.1703668114\" target=\"_blank\" rel=\"noopener noreferrer nofollow\"><b>Las neuronas corticales multiplexan se\u00f1ales relacionadas con la recompensa junto con informaci\u00f3n sensorial y motora.<\/b><\/a><i><b>\u00a0Actas de la Academia Nacional de Ciencias de los Estados Unidos de Am\u00e9rica (PNAS), 2017<\/b><\/i><\/p><p>\u2022 Miguel AL Nicolelis.\u00a0<a href=\"https:\/\/www.nature.com\/articles\/s41562-016-0008\" target=\"_blank\" rel=\"noopener noreferrer nofollow\"><b>\u00bfCorremos el riesgo de convertirnos en m\u00e1quinas biol\u00f3gicas digitales?\u00a0<\/b><\/a><b><i>Comportamiento humano de la naturaleza, 2017<\/i><\/b><\/p><p>\u2022 Lebedev M, Nicolelis MAL.<i style=\"font-weight: bold;\">\u00a0<\/i><a style=\"background-color: #ffffff;\" href=\"https:\/\/pubmed.ncbi.nlm.nih.gov\/28275048\/\" target=\"_blank\" rel=\"noopener noreferrer nofollow\"><b>Interfaces cerebro-m\u00e1quina: desde la ciencia b\u00e1sica hasta los dispositivos neuroprot\u00e9sicos y la neurorrehabilitaci\u00f3n.<\/b><\/a>\u00a0<b><i>Revisi\u00f3n fisiol\u00f3gica, 2017<\/i><\/b><\/p><p>\u2022 Yadav A, Nicolelis MAL.<a href=\"https:\/\/pubmed.ncbi.nlm.nih.gov\/28497877\/#:~:text=Spinal%20cord%20stimulation%20has%20been%20used%20for%20the,for%20motor%20symptoms%20associated%20with%20Parkinson%27s%20disease%20%28PD%29.\" target=\"_blank\" rel=\"noopener noreferrer nofollow\"><b> Estimulaci\u00f3n el\u00e9ctrica de las columnas dorsales de la m\u00e9dula espinal en la enfermedad de Parkinson.<\/b><\/a><b style=\"font-style: italic;\">\u00a0<\/b><b><i>Trastornos del movimiento, 2017<\/i><\/b><\/p><p>\u00a0<\/p><\/div>\n\t\t\t\t<\/div>\n\t\t\t\t\t\t\t\t<\/div>\n\t\t\t\t\t\t<\/div>\n\t\t\t\t<\/div>\n\t\t\t\t\t<\/div>\n\t\t<\/div>\n\t\t\t\t\t<\/div>\n\t\t<\/section>\n\t\t\t\t<section class=\"elementor-section elementor-inner-section elementor-element elementor-element-khhb5zv elementor-section-boxed elementor-section-height-default elementor-section-height-default\" data-id=\"khhb5zv\" data-element_type=\"section\" data-settings=\"{&quot;background_background&quot;:&quot;classic&quot;}\">\n\t\t\t\t\t\t<div class=\"elementor-container elementor-column-gap-default\">\n\t\t\t\t\t<div class=\"elementor-column elementor-col-100 elementor-inner-column elementor-element elementor-element-d6f47rf\" data-id=\"d6f47rf\" data-element_type=\"column\" data-settings=\"{&quot;background_background&quot;:&quot;classic&quot;}\">\n\t\t\t<div class=\"elementor-widget-wrap elementor-element-populated\">\n\t\t\t\t\t\t<div class=\"elementor-element elementor-element-htkg3z5 elementor-position-left elementor-vertical-align-top elementor-widget elementor-widget-image-box\" data-id=\"htkg3z5\" data-element_type=\"widget\" data-widget_type=\"image-box.default\">\n\t\t\t\t<div class=\"elementor-widget-container\">\n\t\t\t\t\t<div class=\"elementor-image-box-wrapper\"><figure class=\"elementor-image-box-img\"><img loading=\"lazy\" decoding=\"async\" width=\"600\" height=\"600\" src=\"https:\/\/institutosantosdumont.org.br\/wp-content\/uploads\/2021\/07\/perfil-ramon-hypolito.png\" class=\"attachment-full size-full wp-image-22096\" alt=\"\" srcset=\"https:\/\/institutosantosdumont.org.br\/wp-content\/uploads\/2021\/07\/perfil-ramon-hypolito.png 600w, https:\/\/institutosantosdumont.org.br\/wp-content\/uploads\/2021\/07\/perfil-ramon-hypolito-150x150.png 150w, https:\/\/institutosantosdumont.org.br\/wp-content\/uploads\/2021\/07\/perfil-ramon-hypolito-300x300.png 300w\" sizes=\"(max-width: 600px) 100vw, 600px\" \/><\/figure><div class=\"elementor-image-box-content\"><h3 class=\"elementor-image-box-title\">Ram\u00f3n Hip\u00f3lito Lima, Ph.D.<\/h3><p class=\"elementor-image-box-description\"><strong><a href=\"mailto:ramon.lima@isd.org.br\">Correo electr\u00f3nico<\/a>&nbsp; |&nbsp;&nbsp;<a href=\"http:\/\/lattes.cnpq.br\/9065102569052213\" target=\"_blank\" rel=\"noopener noreferrer\">Lattes curriculares<\/a> | <a href=\"https:\/\/scholar.google.com.br\/citations?user=5lKx5GcAAAAJ&amp;hl=pt-BR\" target=\"_blank\" rel=\"noopener noreferrer\"> Google Acad\u00e9mico<\/a><\/strong><br><br><span><p dir=\"ltr\" style=\"line-height:1.38;margin-top:0pt;margin-bottom:0pt\"><span style=\"font-size: 15pt;vertical-align: baseline\">Ram\u00f3n Hypolito es licenciado en Ciencias Biol\u00f3gicas y doctor en Neurociencia por la Pontificia Universidad Cat\u00f3lica (PUC) de Rio Grande do Sul. Durante cinco a\u00f1os trabaj\u00f3 como investigador y becario postdoctoral en la Universidad Federal de Rio Grande do Norte (UFRN). . Tambi\u00e9n fue becario postdoctoral en el Departamento de Psicolog\u00eda de la Universidad de Birmingham (Reino Unido), donde llev\u00f3 a cabo investigaciones en el Memory Persistence Laboratory. Tiene experiencia en<\/span><span style=\"font-size: 15pt;font-weight: 700;vertical-align: baseline\"> neuroqu\u00edmica, comportamiento animal y neurofarmacolog\u00eda de los mecanismos b\u00e1sicos de la memoria.<\/span><\/p><\/span><\/p><\/div><\/div>\t\t\t\t<\/div>\n\t\t\t\t<\/div>\n\t\t\t\t<div class=\"elementor-element elementor-element-8b1572a elementor-widget elementor-widget-accordion\" data-id=\"8b1572a\" data-element_type=\"widget\" data-widget_type=\"accordion.default\">\n\t\t\t\t<div class=\"elementor-widget-container\">\n\t\t\t\t\t\t\t<div class=\"elementor-accordion\">\n\t\t\t\t\t\t\t<div class=\"elementor-accordion-item\">\n\t\t\t\t\t<div id=\"elementor-tab-title-1451\" class=\"elementor-tab-title\" data-tab=\"1\" role=\"button\" aria-controls=\"elementor-tab-content-1451\" aria-expanded=\"false\">\n\t\t\t\t\t\t\t\t\t\t\t\t\t<span class=\"elementor-accordion-icon elementor-accordion-icon-left\" aria-hidden=\"true\">\n\t\t\t\t\t\t\t\t\t\t\t\t\t\t\t<i class=\"elementor-accordion-icon-closed fa fa-plus-circle\"><\/i>\n\t\t\t\t\t\t\t\t<i class=\"elementor-accordion-icon-opened\"><\/i>\n\t\t\t\t\t\t\t\t\t\t\t\t\t\t<\/span>\n\t\t\t\t\t\t\t\t\t\t\t\t<a class=\"elementor-accordion-title\" tabindex=\"0\">Consulte los \u00faltimos trabajos publicados por el investigador<\/a>\n\t\t\t\t\t<\/div>\n\t\t\t\t\t<div id=\"elementor-tab-content-1451\" class=\"elementor-tab-content elementor-clearfix\" data-tab=\"1\" role=\"region\" aria-labelledby=\"elementor-tab-title-1451\"><p>\u2022 Felipe Porto Fiuza, Jos\u00e9 Pablo Queiroz, Ant\u00f4nio Carlos Aquino, Diego C\u00e2mara, Luiz Eduardo Brand\u00e3o, Ramon Hyp\u00f3lito Lima, Jos\u00e9 Rodolfo Cavalcanti, Rovena Clara Engelberth y Jeferson Cavalcante.\u00a0<a href=\"https:\/\/www.frontiersin.org\/articles\/10.3389\/fnagi.2021.613305\/full\" target=\"_blank\" rel=\"noopener noreferrer nofollow\"><b>El envejecimiento altera la expresi\u00f3n neuronal de calretinina diaria y regional en el t\u00e1lamo visual que no forma im\u00e1genes en la rata.\u00a0<\/b><\/a><b><i>Fronteras en la neurociencia del envejecimiento, 2021<\/i><\/b><\/p><p>\u2022 Luana Carla dos Santos, D\u00e9cio Dutra Junqueira Ayres, \u00cdcaro Alekseide Sousa Pinto, Marana Ali Silveira, Maryelle de C\u00e1ssia Albino, Victor Anast\u00e1cio Duarte Holanda, Ram\u00f3n Hypolito Lima, Eunice Andr\u00e9, Cl\u00e1udia Maria Padovan, Elaine Cristina Gavioli, Vanessa de Paula Soares.<i style=\"font-weight: bold;\">\u00a0<\/i><a href=\"https:\/\/www.sciencedirect.com\/science\/article\/pii\/S0741832920302883?via%3Dihub\" target=\"_blank\" rel=\"noopener noreferrer nofollow\"><b>Consecuencias conductuales tempranas y tard\u00edas de la abstinencia de etanol: centr\u00e1ndose en la actividad de la indoleamina 2,3 dioxigenasa cerebral.<\/b><\/a><b><i>\u00a0Bebidas alcoh\u00f3licas, 2021<\/i><\/b><\/p><p>\u2022 Phietica RR Silva, Regina H. Silva, Ram\u00f3n Hypolito Lima, Ywlliane S. Meurer, Bruno Ceppi y Mar\u00eda Emilia Yamamoto.\u00a0<a href=\"https:\/\/www.frontiersin.org\/articles\/10.3389\/fpsyg.2020.01795\/full\" target=\"_blank\" rel=\"noopener noreferrer nofollow\"><b>\u00bfExisten m\u00faltiples motivadores para mejorar el comportamiento en ratas?<\/b><\/a><i style=\"font-weight: bold;\">\u00a0Fronteras en Psicolog\u00eda, 2020<\/i><\/p><p>\u2022 Clarissa A. Moura, Matheus C. Oliveira, Layse F. Costa, Pamella RF Tiago, Victor AD Holanda, Ramon H. Lima, Fernanda C. Cagni, Bruno Lob\u00e3o-Soares, Franscico Bola\u00f1os-Jim\u00e9nez, Elaine C. Gavioli.\u00a0<a style=\"background-color: #ffffff;\" href=\"https:\/\/www.cambridge.org\/core\/journals\/acta-neuropsychiatrica\/article\/abs\/prenatal-restraint-stress-impairs-recognition-memory-in-adult-male-and-female-offspring\/E0C6DEDD180B90538720DB9EDE1966F0\" target=\"_blank\" rel=\"noopener noreferrer nofollow\"><span style=\"font-weight: bold;\">El estr\u00e9s por restricci\u00f3n prenatal afecta la memoria de reconocimiento en cr\u00edas adultas masculinas y femeninas<\/span><\/a>,\u00a0<span style=\"font-weight: bold;\"><i>Acta Neuropsiqui\u00e1trica, 2020<\/i><\/span><i style=\"font-weight: bold;\"><br \/><\/i><\/p><p>\u2022 Ingrid Brasilino Montenegro Bentode Souza, Ywlliane da Silva Rodrigues Meurer, Priscila Macedo Tavares, Karen Cristina Pugliane, Ram\u00f3n Hypolito Lima, Regina Helena Silva, Fl\u00e1vio Freitas Barbosa.<a href=\"https:\/\/www.sciencedirect.com\/science\/article\/pii\/S016643281831026X?via%3Dihub\" target=\"_blank\" rel=\"noopener noreferrer nofollow\"> <b>Deterioro de la memoria de tipo epis\u00f3dico inducido por dosis subanest\u00e9sicas de ketamina.\u00a0<\/b><\/a><b><i>Investigaci\u00f3n conductual del cerebro, 2019<\/i><\/b><\/p><div>\u2022 de Souza, IBMB, Costa, LRF, Tiago, PRF, Cagni, FC, Lima, RH, Silva Junior, ED y Gavioli, EC<b>\u00a0<a href=\"https:\/\/doi.apa.org\/doiLanding?doi=10.1037%2Fpha0000263\" target=\"_blank\" rel=\"noopener noreferrer nofollow\">Venlafaxina y nortriptilina revierten comportamientos depresivos agudos inducidos por dexametasona en ratones machos y hembras<\/a>. <i>Psicofarmacolog\u00eda experimental y cl\u00ednica, 2019.<\/i>\u00a0<\/b><\/div><p>\u00a0<\/p><\/div>\n\t\t\t\t<\/div>\n\t\t\t\t\t\t\t\t<\/div>\n\t\t\t\t\t\t<\/div>\n\t\t\t\t<\/div>\n\t\t\t\t\t<\/div>\n\t\t<\/div>\n\t\t\t\t\t<\/div>\n\t\t<\/section>\n\t\t\t\t<section class=\"elementor-section elementor-inner-section elementor-element elementor-element-46610ad elementor-section-boxed elementor-section-height-default elementor-section-height-default\" data-id=\"46610ad\" data-element_type=\"section\" data-settings=\"{&quot;background_background&quot;:&quot;classic&quot;}\">\n\t\t\t\t\t\t<div class=\"elementor-container elementor-column-gap-default\">\n\t\t\t\t\t<div class=\"elementor-column elementor-col-100 elementor-inner-column elementor-element elementor-element-48d510a\" data-id=\"48d510a\" data-element_type=\"column\" data-settings=\"{&quot;background_background&quot;:&quot;classic&quot;}\">\n\t\t\t<div class=\"elementor-widget-wrap elementor-element-populated\">\n\t\t\t\t\t\t<div class=\"elementor-element elementor-element-ecc199c elementor-position-left elementor-vertical-align-top elementor-widget elementor-widget-image-box\" data-id=\"ecc199c\" data-element_type=\"widget\" data-widget_type=\"image-box.default\">\n\t\t\t\t<div class=\"elementor-widget-container\">\n\t\t\t\t\t<div class=\"elementor-image-box-wrapper\"><figure class=\"elementor-image-box-img\"><img loading=\"lazy\" decoding=\"async\" width=\"600\" height=\"600\" src=\"https:\/\/institutosantosdumont.org.br\/wp-content\/uploads\/2019\/09\/Reginaldo-Freitas-perfil.png\" class=\"attachment-full size-full wp-image-17266\" alt=\"\" srcset=\"https:\/\/institutosantosdumont.org.br\/wp-content\/uploads\/2019\/09\/Reginaldo-Freitas-perfil.png 600w, https:\/\/institutosantosdumont.org.br\/wp-content\/uploads\/2019\/09\/Reginaldo-Freitas-perfil-150x150.png 150w, https:\/\/institutosantosdumont.org.br\/wp-content\/uploads\/2019\/09\/Reginaldo-Freitas-perfil-300x300.png 300w\" sizes=\"(max-width: 600px) 100vw, 600px\" \/><\/figure><div class=\"elementor-image-box-content\"><h3 class=\"elementor-image-box-title\">Reginaldo Freitas Jr, MD, Ph.D.<\/h3><p class=\"elementor-image-box-description\"><strong><a href=\"mailto:reginaldo@isd.org.br\">Correo electr\u00f3nico<\/a>&nbsp; |&nbsp;&nbsp;<a href=\"http:\/\/lattes.cnpq.br\/5867064453006400\" target=\"_blank\" rel=\"noopener noreferrer\">Lattes curriculares<\/a><\/strong><br><br>Reginaldo Freitas Jr. es m\u00e9dico. Tiene una Maestr\u00eda y un Doctorado en Ciencias M\u00e9dicas de la Facultad de Medicina de Ribeir\u00e3o Preto, Universidad de S\u00e3o Paulo. Es Profesor Asociado II del Departamento de Tocoginecolog\u00eda de la Universidad Federal de Rio Grande do Norte (UFRN) y Director General del Instituto Santos Dumont. Sus \u00e1reas de concentraci\u00f3n son: <span style=\"font-weight: 700\">Tocoginecolog\u00eda y salud maternoinfantil.<\/span><strong><a href=\"http:\/\/lattes.cnpq.br\/5867064453006400\" target=\"_blank\" rel=\"noopener noreferrer\"><br><\/a><\/strong><\/p><\/div><\/div>\t\t\t\t<\/div>\n\t\t\t\t<\/div>\n\t\t\t\t<div class=\"elementor-element elementor-element-57e18bc elementor-widget elementor-widget-accordion\" data-id=\"57e18bc\" data-element_type=\"widget\" data-widget_type=\"accordion.default\">\n\t\t\t\t<div class=\"elementor-widget-container\">\n\t\t\t\t\t\t\t<div class=\"elementor-accordion\">\n\t\t\t\t\t\t\t<div class=\"elementor-accordion-item\">\n\t\t\t\t\t<div id=\"elementor-tab-title-9211\" class=\"elementor-tab-title\" data-tab=\"1\" role=\"button\" aria-controls=\"elementor-tab-content-9211\" aria-expanded=\"false\">\n\t\t\t\t\t\t\t\t\t\t\t\t\t<span class=\"elementor-accordion-icon elementor-accordion-icon-left\" aria-hidden=\"true\">\n\t\t\t\t\t\t\t\t\t\t\t\t\t\t\t<i class=\"elementor-accordion-icon-closed fa fa-plus-circle\"><\/i>\n\t\t\t\t\t\t\t\t<i class=\"elementor-accordion-icon-opened\"><\/i>\n\t\t\t\t\t\t\t\t\t\t\t\t\t\t<\/span>\n\t\t\t\t\t\t\t\t\t\t\t\t<a class=\"elementor-accordion-title\" tabindex=\"0\">Consulte los \u00faltimos trabajos publicados por el investigador<\/a>\n\t\t\t\t\t<\/div>\n\t\t\t\t\t<div id=\"elementor-tab-content-9211\" class=\"elementor-tab-content elementor-clearfix\" data-tab=\"1\" role=\"region\" aria-labelledby=\"elementor-tab-title-9211\"><p style=\"box-sizing: border-box; margin: 0px 0px 10px; color: #707070; font-family: Roboto, sans-serif; font-size: 14px; font-style: normal; font-variant-ligatures: normal; font-variant-caps: normal; font-weight: 400; letter-spacing: normal; orphans: 2; text-align: left; text-indent: 0px; text-transform: none; white-space: normal; widows: 2; word-spacing: 0px; -webkit-text-stroke-width: 0px; background-color: #ffffff; text-decoration-thickness: initial; text-decoration-style: initial; text-decoration-color: initial;\">\u00a0<\/p><p style=\"box-sizing: border-box; margin: 0px 0px 10px; color: #707070; font-family: Roboto, sans-serif; font-size: 14px; font-style: normal; font-variant-ligatures: normal; font-variant-caps: normal; font-weight: 400; letter-spacing: normal; orphans: 2; text-align: left; text-indent: 0px; text-transform: none; white-space: normal; widows: 2; word-spacing: 0px; -webkit-text-stroke-width: 0px; background-color: #ffffff; text-decoration-thickness: initial; text-decoration-style: initial; text-decoration-color: initial;\">\u2022 Val\u00e9ria Azevedo de Almeida, Rafael Pauletti Gon\u00e7alves, Edgard Morya, Luiza Emilia Cavalcanti Simas, Nivia Maria Rodrigues Arrais, Lilian Lira Lisboa, Lucia Maria Costa Monteiro, Reginaldo Ant\u00f4nio de Oliveira Freitas J\u00fanior.\u00a0<a style=\"box-sizing: border-box; background-color: transparent; color: #337ab7; text-decoration: none; box-shadow: none;\" href=\"https:\/\/www.sciencedirect.com\/science\/article\/pii\/S1477513121003351?via%3Dihub\" target=\"_blank\" rel=\"noopener noreferrer nofollow\"><b style=\"box-sizing: border-box; font-weight: bold;\">Evaluaci\u00f3n de las funciones de la vejiga y los intestinos en ni\u00f1os con microcefalia y s\u00edndrome cong\u00e9nito de zika.<\/b><\/a><i style=\"box-sizing: border-box; font-style: italic; font-weight: bold;\">\u00a0Revista de Urolog\u00eda Pedi\u00e1trica, 2021<\/i><\/p><p>\u2022<span style=\"font-weight: bold;\"><i>\u00a0<\/i><\/span>Reginaldo Ant\u00f4nio de Oliveira Freitas J\u00fanior, Rafael Ant\u00f4nio Santana de Oliveira Freitas, Marcelo Pacheco Carvalho, Samantha Santos de Albuquerque Maranh\u00e3o, Lilian Lira Lisboa, George Dantas de Azevedo.\u00a0<span style=\"font-weight: bold;\"><a href=\"https:\/\/www.scielo.br\/j\/rbem\/a\/6rRtxhWtdvW7hpbps3pk4cG\/?lang=pt\" target=\"_blank\" rel=\"noopener noreferrer nofollow\">Inclusi\u00f3n de la atenci\u00f3n de salud para personas con discapacidad en los planes de estudio de medicina en Brasil.<\/a><i>\u00a0Revista Brasile\u00f1a de Educaci\u00f3n M\u00e9dica, 2021<\/i><\/span><\/p><p>\u2022 Reginaldo Freitas Jr., Carolina Barreto, Alexandra Lima, Carla Glenda Silva.\u00a0<b><a href=\"https:\/\/www.scielo.br\/j\/rbem\/a\/qbgkPTVmYpxSvMF9Jr8fDTQ\/?lang=ptv\" target=\"_blank\" rel=\"noopener noreferrer nofollow\">Desarrollo de habilidades comunicativas de estudiantes de medicina para el asesoramiento previo a la prueba del VIH en atenci\u00f3n prenatal<\/a>.<\/b> <b><i>Rev. Brasile\u00f1a de Educaci\u00f3n M\u00e9dica, 2020<\/i><\/b><\/p><p>\u2022 Reginaldo Ant\u00f4nio de Oliveira Freitas J\u00fanior.<i style=\"font-weight: bold;\">\u00a0<\/i><a style=\"background-color: #ffffff;\" href=\"https:\/\/www.scielo.br\/j\/rbsmi\/a\/jdXwst5w4p8jdY4DFstbT5b\/?lang=en\" target=\"_blank\" rel=\"noopener noreferrer nofollow\"><b>Mortalidad materna evitable como injusticia social.\u00a0<\/b><\/a><i style=\"font-weight: bold;\">Revista Brasile\u00f1a de Salud Materno Infantil, 2020<\/i><\/p><p>\u2022 Valeria Azevedo De Almeida, Nancy Sotero, Rafael Pauletti Gon\u00e7alves, Edgard Morya, Lilian Lira Lisboa, Lucia Maria Costa Monteiro, Reginaldo Ant\u00f4nio de Oliveira Freitas J\u00fanior.\u00a0<a href=\"https:\/\/www.protocols.io\/view\/criteria-to-evaluate-neurogenic-bowel-dysfunction-rm7vz8dd8vx1\/v1\" target=\"_blank\" rel=\"noopener noreferrer nofollow\"><span style=\"font-weight: bold;\">Criterios para evaluar la disfunci\u00f3n intestinal neurog\u00e9nica en ni\u00f1os con s\u00edndrome cong\u00e9nito de Zika.\u00a0<\/span><\/a><span style=\"font-weight: bold;\"><i>Protocolos.io, 2020<\/i><\/span>\u00a0<\/p><div><p>\u2022 Carolina Araujo Damasio Santos, Lilian Lira Lisboa, Alexandra Nascimento Cassiano, Alexandra Silva de Lima, Reginaldo Antonio de Oliveira Freitas-Junior.\u00a0<a style=\"background-color: #ffffff;\" href=\"https:\/\/www.educationforhealth.net\/article.asp?issn=1357-6283;year=2019;volume=32;issue=3;spage=150;epage=153;aulast=Damasio\" target=\"_blank\" rel=\"noopener noreferrer nofollow\"><b>El arte de nacer.<\/b><\/a>. <b><i>Educaci\u00f3n para la Salud, 2020<\/i><\/b><\/p><p>\u2022 Reginaldo Antonio de Oliveira Freitas-Junior, Carolina Araujo Damasio Santos, Lilian Lira Lisboa, Ana Karla Monteiro Santana de Oliveira Freitas, George Dantas Azevedo.\u00a0<a style=\"background-color: #ffffff;\" href=\"https:\/\/www.educationforhealth.net\/article.asp?issn=1357-6283;year=2019;volume=32;issue=3;spage=146;epage=149;aulast=Oliveira\" target=\"_blank\" rel=\"noopener noreferrer nofollow\"><b>Una estrategia educativa innovadora para abordar la competencia cultural en la atenci\u00f3n sanitaria de las mujeres quilombolas<\/b><\/a><b>. <i>Educaci\u00f3n para la Salud, 2020<\/i><\/b><\/p><p>\u2022 Samantha Maranh\u00e3o, Lilian Lisboa, Celina Reis, Reginaldo Freitas J\u00fanior.<i style=\"font-weight: bold;\">\u00a0<\/i><a href=\"https:\/\/www.revistas.unijui.edu.br\/index.php\/contextoesaude\/article\/view\/8116\" target=\"_blank\" rel=\"noopener noreferrer nofollow\"><b>Educaci\u00f3n y trabajo interprofesional en la atenci\u00f3n al trastorno del espectro autista: una necesidad para la atenci\u00f3n integral en el SUS.<\/b><\/a><i style=\"font-weight: bold;\">\u00a0Revista Contexto y Salud, 2019<\/i><\/p><\/div><div><b><i>\u00a0<\/i><\/b>\u2022 Ozair Silva, Danielly Miranda, Francisco J\u00fanior, Edgard Morya, Reginaldo Freitas Jr., Manuela Nascimento.\u00a0<span style=\"font-weight: bold;\"><a href=\"https:\/\/link.springer.com\/chapter\/10.1007\/978-981-13-2517-5_82\" target=\"_blank\" rel=\"noopener noreferrer nofollow\">La audiometr\u00eda de respuesta evocada del tronco encef\u00e1lico revela la integridad de la v\u00eda retrococlear en ni\u00f1os con microcefalia.<\/a>\u00a0<i>Actas IFMBE XXVI CBEB, 2019<\/i><\/span><\/div><div><span style=\"font-weight: bold;\"><i>\u00a0<\/i><\/span><\/div><div><p>\u2022 Morya, Edgard; Nascimento, MSL; Simplicio, H.; Freitas Jr, R.; Brasil, Fabricio L.<a style=\"color: #23527c; outline: 0px;\" href=\"https:\/\/portal.ifba.edu.br\/prpgi\/editora\/livros\/multidisciplinar\/ENEIS.pdf\" target=\"_blank\" rel=\"noopener noreferrer nofollow\">\u00a0<span style=\"font-weight: bold;\">Neuroingenier\u00eda Aplicada a Tecnolog\u00edas de Asistencia y Rehabilitaci\u00f3n<\/span><\/a>. En: Atson Carlos de S. Fernandes; Fernanda Ferraz de Castro; Claudio Reynaldo B. de Souza; Eduardo Manuel de F. Jorge; Josiane Dantas V. Barbosa. (Org.).\u00a0<span style=\"font-weight: bold;\"><i>Emprendimiento e innovaci\u00f3n en salud: ciencia y mercado. 10ed. Salvador: IFBA, 2018, v. 10, p\u00e1g. 111-120\u00a0<\/i><\/span><\/p><\/div><div>\u00a0<\/div><div><b><i>\u00a0<\/i><\/b><\/div><p>\u00a0<\/p><\/div>\n\t\t\t\t<\/div>\n\t\t\t\t\t\t\t\t<\/div>\n\t\t\t\t\t\t<\/div>\n\t\t\t\t<\/div>\n\t\t\t\t\t<\/div>\n\t\t<\/div>\n\t\t\t\t\t<\/div>\n\t\t<\/section>\n\t\t\t\t<div class=\"elementor-element elementor-element-50861aa elementor-widget elementor-widget-spacer\" data-id=\"50861aa\" data-element_type=\"widget\" data-widget_type=\"spacer.default\">\n\t\t\t\t<div class=\"elementor-widget-container\">\n\t\t\t\t\t\t\t<div class=\"elementor-spacer\">\n\t\t\t<div class=\"elementor-spacer-inner\"><\/div>\n\t\t<\/div>\n\t\t\t\t\t\t<\/div>\n\t\t\t\t<\/div>\n\t\t\t\t<div class=\"elementor-element elementor-element-1030b5d elementor-widget elementor-widget-heading\" data-id=\"1030b5d\" data-element_type=\"widget\" data-widget_type=\"heading.default\">\n\t\t\t\t<div class=\"elementor-widget-container\">\n\t\t\t\t\t<h2 class=\"elementor-heading-title elementor-size-default\">INVESTIGADORES POSDOctorales<\/h2>\t\t\t\t<\/div>\n\t\t\t\t<\/div>\n\t\t\t\t<section class=\"elementor-section elementor-inner-section elementor-element elementor-element-fa5f454 elementor-section-boxed elementor-section-height-default elementor-section-height-default\" data-id=\"fa5f454\" data-element_type=\"section\" data-settings=\"{&quot;background_background&quot;:&quot;classic&quot;}\">\n\t\t\t\t\t\t<div class=\"elementor-container elementor-column-gap-default\">\n\t\t\t\t\t<div class=\"elementor-column elementor-col-100 elementor-inner-column elementor-element elementor-element-381482c\" data-id=\"381482c\" data-element_type=\"column\" data-settings=\"{&quot;background_background&quot;:&quot;classic&quot;}\">\n\t\t\t<div class=\"elementor-widget-wrap elementor-element-populated\">\n\t\t\t\t\t\t<div class=\"elementor-element elementor-element-b954c4f elementor-vertical-align-top elementor-widget elementor-widget-image-box\" data-id=\"b954c4f\" data-element_type=\"widget\" data-widget_type=\"image-box.default\">\n\t\t\t\t<div class=\"elementor-widget-container\">\n\t\t\t\t\t<div class=\"elementor-image-box-wrapper\"><div class=\"elementor-image-box-content\"><h3 class=\"elementor-image-box-title\">Fernando da Silva Fiorin, Ph.D.<\/h3><p class=\"elementor-image-box-description\"><a href=\"http:\/\/lattes.cnpq.br\/1783079128689681\" rel=\"noopener noreferrer\" target=\"_blank\"><strong>Lattes curriculares<\/strong><\/a><br><br>Fernando Fiorin es licenciado en Educaci\u00f3n F\u00edsica por la Universidad Federal de Santa Mar\u00eda (UFSM), M\u00e1ster en Ciencias Biol\u00f3gicas (bioqu\u00edmica toxicol\u00f3gica) tambi\u00e9n por la UFSM y Doctor en Neurociencias por la Universidad Federal de Santa Catarina (UFSC), en el \u00e1rea de Neurobiolog\u00eda Celular y Molecular. Desarrolla investigaci\u00f3n postdoctoral en el Instituto Santos Dumont. Sus principales l\u00edneas de investigaci\u00f3n involucran la <span style=\"font-weight: 700\">Papel del ejercicio f\u00edsico en modelos experimentales de lesi\u00f3n cerebral traum\u00e1tica, conectividad cerebral y neuromodulaci\u00f3n. <\/span><br><\/p><\/div><\/div>\t\t\t\t<\/div>\n\t\t\t\t<\/div>\n\t\t\t\t\t<\/div>\n\t\t<\/div>\n\t\t\t\t\t<\/div>\n\t\t<\/section>\n\t\t\t\t<section class=\"elementor-section elementor-inner-section elementor-element elementor-element-6476e2e elementor-section-boxed elementor-section-height-default elementor-section-height-default\" data-id=\"6476e2e\" data-element_type=\"section\" data-settings=\"{&quot;background_background&quot;:&quot;classic&quot;}\">\n\t\t\t\t\t\t<div class=\"elementor-container elementor-column-gap-default\">\n\t\t\t\t\t<div class=\"elementor-column elementor-col-100 elementor-inner-column elementor-element elementor-element-c2d4f6e\" data-id=\"c2d4f6e\" data-element_type=\"column\" data-settings=\"{&quot;background_background&quot;:&quot;classic&quot;}\">\n\t\t\t<div class=\"elementor-widget-wrap elementor-element-populated\">\n\t\t\t\t\t\t<div class=\"elementor-element elementor-element-b857ee3 elementor-vertical-align-top elementor-widget elementor-widget-image-box\" data-id=\"b857ee3\" data-element_type=\"widget\" data-widget_type=\"image-box.default\">\n\t\t\t\t<div class=\"elementor-widget-container\">\n\t\t\t\t\t<div class=\"elementor-image-box-wrapper\"><div class=\"elementor-image-box-content\"><h3 class=\"elementor-image-box-title\">Sheila Andreoli Balen, Ph.D.<\/h3><p class=\"elementor-image-box-description\"><a href=\"http:\/\/lattes.cnpq.br\/3487546022829633\" rel=\"noopener noreferrer\" target=\"_blank\"><strong>Lattes curriculares<\/strong><\/a><br><br>Sheila Balen es licenciada en Fonoaudiolog\u00eda por la Universidad Federal de Santa Mar\u00eda (UFSM), M\u00e1ster en Fonoaudiolog\u00eda por la Pontificia Universidad Cat\u00f3lica de S\u00e3o Paulo (PUC-SP) y Doctora en Neurociencia y Comportamiento por la Universidad de S\u00e3o Paulo (PSU). Es profesora del Departamento de Fonoaudiolog\u00eda de la Universidad Federal de Rio Grande do Norte (UFRN) y del Programa Asociado de Posgrado en Fonoaudiolog\u00eda de la UFRN y de la Universidad Federal de Para\u00edba (UFPB). Es investigadora de la base de investigaciones en audici\u00f3n y lenguaje del Laboratorio de Innovaci\u00f3n Tecnol\u00f3gica en Salud (LAIS) del Hospital Universitario Onofre Lopes de la UFRN y realiza investigaciones posdoctorales en el Instituto Santos Dumont. Desarrolla investigaciones en las \u00e1reas de <span style=\"font-weight: 700\">salud auditiva infantil, escolar y comunitaria, as\u00ed como en el \u00e1rea de la neuroaudiolog\u00eda de las neurociencias y sus interfaces con los mecanismos atencionales, de memoria y del lenguaje, as\u00ed como el desarrollo de habilidades cognitivas y perceptivas en beb\u00e9s y ni\u00f1os.<\/span><br><\/p><\/div><\/div>\t\t\t\t<\/div>\n\t\t\t\t<\/div>\n\t\t\t\t\t<\/div>\n\t\t<\/div>\n\t\t\t\t\t<\/div>\n\t\t<\/section>\n\t\t\t\t<section class=\"elementor-section elementor-inner-section elementor-element elementor-element-87b86b5 elementor-section-boxed elementor-section-height-default elementor-section-height-default\" data-id=\"87b86b5\" data-element_type=\"section\" data-settings=\"{&quot;background_background&quot;:&quot;classic&quot;}\">\n\t\t\t\t\t\t<div class=\"elementor-container elementor-column-gap-default\">\n\t\t\t\t\t<div class=\"elementor-column elementor-col-100 elementor-inner-column elementor-element elementor-element-0be194c\" data-id=\"0be194c\" data-element_type=\"column\" data-settings=\"{&quot;background_background&quot;:&quot;classic&quot;}\">\n\t\t\t<div class=\"elementor-widget-wrap elementor-element-populated\">\n\t\t\t\t\t\t<div class=\"elementor-element elementor-element-e2b31bd elementor-vertical-align-top elementor-widget elementor-widget-image-box\" data-id=\"e2b31bd\" data-element_type=\"widget\" data-widget_type=\"image-box.default\">\n\t\t\t\t<div class=\"elementor-widget-container\">\n\t\t\t\t\t<div class=\"elementor-image-box-wrapper\"><div class=\"elementor-image-box-content\"><h3 class=\"elementor-image-box-title\">Val\u00e9ria Reis do Canto Pereira, Ph.D.<\/h3><p class=\"elementor-image-box-description\"><a href=\"http:\/\/lattes.cnpq.br\/3000823494836044\" rel=\"noopener noreferrer\" target=\"_blank\"><strong>Lattes curriculares<\/strong><\/a><br><br>Val\u00e9ria Canto Pereira es licenciada en Logopedia por la Universidad de Fortaleza (UNIFOR), especializaci\u00f3n en Trastornos de la Comunicaci\u00f3n Humana por la Universidad Federal de S\u00e3o Paulo (Unifesp), Maestr\u00eda en Logopedia por la Pontificia Universidad Cat\u00f3lica de S\u00e3o Paulo (PUC -SP) y Doctor en Ciencias por la Universidad de S\u00e3o Paulo (USP). Desarroll\u00f3 investigaci\u00f3n postdoctoral en el \u00e1rea de Neurociencias de la Universidad de Brasilia (UnB), donde es Profesora Adjunta II del curso de Fonoaudiolog\u00eda. Desarrolla investigaci\u00f3n postdoctoral en el Instituto Santos Dumont en el campo de <span style=\"font-weight: 700\">Fonoaudiolog\u00eda-Audiolog\u00eda y Psicolog\u00eda, donde estudia los procesos cognitivos, perceptivos y motores de la visi\u00f3n y audici\u00f3n, la atenci\u00f3n, la memoria y sus respectivos trastornos.<\/span><\/p><\/div><\/div>\t\t\t\t<\/div>\n\t\t\t\t<\/div>\n\t\t\t\t\t<\/div>\n\t\t<\/div>\n\t\t\t\t\t<\/div>\n\t\t<\/section>\n\t\t\t\t<div class=\"elementor-element elementor-element-c9ed717 elementor-widget elementor-widget-spacer\" data-id=\"c9ed717\" data-element_type=\"widget\" data-widget_type=\"spacer.default\">\n\t\t\t\t<div class=\"elementor-widget-container\">\n\t\t\t\t\t\t\t<div class=\"elementor-spacer\">\n\t\t\t<div class=\"elementor-spacer-inner\"><\/div>\n\t\t<\/div>\n\t\t\t\t\t\t<\/div>\n\t\t\t\t<\/div>\n\t\t\t\t<div class=\"elementor-element elementor-element-6259acc elementor-widget elementor-widget-heading\" data-id=\"6259acc\" data-element_type=\"widget\" data-widget_type=\"heading.default\">\n\t\t\t\t<div class=\"elementor-widget-container\">\n\t\t\t\t\t<h2 class=\"elementor-heading-title elementor-size-default\">INVESTIGADORES COLABORADORES<\/h2>\t\t\t\t<\/div>\n\t\t\t\t<\/div>\n\t\t\t\t<section class=\"elementor-section elementor-inner-section elementor-element elementor-element-18396c8 elementor-section-boxed elementor-section-height-default elementor-section-height-default\" data-id=\"18396c8\" data-element_type=\"section\" data-settings=\"{&quot;background_background&quot;:&quot;classic&quot;}\">\n\t\t\t\t\t\t<div class=\"elementor-container elementor-column-gap-default\">\n\t\t\t\t\t<div class=\"elementor-column elementor-col-100 elementor-inner-column elementor-element elementor-element-9aa1d77\" data-id=\"9aa1d77\" data-element_type=\"column\" data-settings=\"{&quot;background_background&quot;:&quot;classic&quot;}\">\n\t\t\t<div class=\"elementor-widget-wrap elementor-element-populated\">\n\t\t\t\t\t\t<div class=\"elementor-element elementor-element-cdf6fe9 elementor-vertical-align-top elementor-widget elementor-widget-image-box\" data-id=\"cdf6fe9\" data-element_type=\"widget\" data-widget_type=\"image-box.default\">\n\t\t\t\t<div class=\"elementor-widget-container\">\n\t\t\t\t\t<div class=\"elementor-image-box-wrapper\"><div class=\"elementor-image-box-content\"><h3 class=\"elementor-image-box-title\">Ana Carolina B. Kunicki, Ph.D.<\/h3><p class=\"elementor-image-box-description\"><strong><a href=\"http:\/\/lattes.cnpq.br\/3890202285222542\" target=\"_blank\" rel=\"noopener noreferrer\">Lattes curriculares<\/a><\/strong><br><br>Ana Carolina Kunicki es licenciada en Medicina Veterinaria por la Universidad Federal Rural de Pernambuco, Doctora en Ciencias (Neurociencias) por el Programa de Posgrado en Fisiopatolog\u00eda Experimental de la Facultad de Medicina de la Universidad de S\u00e3o Paulo (USP) y desarroll\u00f3 actividades de Postdoctorado en el Instituto Internacional de Neurociencias Edmond y Lily Safra. Tiene experiencia en el campo de <span style=\"font-weight: 700\">neurofisiolog\u00eda, con \u00e9nfasis en la interfaz cerebro-m\u00e1quina y la integraci\u00f3n sensoriomotora.<\/span><\/p><\/div><\/div>\t\t\t\t<\/div>\n\t\t\t\t<\/div>\n\t\t\t\t\t<\/div>\n\t\t<\/div>\n\t\t\t\t\t<\/div>\n\t\t<\/section>\n\t\t\t\t<section class=\"elementor-section elementor-inner-section elementor-element elementor-element-9203701 elementor-section-boxed elementor-section-height-default elementor-section-height-default\" data-id=\"9203701\" data-element_type=\"section\" data-settings=\"{&quot;background_background&quot;:&quot;classic&quot;}\">\n\t\t\t\t\t\t<div class=\"elementor-container elementor-column-gap-default\">\n\t\t\t\t\t<div class=\"elementor-column elementor-col-100 elementor-inner-column elementor-element elementor-element-175bc7f\" data-id=\"175bc7f\" data-element_type=\"column\" data-settings=\"{&quot;background_background&quot;:&quot;classic&quot;}\">\n\t\t\t<div class=\"elementor-widget-wrap elementor-element-populated\">\n\t\t\t\t\t\t<div class=\"elementor-element elementor-element-63b049c elementor-vertical-align-top elementor-widget elementor-widget-image-box\" data-id=\"63b049c\" data-element_type=\"widget\" data-widget_type=\"image-box.default\">\n\t\t\t\t<div class=\"elementor-widget-container\">\n\t\t\t\t\t<div class=\"elementor-image-box-wrapper\"><div class=\"elementor-image-box-content\"><h3 class=\"elementor-image-box-title\">Andr\u00e9 Salles Cunha Peres, Ph.D.<\/h3><p class=\"elementor-image-box-description\"><a href=\"http:\/\/lattes.cnpq.br\/8282650074944458\" target=\"_blank\" rel=\"noopener noreferrer\"><strong>Lattes curriculares<\/strong><\/a><br><br>Andr\u00e9 Salles es licenciado en F\u00edsica M\u00e9dica por la Universidad de S\u00e3o Paulo (USP), M\u00e1ster en F\u00edsica y Ciencias Aplicadas por la Facultad de Filosof\u00eda, Ciencias y Letras de Ribeir\u00e3o Preto, Doctor en F\u00edsica Aplicada a la Medicina y Biolog\u00eda tambi\u00e9n por la Facultad de Ribeir\u00e3o Preto y realiz\u00f3 investigaciones postdoctorales en el Instituto del Cerebro de la Universidad Federal de Rio Grande do Norte (UFRN). Tiene experiencia en el campo de <span style=\"font-weight: 700\">instrumentaci\u00f3n biom\u00e9dica y procesamiento de se\u00f1ales, trabajando principalmente con: estimulaci\u00f3n magn\u00e9tica transcraneal (EMT), resonancia magn\u00e9tica funcional (fMRI), neuronavegaci\u00f3n y aprendizaje autom\u00e1tico.<\/span><br><\/p><\/div><\/div>\t\t\t\t<\/div>\n\t\t\t\t<\/div>\n\t\t\t\t\t<\/div>\n\t\t<\/div>\n\t\t\t\t\t<\/div>\n\t\t<\/section>\n\t\t\t\t<section class=\"elementor-section elementor-inner-section elementor-element elementor-element-2b869b4 elementor-section-boxed elementor-section-height-default elementor-section-height-default\" data-id=\"2b869b4\" data-element_type=\"section\" data-settings=\"{&quot;background_background&quot;:&quot;classic&quot;}\">\n\t\t\t\t\t\t<div class=\"elementor-container elementor-column-gap-default\">\n\t\t\t\t\t<div class=\"elementor-column elementor-col-100 elementor-inner-column elementor-element elementor-element-4996661\" data-id=\"4996661\" data-element_type=\"column\" data-settings=\"{&quot;background_background&quot;:&quot;classic&quot;}\">\n\t\t\t<div class=\"elementor-widget-wrap elementor-element-populated\">\n\t\t\t\t\t\t<div class=\"elementor-element elementor-element-aae3eb9 elementor-vertical-align-top elementor-widget elementor-widget-image-box\" data-id=\"aae3eb9\" data-element_type=\"widget\" data-widget_type=\"image-box.default\">\n\t\t\t\t<div class=\"elementor-widget-container\">\n\t\t\t\t\t<div class=\"elementor-image-box-wrapper\"><div class=\"elementor-image-box-content\"><h3 class=\"elementor-image-box-title\">Manuela S. Nascimento, Ph.D.\u200b<\/h3><p class=\"elementor-image-box-description\"><strong><a href=\"http:\/\/lattes.cnpq.br\/9704125905278773\" target=\"_blank\" rel=\"noopener noreferrer\">Lattes curriculares<\/a><\/strong><br><br>Manuela Nascimento es licenciada en Ciencias Biol\u00f3gicas por la Universidad Federal de Rio Grande do Norte (UFRN), Maestr\u00eda y Doctorado en Inmunolog\u00eda B\u00e1sica y Aplicada por la Facultad de Medicina de Ribeir\u00e3o Preto de la Universidad de S\u00e3o Paulo. Tambi\u00e9n realiz\u00f3 un doctorado en s\u00e1ndwich en la Universidad de Yale, EE. UU. Su principal experiencia es en Inmunolog\u00eda, Biolog\u00eda Molecular y Neurociencia, y sus \u00e1reas de inter\u00e9s son<span style=\"font-weight: 700\"> mecanismos inmunol\u00f3gicos despu\u00e9s de la neuromodulaci\u00f3n, interfaz inmunidad innata x inmunidad adaptativa, interfaces neuroinmunol\u00f3gicas, inflamaci\u00f3n, enfermedades neurodegenerativas y enfermedades infecciosas.<\/span><br><\/p><\/div><\/div>\t\t\t\t<\/div>\n\t\t\t\t<\/div>\n\t\t\t\t\t<\/div>\n\t\t<\/div>\n\t\t\t\t\t<\/div>\n\t\t<\/section>\n\t\t\t\t<section class=\"elementor-section elementor-inner-section elementor-element elementor-element-1352fda elementor-section-boxed elementor-section-height-default elementor-section-height-default\" data-id=\"1352fda\" data-element_type=\"section\" data-settings=\"{&quot;background_background&quot;:&quot;classic&quot;}\">\n\t\t\t\t\t\t<div class=\"elementor-container elementor-column-gap-default\">\n\t\t\t\t\t<div class=\"elementor-column elementor-col-100 elementor-inner-column elementor-element elementor-element-e1593a9\" data-id=\"e1593a9\" data-element_type=\"column\" data-settings=\"{&quot;background_background&quot;:&quot;classic&quot;}\">\n\t\t\t<div class=\"elementor-widget-wrap elementor-element-populated\">\n\t\t\t\t\t\t<div class=\"elementor-element elementor-element-6e3d3d3 elementor-vertical-align-top elementor-widget elementor-widget-image-box\" data-id=\"6e3d3d3\" data-element_type=\"widget\" data-widget_type=\"image-box.default\">\n\t\t\t\t<div class=\"elementor-widget-container\">\n\t\t\t\t\t<div class=\"elementor-image-box-wrapper\"><div class=\"elementor-image-box-content\"><h3 class=\"elementor-image-box-title\">Mariana FP de Ara\u00fajo, Ph.D.<\/h3><p class=\"elementor-image-box-description\"><a href=\"http:\/\/lattes.cnpq.br\/8680061079519776\" target=\"_blank\" rel=\"noopener noreferrer\"> <strong>Lattes curriculares<\/strong><\/a><br><br>Mariana FP de Ara\u00fajo es licenciada en Ciencias Biol\u00f3gicas por la Universidad de Brasilia (UnB), maestr\u00eda en Ciencias de la Salud por la Universidad de Brasilia y doctora en Neurociencia Emocional y Cognitiva por la Universidad de Toyama, Jap\u00f3n. Sus \u00e1reas de inter\u00e9s son <span style=\"font-weight: 700\">cognici\u00f3n de primates, neurobiolog\u00eda del comportamiento social, electrofisiolog\u00eda, neurofisiolog\u00eda y neuromodulaci\u00f3n.<\/span><br><\/p><\/div><\/div>\t\t\t\t<\/div>\n\t\t\t\t<\/div>\n\t\t\t\t\t<\/div>\n\t\t<\/div>\n\t\t\t\t\t<\/div>\n\t\t<\/section>\n\t\t\t\t<section class=\"elementor-section elementor-inner-section elementor-element elementor-element-700909d elementor-section-boxed elementor-section-height-default elementor-section-height-default\" data-id=\"700909d\" data-element_type=\"section\" data-settings=\"{&quot;background_background&quot;:&quot;classic&quot;}\">\n\t\t\t\t\t\t<div class=\"elementor-container elementor-column-gap-default\">\n\t\t\t\t\t<div class=\"elementor-column elementor-col-100 elementor-inner-column elementor-element elementor-element-10060f5\" data-id=\"10060f5\" data-element_type=\"column\" data-settings=\"{&quot;background_background&quot;:&quot;classic&quot;}\">\n\t\t\t<div class=\"elementor-widget-wrap elementor-element-populated\">\n\t\t\t\t\t\t<div class=\"elementor-element elementor-element-b31ae1a elementor-vertical-align-top elementor-widget elementor-widget-image-box\" data-id=\"b31ae1a\" data-element_type=\"widget\" data-widget_type=\"image-box.default\">\n\t\t\t\t<div class=\"elementor-widget-container\">\n\t\t\t\t\t<div class=\"elementor-image-box-wrapper\"><div class=\"elementor-image-box-content\"><h3 class=\"elementor-image-box-title\">Ren\u00e1n Cipriano Moioli, Ph.D.<\/h3><p class=\"elementor-image-box-description\"><a href=\"http:\/\/lattes.cnpq.br\/3898958813303048\" target=\"_blank\" rel=\"noopener noreferrer\"><strong>Lattes curriculares<\/strong><\/a><br><br>Renan Moioli es licenciado en Ingenier\u00eda El\u00e9ctrica por la Universidad Estadual de Campinas (2006), M\u00e1ster por la misma universidad (2008) con \u00e9nfasis en inteligencia computacional y rob\u00f3tica, y Doctorado en Ciencias Cognitivas por el Centro de Neurociencia Computacional y Rob\u00f3tica. en la Universidad de Sussex (Reino Unido). En 2018, se convirti\u00f3 en Newton Advanced Fellow de la Royal Society\/Reino Unido. Sus proyectos desarrollan y exploran herramientas de inteligencia computacional en el contexto de la neuroingenier\u00eda, desde la construcci\u00f3n de interfaces cerebro-m\u00e1quina hasta la b\u00fasqueda de patrones neuronales en procesos cognitivos, con enfoque en aplicaciones para la salud y otros frentes del sector productivo. Tiene experiencia en <span style=\"font-weight: 700\">Ingenier\u00eda El\u00e9ctrica e Inform\u00e1tica, con \u00e9nfasis en inteligencia computacional, aprendizaje autom\u00e1tico, procesamiento de se\u00f1ales, teor\u00eda de la informaci\u00f3n y rob\u00f3tica aut\u00f3noma.<br><\/span><\/p><\/div><\/div>\t\t\t\t<\/div>\n\t\t\t\t<\/div>\n\t\t\t\t\t<\/div>\n\t\t<\/div>\n\t\t\t\t\t<\/div>\n\t\t<\/section>\n\t\t\t\t<div class=\"elementor-element elementor-element-3337f1a elementor-widget elementor-widget-spacer\" data-id=\"3337f1a\" data-element_type=\"widget\" data-widget_type=\"spacer.default\">\n\t\t\t\t<div class=\"elementor-widget-container\">\n\t\t\t\t\t\t\t<div class=\"elementor-spacer\">\n\t\t\t<div class=\"elementor-spacer-inner\"><\/div>\n\t\t<\/div>\n\t\t\t\t\t\t<\/div>\n\t\t\t\t<\/div>\n\t\t\t\t\t<\/div>\n\t\t<\/div>\n\t\t\t\t\t<\/div>\n\t\t<\/section>\n\t\t\t\t<\/div>","protected":false},"excerpt":{"rendered":"<p>El programa de maestr\u00eda del Instituto Santos Dumont cuenta con un equipo multidisciplinario de profesores e investigadores. Los estudios cient\u00edficos son impartidos por m\u00e9dicos, veterinarios, ingenieros, f\u00edsicos, bi\u00f3logos, logopedas, psic\u00f3logos, fisioterapeutas y otros profesionales. Conozca a nuestros miembros del profesorado: INVESTIGADORES Abner Cardoso Rodrigues Neto, Ph.D. Correo electr\u00f3nico | Curr\u00edculum Lattes | Google Scholar Abner Cardoso es licenciado en Inform\u00e1tica [\u2026]<\/p>","protected":false},"author":10,"featured_media":0,"parent":0,"menu_order":0,"comment_status":"closed","ping_status":"closed","template":"template-page.php","meta":{"_acf_changed":false,"footnotes":""},"class_list":["post-23690","page","type-page","status-publish","hentry"],"acf":[],"_links":{"self":[{"href":"https:\/\/institutosantosdumont.org.br\/es\/wp-json\/wp\/v2\/pages\/23690","targetHints":{"allow":["GET"]}}],"collection":[{"href":"https:\/\/institutosantosdumont.org.br\/es\/wp-json\/wp\/v2\/pages"}],"about":[{"href":"https:\/\/institutosantosdumont.org.br\/es\/wp-json\/wp\/v2\/types\/page"}],"author":[{"embeddable":true,"href":"https:\/\/institutosantosdumont.org.br\/es\/wp-json\/wp\/v2\/users\/10"}],"replies":[{"embeddable":true,"href":"https:\/\/institutosantosdumont.org.br\/es\/wp-json\/wp\/v2\/comments?post=23690"}],"version-history":[{"count":0,"href":"https:\/\/institutosantosdumont.org.br\/es\/wp-json\/wp\/v2\/pages\/23690\/revisions"}],"wp:attachment":[{"href":"https:\/\/institutosantosdumont.org.br\/es\/wp-json\/wp\/v2\/media?parent=23690"}],"curies":[{"name":"wp","href":"https:\/\/api.w.org\/{rel}","templated":true}]}}