{"id":24975,"date":"2022-09-26T09:13:26","date_gmt":"2022-09-26T12:13:26","guid":{"rendered":"http:\/\/www.institutosantosdumont.org.br\/?page_id=24975"},"modified":"2022-09-27T08:44:48","modified_gmt":"2022-09-27T11:44:48","slug":"edicao-2022","status":"publish","type":"page","link":"https:\/\/institutosantosdumont.org.br\/es\/edicao-2022\/","title":{"rendered":"VIII Simposio de Neuroingenier\u00eda"},"content":{"rendered":"<div data-elementor-type=\"wp-post\" data-elementor-id=\"24975\" class=\"elementor elementor-24975\" data-elementor-post-type=\"page\">\n\t\t\t\t\t\t<section class=\"elementor-section elementor-top-section elementor-element elementor-element-75888734 elementor-section-boxed elementor-section-height-default elementor-section-height-default\" data-id=\"75888734\" data-element_type=\"section\">\n\t\t\t\t\t\t<div class=\"elementor-container elementor-column-gap-default\">\n\t\t\t\t\t<div class=\"elementor-column elementor-col-100 elementor-top-column elementor-element elementor-element-48bd708e\" data-id=\"48bd708e\" data-element_type=\"column\">\n\t\t\t<div class=\"elementor-widget-wrap elementor-element-populated\">\n\t\t\t\t\t\t<div class=\"elementor-element elementor-element-46dec47 elementor-widget elementor-widget-image\" data-id=\"46dec47\" data-element_type=\"widget\" data-widget_type=\"image.default\">\n\t\t\t\t<div class=\"elementor-widget-container\">\n\t\t\t\t\t\t\t\t\t\t\t\t<figure class=\"wp-caption\">\n\t\t\t\t\t\t\t\t\t\t<img fetchpriority=\"high\" decoding=\"async\" width=\"768\" height=\"432\" src=\"https:\/\/institutosantosdumont.org.br\/wp-content\/uploads\/2022\/09\/capa-materia-fachada-iinels-1-768x432.jpg\" class=\"attachment-medium_large size-medium_large wp-image-25009\" alt=\"\" srcset=\"https:\/\/institutosantosdumont.org.br\/wp-content\/uploads\/2022\/09\/capa-materia-fachada-iinels-1-768x432.jpg 768w, https:\/\/institutosantosdumont.org.br\/wp-content\/uploads\/2022\/09\/capa-materia-fachada-iinels-1-300x169.jpg 300w, https:\/\/institutosantosdumont.org.br\/wp-content\/uploads\/2022\/09\/capa-materia-fachada-iinels-1-1024x576.jpg 1024w, https:\/\/institutosantosdumont.org.br\/wp-content\/uploads\/2022\/09\/capa-materia-fachada-iinels-1.jpg 1200w\" sizes=\"(max-width: 768px) 100vw, 768px\" \/>\t\t\t\t\t\t\t\t\t\t\t<figcaption class=\"widget-image-caption wp-caption-text\">Lugar donde se realizar\u00e1 el evento<\/figcaption>\n\t\t\t\t\t\t\t\t\t\t<\/figure>\n\t\t\t\t\t\t\t\t\t<\/div>\n\t\t\t\t<\/div>\n\t\t\t\t<div class=\"elementor-element elementor-element-5c933701 elementor-widget elementor-widget-text-editor\" data-id=\"5c933701\" data-element_type=\"widget\" data-widget_type=\"text-editor.default\">\n\t\t\t\t<div class=\"elementor-widget-container\">\n\t\t\t\t\t\t\t\t\t<p>El Instituto Internacional de Neurociencia Edmond y Lily Safra (IIN-ELS), unidad del Instituto Santos Dumont (ISD), realizar\u00e1 del 9 al 11 de noviembre de 2022 el octavo Simposio de Neuroingenier\u00eda. El evento ser\u00e1 h\u00edbrido (presencial y virtual), con ponentes de instituciones de Brasil y otros pa\u00edses, como Canad\u00e1, Francia y Colombia.<\/p>\t\t\t\t\t\t\t\t<\/div>\n\t\t\t\t<\/div>\n\t\t\t\t\t<\/div>\n\t\t<\/div>\n\t\t\t\t\t<\/div>\n\t\t<\/section>\n\t\t\t\t<section class=\"elementor-section elementor-top-section elementor-element elementor-element-61ff841 elementor-section-boxed elementor-section-height-default elementor-section-height-default\" data-id=\"61ff841\" data-element_type=\"section\">\n\t\t\t\t\t\t<div class=\"elementor-container elementor-column-gap-default\">\n\t\t\t\t\t<div class=\"elementor-column elementor-col-100 elementor-top-column elementor-element elementor-element-2dbe6a6\" data-id=\"2dbe6a6\" data-element_type=\"column\">\n\t\t\t<div class=\"elementor-widget-wrap elementor-element-populated\">\n\t\t\t\t\t\t<div class=\"elementor-element elementor-element-cd035e6 elementor-button-success elementor-align-center elementor-widget elementor-widget-button\" data-id=\"cd035e6\" data-element_type=\"widget\" data-widget_type=\"button.default\">\n\t\t\t\t<div class=\"elementor-widget-container\">\n\t\t\t\t\t\t\t\t\t<div class=\"elementor-button-wrapper\">\n\t\t\t\t\t<a class=\"elementor-button elementor-button-link elementor-size-sm\" href=\"https:\/\/eventos.congresse.me\/neuroengenharia\/edicoes\/neuroengenharia\" target=\"_blank\" rel=\"noopener noreferrer nofollow\">\n\t\t\t\t\t\t<span class=\"elementor-button-content-wrapper\">\n\t\t\t\t\t\t\t\t\t<span class=\"elementor-button-text\">Inscripciones y m\u00e1s informaci\u00f3n aqu\u00ed<\/span>\n\t\t\t\t\t<\/span>\n\t\t\t\t\t<\/a>\n\t\t\t\t<\/div>\n\t\t\t\t\t\t\t\t<\/div>\n\t\t\t\t<\/div>\n\t\t\t\t<div class=\"elementor-element elementor-element-e2022e4 elementor-button-success elementor-align-center elementor-widget elementor-widget-button\" data-id=\"e2022e4\" data-element_type=\"widget\" data-widget_type=\"button.default\">\n\t\t\t\t<div class=\"elementor-widget-container\">\n\t\t\t\t\t\t\t\t\t<div class=\"elementor-button-wrapper\">\n\t\t\t\t\t<a class=\"elementor-button elementor-button-link elementor-size-sm\" href=\"https:\/\/institutosantosdumont.org.br\/wp-content\/uploads\/2022\/09\/Programa\u00e7\u00e3o-VIII-Simp\u00f3sio-de-Neuroengenharia.pdf\">\n\t\t\t\t\t\t<span class=\"elementor-button-content-wrapper\">\n\t\t\t\t\t\t\t\t\t<span class=\"elementor-button-text\">Calendario de eventos<\/span>\n\t\t\t\t\t<\/span>\n\t\t\t\t\t<\/a>\n\t\t\t\t<\/div>\n\t\t\t\t\t\t\t\t<\/div>\n\t\t\t\t<\/div>\n\t\t\t\t\t<\/div>\n\t\t<\/div>\n\t\t\t\t\t<\/div>\n\t\t<\/section>\n\t\t\t\t<\/div>","protected":false},"excerpt":{"rendered":"<p>Lugar donde se realizar\u00e1 el evento: El Instituto Internacional de Neurociencias Edmond y Lily Safra (IIN-ELS), unidad del Instituto Santos Dumont (ISD), realizar\u00e1 la octava edici\u00f3n del Simposio de Neuroingenier\u00eda entre el 9 y el 11 de noviembre de 2022. Esta edici\u00f3n ser\u00e1 en formato h\u00edbrido (presencial y virtual), con ponentes afiliados a instituciones de [\u2026]<\/p>","protected":false},"author":10,"featured_media":0,"parent":0,"menu_order":0,"comment_status":"closed","ping_status":"closed","template":"template-page.php","meta":{"_acf_changed":false,"footnotes":""},"class_list":["post-24975","page","type-page","status-publish","hentry"],"acf":[],"_links":{"self":[{"href":"https:\/\/institutosantosdumont.org.br\/es\/wp-json\/wp\/v2\/pages\/24975","targetHints":{"allow":["GET"]}}],"collection":[{"href":"https:\/\/institutosantosdumont.org.br\/es\/wp-json\/wp\/v2\/pages"}],"about":[{"href":"https:\/\/institutosantosdumont.org.br\/es\/wp-json\/wp\/v2\/types\/page"}],"author":[{"embeddable":true,"href":"https:\/\/institutosantosdumont.org.br\/es\/wp-json\/wp\/v2\/users\/10"}],"replies":[{"embeddable":true,"href":"https:\/\/institutosantosdumont.org.br\/es\/wp-json\/wp\/v2\/comments?post=24975"}],"version-history":[{"count":0,"href":"https:\/\/institutosantosdumont.org.br\/es\/wp-json\/wp\/v2\/pages\/24975\/revisions"}],"wp:attachment":[{"href":"https:\/\/institutosantosdumont.org.br\/es\/wp-json\/wp\/v2\/media?parent=24975"}],"curies":[{"name":"wp","href":"https:\/\/api.w.org\/{rel}","templated":true}]}}